{"id":2231,"date":"2023-05-26T11:44:25","date_gmt":"2023-05-26T09:44:25","guid":{"rendered":"https:\/\/modenafuturacreativa.it\/?page_id=2231"},"modified":"2025-08-06T10:47:24","modified_gmt":"2025-08-06T08:47:24","slug":"museo-civico-di-modena","status":"publish","type":"page","link":"https:\/\/modenafuturacreativa.it\/fr\/mappa-della-creativita\/museo-civico-di-modena\/","title":{"rendered":"Mus\u00e9e civique de Mod\u00e8ne"},"content":{"rendered":"\n\t\t<div id=\"fws_6a9b79c66505a\"  data-column-margin=\"default\" data-midnight=\"dark\"  class=\"wpb_row vc_row-fluid vc_row full-width-section  top_padding_tablet_0px top_padding_phone_0px\"  style=\"padding-top: 150px; padding-bottom: 0px; \"><div class=\"row-bg-wrap\" data-bg-animation=\"none\" data-bg-animation-delay=\"\" data-bg-overlay=\"false\"><div class=\"inner-wrap row-bg-layer\" ><div class=\"row-bg viewport-desktop\"  style=\"\"><\/div><\/div><\/div><div class=\"row_col_wrap_12 col span_12 dark left\">\n\t<div  class=\"vc_col-sm-3 creativita wpb_column column_container vc_column_container col padding-5-percent inherit_tablet inherit_phone border_color_d9d9d9 border_style_solid \"  data-overlay-color=\"true\" data-padding-pos=\"top-bottom\" data-has-bg-color=\"false\" data-bg-color=\"\" data-bg-opacity=\"1\" data-animation=\"\" data-delay=\"0\" >\n\t\t<div class=\"vc_column-inner\" ><div class=\"column-bg-overlay-wrap column-bg-layer\" data-bg-animation=\"none\"><div class=\"column-bg-overlay\"><\/div><div class=\"column-overlay-layer\" style=\"background-color:transparent;  opacity: 1; \"><\/div><\/div>\n\t\t\t<div class=\"wpb_wrapper\">\n\t\t\t\t\n\t\t\t<\/div> \n\t\t<\/div>\n\t<\/div> \n\n\t<div style=\"\" class=\"vc_col-sm-9 wpb_column column_container vc_column_container col has-animation padding-2-percent inherit_tablet inherit_phone tl_br_50px tr_br_50px \" data-using-bg=\"true\" data-overlay-color=\"true\" data-bg-cover=\"true\" data-padding-pos=\"all\" data-has-bg-color=\"false\" data-bg-color=\"\" data-bg-opacity=\"1\" data-animation=\"fade-in-from-bottom\" data-delay=\"0\" >\n\t\t<div class=\"vc_column-inner\" ><div class=\"column-image-bg-wrap column-bg-layer viewport-desktop\" data-bg-pos=\"center center\" data-bg-animation=\"none\" data-bg-overlay=\"false\"><div class=\"inner-wrap\"><div class=\"column-image-bg\" style=\" background-image: url('https:\/\/modenafuturacreativa.it\/wp-content\/uploads\/2023\/02\/1-3.jpg'); \"><\/div><\/div><\/div><div class=\"column-bg-overlay-wrap column-bg-layer\" data-bg-animation=\"none\"><div class=\"column-bg-overlay\"><\/div><div class=\"column-overlay-layer\" style=\"background:radial-gradient(circle at top, rgba(186,195,194,0) 5%, rgb(186,195,194) 85%);\"><\/div><\/div>\n\t\t\t<div class=\"wpb_wrapper\">\n\t\t\t\t<div class=\"divider-wrap height_tablet_45px height_phone_45px \" data-alignment=\"default\"><div style=\"height: 300px;\" class=\"divider\"><\/div><\/div><div class=\"nectar-split-heading  font_size_2vw font_size_tablet_40px font_size_phone_40px font_line_height_1px \" data-align=\"default\" data-m-align=\"inherit\" data-text-effect=\"letter-reveal-bottom\" data-animation-type=\"line-reveal-by-space\" data-animation-delay=\"200\" data-animation-offset=\"\" data-m-rm-animation=\"\" data-stagger=\"true\" data-custom-font-size=\"true\" style=\"font-size: 2vw; line-height: 2.2vw;\"><i style=\" color: #333333;\">Museo Civico di Modena<\/i><\/div><div class=\"divider-wrap\" data-alignment=\"default\"><div style=\"margin-top: 0.5px; height: 1px; margin-bottom: 0.5px;\" data-width=\"100%\" data-animate=\"yes\" data-animation-delay=\"\" data-color=\"extra-color-gradient-1\" class=\"divider-border\"><\/div><\/div><div class=\"nectar-split-heading  font_line_height_2px \" data-align=\"default\" data-m-align=\"inherit\" data-text-effect=\"default\" data-animation-type=\"line-reveal-by-space\" data-animation-delay=\"800\" data-animation-offset=\"\" data-m-rm-animation=\"\" data-stagger=\"true\" data-custom-font-size=\"false\" ><h3 style=\" color: #333333;\">ARTI VISIVE<\/h3><\/div><div class=\"divider-wrap\" data-alignment=\"default\"><div style=\"height: 45px;\" class=\"divider\"><\/div><\/div><div class=\"nectar-next-section-wrap minimal-arrow alignment_tablet_default alignment_phone_default display_tablet_inline-block display_phone_inline-block position_desktop_absolute right_position_desktop_2pct bottom_position_desktop_50px \" style=\"--nectar-icon-gap: 10px; --nectar-next-section-icon-size: 1; \" data-align=\"right\" data-custom-color=\"true\">\n    <a href=\"#\" class=\"nectar-next-section skip-hash\">\n      <span class=\"screen-reader-text\">Navigate to the next section<\/span>\n      <svg class=\"next-arrow\" width=\"40px\" height=\"68px\" viewBox=\"0 0 40 50\" xml:space=\"preserve\">\n      <path stroke=\"#ffffff\" stroke-width=\"2\" fill=\"none\" d=\"M 20 0 L 20 51\"><\/path>\n      <polyline stroke=\"#ffffff\" stroke-width=\"2\" fill=\"none\" points=\"12, 44 20, 52 28, 44\"><\/polyline>\n      <\/svg>\n    <\/a>\n  <\/div>\n\t\t\t<\/div> \n\t\t<\/div>\n\t<\/div> \n<\/div><\/div>\n\t\t<div id=\"fws_6a9b79c665f5f\"  data-column-margin=\"default\" data-midnight=\"dark\"  class=\"wpb_row vc_row-fluid vc_row full-width-section has-row-bg-color\"  style=\"padding-top: 0px; padding-bottom: 0px; --row-bg-color: #ffffff;\"><div class=\"row-bg-wrap\" data-bg-animation=\"none\" data-bg-animation-delay=\"\" data-bg-overlay=\"false\"><div class=\"inner-wrap row-bg-layer\" ><div class=\"row-bg viewport-desktop using-bg-color\"  style=\"background-color: #ffffff; \"><\/div><\/div><\/div><div class=\"row_col_wrap_12 col span_12 dark left\">\n\t<div  class=\"vc_col-sm-3 vc_hidden-sm vc_hidden-xs wpb_column column_container vc_column_container col no-extra-padding inherit_tablet inherit_phone \"  data-padding-pos=\"all\" data-has-bg-color=\"false\" data-bg-color=\"\" data-bg-opacity=\"1\" data-animation=\"\" data-delay=\"0\" >\n\t\t<div class=\"vc_column-inner\" >\n\t\t\t<div class=\"wpb_wrapper\">\n\t\t\t\t\n\t\t\t<\/div> \n\t\t<\/div>\n\t<\/div> \n\n\t<div style=\"margin-bottom: 5%; \" class=\"vc_col-sm-9 wpb_column column_container vc_column_container col has-animation padding-2-percent padding-2-percent_tablet padding-2-percent_phone bl_br_50px br_br_50px \" data-using-bg=\"true\" data-padding-pos=\"all\" data-has-bg-color=\"true\" data-bg-color=\"#e5e5e5\" data-bg-opacity=\"1\" data-animation=\"fade-in-from-bottom\" data-delay=\"0\" >\n\t\t<div class=\"vc_column-inner\" ><div class=\"column-bg-overlay-wrap column-bg-layer\" data-bg-animation=\"none\"><div class=\"column-bg-overlay\" style=\"opacity: 1; background-color: #e5e5e5;\"><\/div><\/div>\n\t\t\t<div class=\"wpb_wrapper\">\n\t\t\t\t<div class=\"divider-wrap height_tablet_4vh height_phone_4vh \" data-alignment=\"default\"><div style=\"height: 0vh;\" class=\"divider\"><\/div><\/div><div id=\"fws_6a9b79c6664ac\" data-midnight=\"\" data-column-margin=\"default\" class=\"wpb_row vc_row-fluid vc_row inner_row\"  style=\"\"><div class=\"row-bg-wrap\"> <div class=\"row-bg\" ><\/div> <\/div><div class=\"row_col_wrap_12_inner col span_12  left\">\n\t<div  class=\"vc_col-sm-4 wpb_column column_container vc_column_container col child_column padding-2-percent inherit_tablet inherit_phone \"   data-padding-pos=\"left\" data-has-bg-color=\"false\" data-bg-color=\"\" data-bg-opacity=\"1\" data-animation=\"\" data-delay=\"0\" >\n\t\t<div class=\"vc_column-inner\" >\n\t\t<div class=\"wpb_wrapper\">\n\t\t\t<div class=\"iwithtext\"><div class=\"iwt-icon\"> <i class=\"icon-default-style steadysets-icon-map-marker extra-color-2\"><\/i> <\/div><div class=\"iwt-text\"> <a href=\"https:\/\/goo.gl\/maps\/8i3fBtM68VRKiYgK9?coh=178571&amp;entry=tt\" target=\"_blank\" rel=\"noopener\">VISITA MAPPA<\/a> <\/div><div class=\"clear\"><\/div><\/div>\n\t\t<\/div> \n\t<\/div>\n\t<\/div> \n\n\t<div  class=\"vc_col-sm-4 wpb_column column_container vc_column_container col child_column padding-2-percent inherit_tablet inherit_phone \"   data-padding-pos=\"left\" data-has-bg-color=\"false\" data-bg-color=\"\" data-bg-opacity=\"1\" data-animation=\"\" data-delay=\"0\" >\n\t\t<div class=\"vc_column-inner\" >\n\t\t<div class=\"wpb_wrapper\">\n\t\t\t<div class=\"iwithtext\"><div class=\"iwt-icon\"> <i class=\"icon-default-style fa fa-external-link extra-color-2\"><\/i> <\/div><div class=\"iwt-text\"> <a href=\"https:\/\/www.museocivicomodena.it\/it\" target=\"_blank\" rel=\"noopener\">VISITA IL SITO<\/a> <\/div><div class=\"clear\"><\/div><\/div>\n\t\t<\/div> \n\t<\/div>\n\t<\/div> \n\n\t<div  class=\"vc_col-sm-4 wpb_column column_container vc_column_container col child_column padding-2-percent inherit_tablet inherit_phone \"   data-padding-pos=\"left\" data-has-bg-color=\"false\" data-bg-color=\"\" data-bg-opacity=\"1\" data-animation=\"\" data-delay=\"0\" >\n\t\t<div class=\"vc_column-inner\" >\n\t\t<div class=\"wpb_wrapper\">\n\t\t\t<div class=\"iwithtext\"><div class=\"iwt-icon\"> <i class=\"icon-default-style fa fa-comments extra-color-2\"><\/i> <\/div><div class=\"iwt-text\"> <a href=\"https:\/\/www.museocivicomodena.it\/it\/it\/contatti\" target=\"_blank\" rel=\"noopener\">CONTATTA<\/a> <\/div><div class=\"clear\"><\/div><\/div>\n\t\t<\/div> \n\t<\/div>\n\t<\/div> \n<\/div><\/div><div class=\"divider-wrap\" data-alignment=\"default\"><div style=\"margin-top: 5vh; height: 1px; margin-bottom: 5vh;\" data-width=\"100%\" data-animate=\"\" data-animation-delay=\"\" data-color=\"default\" class=\"divider-border\"><\/div><\/div><div id=\"fws_6a9b79c666aec\" data-midnight=\"\" data-column-margin=\"default\" class=\"wpb_row vc_row-fluid vc_row inner_row\"  style=\"\"><div class=\"row-bg-wrap\"> <div class=\"row-bg\" ><\/div> <\/div><div class=\"row_col_wrap_12_inner col span_12  left\">\n\t<div  class=\"vc_col-sm-12 wpb_column column_container vc_column_container col child_column no-extra-padding inherit_tablet inherit_phone \"   data-padding-pos=\"all\" data-has-bg-color=\"false\" data-bg-color=\"\" data-bg-opacity=\"1\" data-animation=\"\" data-delay=\"0\" >\n\t\t<div class=\"vc_column-inner\" >\n\t\t<div class=\"wpb_wrapper\">\n\t\t\t\n<div class=\"wpb_text_column wpb_content_element \" >\n\t<h5><strong>Il Museo Civico di Modena esprime e rappresenta l\u2019identit\u00e0 di Modena e della sua comunit\u00e0 nelle sale espositive situate presso il Palazzo dei Musei e attraverso il patrimonio diffuso nella citt\u00e0 e nel territorio. Grazie alle tecnologie e linguaggi delle Media Arts individua nuove modalit\u00e0 di fruizione del patrimonio che custodisce e promuove per veicolare contenuti culturali attraverso esperienze, installazioni e modalit\u00e0 immersive.<\/strong><\/h5>\n<\/div>\n\n\n\n\n\t\t<\/div> \n\t<\/div>\n\t<\/div> \n<\/div><\/div><div class=\"divider-wrap\" data-alignment=\"default\"><div style=\"margin-top: 5vh; height: 1px; margin-bottom: 5vh;\" data-width=\"100%\" data-animate=\"\" data-animation-delay=\"\" data-color=\"default\" class=\"divider-border\"><\/div><\/div><div id=\"fws_6a9b79c666f50\" data-midnight=\"\" data-column-margin=\"default\" class=\"wpb_row vc_row-fluid vc_row inner_row\"  style=\"\"><div class=\"row-bg-wrap\"> <div class=\"row-bg\" ><\/div> <\/div><div class=\"row_col_wrap_12_inner col span_12  left\">\n\t<div  class=\"vc_col-sm-3 wpb_column column_container vc_column_container col child_column no-extra-padding inherit_tablet inherit_phone \"   data-padding-pos=\"all\" data-has-bg-color=\"false\" data-bg-color=\"\" data-bg-opacity=\"1\" data-animation=\"\" data-delay=\"0\" >\n\t\t<div class=\"vc_column-inner\" >\n\t\t<div class=\"wpb_wrapper\">\n\t\t\t\n<div class=\"wpb_text_column wpb_content_element \" >\n\t<h3><span class=\"inner\">MEDIA ARTS<\/span><\/h3>\n<\/div>\n\n\n\n\n\t\t<\/div> \n\t<\/div>\n\t<\/div> \n\n\t<div  class=\"vc_col-sm-9 wpb_column column_container vc_column_container col child_column no-extra-padding inherit_tablet inherit_phone \"   data-padding-pos=\"all\" data-has-bg-color=\"false\" data-bg-color=\"\" data-bg-opacity=\"1\" data-animation=\"\" data-delay=\"0\" >\n\t\t<div class=\"vc_column-inner\" >\n\t\t<div class=\"wpb_wrapper\">\n\t\t\t\n<div class=\"wpb_text_column wpb_content_element  artivisive\" >\n\t<h6><strong>ARTI VISIVE<\/strong><\/h6>\n<ul>\n<li>\n<h5>Installazioni immersive, esperienze interattive e percorsi multisensoriali offrono al pubblico modalit\u00e0 di fruizione innovative, capaci di rendere vivi e attuali i contenuti culturali e di favorire una connessione pi\u00f9 profonda tra visitatori, spazio espositivo e memoria collettiva.<\/h5>\n<h5><\/h5>\n<\/li>\n<\/ul>\n<\/div>\n\n\n\n\n\t\t<\/div> \n\t<\/div>\n\t<\/div> \n<\/div><\/div><div class=\"divider-wrap\" data-alignment=\"default\"><div style=\"margin-top: 5vh; height: 1px; margin-bottom: 5vh;\" data-width=\"100%\" data-animate=\"\" data-animation-delay=\"\" data-color=\"default\" class=\"divider-border\"><\/div><\/div>\n<div class=\"wpb_text_column wpb_content_element \" >\n\t<div class=\"nectar-split-heading font_line_height_2px markup-generated animated-in\" data-align=\"default\" data-m-align=\"inherit\" data-text-effect=\"default\" data-animation-type=\"line-reveal-by-space\" data-animation-delay=\"800\" data-animation-offset=\"\" data-m-rm-animation=\"\" data-stagger=\"true\" data-custom-font-size=\"false\">\n<h3><span class=\"inner\">ATTIVIT\u00c0 | EVENTI<\/span><\/h3>\n<\/div>\n<\/div>\n\n\n\n\n<div class=\"wpb_text_column wpb_content_element \" >\n\t<div id=\"wpupg-grid-with-filters-mappa-museo-civico\" class=\"wpupg-grid-with-filters\"><style>#wpupg-grid-mappa-museo-civico-filters .wpupg-filter-container {padding: 10px 10px;}<\/style><div id=\"wpupg-grid-mappa-museo-civico-filters\" class=\"wpupg-grid-filters wpupg-grid-filters-display-inline wpupg-grid-filters-align-left\"><div id=\"wpupg-grid-mappa-museo-civico-filter-1-container\" class=\"wpupg-filter-container wpupg-filter-container-label-block\"><div id=\"wpupg-grid-mappa-museo-civico-filter-1\" class=\"wpupg-filter wpupg-filter-dropdown\"><style type=\"text\/css\">#wpupg-grid-mappa-museo-civico-filter-1 {margin: 0 -5px;}#wpupg-grid-mappa-museo-civico-filter-1 .wpupg-choices {margin: 5px 5px;color: #000000;min-width: 250px;}#wpupg-grid-mappa-museo-civico-filter-1 .wpupg-choices .wpupg-choices__inner {font-size: 14px;padding: 5px;background-color: #ffbf00;border-color: #ffbf00;}#wpupg-grid-mappa-museo-civico-filter-1 .wpupg-choices[data-type*=select-one]:after {border-color: #000000 transparent transparent transparent;}#wpupg-grid-mappa-museo-civico-filter-1 .wpupg-choices.is-open[data-type*=select-one]:after {border-color: transparent transparent #000000 transparent;}#wpupg-grid-mappa-museo-civico-filter-1 .wpupg-choices .wpupg-choices__list--dropdown {border-color: #ffbf00;}#wpupg-grid-mappa-museo-civico-filter-1 .wpupg-choices input {background-color: #ffbf00;color: #000000;font-size: 14px;padding: 5px;}#wpupg-grid-mappa-museo-civico-filter-1 .wpupg-choices .wpupg-choices__list--dropdown .wpupg-choices__item {font-size: 14px;padding: 5px;background-color: #ffbf00;}#wpupg-grid-mappa-museo-civico-filter-1 .wpupg-choices .wpupg-choices__item.is-highlighted,#wpupg-grid-mappa-museo-civico-filter-1 .wpupg-choices .wpupg-choices__list--multiple .wpupg-choices__item {background-color: #000000;border-color: #000000;color: #FFFFFF;}#wpupg-grid-mappa-museo-civico-filter-1 .wpupg-choices .wpupg-choices__button {border-color: #FFFFFF;}<\/style><select name=\"wpupg-filter-dropdown-project-type\" id=\"wpupg-filter-dropdown-project-type\" class=\"wpupg-filter-dropdown-item\" data-taxonomy=\"project-type\"><option value=\"wpupg-dropdown-placeholder\" placeholder>FILTRA PER ANNO<\/option><option value=\"eventi\">Eventi<\/option><option value=\"2023-it-eventi\">&nbsp;&nbsp;2023<\/option><option value=\"2025\">&nbsp;&nbsp;2025<\/option><option value=\"2026\">&nbsp;&nbsp;2026<\/option><option value=\"mostre\">Mostre<\/option><option value=\"2024\">&nbsp;&nbsp;Archivio 2024<\/option><option value=\"archivio-2025\">&nbsp;&nbsp;Archivio 2025<\/option><option value=\"archivio-2026\">&nbsp;&nbsp;Archivio 2026<\/option><option value=\"mostre-in-corso-it\">&nbsp;&nbsp;Mostre in corso<\/option><\/select><\/div><\/div><div id=\"wpupg-grid-mappa-museo-civico-filter-2-container\" class=\"wpupg-filter-container wpupg-filter-container-label-block\"><div id=\"wpupg-grid-mappa-museo-civico-filter-2\" class=\"wpupg-filter wpupg-filter-text_search\"><style type=\"text\/css\">#wpupg-grid-mappa-museo-civico-filter-2 {margin: 0 -5px;}#wpupg-grid-mappa-museo-civico-filter-2 .wpupg-filter-text-input-container {margin: 5px 5px;width: 250px;}#wpupg-grid-mappa-museo-civico-filter-2 input.wpupg-filter-text-input {color: #000000;font-size: 14px;background-color: #ffbf00;border-color: #ffbf00;}#wpupg-grid-mappa-museo-civico-filter-2 input.wpupg-filter-text-input::placeholder {color: #000000;}#wpupg-grid-mappa-museo-civico-filter-2 .wpupg-input-loader {border-top-color: #000000;}<\/style><div class=\"wpupg-filter-text-input-container\"><input type=\"text\" class=\"wpupg-filter-text-input\" placeholder=\"RICERCA EVENTO\" aria-label=\"Text search to filter grid items. Type to search.\"><div class=\"wpupg-input-loader\"><\/div><\/div><\/div><\/div><\/div><div id=\"wpupg-grid-container-mappa-museo-civico\" class=\"wpupg-grid-container\"><style>#wpupg-grid-mappa-museo-civico .wpupg-item { width: calc(25% - 20px); max-width: none; margin: 10px; } #wpupg-grid-mappa-museo-civico { margin: 0 -10px;} @media (min-width: 500px) and (max-width: 1000px) {#wpupg-grid-mappa-museo-civico .wpupg-item { width: 100%; max-width: 300px; margin: 10px; } #wpupg-grid-mappa-museo-civico { margin: 0 -10px;}} @media (max-width: 500px) {#wpupg-grid-mappa-museo-civico .wpupg-item { width: calc(100% - 20px); max-width: none; margin: 10px; } #wpupg-grid-mappa-museo-civico { margin: 0 -10px;}}<\/style><div id=\"wpupg-grid-mappa-museo-civico\" class=\"wpupg-grid wpupg-grid-loading\" data-grid-id=\"2232\"><a class=\"wpupg-item wpupg-item-post wpupg-item-6895 wpupg-type-portfolio wpupg-item-has-image wpupg-template-modena-futura wpupg-tax-project-type-eventi wpupg-parent-tax-project-type-eventi wpupg-tax-project-type-2026 wpupg-parent-tax-project-type-2026 wpupg-item-link\" href=\"https:\/\/modenafuturacreativa.it\/fr\/unesco\/notte-europea-dei-musei-2026\/\" target=\"_self\" data-id=\"6895\" data-order-default=\"1778254649\"><div class=\"wpupg-item-image wpupg-block-image-rounded wpupg-align-center\"><span href=\"https:\/\/modenafuturacreativa.it\/fr\/unesco\/notte-europea-dei-musei-2026\/\" target=\"_self\"><img loading=\"lazy\" decoding=\"async\" style=\"border-width: 0px;border-style: solid;border-color: #666666;border-radius: 5px;\" width=\"800\" height=\"496\" src=\"https:\/\/modenafuturacreativa.it\/wp-content\/uploads\/2026\/05\/IMG_NotteMusei026.jpeg\" class=\"skip-lazy disable-lazyload attachment-portfolio-thumb_large size-portfolio-thumb_large\" alt=\"\" srcset=\"https:\/\/modenafuturacreativa.it\/wp-content\/uploads\/2026\/05\/IMG_NotteMusei026.jpeg 800w, https:\/\/modenafuturacreativa.it\/wp-content\/uploads\/2026\/05\/IMG_NotteMusei026-300x186.jpeg 300w, https:\/\/modenafuturacreativa.it\/wp-content\/uploads\/2026\/05\/IMG_NotteMusei026-768x476.jpeg 768w, https:\/\/modenafuturacreativa.it\/wp-content\/uploads\/2026\/05\/IMG_NotteMusei026-18x12.jpeg 18w\" sizes=\"auto, (max-width: 800px) 100vw, 800px\" \/><\/span><\/div>\n<div class=\"wpupg-meta-container\">\n<div class=\"wpupg-item-title wpupg-block-text-bold\">Notte europea dei musei 2026<\/div>\n<span class=\"wpupg-item-date wpupg-block-text-normal\">2026<\/span>\n\n\n<\/div><\/a><a class=\"wpupg-item wpupg-item-post wpupg-item-6800 wpupg-type-portfolio wpupg-item-has-image wpupg-template-modena-futura wpupg-tax-project-type-eventi wpupg-parent-tax-project-type-eventi wpupg-tax-project-type-2026 wpupg-parent-tax-project-type-2026 wpupg-item-link\" href=\"https:\/\/modenafuturacreativa.it\/fr\/unesco\/archeologia_aumentata\/\" target=\"_self\" data-id=\"6800\" data-order-default=\"1774874126\"><div class=\"wpupg-item-image wpupg-block-image-rounded wpupg-align-center\"><span href=\"https:\/\/modenafuturacreativa.it\/fr\/unesco\/archeologia_aumentata\/\" target=\"_self\"><img loading=\"lazy\" decoding=\"async\" style=\"border-width: 0px;border-style: solid;border-color: #666666;border-radius: 5px;\" width=\"300\" height=\"250\" src=\"https:\/\/modenafuturacreativa.it\/wp-content\/uploads\/2026\/03\/Terramara-di-montale_4-aprile-2026_banner.png\" class=\"skip-lazy disable-lazyload attachment-portfolio-thumb_large size-portfolio-thumb_large\" alt=\"\" srcset=\"https:\/\/modenafuturacreativa.it\/wp-content\/uploads\/2026\/03\/Terramara-di-montale_4-aprile-2026_banner.png 300w, https:\/\/modenafuturacreativa.it\/wp-content\/uploads\/2026\/03\/Terramara-di-montale_4-aprile-2026_banner-14x12.png 14w\" sizes=\"auto, (max-width: 300px) 100vw, 300px\" \/><\/span><\/div>\n<div class=\"wpupg-meta-container\">\n<div class=\"wpupg-item-title wpupg-block-text-bold\">Archeologia_Aumentata<\/div>\n<span class=\"wpupg-item-date wpupg-block-text-normal\">2026<\/span>\n\n\n<\/div><\/a><a class=\"wpupg-item wpupg-item-post wpupg-item-6392 wpupg-type-portfolio wpupg-item-has-image wpupg-template-modena-futura wpupg-tax-project-type-mostre wpupg-parent-tax-project-type-mostre wpupg-tax-project-type-archivio-2026 wpupg-parent-tax-project-type-archivio-2026 wpupg-item-link\" href=\"https:\/\/modenafuturacreativa.it\/fr\/unesco\/mishka-henner-seeing-is-believing\/\" target=\"_self\" data-id=\"6392\" data-order-default=\"1767888963\"><div class=\"wpupg-item-image wpupg-block-image-rounded wpupg-align-center\"><span href=\"https:\/\/modenafuturacreativa.it\/fr\/unesco\/mishka-henner-seeing-is-believing\/\" target=\"_self\"><img loading=\"lazy\" decoding=\"async\" style=\"border-width: 0px;border-style: solid;border-color: #666666;border-radius: 5px;\" width=\"800\" height=\"600\" src=\"https:\/\/modenafuturacreativa.it\/wp-content\/uploads\/2026\/01\/Jonah-and-the-fish__ScaleWidthWzE5MDBd2.jpg\" class=\"skip-lazy disable-lazyload attachment-portfolio-thumb_large size-portfolio-thumb_large\" alt=\"\" srcset=\"https:\/\/modenafuturacreativa.it\/wp-content\/uploads\/2026\/01\/Jonah-and-the-fish__ScaleWidthWzE5MDBd2.jpg 800w, https:\/\/modenafuturacreativa.it\/wp-content\/uploads\/2026\/01\/Jonah-and-the-fish__ScaleWidthWzE5MDBd2-300x225.jpg 300w, https:\/\/modenafuturacreativa.it\/wp-content\/uploads\/2026\/01\/Jonah-and-the-fish__ScaleWidthWzE5MDBd2-768x576.jpg 768w, https:\/\/modenafuturacreativa.it\/wp-content\/uploads\/2026\/01\/Jonah-and-the-fish__ScaleWidthWzE5MDBd2-16x12.jpg 16w\" sizes=\"auto, (max-width: 800px) 100vw, 800px\" \/><\/span><\/div>\n<div class=\"wpupg-meta-container\">\n<div class=\"wpupg-item-title wpupg-block-text-bold\">Mishka Henner - Seeing is Believing<\/div>\n<span class=\"wpupg-item-date wpupg-block-text-normal\">2026<\/span>\n\n\n<\/div><\/a><a class=\"wpupg-item wpupg-item-post wpupg-item-5336 wpupg-type-portfolio wpupg-item-has-image wpupg-template-modena-futura wpupg-tax-project-type-eventi wpupg-parent-tax-project-type-eventi wpupg-tax-project-type-2025 wpupg-parent-tax-project-type-2025 wpupg-item-link\" href=\"https:\/\/modenafuturacreativa.it\/fr\/unesco\/modena-patrimonio-mondiale-in-festa\/\" target=\"_self\" data-id=\"5336\" data-order-default=\"1759233652\"><div class=\"wpupg-item-image wpupg-block-image-rounded wpupg-align-center\"><span href=\"https:\/\/modenafuturacreativa.it\/fr\/unesco\/modena-patrimonio-mondiale-in-festa\/\" target=\"_self\"><img loading=\"lazy\" decoding=\"async\" style=\"border-width: 0px;border-style: solid;border-color: #666666;border-radius: 5px;\" width=\"900\" height=\"604\" src=\"https:\/\/modenafuturacreativa.it\/wp-content\/uploads\/2025\/09\/PMF-Header-1920x1080-2-900x604.png\" class=\"skip-lazy disable-lazyload attachment-portfolio-thumb_large size-portfolio-thumb_large\" alt=\"\" srcset=\"https:\/\/modenafuturacreativa.it\/wp-content\/uploads\/2025\/09\/PMF-Header-1920x1080-2-900x604.png 900w, https:\/\/modenafuturacreativa.it\/wp-content\/uploads\/2025\/09\/PMF-Header-1920x1080-2-16x12.png 16w, https:\/\/modenafuturacreativa.it\/wp-content\/uploads\/2025\/09\/PMF-Header-1920x1080-2-600x403.png 600w, https:\/\/modenafuturacreativa.it\/wp-content\/uploads\/2025\/09\/PMF-Header-1920x1080-2-400x269.png 400w\" sizes=\"auto, (max-width: 900px) 100vw, 900px\" \/><\/span><\/div>\n<div class=\"wpupg-meta-container\">\n<div class=\"wpupg-item-title wpupg-block-text-bold\">Modena Patrimonio Mondiale in Festa<\/div>\n<span class=\"wpupg-item-date wpupg-block-text-normal\">2025<\/span>\n\n\n<\/div><\/a><a class=\"wpupg-item wpupg-item-post wpupg-item-4267 wpupg-type-portfolio wpupg-item-has-image wpupg-template-modena-futura wpupg-tax-project-type-eventi wpupg-parent-tax-project-type-eventi wpupg-tax-project-type-2025 wpupg-parent-tax-project-type-2025 wpupg-item-link\" href=\"https:\/\/modenafuturacreativa.it\/fr\/unesco\/nuovo-sito-web-per-modena-patrimonio-mondiale\/\" target=\"_self\" data-id=\"4267\" data-order-default=\"1740407663\"><div class=\"wpupg-item-image wpupg-block-image-rounded wpupg-align-center\"><span href=\"https:\/\/modenafuturacreativa.it\/fr\/unesco\/nuovo-sito-web-per-modena-patrimonio-mondiale\/\" target=\"_self\"><img loading=\"lazy\" decoding=\"async\" style=\"border-width: 0px;border-style: solid;border-color: #666666;border-radius: 5px;\" width=\"900\" height=\"604\" src=\"https:\/\/modenafuturacreativa.it\/wp-content\/uploads\/2025\/02\/mockup-iphone-900x604.jpg\" class=\"skip-lazy disable-lazyload attachment-portfolio-thumb_large size-portfolio-thumb_large\" alt=\"\" srcset=\"https:\/\/modenafuturacreativa.it\/wp-content\/uploads\/2025\/02\/mockup-iphone-900x604.jpg 900w, https:\/\/modenafuturacreativa.it\/wp-content\/uploads\/2025\/02\/mockup-iphone-300x200.jpg 300w, https:\/\/modenafuturacreativa.it\/wp-content\/uploads\/2025\/02\/mockup-iphone-18x12.jpg 18w, https:\/\/modenafuturacreativa.it\/wp-content\/uploads\/2025\/02\/mockup-iphone-600x403.jpg 600w, https:\/\/modenafuturacreativa.it\/wp-content\/uploads\/2025\/02\/mockup-iphone-400x269.jpg 400w\" sizes=\"auto, (max-width: 900px) 100vw, 900px\" \/><\/span><\/div>\n<div class=\"wpupg-meta-container\">\n<div class=\"wpupg-item-title wpupg-block-text-bold\">Nuovo sito web per Modena Patrimonio Mondiale<\/div>\n<span class=\"wpupg-item-date wpupg-block-text-normal\">2025<\/span>\n\n\n<\/div><\/a><a class=\"wpupg-item wpupg-item-post wpupg-item-4125 wpupg-type-portfolio wpupg-item-has-image wpupg-template-modena-futura wpupg-tax-project-type-mostre wpupg-parent-tax-project-type-mostre wpupg-tax-project-type-archivio-2025 wpupg-parent-tax-project-type-archivio-2025 wpupg-item-link\" href=\"https:\/\/modenafuturacreativa.it\/fr\/unesco\/genti-di-ancon\/\" target=\"_self\" data-id=\"4125\" data-order-default=\"1733846601\"><div class=\"wpupg-item-image wpupg-block-image-rounded wpupg-align-center\"><span href=\"https:\/\/modenafuturacreativa.it\/fr\/unesco\/genti-di-ancon\/\" target=\"_self\"><img loading=\"lazy\" decoding=\"async\" style=\"border-width: 0px;border-style: solid;border-color: #666666;border-radius: 5px;\" width=\"500\" height=\"300\" src=\"https:\/\/modenafuturacreativa.it\/wp-content\/uploads\/2024\/12\/Genti-di-Ancon.jpeg\" class=\"skip-lazy disable-lazyload attachment-portfolio-thumb_large size-portfolio-thumb_large\" alt=\"\" srcset=\"https:\/\/modenafuturacreativa.it\/wp-content\/uploads\/2024\/12\/Genti-di-Ancon.jpeg 500w, https:\/\/modenafuturacreativa.it\/wp-content\/uploads\/2024\/12\/Genti-di-Ancon-300x180.jpeg 300w\" sizes=\"auto, (max-width: 500px) 100vw, 500px\" \/><\/span><\/div>\n<div class=\"wpupg-meta-container\">\n<div class=\"wpupg-item-title wpupg-block-text-bold\">Genti di Anc\u00f2n<\/div>\n<span class=\"wpupg-item-date wpupg-block-text-normal\">2024<\/span>\n\n\n<\/div><\/a><a class=\"wpupg-item wpupg-item-post wpupg-item-3926 wpupg-type-portfolio wpupg-item-has-image wpupg-template-modena-futura wpupg-tax-project-type-mostre wpupg-parent-tax-project-type-mostre wpupg-tax-project-type-2024 wpupg-parent-tax-project-type-2024 wpupg-item-link\" href=\"https:\/\/modenafuturacreativa.it\/fr\/unesco\/il-filo-damore-e-sangue\/\" target=\"_self\" data-id=\"3926\" data-order-default=\"1725616597\"><div class=\"wpupg-item-image wpupg-block-image-rounded wpupg-align-center\"><span href=\"https:\/\/modenafuturacreativa.it\/fr\/unesco\/il-filo-damore-e-sangue\/\" target=\"_self\"><img loading=\"lazy\" decoding=\"async\" style=\"border-width: 0px;border-style: solid;border-color: #666666;border-radius: 5px;\" width=\"768\" height=\"604\" src=\"https:\/\/modenafuturacreativa.it\/wp-content\/uploads\/2024\/09\/DSC8936-768x604.jpg\" class=\"skip-lazy disable-lazyload attachment-portfolio-thumb_large size-portfolio-thumb_large\" alt=\"\" \/><\/span><\/div>\n<div class=\"wpupg-meta-container\">\n<div class=\"wpupg-item-title wpupg-block-text-bold\">Il filo d'amore e sangue<\/div>\n<span class=\"wpupg-item-date wpupg-block-text-normal\">2024<\/span>\n\n\n<\/div><\/a><a class=\"wpupg-item wpupg-item-post wpupg-item-3673 wpupg-type-portfolio wpupg-item-has-image wpupg-template-modena-futura wpupg-tax-project-type-mostre-in-corso-it wpupg-parent-tax-project-type-mostre-in-corso-it wpupg-tax-project-type-mostre wpupg-parent-tax-project-type-mostre wpupg-item-link\" href=\"https:\/\/modenafuturacreativa.it\/fr\/unesco\/galleria-campori-in-3d\/\" target=\"_self\" data-id=\"3673\" data-order-default=\"1714999528\"><div class=\"wpupg-item-image wpupg-block-image-rounded wpupg-align-center\"><span href=\"https:\/\/modenafuturacreativa.it\/fr\/unesco\/galleria-campori-in-3d\/\" target=\"_self\"><img loading=\"lazy\" decoding=\"async\" style=\"border-width: 0px;border-style: solid;border-color: #666666;border-radius: 5px;\" width=\"800\" height=\"450\" src=\"https:\/\/modenafuturacreativa.it\/wp-content\/uploads\/2024\/04\/galleria-campori-in-3d-modena.png\" class=\"skip-lazy disable-lazyload attachment-portfolio-thumb_large size-portfolio-thumb_large\" alt=\"\" srcset=\"https:\/\/modenafuturacreativa.it\/wp-content\/uploads\/2024\/04\/galleria-campori-in-3d-modena.png 800w, https:\/\/modenafuturacreativa.it\/wp-content\/uploads\/2024\/04\/galleria-campori-in-3d-modena-300x169.png 300w, https:\/\/modenafuturacreativa.it\/wp-content\/uploads\/2024\/04\/galleria-campori-in-3d-modena-768x432.png 768w\" sizes=\"auto, (max-width: 800px) 100vw, 800px\" \/><\/span><\/div>\n<div class=\"wpupg-meta-container\">\n<div class=\"wpupg-item-title wpupg-block-text-bold\">Galleria Campori in 3D<\/div>\n<span class=\"wpupg-item-date wpupg-block-text-normal\">2024<\/span>\n\n\n<\/div><\/a><a class=\"wpupg-item wpupg-item-post wpupg-item-3463 wpupg-type-portfolio wpupg-item-has-image wpupg-template-modena-futura wpupg-tax-project-type-mostre wpupg-parent-tax-project-type-mostre wpupg-tax-project-type-2024 wpupg-parent-tax-project-type-2024 wpupg-item-link\" href=\"https:\/\/modenafuturacreativa.it\/fr\/unesco\/enigma-proibito\/\" target=\"_self\" data-id=\"3463\" data-order-default=\"1706611069\"><div class=\"wpupg-item-image wpupg-block-image-rounded wpupg-align-center\"><span href=\"https:\/\/modenafuturacreativa.it\/fr\/unesco\/enigma-proibito\/\" target=\"_self\"><img loading=\"lazy\" decoding=\"async\" style=\"border-width: 0px;border-style: solid;border-color: #666666;border-radius: 5px;\" width=\"900\" height=\"577\" src=\"https:\/\/modenafuturacreativa.it\/wp-content\/uploads\/2024\/01\/enigma-proibito-900x577.png\" class=\"skip-lazy disable-lazyload attachment-portfolio-thumb_large size-portfolio-thumb_large\" alt=\"\" \/><\/span><\/div>\n<div class=\"wpupg-meta-container\">\n<div class=\"wpupg-item-title wpupg-block-text-bold\">Enigma Proibito<\/div>\n<span class=\"wpupg-item-date wpupg-block-text-normal\">2024<\/span>\n\n\n<\/div><\/a><a class=\"wpupg-item wpupg-item-post wpupg-item-3212 wpupg-type-portfolio wpupg-item-has-image wpupg-template-modena-futura wpupg-tax-project-type-eventi wpupg-parent-tax-project-type-eventi wpupg-tax-project-type-2023-it-eventi wpupg-parent-tax-project-type-2023-it-eventi wpupg-item-link\" href=\"https:\/\/modenafuturacreativa.it\/fr\/unesco\/modena-patrimonio-mondiale\/\" target=\"_self\" data-id=\"3212\" data-order-default=\"1695911921\"><div class=\"wpupg-item-image wpupg-block-image-rounded wpupg-align-center\"><span href=\"https:\/\/modenafuturacreativa.it\/fr\/unesco\/modena-patrimonio-mondiale\/\" target=\"_self\"><img loading=\"lazy\" decoding=\"async\" style=\"border-width: 0px;border-style: solid;border-color: #666666;border-radius: 5px;\" width=\"900\" height=\"604\" src=\"https:\/\/modenafuturacreativa.it\/wp-content\/uploads\/2023\/09\/Modena-Patrimonio-Mondiale-dellUmanita-900x604.jpg\" class=\"skip-lazy disable-lazyload attachment-portfolio-thumb_large size-portfolio-thumb_large\" alt=\"\" srcset=\"https:\/\/modenafuturacreativa.it\/wp-content\/uploads\/2023\/09\/Modena-Patrimonio-Mondiale-dellUmanita-900x604.jpg 900w, https:\/\/modenafuturacreativa.it\/wp-content\/uploads\/2023\/09\/Modena-Patrimonio-Mondiale-dellUmanita-300x200.jpg 300w, https:\/\/modenafuturacreativa.it\/wp-content\/uploads\/2023\/09\/Modena-Patrimonio-Mondiale-dellUmanita-600x403.jpg 600w, https:\/\/modenafuturacreativa.it\/wp-content\/uploads\/2023\/09\/Modena-Patrimonio-Mondiale-dellUmanita-400x269.jpg 400w\" sizes=\"auto, (max-width: 900px) 100vw, 900px\" \/><\/span><\/div>\n<div class=\"wpupg-meta-container\">\n<div class=\"wpupg-item-title wpupg-block-text-bold\">Modena Patrimonio Mondiale<\/div>\n<span class=\"wpupg-item-date wpupg-block-text-normal\">2023<\/span>\n\n\n<\/div><\/a><a class=\"wpupg-item wpupg-item-post wpupg-item-1712 wpupg-type-portfolio wpupg-item-has-image wpupg-template-modena-futura wpupg-tax-project-type-mostre wpupg-parent-tax-project-type-mostre wpupg-tax-project-type-2024 wpupg-parent-tax-project-type-2024 wpupg-item-link\" href=\"https:\/\/modenafuturacreativa.it\/fr\/unesco\/devoti-etruschi\/\" target=\"_self\" data-id=\"1712\" data-order-default=\"1678383981\"><div class=\"wpupg-item-image wpupg-block-image-rounded wpupg-align-center\"><span href=\"https:\/\/modenafuturacreativa.it\/fr\/unesco\/devoti-etruschi\/\" target=\"_self\"><img loading=\"lazy\" decoding=\"async\" style=\"border-width: 0px;border-style: solid;border-color: #666666;border-radius: 5px;\" width=\"600\" height=\"400\" src=\"https:\/\/modenafuturacreativa.it\/wp-content\/uploads\/2023\/02\/1-0.jpg\" class=\"skip-lazy disable-lazyload attachment-portfolio-thumb_large size-portfolio-thumb_large\" alt=\"\" srcset=\"https:\/\/modenafuturacreativa.it\/wp-content\/uploads\/2023\/02\/1-0.jpg 600w, https:\/\/modenafuturacreativa.it\/wp-content\/uploads\/2023\/02\/1-0-300x200.jpg 300w\" sizes=\"auto, (max-width: 600px) 100vw, 600px\" \/><\/span><\/div>\n<div class=\"wpupg-meta-container\">\n<div class=\"wpupg-item-title wpupg-block-text-bold\">DeVoti Etruschi<\/div>\n<span class=\"wpupg-item-date wpupg-block-text-normal\">2023<\/span>\n\n\n<\/div><\/a><\/div><\/div><\/div>\n<\/div>\n\n\n\n<div class=\"divider-wrap\" data-alignment=\"default\"><div style=\"height: 10vh;\" class=\"divider\"><\/div><\/div>\n\t\t\t<\/div> \n\t\t<\/div>\n\t<\/div> \n<\/div><\/div>\n\t\t<div id=\"fws_6a9b79c66fe9f\"  data-column-margin=\"default\" data-midnight=\"dark\" data-bottom-percent=\"10%\"  class=\"wpb_row vc_row-fluid vc_row full-width-section has-row-bg-color\"  style=\"padding-top: 0px; padding-bottom: calc(100vw * 0.10); --row-bg-color: #ffffff;\"><div class=\"row-bg-wrap\" data-bg-animation=\"none\" data-bg-animation-delay=\"\" data-bg-overlay=\"false\"><div class=\"inner-wrap row-bg-layer\" ><div class=\"row-bg viewport-desktop using-bg-color\"  style=\"background-color: #ffffff; \"><\/div><\/div><\/div><div class=\"row_col_wrap_12 col span_12 dark left\">\n\t<div  class=\"vc_col-sm-3 wpb_column column_container vc_column_container col no-extra-padding inherit_tablet inherit_phone \"  data-padding-pos=\"all\" data-has-bg-color=\"false\" data-bg-color=\"\" data-bg-opacity=\"1\" data-animation=\"\" data-delay=\"0\" >\n\t\t<div class=\"vc_column-inner\" >\n\t\t\t<div class=\"wpb_wrapper\">\n\t\t\t\t\n\t\t\t<\/div> \n\t\t<\/div>\n\t<\/div> \n\n\t<div  class=\"vc_col-sm-9 wpb_column column_container vc_column_container col no-extra-padding inherit_tablet inherit_phone \"  data-padding-pos=\"all\" data-has-bg-color=\"false\" data-bg-color=\"\" data-bg-opacity=\"1\" data-animation=\"\" data-delay=\"0\" >\n\t\t<div class=\"vc_column-inner\" >\n\t\t\t<div class=\"wpb_wrapper\">\n\t\t\t\t<div class=\"img-with-aniamtion-wrap center\" data-max-width=\"100%\" data-max-width-mobile=\"default\" data-shadow=\"none\" data-animation=\"none\" >\n      <div class=\"inner\">\n        <div class=\"hover-wrap\"> \n          <div class=\"hover-wrap-inner\">\n            <img loading=\"lazy\" decoding=\"async\" class=\"img-with-animation skip-lazy\" data-delay=\"0\" height=\"81\" width=\"104\" data-animation=\"none\" src=\"https:\/\/modenafuturacreativa.it\/wp-content\/uploads\/2023\/05\/palla2-icona.png\" alt=\"\"  \/>\n          <\/div>\n        <\/div>\n        \n      <\/div>\n    <\/div><div class=\"nectar-cta freccia alignment_tablet_default alignment_phone_default display_tablet_inherit display_phone_inherit \" data-color=\"default\" data-using-bg=\"false\" data-display=\"block\" data-style=\"underline\" data-alignment=\"center\" data-text-color=\"custom\" style=\"--nectar-text-color: #000000; --nectar-button-color: var(--nectar-default); --nectar-icon-gap: 10px; \"><h6 style=\"color: #000000;\"> <span class=\"link_wrap\" ><a  class=\"link_text\" style=\"border-color: #000000;\" role=\"button\" href=\"https:\/\/modenafuturacreativa.it\/mappa-della-creativita\/\">TORNA ALLA MAPPA<\/a><\/span><\/h6><\/div>\n\t\t\t<\/div> \n\t\t<\/div>\n\t<\/div> \n<\/div><\/div>\n\t\t<div id=\"fws_6a9b79c6706a5\"  data-column-margin=\"default\" data-midnight=\"dark\"  class=\"wpb_row vc_row-fluid vc_row full-width-content vc_row-o-equal-height vc_row-flex vc_row-o-content-top  zindex-set\"  style=\"padding-top: 0px; padding-bottom: 0px;  z-index: -1;\"><div class=\"row-bg-wrap\" data-bg-animation=\"none\" data-bg-animation-delay=\"\" data-bg-overlay=\"false\"><div class=\"inner-wrap row-bg-layer\" ><div class=\"row-bg viewport-desktop\"  style=\"\"><\/div><\/div><\/div><div class=\"row_col_wrap_12 col span_12 dark left\">\n\t<div  class=\"vc_col-sm-12 wpb_column column_container vc_column_container col no-extra-padding inherit_tablet inherit_phone \"  data-padding-pos=\"all\" data-has-bg-color=\"false\" data-bg-color=\"\" data-bg-opacity=\"1\" data-animation=\"\" data-delay=\"0\" >\n\t\t<div class=\"vc_column-inner\" >\n\t\t\t<div class=\"wpb_wrapper\">\n\t\t\t\t\n\t<div class=\"wpb_raw_code wpb_raw_html wpb_content_element\" >\n\t\t<div class=\"wpb_wrapper\">\n\t\t\t<script src=\"..\/..\/tube\/jsband-min.js\" type=\"text\/javascript\"><\/script>\n<script src=\"..\/..\/tube\/tube-min.js\" type=\"text\/javascript\"><\/script>\n<div id=\"tube_container\" style=\"background:#ffefbd; position: fixed;width: 100%;height: 100%;top: 0px;left: 0px;\"> <\/div>\n<script type=\"text\/javascript\">\n\t\tvar tube = new TubeAnimation(\"tube_container\", {\n\t\t\t\n\t\t\t\/\/Main settings\n\t\t\t\tTUBE_SIZE: 200,\n\t\t\t\tTUBE_WIDTH: 30,\n\t\t\t\tTUBE_DISTANCE: 450,\n\t\t\t\tPERSPECTIVE_DISTORTION: 0.8,\n\t\t\t\tTUBE_TORSION: 0.3,\n\t\t\t\tTUBE_STRETCH: 400,\n\t\t\t\tROTATION_SPEED: 2,\n\t\t\t\tDOT_COLOR: 'rgb(255, 191, 0)',\n\t\t\t\tDOT_SIZE: 1,\n\t\t\t\tDETALIZATION: 209,\n\t\t\t\tMESH_DISTRIBUTION: 0,\n\t\t\t\tMESH_RATIO: 18.103,\n\t\t\t\tOFFSET_X: 0, \/\/offset in pixels\n\t\t\t\tOFFSET_Y: 0, \/\/offset in pixels\n\t\t\t\tPERCENTAGE_OFFSET_X: 0, \/\/offset in percentages\n\t\t\t\tPERCENTAGE_OFFSET_Y: 0, \/\/offset in percentages\n\n\t\t\t\/\/Responsivity settings\n\t\t\t\tAUTO_SCALE: false,\n\t\t\t\tVIEWPORT_WIDTH: 1000,\n\t\t\t\tVIEWPORT_HEIGHT: 1000,\n\t\t\t\n\t\t\t\/\/Mouse settings\n\t\t\t\tMOUSE_DISTANCE_MIN: 20,\n\t\t\t\tMOUSE_DISTANCE_MAX: 400,\n\t\t\t\tMOUSE_SENSITIVITY: 0.1,\n\t\t\t\tINERTIAL_TIME: 2,\n\t\t\t\t\n\t\t\t\/\/Main morphing settings\n\t\t\t\tUSE_MAIN_MORPHING: true,\n\t\t\t\tMAIN_MORPHING_AUTOPLAY: true,\n\t\t\t\tMAIN_MORPHING_DURATION: 1.5,\n\t\t\t\tMAIN_MORPHING_DELAY: 2,\n\t\t\t\tMAIN_MORPHING_TRANSITION_TYPE: \"cubic\",\n\t\t\t\tMAIN_MORPHING_STAGES: [\n\t\t\t\t\t{DOT_COLOR: 'rgb(255, 191, 0)'},\n\t\t\t\t\t{DOT_COLOR: 'rgba(255, 191, 0, 1)'},\n\t\t\t\t\t{DOT_COLOR: 'rgba(255, 191, 0, 1)'},\n\t\t\t\t\t{DOT_COLOR: 'rgba(255, 191, 0, 1)'},\n\t\t\t\t\t{DOT_COLOR: 'rgba(255, 191, 0, 1)'},\n\t\t\t\t\t{DOT_COLOR: 'rgba(255, 191, 0, 1)'}\n\t\t\t\t],\n\t\t\t\t\t\t\n\t\t\t\/\/Surface distortion settings\n\t\t\t\tSURFACE_INITIAL_DISTORTION: {\n\t\t\t\t\t\twave1: {amplitude: 19.216, frequency: 4, phase: 1.201},\n\t\t\t\t\t\twave2: {amplitude: 0, frequency: 3, phase: 0},\n\t\t\t\t\t\twave3: {amplitude: 15, frequency: 2, phase: 0}   \n\t\t\t\t\t},\n\t\t\t\tUSE_SURFACE_MORPHING: false,\n\t\t\t\tUSE_SURFACE_MOTION: true,\n\t\t\t\tUSE_SURFACE_SWING: false,\n\t\t\t\t\t\t\t\t \n\t\t\t\/\/Surface motion settings\n\t\t\t\tWAVE_1_MOTION_SPEED: 1.5,\n\t\t\t\t\/\/WAVE_2_MOTION_SPEED: 1,\n\t\t\t\tWAVE_3_MOTION_SPEED: -1\t\t\t\n\t\t});\n\t\t\n\t<\/script>\n\t\t<\/div>\n\t<\/div>\n\n\t\t\t<\/div> \n\t\t<\/div>\n\t<\/div> \n<\/div><\/div>\n","protected":false},"excerpt":{"rendered":"Museo Civico di Modena VISUAL ARTISTS Naviguer vers la section suivante VISITER LA CARTE VISITER LE SITE CONTACT Le Museo Civico di Modena exprime et repr\u00e9sente l'identit\u00e9 de Mod\u00e8ne et de ses...","protected":false},"author":1,"featured_media":1647,"parent":848,"menu_order":0,"comment_status":"closed","ping_status":"closed","template":"","meta":{"wpupg_custom_link":[],"wpupg_custom_link_behaviour":["default"],"wpupg_custom_link_nofollow":["default"],"wpupg_custom_image":[],"wpupg_custom_image_id":[],"footnotes":""},"class_list":["post-2231","page","type-page","status-publish","has-post-thumbnail"],"_links":{"self":[{"href":"https:\/\/modenafuturacreativa.it\/fr\/wp-json\/wp\/v2\/pages\/2231","targetHints":{"allow":["GET"]}}],"collection":[{"href":"https:\/\/modenafuturacreativa.it\/fr\/wp-json\/wp\/v2\/pages"}],"about":[{"href":"https:\/\/modenafuturacreativa.it\/fr\/wp-json\/wp\/v2\/types\/page"}],"author":[{"embeddable":true,"href":"https:\/\/modenafuturacreativa.it\/fr\/wp-json\/wp\/v2\/users\/1"}],"replies":[{"embeddable":true,"href":"https:\/\/modenafuturacreativa.it\/fr\/wp-json\/wp\/v2\/comments?post=2231"}],"version-history":[{"count":17,"href":"https:\/\/modenafuturacreativa.it\/fr\/wp-json\/wp\/v2\/pages\/2231\/revisions"}],"predecessor-version":[{"id":5059,"href":"https:\/\/modenafuturacreativa.it\/fr\/wp-json\/wp\/v2\/pages\/2231\/revisions\/5059"}],"up":[{"embeddable":true,"href":"https:\/\/modenafuturacreativa.it\/fr\/wp-json\/wp\/v2\/pages\/848"}],"wp:featuredmedia":[{"embeddable":true,"href":"https:\/\/modenafuturacreativa.it\/fr\/wp-json\/wp\/v2\/media\/1647"}],"wp:attachment":[{"href":"https:\/\/modenafuturacreativa.it\/fr\/wp-json\/wp\/v2\/media?parent=2231"}],"curies":[{"name":"wp","href":"https:\/\/api.w.org\/{rel}","templated":true}]}}