{"id":3497,"date":"2024-02-27T12:26:41","date_gmt":"2024-02-27T11:26:41","guid":{"rendered":"https:\/\/modenafuturacreativa.it\/?page_id=3497"},"modified":"2026-04-27T11:57:03","modified_gmt":"2026-04-27T09:57:03","slug":"eventi-archivio-2024","status":"publish","type":"page","link":"https:\/\/modenafuturacreativa.it\/es\/eventi-archivio-2024\/","title":{"rendered":"Eventos de Modena Futura Creativa \u2013 A\u00f1o 2024"},"content":{"rendered":"\n\t\t<div id=\"fws_6a9b9221b4e7a\"  data-column-margin=\"default\" data-midnight=\"light\"  class=\"wpb_row vc_row-fluid vc_row full-width-section\"  style=\"padding-top: 0px; padding-bottom: 0px; \"><div class=\"row-bg-wrap\" data-bg-animation=\"none\" data-bg-animation-delay=\"\" data-bg-overlay=\"false\"><div class=\"inner-wrap row-bg-layer\" ><div class=\"row-bg viewport-desktop\"  style=\"\"><\/div><\/div><\/div><div class=\"row_col_wrap_12 col span_12 light left\">\n\t<div  class=\"vc_col-sm-4 creativita wpb_column column_container vc_column_container col padding-5-percent inherit_tablet inherit_phone border_color_d9d9d9 border_style_solid \"  data-overlay-color=\"true\" data-padding-pos=\"top-bottom\" data-has-bg-color=\"false\" data-bg-color=\"\" data-bg-opacity=\"1\" data-animation=\"\" data-delay=\"0\" >\n\t\t<div class=\"vc_column-inner\" ><div class=\"column-bg-overlay-wrap column-bg-layer\" data-bg-animation=\"none\"><div class=\"column-bg-overlay\"><\/div><div class=\"column-overlay-layer\" style=\"background-color:transparent;  opacity: 1; \"><\/div><\/div>\n\t\t\t<div class=\"wpb_wrapper\">\n\t\t\t\t\n\t\t\t<\/div> \n\t\t<\/div>\n\t<\/div> \n\n\t<div  class=\"vc_col-sm-8 wpb_column column_container vc_column_container col no-extra-padding inherit_tablet inherit_phone \"  data-padding-pos=\"all\" data-has-bg-color=\"false\" data-bg-color=\"\" data-bg-opacity=\"1\" data-animation=\"\" data-delay=\"0\" >\n\t\t<div class=\"vc_column-inner\" >\n\t\t\t<div class=\"wpb_wrapper\">\n\t\t\t\t<div class=\"divider-wrap height_tablet_45px height_phone_45px \" data-alignment=\"default\"><div style=\"height: 250px;\" class=\"divider\"><\/div><\/div><div class=\"nectar-split-heading  font_size_6vw font_size_tablet_40px font_size_phone_40px font_line_height_1px \" data-align=\"default\" data-m-align=\"inherit\" data-text-effect=\"letter-reveal-bottom\" data-animation-type=\"line-reveal-by-space\" data-animation-delay=\"200\" data-animation-offset=\"\" data-m-rm-animation=\"\" data-stagger=\"true\" data-custom-font-size=\"true\" style=\"font-size: 6vw; line-height: 6.6vw;\"><i style=\" color: #ffffff;\">Eventi<\/i><\/div><div class=\"divider-wrap\" data-alignment=\"default\"><div style=\"margin-top: 0.5px; height: 1px; margin-bottom: 0.5px;\" data-width=\"100%\" data-animate=\"yes\" data-animation-delay=\"\" data-color=\"extra-color-gradient-1\" class=\"divider-border\"><\/div><\/div><div class=\"nectar-split-heading  font_line_height_2px \" data-align=\"default\" data-m-align=\"inherit\" data-text-effect=\"default\" data-animation-type=\"line-reveal-by-space\" data-animation-delay=\"800\" data-animation-offset=\"\" data-m-rm-animation=\"\" data-stagger=\"true\" data-custom-font-size=\"false\" ><h3 style=\" color: #ffffff;\">CALENDARIO EVENTI - ANNO 2024<\/h3><\/div><div class=\"divider-wrap\" data-alignment=\"default\"><div style=\"height: 45px;\" class=\"divider\"><\/div><\/div>\n\t\t\t<\/div> \n\t\t<\/div>\n\t<\/div> \n<\/div><\/div>\n\t\t<div id=\"fws_6a9b9221b5a22\"  data-column-margin=\"default\" data-midnight=\"dark\"  class=\"wpb_row vc_row-fluid vc_row full-width-section has-row-bg-color nexta\"  style=\"padding-top: 0px; padding-bottom: 0px; --row-bg-color: #ededed;\"><div class=\"row-bg-wrap\" data-bg-animation=\"none\" data-bg-animation-delay=\"\" data-bg-overlay=\"false\"><div class=\"inner-wrap row-bg-layer\" ><div class=\"row-bg viewport-desktop using-bg-color\"  style=\"background-color: #ededed; \"><\/div><\/div><\/div><div class=\"row_col_wrap_12 col span_12 dark left\">\n\t<div  class=\"vc_col-sm-8 wpb_column column_container vc_column_container col padding-7-percent inherit_tablet inherit_phone \"  data-padding-pos=\"left\" data-has-bg-color=\"false\" data-bg-color=\"\" data-bg-opacity=\"1\" data-animation=\"\" data-delay=\"0\" >\n\t\t<div class=\"vc_column-inner\" >\n\t\t\t<div class=\"wpb_wrapper\">\n\t\t\t\t<div class=\"divider-wrap\" data-alignment=\"default\"><div style=\"height: 0vh;\" class=\"divider\"><\/div><\/div>\n\t\t\t<\/div> \n\t\t<\/div>\n\t<\/div> \n\n\t<div style=\"margin-top: -170px; \" class=\"vc_col-sm-4 wpb_column column_container vc_column_container col neg-marg no-extra-padding force-desktop-text-align-right inherit_tablet inherit_phone \"  data-padding-pos=\"all\" data-has-bg-color=\"false\" data-bg-color=\"\" data-bg-opacity=\"1\" data-animation=\"\" data-delay=\"0\" >\n\t\t<div class=\"vc_column-inner\" >\n\t\t\t<div class=\"wpb_wrapper\">\n\t\t\t\t<div class=\"nectar-next-section-wrap minimal-arrow alignment_tablet_default alignment_phone_default display_tablet_inherit display_phone_inherit \" style=\"--nectar-icon-gap: 10px; --nectar-next-section-icon-size: 1; \" data-align=\"right\" data-custom-color=\"true\">\n    <a href=\"#\" class=\"nectar-next-section skip-hash\">\n      <span class=\"screen-reader-text\">Navigate to the next section<\/span>\n      <svg class=\"next-arrow\" width=\"40px\" height=\"68px\" viewBox=\"0 0 40 50\" xml:space=\"preserve\">\n      <path stroke=\"#ffffff\" stroke-width=\"2\" fill=\"none\" d=\"M 20 0 L 20 51\"><\/path>\n      <polyline stroke=\"#ffffff\" stroke-width=\"2\" fill=\"none\" points=\"12, 44 20, 52 28, 44\"><\/polyline>\n      <\/svg>\n    <\/a>\n  <\/div>\n\t\t\t<\/div> \n\t\t<\/div>\n\t<\/div> \n<\/div><\/div>\n\t\t<div id=\"fws_6a9b9221b5f9e\"  data-column-margin=\"none\" data-midnight=\"dark\" data-top-percent=\"5%\" data-bottom-percent=\"15%\"  class=\"wpb_row vc_row-fluid vc_row full-width-section has-row-bg-color vc_row-o-equal-height vc_row-flex vc_row-o-content-top\"  style=\"padding-top: calc(100vw * 0.05); padding-bottom: calc(100vw * 0.15); --row-bg-color: #ffffff;\"><div class=\"row-bg-wrap\" data-bg-animation=\"none\" data-bg-animation-delay=\"\" data-bg-overlay=\"false\"><div class=\"inner-wrap row-bg-layer\" ><div class=\"row-bg viewport-desktop using-bg-color\"  style=\"background-color: #ffffff; \"><\/div><\/div><\/div><div class=\"row_col_wrap_12 col span_12 dark left\">\n\t<div  class=\"vc_col-sm-4 wpb_column column_container vc_column_container col nectar-sticky-column has-animation padding-5-percent force-desktop-text-align-right force-tablet-text-align-left force-phone-text-align-left inherit_tablet inherit_phone \"  data-padding-pos=\"right\" data-has-bg-color=\"false\" data-bg-color=\"\" data-bg-opacity=\"1\" data-animation=\"fade-in-from-left\" data-delay=\"250\" >\n\t\t<div class=\"vc_column-inner\" >\n\t\t\t<div class=\"wpb_wrapper\">\n\t\t\t\t<div class=\"divider-wrap height_tablet_3vh height_phone_3vh \" data-alignment=\"default\"><div style=\"height: 0vh;\" class=\"divider\"><\/div><\/div>\n<div class=\"nectar-animated-title\" data-style=\"color-strip-reveal\" data-color=\"extra-color-3\">\n\t<div class=\"nectar-animated-title-outer\">\n\t\t<div class=\"nectar-animated-title-inner\">\n\t\t\t<div class=\"wrap\"><h6 style=\"color: #ffffff;\">CALENDARIO EVENTI<\/h6><\/div>\n\t\t<\/div>\n\t<\/div>\n<\/div><div class=\"nectar-cta freccia alignment_tablet_left alignment_phone_left display_tablet_inherit display_phone_inherit \" data-color=\"default\" data-using-bg=\"false\" data-display=\"block\" data-style=\"underline\" data-alignment=\"right\" data-text-color=\"custom\" style=\"--nectar-text-color: #000000; --nectar-button-color: var(--nectar-default); --nectar-icon-gap: 10px; \"><h6 style=\"color: #000000;\"> <span class=\"link_wrap\" ><a  class=\"link_text\" style=\"border-color: #000000;\" role=\"button\" href=\"https:\/\/modenafuturacreativa.it\/eventi\/eventi\/\">EVENTI IN CORSO<\/a><\/span><\/h6><\/div><div class=\"nectar-cta freccia alignment_tablet_left alignment_phone_left display_tablet_inherit display_phone_inherit \" data-color=\"default\" data-using-bg=\"false\" data-display=\"block\" data-style=\"underline\" data-alignment=\"right\" data-text-color=\"custom\" style=\"--nectar-text-color: #000000; --nectar-button-color: var(--nectar-default); --nectar-icon-gap: 10px; \"><h6 style=\"color: #000000;\"> <span class=\"link_wrap\" ><a  class=\"link_text\" style=\"border-color: #000000;\" role=\"button\" href=\"https:\/\/modenafuturacreativa.it\/eventi\/eventi-archivio-2026\/\">ARCHIVIO EVENTI 2026<\/a><\/span><\/h6><\/div><div class=\"nectar-cta freccia alignment_tablet_left alignment_phone_left display_tablet_inherit display_phone_inherit \" data-color=\"default\" data-using-bg=\"false\" data-display=\"block\" data-style=\"underline\" data-alignment=\"right\" data-text-color=\"custom\" style=\"--nectar-text-color: #000000; --nectar-button-color: var(--nectar-default); --nectar-icon-gap: 10px; \"><h6 style=\"color: #000000;\"> <span class=\"link_wrap\" ><a  class=\"link_text\" style=\"border-color: #000000;\" role=\"button\" href=\"https:\/\/modenafuturacreativa.it\/eventi\/eventi-archivio-2025\/\">ARCHIVIO EVENTI 2025<\/a><\/span><\/h6><\/div><div class=\"nectar-cta freccia alignment_tablet_left alignment_phone_left display_tablet_inherit display_phone_inherit \" data-color=\"default\" data-using-bg=\"false\" data-style=\"text-reveal-wave\" data-display=\"block\" data-alignment=\"right\" data-text-color=\"custom\" style=\"--nectar-text-color: #000000; --nectar-button-color: var(--nectar-default); --nectar-icon-gap: 10px; \"><h6 style=\"color: #000000;\"><span class=\"link_wrap\" ><a  aria-label=\"\u2192 ARCHIVIO EVENTI 2024\" class=\"link_text\" role=\"button\" href=\"https:\/\/modenafuturacreativa.it\/eventi\/eventi-archivio-2024\/\"><span class=\"text\"><span class=\"char\">\u2192<\/span> <span class=\"char\">A<\/span><span class=\"char\">R<\/span><span class=\"char\">C<\/span><span class=\"char\">H<\/span><span class=\"char\">I<\/span><span class=\"char\">V<\/span><span class=\"char\">I<\/span><span class=\"char\">O<\/span> <span class=\"char\">E<\/span><span class=\"char\">V<\/span><span class=\"char\">E<\/span><span class=\"char\">N<\/span><span class=\"char\">T<\/span><span class=\"char\">I<\/span> <span class=\"char\">2<\/span><span class=\"char\">0<\/span><span class=\"char\">2<\/span><span class=\"char\">4<\/span><\/span><\/a><\/span><\/h6><\/div><div class=\"nectar-cta freccia alignment_tablet_left alignment_phone_left display_tablet_inherit display_phone_inherit \" data-color=\"default\" data-using-bg=\"false\" data-display=\"block\" data-style=\"underline\" data-alignment=\"right\" data-text-color=\"custom\" style=\"--nectar-text-color: #000000; --nectar-button-color: var(--nectar-default); --nectar-icon-gap: 10px; \"><h6 style=\"color: #000000;\"> <span class=\"link_wrap\" ><a  class=\"link_text\" style=\"border-color: #000000;\" role=\"button\" href=\"https:\/\/modenafuturacreativa.it\/eventi\/eventi-archivio-2023\/\">ARCHIVIO EVENTI 2023<\/a><\/span><\/h6><\/div><div class=\"nectar-cta freccia alignment_tablet_left alignment_phone_left display_tablet_inherit display_phone_inherit \" data-color=\"default\" data-using-bg=\"false\" data-display=\"block\" data-style=\"underline\" data-alignment=\"right\" data-text-color=\"custom\" style=\"--nectar-text-color: #000000; --nectar-button-color: var(--nectar-default); --nectar-icon-gap: 10px; \"><h6 style=\"color: #000000;\"> <span class=\"link_wrap\" ><a  class=\"link_text\" style=\"border-color: #000000;\" role=\"button\" href=\"https:\/\/modenafuturacreativa.it\/eventi\/eventi-archivio-2022\/\">ARCHIVIO EVENTI 2022<\/a><\/span><\/h6><\/div><div class=\"nectar-cta freccia alignment_tablet_left alignment_phone_left display_tablet_inherit display_phone_inherit \" data-color=\"default\" data-using-bg=\"false\" data-display=\"block\" data-style=\"underline\" data-alignment=\"right\" data-text-color=\"custom\" style=\"--nectar-text-color: #000000; --nectar-button-color: var(--nectar-default); --nectar-icon-gap: 10px; \"><h6 style=\"color: #000000;\"> <span class=\"link_wrap\" ><a  class=\"link_text\" style=\"border-color: #000000;\" role=\"button\" href=\"https:\/\/modenafuturacreativa.it\/eventi\/eventi-archivio-2021\/\">ARCHIVIO EVENTI 2021<\/a><\/span><\/h6><\/div><div class=\"divider-wrap height_tablet_5vh height_phone_5vh \" data-alignment=\"default\"><div style=\"height: 0vh;\" class=\"divider\"><\/div><\/div>\n\t\t\t<\/div> \n\t\t<\/div>\n\t<\/div> \n\n\t<div  class=\"vc_col-sm-8 wpb_column column_container vc_column_container col has-animation no-extra-padding inherit_tablet inherit_phone \"  data-padding-pos=\"all\" data-has-bg-color=\"false\" data-bg-color=\"\" data-bg-opacity=\"1\" data-animation=\"fade-in-from-bottom\" data-delay=\"800\" >\n\t\t<div class=\"vc_column-inner\" >\n\t\t\t<div class=\"wpb_wrapper\">\n\t\t\t\t<style type=\"text\/css\"> #gw_go_portfolio_eventi2024 .gw-gopf-posts-wrap-inner { margin-left:-20px;margin-top:-80px; } #gw_go_portfolio_eventi2024 .gw-gopf-filter-opacity .gw-gopf-col-wrap.gw-gopf-disabled { filter:alpha(opacity=30) !important;-ms-filter:\"progid:DXImageTransform.Microsoft.Alpha(Opacity=30)\" !important;-khtml-opacity:0.3 !important;-moz-opacity:0.3 !important;opacity:0.3 !important; } #gw_go_portfolio_eventi2024 .gw-gopf-post-col { margin-left:20px;margin-top:80px; } #gw_go_portfolio_eventi2024 .gw-gopf-cats { margin-bottom:20px !important; } #gw_go_portfolio_eventi2024 .gw-gopf-filter { margin-left:-6px; } #gw_go_portfolio_eventi2024 .gw-gopf-cats > span { margin-left:6px; } #gw_go_portfolio_eventi2024 .gw-gopf-slider-controls > div { margin-bottom:20px; } #gw_go_portfolio_eventi2024 .gw-gopf-slider-controls > div { margin-left:6px; } #gw_go_portfolio_eventi2024 .gw-gopf-post-overlay-bg { background-color:#0054ff; } #gw_go_portfolio_eventi2024 .gw-gopf-post-overlay-bg { filter:alpha(opacity=30);-ms-filter:\"progid:DXImageTransform.Microsoft.Alpha(Opacity=30)\";-khtml-opacity:0.3;-moz-opacity:0.3;opacity:0.3; } #gw_go_portfolio_eventi2024 .gw-gopf-post-content { text-align:left; } #gw_go_portfolio_eventi2024 .gw-gopf-post-more { text-align:left; } #gw_go_portfolio_eventi2024 .gw-gopf-pagination-wrapper { padding-top:20px; } #gw_go_portfolio_eventi2024 .gw-gopf-post-media-wrap img { left:50%;top:50%;-ms-transform: translateX(-50%) translateY(-50%) translateZ(0);transform: translateX(-50%) translateY(-50%) translateZ(0); } #gw_go_portfolio_eventi2024 .gw-gopf-post-media-wrap { background-position: 50% 50%; } #gw_go_portfolio_eventi2024 .gw-gopf-style-vario .gw-gopf-btn {color:#ffffff;background:#000000;-moz-border-radius:0px;-webkit-border-radius:0px;border-radius:0px;display:inline-block;font-family:inherit;font-size:16px;height:29px;line-height:29px;padding:0 9px;position:relative;text-align:left;-moz-transition:color 0.08s ease-in-out, background-color 0.08s ease-in-out, border-color 0.08s ease-in-out;-ms-transition:color 0.08s ease-in-out, background-color 0.08s ease-in-out, border-color 0.08s ease-in-out;-o-transition:color 0.08s ease-in-out, background-color 0.08s ease-in-out, border-color 0.08s ease-in-out;-webkit-transition:color 0.08s ease-in-out, background-color 0.08s ease-in-out, border-color 0.08s ease-in-out;transition:color 0.08s ease-in-out, background-color 0.08s ease-in-out, border-color 0.08s ease-in-out;text-decoration:none !important;} #gw_go_portfolio_eventi2024 .gw-gopf-style-vario a.gw-gopf-btn.gw-gopf-btn-outlined {color:#000000;background:transparent;border:solid 1px #000000;height:27px;line-height:27px;padding:0 8px;} #gw_go_portfolio_eventi2024 .gw-gopf-style-vario a.gw-gopf-btn:hover {color:#ffffff;background:#333333;} #gw_go_portfolio_eventi2024 .gw-gopf-style-vario a.gw-gopf-btn.gw-gopf-btn-outlined:hover {color:#333333;background:transparent;border-color:#333333;} #gw_go_portfolio_eventi2024 .gw-gopf-style-vario a.gw-gopf-circle {-moz-border-radius:22px;-webkit-border-radius:22px;border-radius:22px;display:inline-block;height:44px;line-height:44px;position: relative;margin-left:3px;margin-right:3px;-moz-transition:color 0.08s ease-in-out, background-color 0.08s ease-in-out, border-color 0.08s ease-in-out;-ms-transition:color 0.08s ease-in-out, background-color 0.08s ease-in-out, border-color 0.08s ease-in-out;-o-transition:color 0.08s ease-in-out, background-color 0.08s ease-in-out, border-color 0.08s ease-in-out;-webkit-transition:color 0.08s ease-in-out, background-color 0.08s ease-in-out, border-color 0.08s ease-in-out;transition:color 0.08s ease-in-out, background-color 0.08s ease-in-out, border-color 0.08s ease-in-out;width:44px;} #gw_go_portfolio_eventi2024 .gw-gopf-style-vario .gw-gopf-cats > span a {background:#333333;-moz-border-radius:0px;-webkit-border-radius:0px;border-radius:0px;color:#ffffff;display:block;font-family:inherit;font-size:16px;height:29px;line-height:29px;padding:0 10px;text-decoration:none;-moz-transition:color 0.08s ease-in-out, background-color 0.08s ease-in-out, border-color 0.08s ease-in-out;-ms-transition:color 0.08s ease-in-out, background-color 0.08s ease-in-out, border-color 0.08s ease-in-out;-o-transition:color 0.08s ease-in-out, background-color 0.08s ease-in-out, border-color 0.08s ease-in-out;-webkit-transition:color 0.08s ease-in-out, background-color 0.08s ease-in-out, border-color 0.08s ease-in-out;transition:color 0.08s ease-in-out, background-color 0.08s ease-in-out, border-color 0.08s ease-in-out;} #gw_go_portfolio_eventi2024 .gw-gopf-style-vario .gw-gopf-cats > span a.gw-gopf-btn-outlined {color:#333333;background:transparent;border:solid 1px #333333;height:27px;line-height:27px;padding:0 8px;} #gw_go_portfolio_eventi2024 .gw-gopf-style-vario .gw-gopf-cats > span.gw-gopf-current a { background:#000000;} #gw_go_portfolio_eventi2024 .gw-gopf-style-vario .gw-gopf-cats > span.gw-gopf-current a.gw-gopf-btn-outlined  { background:transparent;border-color:#000000;color:#000000;} #gw_go_portfolio_eventi2024 .gw-gopf-style-vario .gw-gopf-cats > span a:hover { background:#787878;} #gw_go_portfolio_eventi2024 .gw-gopf-style-vario .gw-gopf-cats > span a.gw-gopf-btn-outlined:hover { background:transparent;border-color:#787878;color:#787878;} #gw_go_portfolio_eventi2024 .gw-gopf-style-vario .gw-gopf-slider-controls > div a {background:#000000;-moz-border-radius:0px;-webkit-border-radius:0px;border-radius:0px;color:#ffffff;display:table-cell;height:29px;text-decoration:none;-moz-transition:color 0.08s ease-in-out, background-color 0.08s ease-in-out, border-color 0.08s ease-in-out;-ms-transition:color 0.08s ease-in-out, background-color 0.08s ease-in-out, border-color 0.08s ease-in-out;-o-transition:color 0.08s ease-in-out, background-color 0.08s ease-in-out, border-color 0.08s ease-in-out;-webkit-transition:color 0.08s ease-in-out, background-color 0.08s ease-in-out, border-color 0.08s ease-in-out;transition:color 0.08s ease-in-out, background-color 0.08s ease-in-out, border-color 0.08s ease-in-out;vertical-align:middle;width:28px;} #gw_go_portfolio_eventi2024 .gw-gopf-style-vario .gw-gopf-slider-controls > div a:hover {background:#333333;} #gw_go_portfolio_eventi2024 .gw-gopf-style-vario .gw-gopf-slider-controls > div a.disabled {background:#333333;} #gw_go_portfolio_eventi2024 .gw-gopf-style-vario a.gw-gopf-pagination-load-more {background:#333333;-moz-border-radius:0px;-webkit-border-radius:0px;border-radius:0px;color:#ffffff;display:inline-block;font-family:inherit;font-size:16px;height:29px;line-height:29px;padding:0 10px;text-decoration:none;-moz-transition:color 0.08s ease-in-out, background-color 0.08s ease-in-out, border-color 0.08s ease-in-out;-ms-transition:color 0.08s ease-in-out, background-color 0.08s ease-in-out, border-color 0.08s ease-in-out;-o-transition:color 0.08s ease-in-out, background-color 0.08s ease-in-out, border-color 0.08s ease-in-out;-webkit-transition:color 0.08s ease-in-out, background-color 0.08s ease-in-out, border-color 0.08s ease-in-out;transition:color 0.08s ease-in-out, background-color 0.08s ease-in-out, border-color 0.08s ease-in-out;} #gw_go_portfolio_eventi2024 .gw-gopf-style-vario a.gw-gopf-pagination-load-more.gw-gopf-btn-outlined {color:#333333;background:transparent;border:solid 1px #333333;height:27px;line-height:27px;padding:0 8px;} #gw_go_portfolio_eventi2024 .gw-gopf-style-vario a.gw-gopf-pagination-load-more:hover { background:#787878;} #gw_go_portfolio_eventi2024 .gw-gopf-style-vario a.gw-gopf-pagination-load-more.gw-gopf-btn-outlined:hover { background:transparent;border-color:#787878;color:#787878;} #gw_go_portfolio_eventi2024 .gw-gopf-style-vario .gw-gopf-post {-moz-border-radius:0px;-webkit-border-radius:0px;border-radius:0px;-moz-box-shadow:0 0 0px 0px rgba(0,0,0,0);-o-box-shadow:0 0 0px 0px rgba(0,0,0,0);-webkit-box-shadow:0 0 0px 0px rgba(0,0,0,0);box-shadow:0 0 0px 0px rgba(0,0,0,0);overflow:hidden;} #gw_go_portfolio_eventi2024 .gw-gopf-style-vario .gw-gopf-post-media-wrap {-moz-border-radius-topleft:0px;-moz-border-radius-topright:0px;-webkit-border-top-left-radius:0px;-webkit-border-top-right-radius:0px;border-top-left-radius:0px;border-top-right-radius:0px;} #gw_go_portfolio_eventi2024 .gw-gopf-style-vario .gw-gopf-post-overlay-bg {-moz-border-radius-topleft:0px;-moz-border-radius-topright:0px;-webkit-border-top-left-radius:0px;-webkit-border-top-right-radius:0px;border-top-left-radius:0px;border-top-right-radius:0px;} #gw_go_portfolio_eventi2024 .gw-gopf-style-vario a.gw-gopf-post-overlay-circle { background:#000000;} #gw_go_portfolio_eventi2024 .gw-gopf-style-vario a.gw-gopf-post-overlay-circle:hover { background:#333333;} #gw_go_portfolio_eventi2024 .gw-gopf-style-vario a.gw-gopf-post-overlay-btn {background:#000000;margin-left:3px;margin-right:3px;} #gw_go_portfolio_eventi2024 .gw-gopf-style-vario a.gw-gopf-post-overlay-btn.gw-gopf-btn-outlined  {background:transparent;border-color:#000000;color:#000000;} #gw_go_portfolio_eventi2024 .gw-gopf-style-vario a.gw-gopf-post-overlay-btn:hover {background:#333333;} #gw_go_portfolio_eventi2024 .gw-gopf-style-vario a.gw-gopf-post-overlay-btn.gw-gopf-btn-outlined:hover {background:transparent;border-color:#333333;color:#333333;} #gw_go_portfolio_eventi2024 .gw-gopf-style-vario .gw-gopf-post-content-wrap:before { -moz-border-radius-bottomleft:0px;-moz-border-radius-bottomright:0px;-webkit-border-bottom-left-radius:0px;-webkit-border-bottom-right-radius:0px;border-bottom-left-radius:0px;border-bottom-right-radius:0px;background-color:#ffffff;opacity:1;} #gw_go_portfolio_eventi2024 .gw-gopf-style-vario .gw-gopf-post-content { color:#333333;font-family:inherit;font-size:16px;line-height:25px;padding:20px;} #gw_go_portfolio_eventi2024 .gw-gopf-style-vario .gw-gopf-post-content a {color:#000000;} #gw_go_portfolio_eventi2024 .gw-gopf-style-vario .gw-gopf-post-content a:hover {color:#333333;} #gw_go_portfolio_eventi2024 .gw-gopf-style-vario .gw-gopf-post-content h2 {color:#333333 !important;font-family:inherit !important;font-size:16px !important;line-height:20px !important;} #gw_go_portfolio_eventi2024 .gw-gopf-style-vario .gw-gopf-post-content h2 a { color:inherit;font-size:inherit !important;line-height:inherit !important;} #gw_go_portfolio_eventi2024 .gw-gopf-style-vario .gw-gopf-post-content h2 a:hover { color:#000000; } #gw_go_portfolio_eventi2024 .gw-gopf-style-vario .gw-gopf-post-meta {color:#000000;font-family:inherit;font-size:15px;line-height:15px;} #gw_go_portfolio_eventi2024 .gw-gopf-style-vario .gw-gopf-post-excerpt { font-family:inherit;font-size:16px;line-height:25px !important;margin-top:15px} #gw_go_portfolio_eventi2024 .gw-gopf-style-vario .gw-gopf-post-excerpt p {font-family:inherit;font-size:16px;line-height:25px !important;margin:0 0 15px !important;padding:0 !important;} #gw_go_portfolio_eventi2024 .gw-gopf-style-vario .gw-gopf-post-excerpt p:last-child { margin:0 !important;padding:0 !important;} #gw_go_portfolio_eventi2024 .gw-gopf-style-vario .gw-gopf-post-more { margin-top:15px; } #gw_go_portfolio_eventi2024 .gw-gopf-style-vario .gw-gopf-post-more a {color:#000000;font-size:16px;margin-top:15px;font-weight:bold;} #gw_go_portfolio_eventi2024 .gw-gopf-style-vario .gw-gopf-post-more a:hover {color:#333333;font-size:16px;font-weight:bold;} #gw_go_portfolio_eventi2024 .gw-gopf-style-vario .gw-gopf-post-more a.gw-gopf-btn {color:#ffffff;font-weight:normal;margin-top:-3px;} #gw_go_portfolio_eventi2024 .gw-gopf-style-vario .gw-gopf-post-more a.gw-gopf-btn.gw-gopf-btn-outlined { color:#000000; } #gw_go_portfolio_eventi2024 .gw-gopf-style-vario .gw-gopf-post-more a.gw-gopf-btn.gw-gopf-btn-outlined:hover { color:#333333; } #gw_go_portfolio_eventi2024 .gw-gopf-style-vario .gw-gopf-post-more a.gw-gopf-btn { margin-left:10px } #gw_go_portfolio_eventi2024 .gw-gopf-style-vario .gw-gopf-post-more a.gw-gopf-btn:first-child { margin-left:0; } #gw_go_portfolio_eventi2024 .gw-gopf-style-vario .gw-gopf-post-content > *:first-child { margin-top:0 !important; } #gw_go_portfolio_eventi2024 .gw-gopf-style-vario div.gw-gopf-post-highlight-box, #gw_go_portfolio_eventi2024  .gw-gopf-style-vario div.gw-gopf-post-highlight-box:first-child{background:#000000;padding:20px;margin:-20px -20px 20px !important;} #gw_go_portfolio_eventi2024 .gw-gopf-style-vario .gw-gopf-post-highlight-box * { color:#ffffff !important;} #gw_go_portfolio_eventi2024 .gw-gopf-style-vario .gw-gopf-post-highlight-box a:hover { color:#333333 !important;} #gw_go_portfolio_eventi2024 .gw-gopf-style-vario .gw-gopf-woo-sale, #gw_go_portfolio_eventi2024  .gw-gopf-touch.gw-gopf-style-vario .gw-gopf-post:hover .gw-gopf-woo-sale {background:#000000;-moz-border-radius:22px;-webkit-border-radius:22px;border-radius:22px;color:#ffffff;display:inline-block;font-size:16px;height:44px;line-height:44px;position:absolute;right:10px;text-align:center;top:10px;-moz-transition:opacity 0.1s ease-in-out;-ms-transition:opacity 0.1s ease-in-out;-o-transition:opacity 0.1s ease-in-out;-webkit-transition:opacity 0.1s ease-in-out;transition:opacity 0.1s ease-in-out;width:44px;z-index:5;} #gw_go_portfolio_eventi2024 .gw-gopf-style-vario .gw-gopf-post:hover .gw-gopf-woo-sale, #gw_go_portfolio_eventi2024 .gw-gopf-touch.gw-gopf-style-vario .gw-gopf-current.gw-gopf-post .gw-gopf-woo-sale { filter:alpha(opacity=50); -ms-filter:\"progid:DXImageTransform.Microsoft.Alpha(Opacity=50)\"; -khtml-opacity:0.5; -moz-opacity:0.5; opacity:0.5; } #gw_go_portfolio_eventi2024 .gw-gopf-style-vario .gw-gopf-post-woo-price {color:#000000;font-size:22px;font-weight:bold;line-height:22px;margin-top:15px;} #gw_go_portfolio_eventi2024 .gw-gopf-style-vario .gw-gopf-post-woo-price del {background:none;color:#b8b8b8;font-size:16px;line-height:20px;margin-right:8px;text-decoration:line-through;} #gw_go_portfolio_eventi2024 .gw-gopf-style-vario .gw-gopf-post-woo-price ins { background:none;text-decoration:none !important;}<\/style>\n<style type=\"text\/css\"><\/style>\n<div id=\"gw_go_portfolio_eventi2024\" style=\"margin-top:0;margin-bottom:0;\"><div class=\"gw-gopf gw-gopf-no-trans gw-gopf-grid-type gw-gopf-1col gw-gopf-style-vario  gw-gopf-pagination\" data-layout-mode=\"masonry\"data-url=\"https:\/\/modenafuturacreativa.it\/wp-admin\/admin-ajax.php\" data-id=\"65ddc82b9243c\" data-cols=\"1\" data-rowspace=\"80\" data-rtl=\"false\" data-transenabled=\"true\" data-lbenabled=\"true\" data-lbgallery=\"true\" data-deep-linking=\"true\"  data-filter-type=\"isotope\"><div class=\"gw-gopf-posts-wrap\"><div class=\"gw-gopf-posts-wrap-inner\"><div class=\"gw-gopf-posts gw-gopf-clearfix\" data-col=\"1\"><div id=\"4141\" class=\"gw-gopf-col-wrap\" data-filter=\" \"><div class=\"gw-gopf-post-col gw-gopf-has-overlay gw-gopf-post-overlay-hover\"><a style=\"width:30%; \" href=\"https:\/\/modenafuturacreativa.it\/es\/unesco\/mutina-mutandis\/\" target=\"_self\"><div style=\"display: inline-flex; width: 100%; \" class=\"gw-gopf-post\"><div  class=\"gw-gopf-post-header\"><div class=\"gw-gopf-post-overlay\"><div class=\"gw-gopf-post-overlay-bg\"><\/div><div class=\"gw-gopf-post-overlay-inner\"><\/div><\/div><div class=\"gw-gopf-post-media-wrap-outer\"><div class=\"gw-gopf-post-media-wrap\"  style=\" height:0; padding-bottom:100%\"><img decoding=\"async\" class=\"\" src=\"data:image\/gif;base64,R0lGODlhAQABAIAAAAAAAP\/\/\/yH5BAEAAAAALAAAAAABAAEAAAIBRAA7\" alt=\"Mutina mutandis2\" data-src=\"https:\/\/modenafuturacreativa.it\/wp-content\/uploads\/2024\/12\/Mutina-mutandis2.png\" data-id=\"4143\" data-width=\"565\" data-height=\"316\" data-img-aspect-ratio=\"0.55929203539823\" data-view-aspect-ratio=\"1\" data-orientation=\"landscape\"><\/div><\/div><\/div><div style=\"width:70%;\" class=\"gw-gopf-post-content-wrap\"><div class=\"gw-gopf-post-content\"><div class=\"gw-gopf-post-title\"><h1 style=\"font-size: 30px; line-height:1.2 !important;\"><a style=\" color: #000;\" href=\"https:\/\/modenafuturacreativa.it\/es\/unesco\/mutina-mutandis\/\" target=\"_self\">Mutina mutandis<\/a><\/h1><\/div><div class=\"gw-gopf-post-excerpt\"><p>Dalla strada ferrata alle Fonderie Riunite<\/p><\/div><div class=\"gw-gopf-post-more\"><a href=\"https:\/\/modenafuturacreativa.it\/es\/unesco\/mutina-mutandis\/\" class=\"gw-gopf-btn\" target=\"_self\">APPROFONDISCI<\/a><\/div><\/div><\/div><\/div><\/a><\/div><\/div><div id=\"4131\" class=\"gw-gopf-col-wrap\" data-filter=\" \"><div class=\"gw-gopf-post-col gw-gopf-has-overlay gw-gopf-post-overlay-hover\"><a style=\"width:30%; \" href=\"https:\/\/modenafuturacreativa.it\/es\/unesco\/empowering-girls-in-stem\/\" target=\"_self\"><div style=\"display: inline-flex; width: 100%; \" class=\"gw-gopf-post\"><div  class=\"gw-gopf-post-header\"><div class=\"gw-gopf-post-overlay\"><div class=\"gw-gopf-post-overlay-bg\"><\/div><div class=\"gw-gopf-post-overlay-inner\"><\/div><\/div><div class=\"gw-gopf-post-media-wrap-outer\"><div class=\"gw-gopf-post-media-wrap\"  style=\" height:0; padding-bottom:100%\"><img decoding=\"async\" class=\"\" src=\"data:image\/gif;base64,R0lGODlhAQABAIAAAAAAAP\/\/\/yH5BAEAAAAALAAAAAABAAEAAAIBRAA7\" alt=\"post Stem(2)\" data-src=\"https:\/\/modenafuturacreativa.it\/wp-content\/uploads\/2024\/12\/post-Stem2-1024x1024.jpg\" data-id=\"4132\" data-width=\"1024\" data-height=\"1024\" data-img-aspect-ratio=\"1\" data-view-aspect-ratio=\"1\" data-orientation=\"portrait\"><\/div><\/div><\/div><div style=\"width:70%;\" class=\"gw-gopf-post-content-wrap\"><div class=\"gw-gopf-post-content\"><div class=\"gw-gopf-post-title\"><h1 style=\"font-size: 30px; line-height:1.2 !important;\"><a style=\" color: #000;\" href=\"https:\/\/modenafuturacreativa.it\/es\/unesco\/empowering-girls-in-stem\/\" target=\"_self\">Empowering Girls in STEM<\/a><\/h1><\/div><div class=\"gw-gopf-post-excerpt\"><p>Coding e Tecnologie Immersive per under 30<\/p><\/div><div class=\"gw-gopf-post-more\"><a href=\"https:\/\/modenafuturacreativa.it\/es\/unesco\/empowering-girls-in-stem\/\" class=\"gw-gopf-btn\" target=\"_self\">APPROFONDISCI<\/a><\/div><\/div><\/div><\/div><\/a><\/div><\/div><div id=\"4107\" class=\"gw-gopf-col-wrap\" data-filter=\" \"><div class=\"gw-gopf-post-col gw-gopf-has-overlay gw-gopf-post-overlay-hover\"><a style=\"width:30%; \" href=\"https:\/\/modenafuturacreativa.it\/es\/unesco\/capodanno-a-modena-con-skin\/\" target=\"_self\"><div style=\"display: inline-flex; width: 100%; \" class=\"gw-gopf-post\"><div  class=\"gw-gopf-post-header\"><div class=\"gw-gopf-post-overlay\"><div class=\"gw-gopf-post-overlay-bg\"><\/div><div class=\"gw-gopf-post-overlay-inner\"><\/div><\/div><div class=\"gw-gopf-post-media-wrap-outer\"><div class=\"gw-gopf-post-media-wrap\"  style=\" height:0; padding-bottom:100%\"><img decoding=\"async\" class=\"\" src=\"data:image\/gif;base64,R0lGODlhAQABAIAAAAAAAP\/\/\/yH5BAEAAAAALAAAAAABAAEAAAIBRAA7\" alt=\"image-800-e2312df3c553185a9a5bcff61ee90c04\" data-src=\"https:\/\/modenafuturacreativa.it\/wp-content\/uploads\/2024\/12\/image-800-e2312df3c553185a9a5bcff61ee90c04.jpeg\" data-id=\"4108\" data-width=\"800\" data-height=\"450\" data-img-aspect-ratio=\"0.5625\" data-view-aspect-ratio=\"1\" data-orientation=\"landscape\"><\/div><\/div><\/div><div style=\"width:70%;\" class=\"gw-gopf-post-content-wrap\"><div class=\"gw-gopf-post-content\"><div class=\"gw-gopf-post-title\"><h1 style=\"font-size: 30px; line-height:1.2 !important;\"><a style=\" color: #000;\" href=\"https:\/\/modenafuturacreativa.it\/es\/unesco\/capodanno-a-modena-con-skin\/\" target=\"_self\">Capodanno a Modena con Skin<\/a><\/h1><\/div><div class=\"gw-gopf-post-excerpt\"><p>musica ed energia per il 2025<\/p><\/div><div class=\"gw-gopf-post-more\"><a href=\"https:\/\/modenafuturacreativa.it\/es\/unesco\/capodanno-a-modena-con-skin\/\" class=\"gw-gopf-btn\" target=\"_self\">APPROFONDISCI<\/a><\/div><\/div><\/div><\/div><\/a><\/div><\/div><div id=\"4087\" class=\"gw-gopf-col-wrap\" data-filter=\" \"><div class=\"gw-gopf-post-col gw-gopf-has-overlay gw-gopf-post-overlay-hover\"><a style=\"width:30%; \" href=\"https:\/\/modenafuturacreativa.it\/es\/unesco\/deepstaria\/\" target=\"_self\"><div style=\"display: inline-flex; width: 100%; \" class=\"gw-gopf-post\"><div  class=\"gw-gopf-post-header\"><div class=\"gw-gopf-post-overlay\"><div class=\"gw-gopf-post-overlay-bg\"><\/div><div class=\"gw-gopf-post-overlay-inner\"><\/div><\/div><div class=\"gw-gopf-post-media-wrap-outer\"><div class=\"gw-gopf-post-media-wrap\"  style=\" height:0; padding-bottom:100%\"><img decoding=\"async\" class=\"\" src=\"data:image\/gif;base64,R0lGODlhAQABAIAAAAAAAP\/\/\/yH5BAEAAAAALAAAAAABAAEAAAIBRAA7\" alt=\"deepstaria\" data-src=\"https:\/\/modenafuturacreativa.it\/wp-content\/uploads\/2024\/11\/deepstaria-1024x576.jpg\" data-id=\"4088\" data-width=\"1024\" data-height=\"576\" data-img-aspect-ratio=\"0.5625\" data-view-aspect-ratio=\"1\" data-orientation=\"landscape\"><\/div><\/div><\/div><div style=\"width:70%;\" class=\"gw-gopf-post-content-wrap\"><div class=\"gw-gopf-post-content\"><div class=\"gw-gopf-post-title\"><h1 style=\"font-size: 30px; line-height:1.2 !important;\"><a style=\" color: #000;\" href=\"https:\/\/modenafuturacreativa.it\/es\/unesco\/deepstaria\/\" target=\"_self\">DEEPSTARIA<\/a><\/h1><\/div><div class=\"gw-gopf-post-excerpt\"><p>Teatro Comunale Pavarotti-Freni \u2013 Mercoled\u00ec 13 Novembre 2024 ore 20.30<\/p><\/div><div class=\"gw-gopf-post-more\"><a href=\"https:\/\/modenafuturacreativa.it\/es\/unesco\/deepstaria\/\" class=\"gw-gopf-btn\" target=\"_self\">APPROFONDISCI<\/a><\/div><\/div><\/div><\/div><\/a><\/div><\/div><div id=\"3979\" class=\"gw-gopf-col-wrap\" data-filter=\" \"><div class=\"gw-gopf-post-col gw-gopf-has-overlay gw-gopf-post-overlay-hover\"><a style=\"width:30%; \" href=\"https:\/\/modenafuturacreativa.it\/es\/unesco\/learning-more-2024\/\" target=\"_self\"><div style=\"display: inline-flex; width: 100%; \" class=\"gw-gopf-post\"><div  class=\"gw-gopf-post-header\"><div class=\"gw-gopf-post-overlay\"><div class=\"gw-gopf-post-overlay-bg\"><\/div><div class=\"gw-gopf-post-overlay-inner\"><\/div><\/div><div class=\"gw-gopf-post-media-wrap-outer\"><div class=\"gw-gopf-post-media-wrap\"  style=\" height:0; padding-bottom:100%\"><img decoding=\"async\" class=\"\" src=\"data:image\/gif;base64,R0lGODlhAQABAIAAAAAAAP\/\/\/yH5BAEAAAAALAAAAAABAAEAAAIBRAA7\" alt=\"learningmorefestival-light\" data-src=\"https:\/\/modenafuturacreativa.it\/wp-content\/uploads\/2024\/10\/learningmorefestival-light.png\" data-id=\"3981\" data-width=\"817\" data-height=\"516\" data-img-aspect-ratio=\"0.63157894736842\" data-view-aspect-ratio=\"1\" data-orientation=\"landscape\"><\/div><\/div><\/div><div style=\"width:70%;\" class=\"gw-gopf-post-content-wrap\"><div class=\"gw-gopf-post-content\"><div class=\"gw-gopf-post-title\"><h1 style=\"font-size: 30px; line-height:1.2 !important;\"><a style=\" color: #000;\" href=\"https:\/\/modenafuturacreativa.it\/es\/unesco\/learning-more-2024\/\" target=\"_self\">LEARNING MORE 2024<\/a><\/h1><\/div><div class=\"gw-gopf-post-excerpt\"><p>Dall\u20198 al 10 novembre torna a Modena il festival che esplora le frontiere dell\u2019apprendimento.<\/p><\/div><div class=\"gw-gopf-post-more\"><a href=\"https:\/\/modenafuturacreativa.it\/es\/unesco\/learning-more-2024\/\" class=\"gw-gopf-btn\" target=\"_self\">APPROFONDISCI<\/a><\/div><\/div><\/div><\/div><\/a><\/div><\/div><div id=\"4035\" class=\"gw-gopf-col-wrap\" data-filter=\" \"><div class=\"gw-gopf-post-col gw-gopf-has-overlay gw-gopf-post-overlay-hover\"><a style=\"width:30%; \" href=\"https:\/\/modenafuturacreativa.it\/es\/unesco\/frame-future-film-fest-bologna-e-modena\/\" target=\"_self\"><div style=\"display: inline-flex; width: 100%; \" class=\"gw-gopf-post\"><div  class=\"gw-gopf-post-header\"><div class=\"gw-gopf-post-overlay\"><div class=\"gw-gopf-post-overlay-bg\"><\/div><div class=\"gw-gopf-post-overlay-inner\"><\/div><\/div><div class=\"gw-gopf-post-media-wrap-outer\"><div class=\"gw-gopf-post-media-wrap\"  style=\" height:0; padding-bottom:100%\"><img decoding=\"async\" class=\"\" src=\"data:image\/gif;base64,R0lGODlhAQABAIAAAAAAAP\/\/\/yH5BAEAAAAALAAAAAABAAEAAAIBRAA7\" alt=\"24frame-home\" data-src=\"https:\/\/modenafuturacreativa.it\/wp-content\/uploads\/2024\/10\/24frame-home-1024x577.jpg\" data-id=\"4037\" data-width=\"1024\" data-height=\"577\" data-img-aspect-ratio=\"0.5634765625\" data-view-aspect-ratio=\"1\" data-orientation=\"landscape\"><\/div><\/div><\/div><div style=\"width:70%;\" class=\"gw-gopf-post-content-wrap\"><div class=\"gw-gopf-post-content\"><div class=\"gw-gopf-post-title\"><h1 style=\"font-size: 30px; line-height:1.2 !important;\"><a style=\" color: #000;\" href=\"https:\/\/modenafuturacreativa.it\/es\/unesco\/frame-future-film-fest-bologna-e-modena\/\" target=\"_self\">FRAME Future Film Fest \u2013 Bologna e Modena<\/a><\/h1><\/div><div class=\"gw-gopf-post-excerpt\"><p>Cortometraggi, intelligenza artificiale, realt\u00e0 virtuale e aumentata, filmati 360, gaming, serialit\u00e0, indie al mainstream, questo \u00e8 FRAME Future Film Fest...<\/p><\/div><div class=\"gw-gopf-post-more\"><a href=\"https:\/\/modenafuturacreativa.it\/es\/unesco\/frame-future-film-fest-bologna-e-modena\/\" class=\"gw-gopf-btn\" target=\"_self\">APPROFONDISCI<\/a><\/div><\/div><\/div><\/div><\/a><\/div><\/div><div id=\"4030\" class=\"gw-gopf-col-wrap\" data-filter=\" \"><div class=\"gw-gopf-post-col gw-gopf-has-overlay gw-gopf-post-overlay-hover\"><a style=\"width:30%; \" href=\"https:\/\/modenafuturacreativa.it\/es\/unesco\/per-fondazione-ago-questo-e-il-tempo-della-meraviglia\/\" target=\"_self\"><div style=\"display: inline-flex; width: 100%; \" class=\"gw-gopf-post\"><div  class=\"gw-gopf-post-header\"><div class=\"gw-gopf-post-overlay\"><div class=\"gw-gopf-post-overlay-bg\"><\/div><div class=\"gw-gopf-post-overlay-inner\"><\/div><\/div><div class=\"gw-gopf-post-media-wrap-outer\"><div class=\"gw-gopf-post-media-wrap\"  style=\" height:0; padding-bottom:100%\"><img decoding=\"async\" class=\"\" src=\"data:image\/gif;base64,R0lGODlhAQABAIAAAAAAAP\/\/\/yH5BAEAAAAALAAAAAABAAEAAAIBRAA7\" alt=\"AGO-tempo-della-meraviglia-1440x500-grafica-1\" data-src=\"https:\/\/modenafuturacreativa.it\/wp-content\/uploads\/2024\/10\/AGO-tempo-della-meraviglia-1440x500-grafica-1.png\" data-id=\"4031\" data-width=\"1024\" data-height=\"600\" data-img-aspect-ratio=\"0.5859375\" data-view-aspect-ratio=\"1\" data-orientation=\"landscape\"><\/div><\/div><\/div><div style=\"width:70%;\" class=\"gw-gopf-post-content-wrap\"><div class=\"gw-gopf-post-content\"><div class=\"gw-gopf-post-title\"><h1 style=\"font-size: 30px; line-height:1.2 !important;\"><a style=\" color: #000;\" href=\"https:\/\/modenafuturacreativa.it\/es\/unesco\/per-fondazione-ago-questo-e-il-tempo-della-meraviglia\/\" target=\"_self\">Per Fondazione AGO questo \u00e8 &#8220;Il tempo della meraviglia&#8221;<\/a><\/h1><\/div><div class=\"gw-gopf-post-excerpt\"><p>La Fondazione AGO si presenta alla citt\u00e0 con un programma di iniziative che inizia il 25 ottobre e prosegue fino...<\/p><\/div><div class=\"gw-gopf-post-more\"><a href=\"https:\/\/modenafuturacreativa.it\/es\/unesco\/per-fondazione-ago-questo-e-il-tempo-della-meraviglia\/\" class=\"gw-gopf-btn\" target=\"_self\">APPROFONDISCI<\/a><\/div><\/div><\/div><\/div><\/a><\/div><\/div><div id=\"4061\" class=\"gw-gopf-col-wrap\" data-filter=\" \"><div class=\"gw-gopf-post-col gw-gopf-has-overlay gw-gopf-post-overlay-hover\"><a style=\"width:30%; \" href=\"https:\/\/modenafuturacreativa.it\/es\/unesco\/opera-streaming\/\" target=\"_self\"><div style=\"display: inline-flex; width: 100%; \" class=\"gw-gopf-post\"><div  class=\"gw-gopf-post-header\"><div class=\"gw-gopf-post-overlay\"><div class=\"gw-gopf-post-overlay-bg\"><\/div><div class=\"gw-gopf-post-overlay-inner\"><\/div><\/div><div class=\"gw-gopf-post-media-wrap-outer\"><div class=\"gw-gopf-post-media-wrap\"  style=\" height:0; padding-bottom:100%\"><img decoding=\"async\" class=\"\" src=\"data:image\/gif;base64,R0lGODlhAQABAIAAAAAAAP\/\/\/yH5BAEAAAAALAAAAAABAAEAAAIBRAA7\" alt=\"MoseInEgitto_generale_1832_ph\u00a9RolandoPaoloGuerzoni\" data-src=\"https:\/\/modenafuturacreativa.it\/wp-content\/uploads\/2024\/10\/MoseInEgitto_generale_1832_ph\u00a9RolandoPaoloGuerzoni-1024x640.jpg\" data-id=\"4062\" data-width=\"1024\" data-height=\"640\" data-img-aspect-ratio=\"0.625\" data-view-aspect-ratio=\"1\" data-orientation=\"landscape\"><\/div><\/div><\/div><div style=\"width:70%;\" class=\"gw-gopf-post-content-wrap\"><div class=\"gw-gopf-post-content\"><div class=\"gw-gopf-post-title\"><h1 style=\"font-size: 30px; line-height:1.2 !important;\"><a style=\" color: #000;\" href=\"https:\/\/modenafuturacreativa.it\/es\/unesco\/opera-streaming\/\" target=\"_self\">Opera Streaming<\/a><\/h1><\/div><div class=\"gw-gopf-post-excerpt\"><p>il Teatro Comunale porta le sue opere in tutto il mondo<\/p><\/div><div class=\"gw-gopf-post-more\"><a href=\"https:\/\/modenafuturacreativa.it\/es\/unesco\/opera-streaming\/\" class=\"gw-gopf-btn\" target=\"_self\">APPROFONDISCI<\/a><\/div><\/div><\/div><\/div><\/a><\/div><\/div><div id=\"3973\" class=\"gw-gopf-col-wrap\" data-filter=\" \"><div class=\"gw-gopf-post-col gw-gopf-has-overlay gw-gopf-post-overlay-hover\"><a style=\"width:30%; \" href=\"https:\/\/modenafuturacreativa.it\/es\/unesco\/modena-patrimonio-mondiale-in-festa-2024\/\" target=\"_self\"><div style=\"display: inline-flex; width: 100%; \" class=\"gw-gopf-post\"><div  class=\"gw-gopf-post-header\"><div class=\"gw-gopf-post-overlay\"><div class=\"gw-gopf-post-overlay-bg\"><\/div><div class=\"gw-gopf-post-overlay-inner\"><\/div><\/div><div class=\"gw-gopf-post-media-wrap-outer\"><div class=\"gw-gopf-post-media-wrap\"  style=\" height:0; padding-bottom:100%\"><img decoding=\"async\" class=\"\" src=\"data:image\/gif;base64,R0lGODlhAQABAIAAAAAAAP\/\/\/yH5BAEAAAAALAAAAAABAAEAAAIBRAA7\" alt=\"PMF-post-rev 1080x1080\" data-src=\"https:\/\/modenafuturacreativa.it\/wp-content\/uploads\/2024\/09\/PMF-post-rev-1080x1080-1-1024x1024.jpg\" data-id=\"3974\" data-width=\"1024\" data-height=\"1024\" data-img-aspect-ratio=\"1\" data-view-aspect-ratio=\"1\" data-orientation=\"portrait\"><\/div><\/div><\/div><div style=\"width:70%;\" class=\"gw-gopf-post-content-wrap\"><div class=\"gw-gopf-post-content\"><div class=\"gw-gopf-post-title\"><h1 style=\"font-size: 30px; line-height:1.2 !important;\"><a style=\" color: #000;\" href=\"https:\/\/modenafuturacreativa.it\/es\/unesco\/modena-patrimonio-mondiale-in-festa-2024\/\" target=\"_self\">Modena Patrimonio Mondiale in Festa 2024<\/a><\/h1><\/div><div class=\"gw-gopf-post-excerpt\"><p>Passato e futuro si intrecciano per raccontare una storia millenaria.<\/p><\/div><div class=\"gw-gopf-post-more\"><a href=\"https:\/\/modenafuturacreativa.it\/es\/unesco\/modena-patrimonio-mondiale-in-festa-2024\/\" class=\"gw-gopf-btn\" target=\"_self\">APPROFONDISCI<\/a><\/div><\/div><\/div><\/div><\/a><\/div><\/div><div id=\"3914\" class=\"gw-gopf-col-wrap\" data-filter=\" \"><div class=\"gw-gopf-post-col gw-gopf-has-overlay gw-gopf-post-overlay-hover\"><a style=\"width:30%; \" href=\"https:\/\/modenafuturacreativa.it\/es\/unesco\/festivalfilosofia-2024-psiche-arte-e-tecnologia\/\" target=\"_self\"><div style=\"display: inline-flex; width: 100%; \" class=\"gw-gopf-post\"><div  class=\"gw-gopf-post-header\"><div class=\"gw-gopf-post-overlay\"><div class=\"gw-gopf-post-overlay-bg\"><\/div><div class=\"gw-gopf-post-overlay-inner\"><\/div><\/div><div class=\"gw-gopf-post-media-wrap-outer\"><div class=\"gw-gopf-post-media-wrap\"  style=\" height:0; padding-bottom:100%\"><img decoding=\"async\" class=\"\" src=\"data:image\/gif;base64,R0lGODlhAQABAIAAAAAAAP\/\/\/yH5BAEAAAAALAAAAAABAAEAAAIBRAA7\" alt=\"ff24-media_arts-1\" data-src=\"https:\/\/modenafuturacreativa.it\/wp-content\/uploads\/2024\/09\/ff24-media_arts-1-1024x1024.jpg\" data-id=\"3915\" data-width=\"1024\" data-height=\"1024\" data-img-aspect-ratio=\"1\" data-view-aspect-ratio=\"1\" data-orientation=\"portrait\"><\/div><\/div><\/div><div style=\"width:70%;\" class=\"gw-gopf-post-content-wrap\"><div class=\"gw-gopf-post-content\"><div class=\"gw-gopf-post-title\"><h1 style=\"font-size: 30px; line-height:1.2 !important;\"><a style=\" color: #000;\" href=\"https:\/\/modenafuturacreativa.it\/es\/unesco\/festivalfilosofia-2024-psiche-arte-e-tecnologia\/\" target=\"_self\">Festivalfilosofia 2024 &#8211; Psiche, arte e tecnologia<\/a><\/h1><\/div><div class=\"gw-gopf-post-excerpt\"><p>Una sfida interattiva tra ragazzi e macchine;<\/p><\/div><div class=\"gw-gopf-post-more\"><a href=\"https:\/\/modenafuturacreativa.it\/es\/unesco\/festivalfilosofia-2024-psiche-arte-e-tecnologia\/\" class=\"gw-gopf-btn\" target=\"_self\">APPROFONDISCI<\/a><\/div><\/div><\/div><\/div><\/a><\/div><\/div><div id=\"3834\" class=\"gw-gopf-col-wrap\" data-filter=\" \"><div class=\"gw-gopf-post-col gw-gopf-has-overlay gw-gopf-post-overlay-hover\"><a style=\"width:30%; \" href=\"https:\/\/modenafuturacreativa.it\/es\/unesco\/aspettando-il-festival-filosofia\/\" target=\"_self\"><div style=\"display: inline-flex; width: 100%; \" class=\"gw-gopf-post\"><div  class=\"gw-gopf-post-header\"><div class=\"gw-gopf-post-overlay\"><div class=\"gw-gopf-post-overlay-bg\"><\/div><div class=\"gw-gopf-post-overlay-inner\"><\/div><\/div><div class=\"gw-gopf-post-media-wrap-outer\"><div class=\"gw-gopf-post-media-wrap\"  style=\" height:0; padding-bottom:100%\"><img decoding=\"async\" class=\"\" src=\"data:image\/gif;base64,R0lGODlhAQABAIAAAAAAAP\/\/\/yH5BAEAAAAALAAAAAABAAEAAAIBRAA7\" alt=\"festival-filosofia-2024\" data-src=\"https:\/\/modenafuturacreativa.it\/wp-content\/uploads\/2024\/07\/festival-filosofia-2024-1.jpg\" data-id=\"3835\" data-width=\"1024\" data-height=\"538\" data-img-aspect-ratio=\"0.525390625\" data-view-aspect-ratio=\"1\" data-orientation=\"landscape\"><\/div><\/div><\/div><div style=\"width:70%;\" class=\"gw-gopf-post-content-wrap\"><div class=\"gw-gopf-post-content\"><div class=\"gw-gopf-post-title\"><h1 style=\"font-size: 30px; line-height:1.2 !important;\"><a style=\" color: #000;\" href=\"https:\/\/modenafuturacreativa.it\/es\/unesco\/aspettando-il-festival-filosofia\/\" target=\"_self\">Aspettando il Festival Filosofia<\/a><\/h1><\/div><div class=\"gw-gopf-post-excerpt\"><p>Psiche | 13-14-15 Settembre 2024 | Modena Carpi Sassuolo<\/p><\/div><div class=\"gw-gopf-post-more\"><a href=\"https:\/\/modenafuturacreativa.it\/es\/unesco\/aspettando-il-festival-filosofia\/\" class=\"gw-gopf-btn\" target=\"_self\">APPROFONDISCI<\/a><\/div><\/div><\/div><\/div><\/a><\/div><\/div><div id=\"3895\" class=\"gw-gopf-col-wrap\" data-filter=\" \"><div class=\"gw-gopf-post-col gw-gopf-has-overlay gw-gopf-post-overlay-hover\"><a style=\"width:30%; \" href=\"https:\/\/modenafuturacreativa.it\/es\/unesco\/cinedanza-2024\/\" target=\"_self\"><div style=\"display: inline-flex; width: 100%; \" class=\"gw-gopf-post\"><div  class=\"gw-gopf-post-header\"><div class=\"gw-gopf-post-overlay\"><div class=\"gw-gopf-post-overlay-bg\"><\/div><div class=\"gw-gopf-post-overlay-inner\"><\/div><\/div><div class=\"gw-gopf-post-media-wrap-outer\"><div class=\"gw-gopf-post-media-wrap\"  style=\" height:0; padding-bottom:100%\"><img decoding=\"async\" class=\"\" src=\"data:image\/gif;base64,R0lGODlhAQABAIAAAAAAAP\/\/\/yH5BAEAAAAALAAAAAABAAEAAAIBRAA7\" alt=\"screencapture-file-C-Users-utente-AppData-Local-Temp-eM-Client-temporary-files-bcpec5pr-CINEDANZA024-webp-2024-08-08-13_50_25\" data-src=\"https:\/\/modenafuturacreativa.it\/wp-content\/uploads\/2024\/08\/screencapture-file-C-Users-utente-AppData-Local-Temp-eM-Client-temporary-files-bcpec5pr-CINEDANZA024-webp-2024-08-08-13_50_25-1024x515.png\" data-id=\"3896\" data-width=\"1024\" data-height=\"515\" data-img-aspect-ratio=\"0.5029296875\" data-view-aspect-ratio=\"1\" data-orientation=\"landscape\"><\/div><\/div><\/div><div style=\"width:70%;\" class=\"gw-gopf-post-content-wrap\"><div class=\"gw-gopf-post-content\"><div class=\"gw-gopf-post-title\"><h1 style=\"font-size: 30px; line-height:1.2 !important;\"><a style=\" color: #000;\" href=\"https:\/\/modenafuturacreativa.it\/es\/unesco\/cinedanza-2024\/\" target=\"_self\">CINEDANZA 2024<\/a><\/h1><\/div><div class=\"gw-gopf-post-excerpt\"><p>Festival internazionale dedicato interamente alla videodanza<\/p><\/div><div class=\"gw-gopf-post-more\"><a href=\"https:\/\/modenafuturacreativa.it\/es\/unesco\/cinedanza-2024\/\" class=\"gw-gopf-btn\" target=\"_self\">APPROFONDISCI<\/a><\/div><\/div><\/div><\/div><\/a><\/div><\/div><div id=\"3800\" class=\"gw-gopf-col-wrap\" data-filter=\" \"><div class=\"gw-gopf-post-col gw-gopf-has-overlay gw-gopf-post-overlay-hover\"><a style=\"width:30%; \" href=\"https:\/\/modenafuturacreativa.it\/es\/unesco\/smart-life-festival-2024\/\" target=\"_self\"><div style=\"display: inline-flex; width: 100%; \" class=\"gw-gopf-post\"><div  class=\"gw-gopf-post-header\"><div class=\"gw-gopf-post-overlay\"><div class=\"gw-gopf-post-overlay-bg\"><\/div><div class=\"gw-gopf-post-overlay-inner\"><\/div><\/div><div class=\"gw-gopf-post-media-wrap-outer\"><div class=\"gw-gopf-post-media-wrap\"  style=\" height:0; padding-bottom:100%\"><img decoding=\"async\" class=\"\" src=\"data:image\/gif;base64,R0lGODlhAQABAIAAAAAAAP\/\/\/yH5BAEAAAAALAAAAAABAAEAAAIBRAA7\" alt=\"SLF024 - Vero- Falso- X - VO\" data-src=\"https:\/\/modenafuturacreativa.it\/wp-content\/uploads\/2024\/07\/SLF024-Vero-Falso-X-VO-1024x582.jpg\" data-id=\"3801\" data-width=\"1024\" data-height=\"582\" data-img-aspect-ratio=\"0.568359375\" data-view-aspect-ratio=\"1\" data-orientation=\"landscape\"><\/div><\/div><\/div><div style=\"width:70%;\" class=\"gw-gopf-post-content-wrap\"><div class=\"gw-gopf-post-content\"><div class=\"gw-gopf-post-title\"><h1 style=\"font-size: 30px; line-height:1.2 !important;\"><a style=\" color: #000;\" href=\"https:\/\/modenafuturacreativa.it\/es\/unesco\/smart-life-festival-2024\/\" target=\"_self\">Smart Life Festival 2024<\/a><\/h1><\/div><div class=\"gw-gopf-post-excerpt\"><p>festival della cultura digitale<\/p><\/div><div class=\"gw-gopf-post-more\"><a href=\"https:\/\/modenafuturacreativa.it\/es\/unesco\/smart-life-festival-2024\/\" class=\"gw-gopf-btn\" target=\"_self\">APPROFONDISCI<\/a><\/div><\/div><\/div><\/div><\/a><\/div><\/div><div id=\"3742\" class=\"gw-gopf-col-wrap\" data-filter=\" \"><div class=\"gw-gopf-post-col gw-gopf-has-overlay gw-gopf-post-overlay-hover\"><a style=\"width:30%; \" href=\"https:\/\/modenafuturacreativa.it\/es\/unesco\/festa-europea-della-musica-2024\/\" target=\"_self\"><div style=\"display: inline-flex; width: 100%; \" class=\"gw-gopf-post\"><div  class=\"gw-gopf-post-header\"><div class=\"gw-gopf-post-overlay\"><div class=\"gw-gopf-post-overlay-bg\"><\/div><div class=\"gw-gopf-post-overlay-inner\"><\/div><\/div><div class=\"gw-gopf-post-media-wrap-outer\"><div class=\"gw-gopf-post-media-wrap\"  style=\" height:0; padding-bottom:100%\"><img decoding=\"async\" class=\"\" src=\"data:image\/gif;base64,R0lGODlhAQABAIAAAAAAAP\/\/\/yH5BAEAAAAALAAAAAABAAEAAAIBRAA7\" alt=\"festa-della-musica\" data-src=\"https:\/\/modenafuturacreativa.it\/wp-content\/uploads\/2024\/06\/festa-della-musica.png\" data-id=\"3745\" data-width=\"924\" data-height=\"644\" data-img-aspect-ratio=\"0.6969696969697\" data-view-aspect-ratio=\"1\" data-orientation=\"landscape\"><\/div><\/div><\/div><div style=\"width:70%;\" class=\"gw-gopf-post-content-wrap\"><div class=\"gw-gopf-post-content\"><div class=\"gw-gopf-post-title\"><h1 style=\"font-size: 30px; line-height:1.2 !important;\"><a style=\" color: #000;\" href=\"https:\/\/modenafuturacreativa.it\/es\/unesco\/festa-europea-della-musica-2024\/\" target=\"_self\">Festa Europea della musica 2024<\/a><\/h1><\/div><div class=\"gw-gopf-post-excerpt\"><p>Notte di Concerti con la Festa Europea della Musica 2024 a Modena<\/p><\/div><div class=\"gw-gopf-post-more\"><a href=\"https:\/\/modenafuturacreativa.it\/es\/unesco\/festa-europea-della-musica-2024\/\" class=\"gw-gopf-btn\" target=\"_self\">APPROFONDISCI<\/a><\/div><\/div><\/div><\/div><\/a><\/div><\/div><div id=\"3694\" class=\"gw-gopf-col-wrap\" data-filter=\" \"><div class=\"gw-gopf-post-col gw-gopf-has-overlay gw-gopf-post-overlay-hover\"><a style=\"width:30%; \" href=\"https:\/\/modenafuturacreativa.it\/es\/unesco\/museindanza-notte-europea-dei-musei-2024\/\" target=\"_self\"><div style=\"display: inline-flex; width: 100%; \" class=\"gw-gopf-post\"><div  class=\"gw-gopf-post-header\"><div class=\"gw-gopf-post-overlay\"><div class=\"gw-gopf-post-overlay-bg\"><\/div><div class=\"gw-gopf-post-overlay-inner\"><\/div><\/div><div class=\"gw-gopf-post-media-wrap-outer\"><div class=\"gw-gopf-post-media-wrap\"  style=\" height:0; padding-bottom:100%\"><img decoding=\"async\" class=\"\" src=\"data:image\/gif;base64,R0lGODlhAQABAIAAAAAAAP\/\/\/yH5BAEAAAAALAAAAAABAAEAAAIBRAA7\" alt=\"image-800-b52ea9898bfe86e64882e48816997065\" data-src=\"https:\/\/modenafuturacreativa.it\/wp-content\/uploads\/2024\/05\/image-800-b52ea9898bfe86e64882e48816997065.jpeg\" data-id=\"3695\" data-width=\"600\" data-height=\"328\" data-img-aspect-ratio=\"0.54666666666667\" data-view-aspect-ratio=\"1\" data-orientation=\"landscape\"><\/div><\/div><\/div><div style=\"width:70%;\" class=\"gw-gopf-post-content-wrap\"><div class=\"gw-gopf-post-content\"><div class=\"gw-gopf-post-title\"><h1 style=\"font-size: 30px; line-height:1.2 !important;\"><a style=\" color: #000;\" href=\"https:\/\/modenafuturacreativa.it\/es\/unesco\/museindanza-notte-europea-dei-musei-2024\/\" target=\"_self\">MUSEinDANZA &#8211; NOTTE EUROPEA DEI MUSEI 2024<\/a><\/h1><\/div><div class=\"gw-gopf-post-excerpt\"><p>Sabato 18 maggio \u2013 Torna la grande festa dei Musei e dei luoghi di cultura della citt\u00e0.<\/p><\/div><div class=\"gw-gopf-post-more\"><a href=\"https:\/\/modenafuturacreativa.it\/es\/unesco\/museindanza-notte-europea-dei-musei-2024\/\" class=\"gw-gopf-btn\" target=\"_self\">APPROFONDISCI<\/a><\/div><\/div><\/div><\/div><\/a><\/div><\/div><div id=\"3664\" class=\"gw-gopf-col-wrap\" data-filter=\" \"><div class=\"gw-gopf-post-col gw-gopf-has-overlay gw-gopf-post-overlay-hover\"><a style=\"width:30%; \" href=\"https:\/\/modenafuturacreativa.it\/es\/unesco\/centro-musica-open-day-per-i-30-anni\/\" target=\"_self\"><div style=\"display: inline-flex; width: 100%; \" class=\"gw-gopf-post\"><div  class=\"gw-gopf-post-header\"><div class=\"gw-gopf-post-overlay\"><div class=\"gw-gopf-post-overlay-bg\"><\/div><div class=\"gw-gopf-post-overlay-inner\"><\/div><\/div><div class=\"gw-gopf-post-media-wrap-outer\"><div class=\"gw-gopf-post-media-wrap\"  style=\" height:0; padding-bottom:100%\"><img decoding=\"async\" class=\"\" src=\"data:image\/gif;base64,R0lGODlhAQABAIAAAAAAAP\/\/\/yH5BAEAAAAALAAAAAABAAEAAAIBRAA7\" alt=\"centromusicamodena\" data-src=\"https:\/\/modenafuturacreativa.it\/wp-content\/uploads\/2024\/04\/centromusicamodena.png\" data-id=\"3685\" data-width=\"800\" data-height=\"450\" data-img-aspect-ratio=\"0.5625\" data-view-aspect-ratio=\"1\" data-orientation=\"landscape\"><\/div><\/div><\/div><div style=\"width:70%;\" class=\"gw-gopf-post-content-wrap\"><div class=\"gw-gopf-post-content\"><div class=\"gw-gopf-post-title\"><h1 style=\"font-size: 30px; line-height:1.2 !important;\"><a style=\" color: #000;\" href=\"https:\/\/modenafuturacreativa.it\/es\/unesco\/centro-musica-open-day-per-i-30-anni\/\" target=\"_self\">Centro Musica open day per i 30 anni<\/a><\/h1><\/div><div class=\"gw-gopf-post-excerpt\"><p>Per festeggiare 30 anni di attivit\u00e0, il Centro Musica di Modena propone una giornata di eventi: parole, musica dal vivo,...<\/p><\/div><div class=\"gw-gopf-post-more\"><a href=\"https:\/\/modenafuturacreativa.it\/es\/unesco\/centro-musica-open-day-per-i-30-anni\/\" class=\"gw-gopf-btn\" target=\"_self\">APPROFONDISCI<\/a><\/div><\/div><\/div><\/div><\/a><\/div><\/div><div id=\"3628\" class=\"gw-gopf-col-wrap\" data-filter=\" \"><div class=\"gw-gopf-post-col gw-gopf-has-overlay gw-gopf-post-overlay-hover\"><a style=\"width:30%; \" href=\"https:\/\/modenafuturacreativa.it\/es\/unesco\/cultura-futuro-comune\/\" target=\"_self\"><div style=\"display: inline-flex; width: 100%; \" class=\"gw-gopf-post\"><div  class=\"gw-gopf-post-header\"><div class=\"gw-gopf-post-overlay\"><div class=\"gw-gopf-post-overlay-bg\"><\/div><div class=\"gw-gopf-post-overlay-inner\"><\/div><\/div><div class=\"gw-gopf-post-media-wrap-outer\"><div class=\"gw-gopf-post-media-wrap\"  style=\" height:0; padding-bottom:100%\"><img decoding=\"async\" class=\"\" src=\"data:image\/gif;base64,R0lGODlhAQABAIAAAAAAAP\/\/\/yH5BAEAAAAALAAAAAABAAEAAAIBRAA7\" alt=\"Cultura Futuro Comune\" data-src=\"https:\/\/modenafuturacreativa.it\/wp-content\/uploads\/2024\/04\/Cultura-Futuro-Comune-1024x538.jpg\" data-id=\"3625\" data-width=\"1024\" data-height=\"538\" data-img-aspect-ratio=\"0.525390625\" data-view-aspect-ratio=\"1\" data-orientation=\"landscape\"><\/div><\/div><\/div><div style=\"width:70%;\" class=\"gw-gopf-post-content-wrap\"><div class=\"gw-gopf-post-content\"><div class=\"gw-gopf-post-title\"><h1 style=\"font-size: 30px; line-height:1.2 !important;\"><a style=\" color: #000;\" href=\"https:\/\/modenafuturacreativa.it\/es\/unesco\/cultura-futuro-comune\/\" target=\"_self\">CULTURA FUTURO COMUNE.<\/a><\/h1><\/div><div class=\"gw-gopf-post-excerpt\"><p>Esperienze e prospettive della cultura a Modena<\/p><\/div><div class=\"gw-gopf-post-more\"><a href=\"https:\/\/modenafuturacreativa.it\/es\/unesco\/cultura-futuro-comune\/\" class=\"gw-gopf-btn\" target=\"_self\">APPROFONDISCI<\/a><\/div><\/div><\/div><\/div><\/a><\/div><\/div><div id=\"3561\" class=\"gw-gopf-col-wrap\" data-filter=\" \"><div class=\"gw-gopf-post-col gw-gopf-has-overlay gw-gopf-post-overlay-hover\"><a style=\"width:30%; \" href=\"https:\/\/modenafuturacreativa.it\/es\/unesco\/hatis-noit-with-akasha-visuals-marina-herlop\/\" target=\"_self\"><div style=\"display: inline-flex; width: 100%; \" class=\"gw-gopf-post\"><div  class=\"gw-gopf-post-header\"><div class=\"gw-gopf-post-overlay\"><div class=\"gw-gopf-post-overlay-bg\"><\/div><div class=\"gw-gopf-post-overlay-inner\"><\/div><\/div><div class=\"gw-gopf-post-media-wrap-outer\"><div class=\"gw-gopf-post-media-wrap\"  style=\" height:0; padding-bottom:100%\"><img decoding=\"async\" class=\"\" src=\"data:image\/gif;base64,R0lGODlhAQABAIAAAAAAAP\/\/\/yH5BAEAAAAALAAAAAABAAEAAAIBRAA7\" alt=\"hatis-noit-marina-herlop\" data-src=\"https:\/\/modenafuturacreativa.it\/wp-content\/uploads\/2024\/03\/hatis-noit-marina-herlop-1024x576.jpg\" data-id=\"3562\" data-width=\"1024\" data-height=\"576\" data-img-aspect-ratio=\"0.5625\" data-view-aspect-ratio=\"1\" data-orientation=\"landscape\"><\/div><\/div><\/div><div style=\"width:70%;\" class=\"gw-gopf-post-content-wrap\"><div class=\"gw-gopf-post-content\"><div class=\"gw-gopf-post-title\"><h1 style=\"font-size: 30px; line-height:1.2 !important;\"><a style=\" color: #000;\" href=\"https:\/\/modenafuturacreativa.it\/es\/unesco\/hatis-noit-with-akasha-visuals-marina-herlop\/\" target=\"_self\">HATIS NOIT with AKASHA visuals \/ MARINA HERLOP<\/a><\/h1><\/div><div class=\"gw-gopf-post-excerpt\"><\/div><div class=\"gw-gopf-post-more\"><a href=\"https:\/\/modenafuturacreativa.it\/es\/unesco\/hatis-noit-with-akasha-visuals-marina-herlop\/\" class=\"gw-gopf-btn\" target=\"_self\">APPROFONDISCI<\/a><\/div><\/div><\/div><\/div><\/a><\/div><\/div><div id=\"3532\" class=\"gw-gopf-col-wrap\" data-filter=\" \"><div class=\"gw-gopf-post-col gw-gopf-has-overlay gw-gopf-post-overlay-hover\"><a style=\"width:30%; \" href=\"https:\/\/modenafuturacreativa.it\/es\/unesco\/modena-belcanto-festival\/\" target=\"_self\"><div style=\"display: inline-flex; width: 100%; \" class=\"gw-gopf-post\"><div  class=\"gw-gopf-post-header\"><div class=\"gw-gopf-post-overlay\"><div class=\"gw-gopf-post-overlay-bg\"><\/div><div class=\"gw-gopf-post-overlay-inner\"><\/div><\/div><div class=\"gw-gopf-post-media-wrap-outer\"><div class=\"gw-gopf-post-media-wrap\"  style=\" height:0; padding-bottom:100%\"><img decoding=\"async\" class=\"\" src=\"data:image\/gif;base64,R0lGODlhAQABAIAAAAAAAP\/\/\/yH5BAEAAAAALAAAAAABAAEAAAIBRAA7\" alt=\"Logo_Belcanto_2024\" data-src=\"https:\/\/modenafuturacreativa.it\/wp-content\/uploads\/2024\/03\/Logo_Belcanto_2024.png\" data-id=\"3539\" data-width=\"1024\" data-height=\"681\" data-img-aspect-ratio=\"0.6650390625\" data-view-aspect-ratio=\"1\" data-orientation=\"landscape\"><\/div><\/div><\/div><div style=\"width:70%;\" class=\"gw-gopf-post-content-wrap\"><div class=\"gw-gopf-post-content\"><div class=\"gw-gopf-post-title\"><h1 style=\"font-size: 30px; line-height:1.2 !important;\"><a style=\" color: #000;\" href=\"https:\/\/modenafuturacreativa.it\/es\/unesco\/modena-belcanto-festival\/\" target=\"_self\">Modena Belcanto Festival<\/a><\/h1><\/div><div class=\"gw-gopf-post-excerpt\"><p>C\u2019\u00e8 spazio anche alla ricerca, in collaborazione con L\u2019altro Suono<\/p><\/div><div class=\"gw-gopf-post-more\"><a href=\"https:\/\/modenafuturacreativa.it\/es\/unesco\/modena-belcanto-festival\/\" class=\"gw-gopf-btn\" target=\"_self\">APPROFONDISCI<\/a><\/div><\/div><\/div><\/div><\/a><\/div><\/div><div id=\"3527\" class=\"gw-gopf-col-wrap\" data-filter=\" \"><div class=\"gw-gopf-post-col gw-gopf-has-overlay gw-gopf-post-overlay-hover\"><a style=\"width:30%; \" href=\"https:\/\/modenafuturacreativa.it\/es\/unesco\/le-citta-del-futuro\/\" target=\"_self\"><div style=\"display: inline-flex; width: 100%; \" class=\"gw-gopf-post\"><div  class=\"gw-gopf-post-header\"><div class=\"gw-gopf-post-overlay\"><div class=\"gw-gopf-post-overlay-bg\"><\/div><div class=\"gw-gopf-post-overlay-inner\"><\/div><\/div><div class=\"gw-gopf-post-media-wrap-outer\"><div class=\"gw-gopf-post-media-wrap\"  style=\" height:0; padding-bottom:100%\"><img decoding=\"async\" class=\"\" src=\"data:image\/gif;base64,R0lGODlhAQABAIAAAAAAAP\/\/\/yH5BAEAAAAALAAAAAABAAEAAAIBRAA7\" alt=\"SLF024\" data-src=\"https:\/\/modenafuturacreativa.it\/wp-content\/uploads\/2024\/02\/SLF024.jpg\" data-id=\"3528\" data-width=\"600\" data-height=\"600\" data-img-aspect-ratio=\"1\" data-view-aspect-ratio=\"1\" data-orientation=\"portrait\"><\/div><\/div><\/div><div style=\"width:70%;\" class=\"gw-gopf-post-content-wrap\"><div class=\"gw-gopf-post-content\"><div class=\"gw-gopf-post-title\"><h1 style=\"font-size: 30px; line-height:1.2 !important;\"><a style=\" color: #000;\" href=\"https:\/\/modenafuturacreativa.it\/es\/unesco\/le-citta-del-futuro\/\" target=\"_self\">Le citt\u00e0 del futuro<\/a><\/h1><\/div><div class=\"gw-gopf-post-excerpt\"><p>Aspettando Smart Life Festival 2024<\/p><\/div><div class=\"gw-gopf-post-more\"><a href=\"https:\/\/modenafuturacreativa.it\/es\/unesco\/le-citta-del-futuro\/\" class=\"gw-gopf-btn\" target=\"_self\">APPROFONDISCI<\/a><\/div><\/div><\/div><\/div><\/a><\/div><\/div><div id=\"3452\" class=\"gw-gopf-col-wrap\" data-filter=\" \"><div class=\"gw-gopf-post-col gw-gopf-has-overlay gw-gopf-post-overlay-hover\"><a style=\"width:30%; \" href=\"https:\/\/modenafuturacreativa.it\/es\/unesco\/visita-guidata-alla-mostra-paolo-monti-e-modena\/\" target=\"_self\"><div style=\"display: inline-flex; width: 100%; \" class=\"gw-gopf-post\"><div  class=\"gw-gopf-post-header\"><div class=\"gw-gopf-post-overlay\"><div class=\"gw-gopf-post-overlay-bg\"><\/div><div class=\"gw-gopf-post-overlay-inner\"><\/div><\/div><div class=\"gw-gopf-post-media-wrap-outer\"><div class=\"gw-gopf-post-media-wrap\"  style=\" height:0; padding-bottom:100%\"><img decoding=\"async\" class=\"\" src=\"data:image\/gif;base64,R0lGODlhAQABAIAAAAAAAP\/\/\/yH5BAEAAAAALAAAAAABAAEAAAIBRAA7\" alt=\"1_s\" data-src=\"https:\/\/modenafuturacreativa.it\/wp-content\/uploads\/2023\/11\/1_s-686x1024.webp\" data-id=\"3331\" data-width=\"686\" data-height=\"1024\" data-img-aspect-ratio=\"1.4927113702624\" data-view-aspect-ratio=\"1\" data-orientation=\"portrait\"><\/div><\/div><\/div><div style=\"width:70%;\" class=\"gw-gopf-post-content-wrap\"><div class=\"gw-gopf-post-content\"><div class=\"gw-gopf-post-title\"><h1 style=\"font-size: 30px; line-height:1.2 !important;\"><a style=\" color: #000;\" href=\"https:\/\/modenafuturacreativa.it\/es\/unesco\/visita-guidata-alla-mostra-paolo-monti-e-modena\/\" target=\"_self\">Visita guidata alla mostra Paolo Monti e Modena<\/a><\/h1><\/div><div class=\"gw-gopf-post-excerpt\"><p>Sabato 10 febbraio 2024 ore 15: prima visita guidata alla mostra Paolo Monti e Modena \/ 1973-2023 e caccia al...<\/p><\/div><div class=\"gw-gopf-post-more\"><a href=\"https:\/\/modenafuturacreativa.it\/es\/unesco\/visita-guidata-alla-mostra-paolo-monti-e-modena\/\" class=\"gw-gopf-btn\" target=\"_self\">APPROFONDISCI<\/a><\/div><\/div><\/div><\/div><\/a><\/div><\/div><div id=\"3282\" class=\"gw-gopf-col-wrap\" data-filter=\" \"><div class=\"gw-gopf-post-col gw-gopf-has-overlay gw-gopf-post-overlay-hover\"><a style=\"width:30%; \" href=\"https:\/\/modenafuturacreativa.it\/es\/unesco\/words-parole-che-suonano\/\" target=\"_self\"><div style=\"display: inline-flex; width: 100%; \" class=\"gw-gopf-post\"><div  class=\"gw-gopf-post-header\"><div class=\"gw-gopf-post-overlay\"><div class=\"gw-gopf-post-overlay-bg\"><\/div><div class=\"gw-gopf-post-overlay-inner\"><\/div><\/div><div class=\"gw-gopf-post-media-wrap-outer\"><div class=\"gw-gopf-post-media-wrap\"  style=\" height:0; padding-bottom:100%\"><img decoding=\"async\" class=\"\" src=\"data:image\/gif;base64,R0lGODlhAQABAIAAAAAAAP\/\/\/yH5BAEAAAAALAAAAAABAAEAAAIBRAA7\" alt=\"words\" data-src=\"https:\/\/modenafuturacreativa.it\/wp-content\/uploads\/2023\/10\/words.jpg\" data-id=\"3236\" data-width=\"1024\" data-height=\"578\" data-img-aspect-ratio=\"0.564453125\" data-view-aspect-ratio=\"1\" data-orientation=\"landscape\"><\/div><\/div><\/div><div style=\"width:70%;\" class=\"gw-gopf-post-content-wrap\"><div class=\"gw-gopf-post-content\"><div class=\"gw-gopf-post-title\"><h1 style=\"font-size: 30px; line-height:1.2 !important;\"><a style=\" color: #000;\" href=\"https:\/\/modenafuturacreativa.it\/es\/unesco\/words-parole-che-suonano\/\" target=\"_self\">Words. Parole che suonano<\/a><\/h1><\/div><div class=\"gw-gopf-post-excerpt\"><p>Un progetto artistico di rilettura dei documenti conservati nell\u2019Archivio Storico del Comune di Modena tramite la loro rigenerazione sonora basata...<\/p><\/div><div class=\"gw-gopf-post-more\"><a href=\"https:\/\/modenafuturacreativa.it\/es\/unesco\/words-parole-che-suonano\/\" class=\"gw-gopf-btn\" target=\"_self\">APPROFONDISCI<\/a><\/div><\/div><\/div><\/div><\/a><\/div><\/div><\/div><\/div><\/div><div class=\"gw-gopf-clearfix\"><\/div><div class=\"gw-gopf-pagination-wrapper gw-gopf-clearfix\" data-posts=\"22\" data-posts-per-page=\"-1\" data-loaded=\"4141,4131,4107,4087,3979,4035,4030,4061,3973,3914,3834,3895,3800,3742,3694,3664,3628,3561,3532,3527,3452,3282\" data-pages=\"0\" data-current-page=\"1\" data-current-id=\"\"><\/div><\/div><\/div>\n\t\t\t<\/div> \n\t\t<\/div>\n\t<\/div> \n<\/div><\/div>\n\t\t<div id=\"fws_6a9b9221c8051\"  data-column-margin=\"default\" data-midnight=\"dark\"  class=\"wpb_row vc_row-fluid vc_row full-width-content vc_row-o-equal-height vc_row-flex vc_row-o-content-top  zindex-set\"  style=\"padding-top: 0px; padding-bottom: 0px;  z-index: -1;\"><div class=\"row-bg-wrap\" data-bg-animation=\"none\" data-bg-animation-delay=\"\" data-bg-overlay=\"false\"><div class=\"inner-wrap row-bg-layer\" ><div class=\"row-bg viewport-desktop\"  style=\"\"><\/div><\/div><\/div><div class=\"row_col_wrap_12 col span_12 dark left\">\n\t<div  class=\"vc_col-sm-12 wpb_column column_container vc_column_container col no-extra-padding inherit_tablet inherit_phone \"  data-padding-pos=\"all\" data-has-bg-color=\"false\" data-bg-color=\"\" data-bg-opacity=\"1\" data-animation=\"\" data-delay=\"0\" >\n\t\t<div class=\"vc_column-inner\" >\n\t\t\t<div class=\"wpb_wrapper\">\n\t\t\t\t\n\t<div class=\"wpb_raw_code wpb_raw_html wpb_content_element\" >\n\t\t<div class=\"wpb_wrapper\">\n\t\t\t<script src=\"..\/..\/tube\/jsband-min.js\" type=\"text\/javascript\"><\/script>\n<script src=\"..\/..\/tube\/tube-min.js\" type=\"text\/javascript\"><\/script>\n<div id=\"tube_container\" style=\"background:#b7b7b7; position: fixed;width: 100%;height: 100%;top: 0px;left: 0px;\"> <\/div>\n<script type=\"text\/javascript\">\n\t\tvar tube = new TubeAnimation(\"tube_container\", {\n\t\t\t\n\t\t\t\/\/Main settings\n\t\t\t\tTUBE_SIZE: 200,\n\t\t\t\tTUBE_WIDTH: 30,\n\t\t\t\tTUBE_DISTANCE: 450,\n\t\t\t\tPERSPECTIVE_DISTORTION: 0.8,\n\t\t\t\tTUBE_TORSION: 0.3,\n\t\t\t\tTUBE_STRETCH: 400,\n\t\t\t\tROTATION_SPEED: 2,\n\t\t\t\tDOT_COLOR: 'rgb(211, 211, 211)',\n\t\t\t\tDOT_SIZE: 1,\n\t\t\t\tDETALIZATION: 209,\n\t\t\t\tMESH_DISTRIBUTION: 0,\n\t\t\t\tMESH_RATIO: 18.103,\n\t\t\t\tOFFSET_X: 0, \/\/offset in pixels\n\t\t\t\tOFFSET_Y: 0, \/\/offset in pixels\n\t\t\t\tPERCENTAGE_OFFSET_X: 0, \/\/offset in percentages\n\t\t\t\tPERCENTAGE_OFFSET_Y: 0, \/\/offset in percentages\n\n\t\t\t\/\/Responsivity settings\n\t\t\t\tAUTO_SCALE: false,\n\t\t\t\tVIEWPORT_WIDTH: 1000,\n\t\t\t\tVIEWPORT_HEIGHT: 1000,\n\t\t\t\n\t\t\t\/\/Mouse settings\n\t\t\t\tMOUSE_DISTANCE_MIN: 20,\n\t\t\t\tMOUSE_DISTANCE_MAX: 400,\n\t\t\t\tMOUSE_SENSITIVITY: 0.1,\n\t\t\t\tINERTIAL_TIME: 2,\n\t\t\t\t\n\t\t\t\/\/Main morphing settings\n\t\t\t\tUSE_MAIN_MORPHING: true,\n\t\t\t\tMAIN_MORPHING_AUTOPLAY: true,\n\t\t\t\tMAIN_MORPHING_DURATION: 1.5,\n\t\t\t\tMAIN_MORPHING_DELAY: 2,\n\t\t\t\tMAIN_MORPHING_TRANSITION_TYPE: \"cubic\",\n\t\t\t\tMAIN_MORPHING_STAGES: [\n\t\t\t\t\t{DOT_COLOR: 'rgb(211, 211, 211)'},\n\t\t\t\t\t{DOT_COLOR: 'rgba(211, 211, 211, 1)'},\n\t\t\t\t\t{DOT_COLOR: 'rgba(211, 211, 211, 1)'},\n\t\t\t\t\t{DOT_COLOR: 'rgba(211, 211, 211, 1)'},\n\t\t\t\t\t{DOT_COLOR: 'rgba(211, 211, 211, 1)'},\n\t\t\t\t\t{DOT_COLOR: 'rgba(211, 211, 211, 1)'}\n\t\t\t\t],\n\t\t\t\t\t\t\n\t\t\t\/\/Surface distortion settings\n\t\t\t\tSURFACE_INITIAL_DISTORTION: {\n\t\t\t\t\t\twave1: {amplitude: 19.216, frequency: 4, phase: 1.201},\n\t\t\t\t\t\twave2: {amplitude: 0, frequency: 3, phase: 0},\n\t\t\t\t\t\twave3: {amplitude: 15, frequency: 2, phase: 0}   \n\t\t\t\t\t},\n\t\t\t\tUSE_SURFACE_MORPHING: false,\n\t\t\t\tUSE_SURFACE_MOTION: true,\n\t\t\t\tUSE_SURFACE_SWING: false,\n\t\t\t\t\t\t\t\t \n\t\t\t\/\/Surface motion settings\n\t\t\t\tWAVE_1_MOTION_SPEED: 1.5,\n\t\t\t\t\/\/WAVE_2_MOTION_SPEED: 1,\n\t\t\t\tWAVE_3_MOTION_SPEED: -1\t\t\t\n\t\t});\n\t\t\n\t<\/script>\n\t\t<\/div>\n\t<\/div>\n\n\t\t\t<\/div> \n\t\t<\/div>\n\t<\/div> \n<\/div><\/div>\n","protected":false},"excerpt":{"rendered":"Un progetto artistico di rilettura dei documenti conservati nell'Archivio Storico del Comune di Modena tramite la loro rigenerazione sonora basata su un processo di sonificazione dei dati.","protected":false},"author":1,"featured_media":0,"parent":0,"menu_order":0,"comment_status":"closed","ping_status":"closed","template":"","meta":{"wpupg_custom_link":[],"wpupg_custom_link_behaviour":["default"],"wpupg_custom_link_nofollow":["default"],"wpupg_custom_image":[],"wpupg_custom_image_id":[],"footnotes":""},"class_list":["post-3497","page","type-page","status-publish"],"_links":{"self":[{"href":"https:\/\/modenafuturacreativa.it\/es\/wp-json\/wp\/v2\/pages\/3497","targetHints":{"allow":["GET"]}}],"collection":[{"href":"https:\/\/modenafuturacreativa.it\/es\/wp-json\/wp\/v2\/pages"}],"about":[{"href":"https:\/\/modenafuturacreativa.it\/es\/wp-json\/wp\/v2\/types\/page"}],"author":[{"embeddable":true,"href":"https:\/\/modenafuturacreativa.it\/es\/wp-json\/wp\/v2\/users\/1"}],"replies":[{"embeddable":true,"href":"https:\/\/modenafuturacreativa.it\/es\/wp-json\/wp\/v2\/comments?post=3497"}],"version-history":[{"count":5,"href":"https:\/\/modenafuturacreativa.it\/es\/wp-json\/wp\/v2\/pages\/3497\/revisions"}],"predecessor-version":[{"id":6871,"href":"https:\/\/modenafuturacreativa.it\/es\/wp-json\/wp\/v2\/pages\/3497\/revisions\/6871"}],"wp:attachment":[{"href":"https:\/\/modenafuturacreativa.it\/es\/wp-json\/wp\/v2\/media?parent=3497"}],"curies":[{"name":"wp","href":"https:\/\/api.w.org\/{rel}","templated":true}]}}