{"id":2682,"date":"2023-06-27T12:29:13","date_gmt":"2023-06-27T10:29:13","guid":{"rendered":"https:\/\/modenafuturacreativa.it\/?page_id=2682"},"modified":"2025-03-24T11:56:22","modified_gmt":"2025-03-24T10:56:22","slug":"dicono-di-noi","status":"publish","type":"page","link":"https:\/\/modenafuturacreativa.it\/es\/newsroom\/dicono-di-noi\/","title":{"rendered":"Lo que dicen de nosotros"},"content":{"rendered":"\n\t\t<div id=\"fws_6a9b7095df267\"  data-column-margin=\"default\" data-midnight=\"dark\"  class=\"wpb_row vc_row-fluid vc_row full-width-section\"  style=\"padding-top: 0px; padding-bottom: 0px; \"><div class=\"row-bg-wrap\" data-bg-animation=\"none\" data-bg-animation-delay=\"\" data-bg-overlay=\"false\"><div class=\"inner-wrap row-bg-layer\" ><div class=\"row-bg viewport-desktop\"  style=\"\"><\/div><\/div><\/div><div class=\"row_col_wrap_12 col span_12 dark left\">\n\t<div  class=\"vc_col-sm-4 creativita wpb_column column_container vc_column_container col padding-5-percent inherit_tablet inherit_phone border_color_d9d9d9 border_style_solid \"  data-overlay-color=\"true\" data-padding-pos=\"top-bottom\" data-has-bg-color=\"false\" data-bg-color=\"\" data-bg-opacity=\"1\" data-animation=\"\" data-delay=\"0\" >\n\t\t<div class=\"vc_column-inner\" ><div class=\"column-bg-overlay-wrap column-bg-layer\" data-bg-animation=\"none\"><div class=\"column-bg-overlay\"><\/div><div class=\"column-overlay-layer\" style=\"background-color:transparent;  opacity: 1; \"><\/div><\/div>\n\t\t\t<div class=\"wpb_wrapper\">\n\t\t\t\t\n\t\t\t<\/div> \n\t\t<\/div>\n\t<\/div> \n\n\t<div  class=\"vc_col-sm-8 wpb_column column_container vc_column_container col no-extra-padding inherit_tablet inherit_phone \"  data-padding-pos=\"all\" data-has-bg-color=\"false\" data-bg-color=\"\" data-bg-opacity=\"1\" data-animation=\"\" data-delay=\"0\" >\n\t\t<div class=\"vc_column-inner\" >\n\t\t\t<div class=\"wpb_wrapper\">\n\t\t\t\t<div class=\"divider-wrap height_tablet_45px height_phone_45px \" data-alignment=\"default\"><div style=\"height: 250px;\" class=\"divider\"><\/div><\/div><div class=\"nectar-split-heading  font_size_6vw font_size_tablet_40px font_size_phone_40px font_line_height_1px \" data-align=\"default\" data-m-align=\"inherit\" data-text-effect=\"letter-reveal-bottom\" data-animation-type=\"line-reveal-by-space\" data-animation-delay=\"200\" data-animation-offset=\"\" data-m-rm-animation=\"\" data-stagger=\"true\" data-custom-font-size=\"true\" style=\"font-size: 6vw; line-height: 6.6vw;\"><i style=\" color: #333333;\">Dicono di noi<\/i><\/div><div class=\"divider-wrap\" data-alignment=\"default\"><div style=\"margin-top: 0.5px; height: 1px; margin-bottom: 0.5px;\" data-width=\"100%\" data-animate=\"yes\" data-animation-delay=\"\" data-color=\"extra-color-gradient-1\" class=\"divider-border\"><\/div><\/div><div class=\"nectar-split-heading  font_line_height_2px \" data-align=\"default\" data-m-align=\"inherit\" data-text-effect=\"default\" data-animation-type=\"line-reveal-by-space\" data-animation-delay=\"800\" data-animation-offset=\"\" data-m-rm-animation=\"\" data-stagger=\"true\" data-custom-font-size=\"false\" ><h3 style=\" color: #333333;\">NOTIZIE IN EVIDENZA<\/h3><\/div><div class=\"divider-wrap\" data-alignment=\"default\"><div style=\"height: 45px;\" class=\"divider\"><\/div><\/div>\n\t\t\t<\/div> \n\t\t<\/div>\n\t<\/div> \n<\/div><\/div>\n\t\t<div id=\"fws_6a9b7095df955\"  data-column-margin=\"default\" data-midnight=\"dark\"  class=\"wpb_row vc_row-fluid vc_row full-width-section has-row-bg-color nexta\"  style=\"padding-top: 0px; padding-bottom: 0px; --row-bg-color: #ededed;\"><div class=\"row-bg-wrap\" data-bg-animation=\"none\" data-bg-animation-delay=\"\" data-bg-overlay=\"false\"><div class=\"inner-wrap row-bg-layer\" ><div class=\"row-bg viewport-desktop using-bg-color\"  style=\"background-color: #ededed; \"><\/div><\/div><\/div><div class=\"row_col_wrap_12 col span_12 dark left\">\n\t<div  class=\"vc_col-sm-8 wpb_column column_container vc_column_container col padding-7-percent inherit_tablet inherit_phone \"  data-padding-pos=\"left\" data-has-bg-color=\"false\" data-bg-color=\"\" data-bg-opacity=\"1\" data-animation=\"\" data-delay=\"0\" >\n\t\t<div class=\"vc_column-inner\" >\n\t\t\t<div class=\"wpb_wrapper\">\n\t\t\t\t<div class=\"divider-wrap\" data-alignment=\"default\"><div style=\"height: 0vh;\" class=\"divider\"><\/div><\/div>\n\t\t\t<\/div> \n\t\t<\/div>\n\t<\/div> \n\n\t<div style=\"margin-top: -170px; \" class=\"vc_col-sm-4 wpb_column column_container vc_column_container col neg-marg no-extra-padding force-desktop-text-align-right inherit_tablet inherit_phone \"  data-padding-pos=\"all\" data-has-bg-color=\"false\" data-bg-color=\"\" data-bg-opacity=\"1\" data-animation=\"\" data-delay=\"0\" >\n\t\t<div class=\"vc_column-inner\" >\n\t\t\t<div class=\"wpb_wrapper\">\n\t\t\t\t<div class=\"nectar-next-section-wrap minimal-arrow alignment_tablet_default alignment_phone_default display_tablet_inherit display_phone_inherit \" style=\"--nectar-icon-gap: 10px; --nectar-next-section-icon-size: 1; \" data-align=\"right\" data-custom-color=\"true\">\n    <a href=\"#\" class=\"nectar-next-section skip-hash\">\n      <span class=\"screen-reader-text\">Navigate to the next section<\/span>\n      <svg class=\"next-arrow\" width=\"40px\" height=\"68px\" viewBox=\"0 0 40 50\" xml:space=\"preserve\">\n      <path stroke=\"#ffffff\" stroke-width=\"2\" fill=\"none\" d=\"M 20 0 L 20 51\"><\/path>\n      <polyline stroke=\"#ffffff\" stroke-width=\"2\" fill=\"none\" points=\"12, 44 20, 52 28, 44\"><\/polyline>\n      <\/svg>\n    <\/a>\n  <\/div>\n\t\t\t<\/div> \n\t\t<\/div>\n\t<\/div> \n<\/div><\/div>\n\t\t<div id=\"newsroom\"  data-column-margin=\"default\" data-midnight=\"dark\" data-bottom-percent=\"5%\"  class=\"wpb_row vc_row-fluid vc_row full-width-section has-row-bg-color\"  style=\"padding-top: 0px; padding-bottom: calc(100vw * 0.05); --row-bg-color: #f5f5f5;\"><div class=\"row-bg-wrap\" data-bg-animation=\"none\" data-bg-animation-delay=\"\" data-bg-overlay=\"false\"><div class=\"inner-wrap row-bg-layer\" ><div class=\"row-bg viewport-desktop using-bg-color\"  style=\"background-color: #f5f5f5; \"><\/div><\/div><\/div><div class=\"row_col_wrap_12 col span_12 dark left\">\n\t<div  class=\"vc_col-sm-12 wpb_column column_container vc_column_container col border_style_solid left_padding_desktop_5pct left_padding_tablet_0pct left_padding_phone_0pct top_padding_desktop_5pct top_padding_tablet_5pct top_padding_phone_5pct \"  data-padding-pos=\"all\" data-has-bg-color=\"false\" data-bg-color=\"\" data-bg-opacity=\"1\" data-animation=\"\" data-delay=\"0\" >\n\t\t<div class=\"vc_column-inner\" >\n\t\t\t<div class=\"wpb_wrapper\">\n\t\t\t\t<div class='nectar-post-grid-wrap text-color-dark spacing-10px' data-el-settings='{\"post_type\":\"post\",\"pagination\":\"none\",\"image_size\":\"large\",\"parallax_scrolling\":\"\",\"aspect_ratio_image_size\":\"\",\"category_position\":\"default\",\"category_display\":\"default\",\"display_categories\":\"0\",\"display_excerpt\":\"yes\",\"excerpt_length\":\"20\",\"content_next_to_image_excerpt_pos\":\"default\",\"display_date\":\"yes\",\"display_estimated_reading_time\":\"0\",\"display_author\":\"0\",\"author_functionality\":\"default\",\"author_position\":\"default\",\"color_overlay\":\"\",\"color_overlay_opacity\":\"\",\"color_overlay_hover_opacity\":\"\",\"card_bg_color\":\"#eeeeee\",\"grid_style\":\"content_under_image\",\"hover_effect\":\"slow_zoom\",\"post_title_overlay\":\"\",\"heading_tag\":\"default\",\"heading_tag_render\":\"default\",\"enable_gallery_lightbox\":\"0\",\"remove_links\":\"0\",\"category_style\":\"underline\",\"overlay_secondary_project_image\":\"\",\"vertical_list_hover_effect\":\"none\",\"vertical_list_read_more\":\"\",\"vertical_list_read_more_style\":\"text\",\"read_more_button\":\"0\",\"animation\":\"fade-in-from-bottom\",\"custom_fields\":\"\",\"custom_fields_location\":\"before_post_meta\",\"display_type\":\"grid\",\"text_content_layout\":\"top_left\"}' data-style='content_under_image' data-query='{\"post_type\":\"post\",\"posts_per_page\":\"-1\",\"order\":\"DESC\",\"orderby\":\"date\",\"offset\":\"1\",\"cpt_name\":\"post\",\"custom_query_tax\":\"\",\"ignore_sticky_posts\":\"\",\"exclude_current_post\":\"\"}' data-load-more-color='black' data-load-more-text='Load More'><div class=\"nectar-post-grid-filters\" data-active-color=\"default\" data-align=\"default\" data-animation=\"fade-in-from-bottom\" data-sortable=\"\"><div><a href=\"#\" data-filter=\"dicono-di-noi\" data-total-count=\"7\">DICONO DI NOI<\/a><\/div><\/div><div class=\"nectar-post-grid card_hover_color_dbdbdb category-position-before-title \" data-indicator=\"yes\" data-indicator-style=\"default\" data-indicator-text-color=\"#fff\" data-indicator-color=\"#0054ff\" data-indicator-text=\"Read\" data-columns=\"4\" data-hover-effect=\"slow_zoom\" data-text-style=\"default\" data-border-radius=\"5px\" data-grid-item-height=\"30vh\" data-grid-spacing=\"10px\" data-text-layout=\"top_left\" data-text-color=\"dark\" data-text-hover-color=\"dark\" data-shadow-hover=\"yes\" data-animation=\"fade-in-from-bottom\" data-animation-stagger=\"90\" data-cat-click=\"default\"  data-lock-aspect=\"\"  data-text-align=\"left\" data-card=\"yes\" style=\"--post-grid-border-radius:5px;\" ><div class=\"nectar-post-grid-item\" style=\"background-color: #eeeeee;\" data-post-id=\"4638\" data-has-img=\"true\"> <div class=\"inner\"><div class=\"nectar-post-grid-item-bg-wrap\"><div class=\"nectar-post-grid-item-bg-wrap-inner\"><div class=\"nectar-post-grid-item-bg\"><img loading=\"lazy\" decoding=\"async\" class=\"nectar-lazy skip-lazy nectar-post-grid-item-bg__media\" src=\"data:image\/svg+xml;charset=utf-8,%3Csvg%20xmlns%3D'http%3A%2F%2Fwww.w3.org%2F2000%2Fsvg'%20viewBox%3D'0%200%201080%201512'%2F%3E\" alt=\"\" height=\"1512\" width=\"1080\" data-nectar-img-src=\"https:\/\/modenafuturacreativa.it\/wp-content\/uploads\/2025\/05\/cult-731x1024.jpg\" data-nectar-img-srcset=\"https:\/\/modenafuturacreativa.it\/wp-content\/uploads\/2025\/05\/cult-731x1024.jpg 731w, https:\/\/modenafuturacreativa.it\/wp-content\/uploads\/2025\/05\/cult-214x300.jpg 214w, https:\/\/modenafuturacreativa.it\/wp-content\/uploads\/2025\/05\/cult-768x1075.jpg 768w, https:\/\/modenafuturacreativa.it\/wp-content\/uploads\/2025\/05\/cult-9x12.jpg 9w, https:\/\/modenafuturacreativa.it\/wp-content\/uploads\/2025\/05\/cult.jpg 1080w\" sizes=\"auto, (max-width: 731px) 100vw, 731px\" \/><\/div><\/div><\/div><div class=\"content\"><a class=\"nectar-post-grid-link\" href=\"https:\/\/modenafuturacreativa.it\/es\/cult-nel-segno-delle-media-arts-25-modenesi-vanno-a-karlsruhe\/\" ><span class=\"screen-reader-text\">Cult, nel segno delle Media Arts 25 modenesi vanno a Karlsruhe<\/span><\/a><div class=\"item-main\"><h3 class=\"post-heading\"><span>Cult, nel segno delle Media Arts 25 modenesi vanno a Karlsruhe<\/span><\/h3><div class=\"nectar-post-grid-item__excerpt-wrap item-meta-extra\"><span class=\"meta-excerpt\">Cult, nel segno delle Media Arts 25 modenesi vanno a Karlsruhe Professionisti del mondo culturale,&hellip;<\/span><\/div><span class=\"nectar-post-grid-item__meta-wrap\"><span class=\"meta-date\">23 May 2025<\/span><\/span><\/div><\/div><\/div><\/div><div class=\"nectar-post-grid-item\" style=\"background-color: #eeeeee;\" data-post-id=\"4491\" data-has-img=\"true\"> <div class=\"inner\"><div class=\"nectar-post-grid-item-bg-wrap\"><div class=\"nectar-post-grid-item-bg-wrap-inner\"><div class=\"nectar-post-grid-item-bg\"><img loading=\"lazy\" decoding=\"async\" class=\"nectar-lazy skip-lazy nectar-post-grid-item-bg__media\" src=\"data:image\/svg+xml;charset=utf-8,%3Csvg%20xmlns%3D'http%3A%2F%2Fwww.w3.org%2F2000%2Fsvg'%20viewBox%3D'0%200%202560%201707'%2F%3E\" alt=\"\" height=\"1707\" width=\"2560\" data-nectar-img-src=\"https:\/\/modenafuturacreativa.it\/wp-content\/uploads\/2025\/04\/063-IFTS-ForModena-1024x683.jpg\" data-nectar-img-srcset=\"https:\/\/modenafuturacreativa.it\/wp-content\/uploads\/2025\/04\/063-IFTS-ForModena-1024x683.jpg 1024w, https:\/\/modenafuturacreativa.it\/wp-content\/uploads\/2025\/04\/063-IFTS-ForModena-300x200.jpg 300w, https:\/\/modenafuturacreativa.it\/wp-content\/uploads\/2025\/04\/063-IFTS-ForModena-768x512.jpg 768w, https:\/\/modenafuturacreativa.it\/wp-content\/uploads\/2025\/04\/063-IFTS-ForModena-1536x1024.jpg 1536w, https:\/\/modenafuturacreativa.it\/wp-content\/uploads\/2025\/04\/063-IFTS-ForModena-2048x1366.jpg 2048w, https:\/\/modenafuturacreativa.it\/wp-content\/uploads\/2025\/04\/063-IFTS-ForModena-18x12.jpg 18w, https:\/\/modenafuturacreativa.it\/wp-content\/uploads\/2025\/04\/063-IFTS-ForModena-900x600.jpg 900w\" sizes=\"auto, (max-width: 1024px) 100vw, 1024px\" \/><\/div><\/div><\/div><div class=\"content\"><a class=\"nectar-post-grid-link\" href=\"https:\/\/modenafuturacreativa.it\/es\/non-esiste-solamente-la-tecnologia-serve-un-nuovo-umanesimo-digitale\/\" ><span class=\"screen-reader-text\">Non esiste solamente la tecnologia Serve un nuovo umanesimo digitale<\/span><\/a><div class=\"item-main\"><h3 class=\"post-heading\"><span>Non esiste solamente la tecnologia Serve un nuovo umanesimo digitale<\/span><\/h3><div class=\"nectar-post-grid-item__excerpt-wrap item-meta-extra\"><span class=\"meta-excerpt\">Non esiste solamente la tecnologia Serve un nuovo umanesimo digitale La sessione formativa tenuta da&hellip;<\/span><\/div><span class=\"nectar-post-grid-item__meta-wrap\"><span class=\"meta-date\">4 April 2025<\/span><\/span><\/div><\/div><\/div><\/div><div class=\"nectar-post-grid-item\" style=\"background-color: #eeeeee;\" data-post-id=\"4332\" data-has-img=\"true\"> <div class=\"inner\"><div class=\"nectar-post-grid-item-bg-wrap\"><div class=\"nectar-post-grid-item-bg-wrap-inner\"><div class=\"nectar-post-grid-item-bg\"><img loading=\"lazy\" decoding=\"async\" class=\"nectar-lazy skip-lazy nectar-post-grid-item-bg__media\" src=\"data:image\/svg+xml;charset=utf-8,%3Csvg%20xmlns%3D'http%3A%2F%2Fwww.w3.org%2F2000%2Fsvg'%20viewBox%3D'0%200%20865%201080'%2F%3E\" alt=\"\" height=\"1080\" width=\"865\" data-nectar-img-src=\"https:\/\/modenafuturacreativa.it\/wp-content\/uploads\/2025\/03\/Musica-senza-confini-al-Comunale-820x1024.png\" data-nectar-img-srcset=\"https:\/\/modenafuturacreativa.it\/wp-content\/uploads\/2025\/03\/Musica-senza-confini-al-Comunale-820x1024.png 820w, https:\/\/modenafuturacreativa.it\/wp-content\/uploads\/2025\/03\/Musica-senza-confini-al-Comunale-240x300.png 240w, https:\/\/modenafuturacreativa.it\/wp-content\/uploads\/2025\/03\/Musica-senza-confini-al-Comunale-768x959.png 768w, https:\/\/modenafuturacreativa.it\/wp-content\/uploads\/2025\/03\/Musica-senza-confini-al-Comunale-10x12.png 10w, https:\/\/modenafuturacreativa.it\/wp-content\/uploads\/2025\/03\/Musica-senza-confini-al-Comunale.png 865w\" sizes=\"auto, (max-width: 820px) 100vw, 820px\" \/><\/div><\/div><\/div><div class=\"content\"><a class=\"nectar-post-grid-link\" href=\"https:\/\/modenafuturacreativa.it\/es\/musica-senza-confini-al-comunale\/\" ><span class=\"screen-reader-text\">Musica senza confini al Comunale<\/span><\/a><div class=\"item-main\"><h3 class=\"post-heading\"><span>Musica senza confini al Comunale<\/span><\/h3><div class=\"nectar-post-grid-item__excerpt-wrap item-meta-extra\"><span class=\"meta-excerpt\">Opera in tempo reale con l\u2019 Europa Avviata la sperimentazione di una sofisticata tecnologia con&hellip;<\/span><\/div><span class=\"nectar-post-grid-item__meta-wrap\"><span class=\"meta-date\">20 March 2025<\/span><\/span><\/div><\/div><\/div><\/div><div class=\"nectar-post-grid-item\" style=\"background-color: #eeeeee;\" data-post-id=\"3479\" data-has-img=\"true\"> <div class=\"inner\"><div class=\"nectar-post-grid-item-bg-wrap\"><div class=\"nectar-post-grid-item-bg-wrap-inner\"><div class=\"nectar-post-grid-item-bg\"><img loading=\"lazy\" decoding=\"async\" class=\"nectar-lazy skip-lazy nectar-post-grid-item-bg__media\" src=\"data:image\/svg+xml;charset=utf-8,%3Csvg%20xmlns%3D'http%3A%2F%2Fwww.w3.org%2F2000%2Fsvg'%20viewBox%3D'0%200%20800%20496'%2F%3E\" alt=\"\" height=\"496\" width=\"800\" data-nectar-img-src=\"https:\/\/modenafuturacreativa.it\/wp-content\/uploads\/2024\/02\/image-800-e5ea11d02877d43ec2aef3bc9c7b6ad5.jpeg\" data-nectar-img-srcset=\"https:\/\/modenafuturacreativa.it\/wp-content\/uploads\/2024\/02\/image-800-e5ea11d02877d43ec2aef3bc9c7b6ad5.jpeg 800w, https:\/\/modenafuturacreativa.it\/wp-content\/uploads\/2024\/02\/image-800-e5ea11d02877d43ec2aef3bc9c7b6ad5-300x186.jpeg 300w, https:\/\/modenafuturacreativa.it\/wp-content\/uploads\/2024\/02\/image-800-e5ea11d02877d43ec2aef3bc9c7b6ad5-768x476.jpeg 768w\" sizes=\"auto, (max-width: 800px) 100vw, 800px\" \/><\/div><\/div><\/div><div class=\"content\"><a class=\"nectar-post-grid-link\" href=\"https:\/\/modenafuturacreativa.it\/es\/modena-citta-creativa-per-le-media-arts\/\" ><span class=\"screen-reader-text\">Modena, citt\u00e0 creativa per le media arts<\/span><\/a><div class=\"item-main\"><h3 class=\"post-heading\"><span>Modena, citt\u00e0 creativa per le media arts<\/span><\/h3><div class=\"nectar-post-grid-item__excerpt-wrap item-meta-extra\"><span class=\"meta-excerpt\">Creativit\u00e0, Arte, Musica, Formazione, Industrie creative, Digital Humanities, Digital Arts, New Technologies, Innovazione, Sostenibilit\u00e0 e&hellip;<\/span><\/div><span class=\"nectar-post-grid-item__meta-wrap\"><span class=\"meta-date\">5 February 2024<\/span><\/span><\/div><\/div><\/div><\/div><div class=\"nectar-post-grid-item\" style=\"background-color: #eeeeee;\" data-post-id=\"3445\" data-has-img=\"true\"> <div class=\"inner\"><div class=\"nectar-post-grid-item-bg-wrap\"><div class=\"nectar-post-grid-item-bg-wrap-inner\"><div class=\"nectar-post-grid-item-bg\"><img loading=\"lazy\" decoding=\"async\" class=\"nectar-lazy skip-lazy nectar-post-grid-item-bg__media\" src=\"data:image\/svg+xml;charset=utf-8,%3Csvg%20xmlns%3D'http%3A%2F%2Fwww.w3.org%2F2000%2Fsvg'%20viewBox%3D'0%200%20898%20598'%2F%3E\" alt=\"\" height=\"598\" width=\"898\" data-nectar-img-src=\"https:\/\/modenafuturacreativa.it\/wp-content\/uploads\/2024\/01\/screencapture-artribune-wp-content-uploads-2024-01-EvanRoth-MondiDistorti-FMAV-Palazzo-Santa-Margherita-0167-ph-RolandoPaoloGuerzoni-jpg-2024-01-15-17_43_10.jpg\" data-nectar-img-srcset=\"https:\/\/modenafuturacreativa.it\/wp-content\/uploads\/2024\/01\/screencapture-artribune-wp-content-uploads-2024-01-EvanRoth-MondiDistorti-FMAV-Palazzo-Santa-Margherita-0167-ph-RolandoPaoloGuerzoni-jpg-2024-01-15-17_43_10.jpg 898w, https:\/\/modenafuturacreativa.it\/wp-content\/uploads\/2024\/01\/screencapture-artribune-wp-content-uploads-2024-01-EvanRoth-MondiDistorti-FMAV-Palazzo-Santa-Margherita-0167-ph-RolandoPaoloGuerzoni-jpg-2024-01-15-17_43_10-300x200.jpg 300w, https:\/\/modenafuturacreativa.it\/wp-content\/uploads\/2024\/01\/screencapture-artribune-wp-content-uploads-2024-01-EvanRoth-MondiDistorti-FMAV-Palazzo-Santa-Margherita-0167-ph-RolandoPaoloGuerzoni-jpg-2024-01-15-17_43_10-768x511.jpg 768w\" sizes=\"auto, (max-width: 898px) 100vw, 898px\" \/><\/div><\/div><\/div><div class=\"content\"><a class=\"nectar-post-grid-link\" href=\"https:\/\/modenafuturacreativa.it\/es\/i-mondi-distorti-di-evan-roth-in-mostra-a-modena-su-artribune\/\" ><span class=\"screen-reader-text\">I Mondi distorti di Evan Roth in mostra a Modena su ARTRIBUNE<\/span><\/a><div class=\"item-main\"><h3 class=\"post-heading\"><span>I Mondi distorti di Evan Roth in mostra a Modena su ARTRIBUNE<\/span><\/h3><div class=\"nectar-post-grid-item__excerpt-wrap item-meta-extra\"><span class=\"meta-excerpt\">Mappe, cartografie, reti di comunicazione e ovviamente il mondo di Internet. La prima mostra personale&hellip;<\/span><\/div><span class=\"nectar-post-grid-item__meta-wrap\"><span class=\"meta-date\">15 January 2024<\/span><\/span><\/div><\/div><\/div><\/div><div class=\"nectar-post-grid-item\" style=\"background-color: #eeeeee;\" data-post-id=\"3419\" data-has-img=\"true\"> <div class=\"inner\"><div class=\"nectar-post-grid-item-bg-wrap\"><div class=\"nectar-post-grid-item-bg-wrap-inner\"><div class=\"nectar-post-grid-item-bg\"><img loading=\"lazy\" decoding=\"async\" class=\"nectar-lazy skip-lazy nectar-post-grid-item-bg__media\" src=\"data:image\/svg+xml;charset=utf-8,%3Csvg%20xmlns%3D'http%3A%2F%2Fwww.w3.org%2F2000%2Fsvg'%20viewBox%3D'0%200%20945%20630'%2F%3E\" alt=\"\" height=\"630\" width=\"945\" data-nectar-img-src=\"https:\/\/modenafuturacreativa.it\/wp-content\/uploads\/2023\/12\/Scuola-di-alta-formazione-Fondazione-Modena-Arti-Visive.jpg\" data-nectar-img-srcset=\"https:\/\/modenafuturacreativa.it\/wp-content\/uploads\/2023\/12\/Scuola-di-alta-formazione-Fondazione-Modena-Arti-Visive.jpg 945w, https:\/\/modenafuturacreativa.it\/wp-content\/uploads\/2023\/12\/Scuola-di-alta-formazione-Fondazione-Modena-Arti-Visive-300x200.jpg 300w, https:\/\/modenafuturacreativa.it\/wp-content\/uploads\/2023\/12\/Scuola-di-alta-formazione-Fondazione-Modena-Arti-Visive-768x512.jpg 768w, https:\/\/modenafuturacreativa.it\/wp-content\/uploads\/2023\/12\/Scuola-di-alta-formazione-Fondazione-Modena-Arti-Visive-900x600.jpg 900w\" sizes=\"auto, (max-width: 945px) 100vw, 945px\" \/><\/div><\/div><\/div><div class=\"content\"><a class=\"nectar-post-grid-link\" href=\"https:\/\/modenafuturacreativa.it\/es\/modena-citta-dellanno-per-artribune\/\" ><span class=\"screen-reader-text\">Citt\u00e0 di Modena \u00e8 citt\u00e0 dell\u2019anno per ARTRIBUNE<\/span><\/a><div class=\"item-main\"><h3 class=\"post-heading\"><span>Citt\u00e0 di Modena \u00e8 citt\u00e0 dell\u2019anno per ARTRIBUNE<\/span><\/h3><div class=\"nectar-post-grid-item__excerpt-wrap item-meta-extra\"><span class=\"meta-excerpt\">La crescita della citt\u00e0, la sua dimensione nazionale ed internazionale passa anche dalla capacit\u00e0 di&hellip;<\/span><\/div><span class=\"nectar-post-grid-item__meta-wrap\"><span class=\"meta-date\">29 December 2023<\/span><\/span><\/div><\/div><\/div><\/div><div class=\"nectar-post-grid-item\" style=\"background-color: #eeeeee;\" data-post-id=\"2685\" data-has-img=\"true\"> <div class=\"inner\"><div class=\"nectar-post-grid-item-bg-wrap\"><div class=\"nectar-post-grid-item-bg-wrap-inner\"><div class=\"nectar-post-grid-item-bg\"><img loading=\"lazy\" decoding=\"async\" class=\"nectar-lazy skip-lazy nectar-post-grid-item-bg__media\" src=\"data:image\/svg+xml;charset=utf-8,%3Csvg%20xmlns%3D'http%3A%2F%2Fwww.w3.org%2F2000%2Fsvg'%20viewBox%3D'0%200%20768%20432'%2F%3E\" alt=\"\" height=\"432\" width=\"768\" data-nectar-img-src=\"https:\/\/modenafuturacreativa.it\/wp-content\/uploads\/2023\/06\/img-2023-06-27-13h15m32s363.jpg\" data-nectar-img-srcset=\"https:\/\/modenafuturacreativa.it\/wp-content\/uploads\/2023\/06\/img-2023-06-27-13h15m32s363.jpg 768w, https:\/\/modenafuturacreativa.it\/wp-content\/uploads\/2023\/06\/img-2023-06-27-13h15m32s363-300x169.jpg 300w\" sizes=\"auto, (max-width: 768px) 100vw, 768px\" \/><\/div><\/div><\/div><div class=\"content\"><a class=\"nectar-post-grid-link\" href=\"https:\/\/modenafuturacreativa.it\/es\/modena-citta-creativa-media-arts-rainews-cammina-italia\/\" ><span class=\"screen-reader-text\">Modena Citt\u00e0 Creativa Media Arts &#8211; RaiNews &#8220;Cammina Italia&#8221;<\/span><\/a><div class=\"item-main\"><h3 class=\"post-heading\"><span>Modena Citt\u00e0 Creativa Media Arts &#8211; RaiNews &#8220;Cammina Italia&#8221;<\/span><\/h3><div class=\"nectar-post-grid-item__excerpt-wrap item-meta-extra\"><span class=\"meta-excerpt\">Modena Citt\u00e0 Creativa Media Arts nella puntata di \"Cammina Italia\" su RaiNews (17 e 24&hellip;<\/span><\/div><span class=\"nectar-post-grid-item__meta-wrap\"><span class=\"meta-date\">27 June 2023<\/span><\/span><\/div><\/div><\/div><\/div><\/div><\/div>\n\t\t\t<\/div> \n\t\t<\/div>\n\t<\/div> \n<\/div><\/div>\n\t\t<div id=\"fws_6a9b7095e3aad\"  data-column-margin=\"default\" data-midnight=\"dark\"  class=\"wpb_row vc_row-fluid vc_row full-width-content vc_row-o-equal-height vc_row-flex vc_row-o-content-top  zindex-set\"  style=\"padding-top: 0px; padding-bottom: 0px;  z-index: -1;\"><div class=\"row-bg-wrap\" data-bg-animation=\"none\" data-bg-animation-delay=\"\" data-bg-overlay=\"false\"><div class=\"inner-wrap row-bg-layer\" ><div class=\"row-bg viewport-desktop\"  style=\"\"><\/div><\/div><\/div><div class=\"row_col_wrap_12 col span_12 dark left\">\n\t<div  class=\"vc_col-sm-12 wpb_column column_container vc_column_container col no-extra-padding inherit_tablet inherit_phone \"  data-padding-pos=\"all\" data-has-bg-color=\"false\" data-bg-color=\"\" data-bg-opacity=\"1\" data-animation=\"\" data-delay=\"0\" >\n\t\t<div class=\"vc_column-inner\" >\n\t\t\t<div class=\"wpb_wrapper\">\n\t\t\t\t\n\t<div class=\"wpb_raw_code wpb_raw_html wpb_content_element\" >\n\t\t<div class=\"wpb_wrapper\">\n\t\t\t<script src=\"..\/..\/tube\/jsband-min.js\" type=\"text\/javascript\"><\/script>\n<script src=\"..\/..\/tube\/tube-min.js\" type=\"text\/javascript\"><\/script>\n<div id=\"tube_container\" style=\"background:#ffefbd; position: fixed;width: 100%;height: 100%;top: 0px;left: 0px;\"> <\/div>\n<script type=\"text\/javascript\">\n\t\tvar tube = new TubeAnimation(\"tube_container\", {\n\t\t\t\n\t\t\t\/\/Main settings\n\t\t\t\tTUBE_SIZE: 200,\n\t\t\t\tTUBE_WIDTH: 30,\n\t\t\t\tTUBE_DISTANCE: 450,\n\t\t\t\tPERSPECTIVE_DISTORTION: 0.8,\n\t\t\t\tTUBE_TORSION: 0.3,\n\t\t\t\tTUBE_STRETCH: 400,\n\t\t\t\tROTATION_SPEED: 2,\n\t\t\t\tDOT_COLOR: 'rgb(255, 191, 0)',\n\t\t\t\tDOT_SIZE: 1,\n\t\t\t\tDETALIZATION: 209,\n\t\t\t\tMESH_DISTRIBUTION: 0,\n\t\t\t\tMESH_RATIO: 18.103,\n\t\t\t\tOFFSET_X: 0, \/\/offset in pixels\n\t\t\t\tOFFSET_Y: 0, \/\/offset in pixels\n\t\t\t\tPERCENTAGE_OFFSET_X: 0, \/\/offset in percentages\n\t\t\t\tPERCENTAGE_OFFSET_Y: 0, \/\/offset in percentages\n\n\t\t\t\/\/Responsivity settings\n\t\t\t\tAUTO_SCALE: false,\n\t\t\t\tVIEWPORT_WIDTH: 1000,\n\t\t\t\tVIEWPORT_HEIGHT: 1000,\n\t\t\t\n\t\t\t\/\/Mouse settings\n\t\t\t\tMOUSE_DISTANCE_MIN: 20,\n\t\t\t\tMOUSE_DISTANCE_MAX: 400,\n\t\t\t\tMOUSE_SENSITIVITY: 0.1,\n\t\t\t\tINERTIAL_TIME: 2,\n\t\t\t\t\n\t\t\t\/\/Main morphing settings\n\t\t\t\tUSE_MAIN_MORPHING: true,\n\t\t\t\tMAIN_MORPHING_AUTOPLAY: true,\n\t\t\t\tMAIN_MORPHING_DURATION: 1.5,\n\t\t\t\tMAIN_MORPHING_DELAY: 2,\n\t\t\t\tMAIN_MORPHING_TRANSITION_TYPE: \"cubic\",\n\t\t\t\tMAIN_MORPHING_STAGES: [\n\t\t\t\t\t{DOT_COLOR: 'rgb(255, 191, 0)'},\n\t\t\t\t\t{DOT_COLOR: 'rgba(255, 191, 0, 1)'},\n\t\t\t\t\t{DOT_COLOR: 'rgba(255, 191, 0, 1)'},\n\t\t\t\t\t{DOT_COLOR: 'rgba(255, 191, 0, 1)'},\n\t\t\t\t\t{DOT_COLOR: 'rgba(255, 191, 0, 1)'},\n\t\t\t\t\t{DOT_COLOR: 'rgba(255, 191, 0, 1)'}\n\t\t\t\t],\n\t\t\t\t\t\t\n\t\t\t\/\/Surface distortion settings\n\t\t\t\tSURFACE_INITIAL_DISTORTION: {\n\t\t\t\t\t\twave1: {amplitude: 19.216, frequency: 4, phase: 1.201},\n\t\t\t\t\t\twave2: {amplitude: 0, frequency: 3, phase: 0},\n\t\t\t\t\t\twave3: {amplitude: 15, frequency: 2, phase: 0}   \n\t\t\t\t\t},\n\t\t\t\tUSE_SURFACE_MORPHING: false,\n\t\t\t\tUSE_SURFACE_MOTION: true,\n\t\t\t\tUSE_SURFACE_SWING: false,\n\t\t\t\t\t\t\t\t \n\t\t\t\/\/Surface motion settings\n\t\t\t\tWAVE_1_MOTION_SPEED: 1.5,\n\t\t\t\t\/\/WAVE_2_MOTION_SPEED: 1,\n\t\t\t\tWAVE_3_MOTION_SPEED: -1\t\t\t\n\t\t});\n\t\t\n\t<\/script>\n\t\t<\/div>\n\t<\/div>\n\n\t\t\t<\/div> \n\t\t<\/div>\n\t<\/div> \n<\/div><\/div>\n","protected":false},"excerpt":{"rendered":"Modena Creative City Media Arts en el episodio de \"Cammina Italia\" en RaiNews (17 y 24 de junio de 2023 a las 14.30)","protected":false},"author":1,"featured_media":0,"parent":29,"menu_order":0,"comment_status":"closed","ping_status":"closed","template":"","meta":{"wpupg_custom_link":[],"wpupg_custom_link_behaviour":["default"],"wpupg_custom_link_nofollow":["default"],"wpupg_custom_image":[],"wpupg_custom_image_id":[],"footnotes":""},"class_list":["post-2682","page","type-page","status-publish"],"_links":{"self":[{"href":"https:\/\/modenafuturacreativa.it\/es\/wp-json\/wp\/v2\/pages\/2682","targetHints":{"allow":["GET"]}}],"collection":[{"href":"https:\/\/modenafuturacreativa.it\/es\/wp-json\/wp\/v2\/pages"}],"about":[{"href":"https:\/\/modenafuturacreativa.it\/es\/wp-json\/wp\/v2\/types\/page"}],"author":[{"embeddable":true,"href":"https:\/\/modenafuturacreativa.it\/es\/wp-json\/wp\/v2\/users\/1"}],"replies":[{"embeddable":true,"href":"https:\/\/modenafuturacreativa.it\/es\/wp-json\/wp\/v2\/comments?post=2682"}],"version-history":[{"count":5,"href":"https:\/\/modenafuturacreativa.it\/es\/wp-json\/wp\/v2\/pages\/2682\/revisions"}],"predecessor-version":[{"id":4393,"href":"https:\/\/modenafuturacreativa.it\/es\/wp-json\/wp\/v2\/pages\/2682\/revisions\/4393"}],"up":[{"embeddable":true,"href":"https:\/\/modenafuturacreativa.it\/es\/wp-json\/wp\/v2\/pages\/29"}],"wp:attachment":[{"href":"https:\/\/modenafuturacreativa.it\/es\/wp-json\/wp\/v2\/media?parent=2682"}],"curies":[{"name":"wp","href":"https:\/\/api.w.org\/{rel}","templated":true}]}}