{"id":2225,"date":"2023-05-26T11:32:33","date_gmt":"2023-05-26T09:32:33","guid":{"rendered":"https:\/\/modenafuturacreativa.it\/?page_id=2225"},"modified":"2023-06-22T11:26:43","modified_gmt":"2023-06-22T09:26:43","slug":"centro-musica","status":"publish","type":"page","link":"https:\/\/modenafuturacreativa.it\/es\/mappa-della-creativita\/centro-musica\/","title":{"rendered":"Centro de M\u00fasica del Ayuntamiento de M\u00f3dena"},"content":{"rendered":"\n\t\t<div id=\"fws_6a9b78b2b2b2d\"  data-column-margin=\"default\" data-midnight=\"dark\"  class=\"wpb_row vc_row-fluid vc_row full-width-section  top_padding_tablet_0px top_padding_phone_0px\"  style=\"padding-top: 150px; padding-bottom: 0px; \"><div class=\"row-bg-wrap\" data-bg-animation=\"none\" data-bg-animation-delay=\"\" data-bg-overlay=\"false\"><div class=\"inner-wrap row-bg-layer\" ><div class=\"row-bg viewport-desktop\"  style=\"\"><\/div><\/div><\/div><div class=\"row_col_wrap_12 col span_12 dark left\">\n\t<div  class=\"vc_col-sm-3 creativita wpb_column column_container vc_column_container col padding-5-percent inherit_tablet inherit_phone border_color_d9d9d9 border_style_solid \"  data-overlay-color=\"true\" data-padding-pos=\"top-bottom\" data-has-bg-color=\"false\" data-bg-color=\"\" data-bg-opacity=\"1\" data-animation=\"\" data-delay=\"0\" >\n\t\t<div class=\"vc_column-inner\" ><div class=\"column-bg-overlay-wrap column-bg-layer\" data-bg-animation=\"none\"><div class=\"column-bg-overlay\"><\/div><div class=\"column-overlay-layer\" style=\"background-color:transparent;  opacity: 1; \"><\/div><\/div>\n\t\t\t<div class=\"wpb_wrapper\">\n\t\t\t\t\n\t\t\t<\/div> \n\t\t<\/div>\n\t<\/div> \n\n\t<div style=\"\" class=\"vc_col-sm-9 wpb_column column_container vc_column_container col has-animation padding-2-percent inherit_tablet inherit_phone tl_br_50px tr_br_50px \" data-using-bg=\"true\" data-overlay-color=\"true\" data-bg-cover=\"true\" data-padding-pos=\"all\" data-has-bg-color=\"false\" data-bg-color=\"\" data-bg-opacity=\"1\" data-animation=\"fade-in-from-bottom\" data-delay=\"0\" >\n\t\t<div class=\"vc_column-inner\" ><div class=\"column-image-bg-wrap column-bg-layer viewport-desktop\" data-bg-pos=\"center center\" data-bg-animation=\"none\" data-bg-overlay=\"false\"><div class=\"inner-wrap\"><div class=\"column-image-bg\" style=\" background-image: url('https:\/\/modenafuturacreativa.it\/wp-content\/uploads\/2023\/06\/CENTRO-MUSICA_progetto-soundtracks_node_2020.jpeg'); \"><\/div><\/div><\/div><div class=\"column-bg-overlay-wrap column-bg-layer\" data-bg-animation=\"none\"><div class=\"column-bg-overlay\"><\/div><div class=\"column-overlay-layer\" style=\"background:radial-gradient(circle at top, rgba(186,195,194,0) 5%, rgb(186,195,194) 85%);\"><\/div><\/div>\n\t\t\t<div class=\"wpb_wrapper\">\n\t\t\t\t<div class=\"divider-wrap height_tablet_45px height_phone_45px \" data-alignment=\"default\"><div style=\"height: 300px;\" class=\"divider\"><\/div><\/div><div class=\"nectar-split-heading  font_size_2vw font_size_tablet_40px font_size_phone_40px font_line_height_1px \" data-align=\"default\" data-m-align=\"inherit\" data-text-effect=\"letter-reveal-bottom\" data-animation-type=\"line-reveal-by-space\" data-animation-delay=\"200\" data-animation-offset=\"\" data-m-rm-animation=\"\" data-stagger=\"true\" data-custom-font-size=\"true\" style=\"font-size: 2vw; line-height: 2.2vw;\"><i style=\" color: #333333;\">Centro Musica del Comune di Modena<\/i><\/div><div class=\"divider-wrap\" data-alignment=\"default\"><div style=\"margin-top: 0.5px; height: 1px; margin-bottom: 0.5px;\" data-width=\"100%\" data-animate=\"yes\" data-animation-delay=\"\" data-color=\"extra-color-gradient-1\" class=\"divider-border\"><\/div><\/div><div class=\"nectar-split-heading  font_line_height_2px \" data-align=\"default\" data-m-align=\"inherit\" data-text-effect=\"default\" data-animation-type=\"line-reveal-by-space\" data-animation-delay=\"800\" data-animation-offset=\"\" data-m-rm-animation=\"\" data-stagger=\"true\" data-custom-font-size=\"false\" ><h3 style=\" color: #333333;\">MUSICA - FORMAZIONE<\/h3><\/div><div class=\"divider-wrap\" data-alignment=\"default\"><div style=\"height: 45px;\" class=\"divider\"><\/div><\/div><div class=\"nectar-next-section-wrap minimal-arrow alignment_tablet_default alignment_phone_default display_tablet_inline-block display_phone_inline-block position_desktop_absolute right_position_desktop_2pct bottom_position_desktop_50px \" style=\"--nectar-icon-gap: 10px; --nectar-next-section-icon-size: 1; \" data-align=\"right\" data-custom-color=\"true\">\n    <a href=\"#\" class=\"nectar-next-section skip-hash\">\n      <span class=\"screen-reader-text\">Navigate to the next section<\/span>\n      <svg class=\"next-arrow\" width=\"40px\" height=\"68px\" viewBox=\"0 0 40 50\" xml:space=\"preserve\">\n      <path stroke=\"#ffffff\" stroke-width=\"2\" fill=\"none\" d=\"M 20 0 L 20 51\"><\/path>\n      <polyline stroke=\"#ffffff\" stroke-width=\"2\" fill=\"none\" points=\"12, 44 20, 52 28, 44\"><\/polyline>\n      <\/svg>\n    <\/a>\n  <\/div>\n\t\t\t<\/div> \n\t\t<\/div>\n\t<\/div> \n<\/div><\/div>\n\t\t<div id=\"fws_6a9b78b2b3888\"  data-column-margin=\"default\" data-midnight=\"dark\"  class=\"wpb_row vc_row-fluid vc_row full-width-section has-row-bg-color\"  style=\"padding-top: 0px; padding-bottom: 0px; --row-bg-color: #ffffff;\"><div class=\"row-bg-wrap\" data-bg-animation=\"none\" data-bg-animation-delay=\"\" data-bg-overlay=\"false\"><div class=\"inner-wrap row-bg-layer\" ><div class=\"row-bg viewport-desktop using-bg-color\"  style=\"background-color: #ffffff; \"><\/div><\/div><\/div><div class=\"row_col_wrap_12 col span_12 dark left\">\n\t<div  class=\"vc_col-sm-3 vc_hidden-sm vc_hidden-xs wpb_column column_container vc_column_container col no-extra-padding inherit_tablet inherit_phone \"  data-padding-pos=\"all\" data-has-bg-color=\"false\" data-bg-color=\"\" data-bg-opacity=\"1\" data-animation=\"\" data-delay=\"0\" >\n\t\t<div class=\"vc_column-inner\" >\n\t\t\t<div class=\"wpb_wrapper\">\n\t\t\t\t\n\t\t\t<\/div> \n\t\t<\/div>\n\t<\/div> \n\n\t<div style=\"margin-bottom: 5%; \" class=\"vc_col-sm-9 wpb_column column_container vc_column_container col has-animation padding-2-percent padding-2-percent_tablet padding-2-percent_phone bl_br_50px br_br_50px \" data-using-bg=\"true\" data-padding-pos=\"all\" data-has-bg-color=\"true\" data-bg-color=\"#e5e5e5\" data-bg-opacity=\"1\" data-animation=\"fade-in-from-bottom\" data-delay=\"0\" >\n\t\t<div class=\"vc_column-inner\" ><div class=\"column-bg-overlay-wrap column-bg-layer\" data-bg-animation=\"none\"><div class=\"column-bg-overlay\" style=\"opacity: 1; background-color: #e5e5e5;\"><\/div><\/div>\n\t\t\t<div class=\"wpb_wrapper\">\n\t\t\t\t<div class=\"divider-wrap height_tablet_4vh height_phone_4vh \" data-alignment=\"default\"><div style=\"height: 0vh;\" class=\"divider\"><\/div><\/div><div id=\"fws_6a9b78b2b3da5\" data-midnight=\"\" data-column-margin=\"default\" class=\"wpb_row vc_row-fluid vc_row inner_row\"  style=\"\"><div class=\"row-bg-wrap\"> <div class=\"row-bg\" ><\/div> <\/div><div class=\"row_col_wrap_12_inner col span_12  left\">\n\t<div  class=\"vc_col-sm-4 wpb_column column_container vc_column_container col child_column padding-2-percent inherit_tablet inherit_phone \"   data-padding-pos=\"left\" data-has-bg-color=\"false\" data-bg-color=\"\" data-bg-opacity=\"1\" data-animation=\"\" data-delay=\"0\" >\n\t\t<div class=\"vc_column-inner\" >\n\t\t<div class=\"wpb_wrapper\">\n\t\t\t<div class=\"iwithtext\"><div class=\"iwt-icon\"> <i class=\"icon-default-style steadysets-icon-map-marker extra-color-2\"><\/i> <\/div><div class=\"iwt-text\"> <a href=\"https:\/\/goo.gl\/maps\/mdkycihGeQnHVWd59?coh=178571&amp;entry=tt\" target=\"_blank\" rel=\"noopener\">VISITA MAPPA<\/a> <\/div><div class=\"clear\"><\/div><\/div>\n\t\t<\/div> \n\t<\/div>\n\t<\/div> \n\n\t<div  class=\"vc_col-sm-4 wpb_column column_container vc_column_container col child_column padding-2-percent inherit_tablet inherit_phone \"   data-padding-pos=\"left\" data-has-bg-color=\"false\" data-bg-color=\"\" data-bg-opacity=\"1\" data-animation=\"\" data-delay=\"0\" >\n\t\t<div class=\"vc_column-inner\" >\n\t\t<div class=\"wpb_wrapper\">\n\t\t\t<div class=\"iwithtext\"><div class=\"iwt-icon\"> <i class=\"icon-default-style fa fa-external-link extra-color-2\"><\/i> <\/div><div class=\"iwt-text\"> <a href=\"http:\/\/www.musicplus.it\/\" target=\"_blank\" rel=\"noopener\">VISITA IL SITO<\/a> <\/div><div class=\"clear\"><\/div><\/div>\n\t\t<\/div> \n\t<\/div>\n\t<\/div> \n\n\t<div  class=\"vc_col-sm-4 wpb_column column_container vc_column_container col child_column padding-2-percent inherit_tablet inherit_phone \"   data-padding-pos=\"left\" data-has-bg-color=\"false\" data-bg-color=\"\" data-bg-opacity=\"1\" data-animation=\"\" data-delay=\"0\" >\n\t\t<div class=\"vc_column-inner\" >\n\t\t<div class=\"wpb_wrapper\">\n\t\t\t<div class=\"iwithtext\"><div class=\"iwt-icon\"> <i class=\"icon-default-style fa fa-comments extra-color-2\"><\/i> <\/div><div class=\"iwt-text\"> <a href=\"https:\/\/nl-centromusica.comune.modena.it\/user\/register\" target=\"_blank\" rel=\"noopener\">CONTATTA<\/a> <\/div><div class=\"clear\"><\/div><\/div>\n\t\t<\/div> \n\t<\/div>\n\t<\/div> \n<\/div><\/div><div class=\"divider-wrap\" data-alignment=\"default\"><div style=\"margin-top: 5vh; height: 1px; margin-bottom: 5vh;\" data-width=\"100%\" data-animate=\"\" data-animation-delay=\"\" data-color=\"default\" class=\"divider-border\"><\/div><\/div><div id=\"fws_6a9b78b2b435e\" data-midnight=\"\" data-column-margin=\"default\" class=\"wpb_row vc_row-fluid vc_row inner_row\"  style=\"\"><div class=\"row-bg-wrap\"> <div class=\"row-bg\" ><\/div> <\/div><div class=\"row_col_wrap_12_inner col span_12  left\">\n\t<div  class=\"vc_col-sm-12 wpb_column column_container vc_column_container col child_column no-extra-padding inherit_tablet inherit_phone \"   data-padding-pos=\"all\" data-has-bg-color=\"false\" data-bg-color=\"\" data-bg-opacity=\"1\" data-animation=\"\" data-delay=\"0\" >\n\t\t<div class=\"vc_column-inner\" >\n\t\t<div class=\"wpb_wrapper\">\n\t\t\t\n<div class=\"wpb_text_column wpb_content_element \" >\n\t<h5><strong>Nell\u2019ambito delle attivit\u00e0 del Centro Musica un focus specifico \u00e8 dedicato all\u2019interazione tra Media Arts e ambienti sonori, in uno spazio dedicato, esito di un progetto di rigenerazione urbana e rifunzionalizzazione. Fa parte di questa riqualificazione un edificio a torre (Torre), corpo unico che si sviluppa per 15 metri in altezza per un\u2019ampiezza di 12 metri per 12 metri, completamente attrezzato e destinato a progetti artistici site specific.<\/strong><\/h5>\n<h5>La rigenerazione di questo spazio \u00e8 nato con l\u2019obiettivo di orientare la Torre verso progetti di residenza artistica realizzati su esperienze multimediali in ambiente sonoro.<\/h5>\n<h5>Ad oggi l\u2019attivit\u00e0 si orienta in pi\u00f9 ambiti : performativo, residenziale, formativo.<\/h5>\n<\/div>\n\n\n\n\n\t\t<\/div> \n\t<\/div>\n\t<\/div> \n<\/div><\/div><div class=\"divider-wrap\" data-alignment=\"default\"><div style=\"margin-top: 5vh; height: 1px; margin-bottom: 5vh;\" data-width=\"100%\" data-animate=\"\" data-animation-delay=\"\" data-color=\"default\" class=\"divider-border\"><\/div><\/div><div id=\"fws_6a9b78b2b478b\" data-midnight=\"\" data-column-margin=\"default\" class=\"wpb_row vc_row-fluid vc_row inner_row\"  style=\"\"><div class=\"row-bg-wrap\"> <div class=\"row-bg\" ><\/div> <\/div><div class=\"row_col_wrap_12_inner col span_12  left\">\n\t<div  class=\"vc_col-sm-3 wpb_column column_container vc_column_container col child_column no-extra-padding inherit_tablet inherit_phone \"   data-padding-pos=\"all\" data-has-bg-color=\"false\" data-bg-color=\"\" data-bg-opacity=\"1\" data-animation=\"\" data-delay=\"0\" >\n\t\t<div class=\"vc_column-inner\" >\n\t\t<div class=\"wpb_wrapper\">\n\t\t\t\n<div class=\"wpb_text_column wpb_content_element \" >\n\t<h3><span class=\"inner\">MEDIA ARTS<\/span><\/h3>\n<h3><strong>\u00a0<\/strong><\/h3>\n<\/div>\n\n\n\n\n\t\t<\/div> \n\t<\/div>\n\t<\/div> \n\n\t<div  class=\"vc_col-sm-9 wpb_column column_container vc_column_container col child_column no-extra-padding inherit_tablet inherit_phone \"   data-padding-pos=\"all\" data-has-bg-color=\"false\" data-bg-color=\"\" data-bg-opacity=\"1\" data-animation=\"\" data-delay=\"0\" >\n\t\t<div class=\"vc_column-inner\" >\n\t\t<div class=\"wpb_wrapper\">\n\t\t\t\n<div class=\"wpb_text_column wpb_content_element  musica\" >\n\t<h6><strong>MUSICA:<br \/>\n<\/strong><\/h6>\n<ul>\n<li>\n<h5><strong>Soundtracks<br \/>\n<\/strong>percorso di residenza artistica finalizzata a produzioni originali di integrazione fra linguaggi musicali e cinematografici<\/h5>\n<\/li>\n<li>\n<h5><strong>Sonitus<\/strong><br \/>\nlab di sound design per residenze artistiche finalizzate a produzioni originali di integrazione tra suono e visual art<\/h5>\n<\/li>\n<li>\n<h5><strong>Soniche<\/strong><br \/>\npercorso di residenza artistica finalizzato a produzioni originali che uniscono pratiche elettroniche e elettroacustiche con la composizione e la performance musicale<\/h5>\n<\/li>\n<\/ul>\n<\/div>\n\n\n\n<div class=\"divider-wrap\" data-alignment=\"default\"><div style=\"height: 5vh;\" class=\"divider\"><\/div><\/div>\n<div class=\"wpb_text_column wpb_content_element  formazione\" >\n\t<h6><strong><b>FORMAZIONE<\/b>:<br \/>\n<\/strong><\/h6>\n<ul>\n<li>\n<h5><strong>Inside Live-performing and media arts<br \/>\n<\/strong>corso di alta formazione per figure professionali della filiera musicale e delle media arts<\/h5>\n<\/li>\n<li>\n<h5><strong>Urban VIdeo<\/strong><br \/>\ncorso di formazione per la produzione di spettacoli interattivi<\/h5>\n<\/li>\n<\/ul>\n<\/div>\n\n\n\n\n\t\t<\/div> \n\t<\/div>\n\t<\/div> \n<\/div><\/div><div class=\"divider-wrap\" data-alignment=\"default\"><div style=\"margin-top: 5vh; height: 1px; margin-bottom: 5vh;\" data-width=\"100%\" data-animate=\"\" data-animation-delay=\"\" data-color=\"default\" class=\"divider-border\"><\/div><\/div>\n<div class=\"wpb_text_column wpb_content_element \" >\n\t<div class=\"nectar-split-heading font_line_height_2px markup-generated animated-in\" data-align=\"default\" data-m-align=\"inherit\" data-text-effect=\"default\" data-animation-type=\"line-reveal-by-space\" data-animation-delay=\"800\" data-animation-offset=\"\" data-m-rm-animation=\"\" data-stagger=\"true\" data-custom-font-size=\"false\">\n<h3><span class=\"inner\">ATTIVIT\u00c0 | EVENTI<\/span><\/h3>\n<\/div>\n<\/div>\n\n\n\n\n<div class=\"wpb_text_column wpb_content_element \" >\n\t<div id=\"wpupg-grid-with-filters-mappa-71hub\" class=\"wpupg-grid-with-filters\"><style>#wpupg-grid-mappa-71hub-filters .wpupg-filter-container {padding: 10px 10px;}<\/style><div id=\"wpupg-grid-mappa-71hub-filters\" class=\"wpupg-grid-filters wpupg-grid-filters-display-inline wpupg-grid-filters-align-left\"><div id=\"wpupg-grid-mappa-71hub-filter-1-container\" class=\"wpupg-filter-container wpupg-filter-container-label-block\"><div id=\"wpupg-grid-mappa-71hub-filter-1\" class=\"wpupg-filter wpupg-filter-dropdown\"><style type=\"text\/css\">#wpupg-grid-mappa-71hub-filter-1 {margin: 0 -5px;}#wpupg-grid-mappa-71hub-filter-1 .wpupg-choices {margin: 5px 5px;color: #000000;min-width: 250px;}#wpupg-grid-mappa-71hub-filter-1 .wpupg-choices .wpupg-choices__inner {font-size: 14px;padding: 5px;background-color: #ffbf00;border-color: #ffbf00;}#wpupg-grid-mappa-71hub-filter-1 .wpupg-choices[data-type*=select-one]:after {border-color: #000000 transparent transparent transparent;}#wpupg-grid-mappa-71hub-filter-1 .wpupg-choices.is-open[data-type*=select-one]:after {border-color: transparent transparent #000000 transparent;}#wpupg-grid-mappa-71hub-filter-1 .wpupg-choices .wpupg-choices__list--dropdown {border-color: #ffbf00;}#wpupg-grid-mappa-71hub-filter-1 .wpupg-choices input {background-color: #ffbf00;color: #000000;font-size: 14px;padding: 5px;}#wpupg-grid-mappa-71hub-filter-1 .wpupg-choices .wpupg-choices__list--dropdown .wpupg-choices__item {font-size: 14px;padding: 5px;background-color: #ffbf00;}#wpupg-grid-mappa-71hub-filter-1 .wpupg-choices .wpupg-choices__item.is-highlighted,#wpupg-grid-mappa-71hub-filter-1 .wpupg-choices .wpupg-choices__list--multiple .wpupg-choices__item {background-color: #000000;border-color: #000000;color: #FFFFFF;}#wpupg-grid-mappa-71hub-filter-1 .wpupg-choices .wpupg-choices__button {border-color: #FFFFFF;}<\/style><select name=\"wpupg-filter-dropdown-project-type\" id=\"wpupg-filter-dropdown-project-type\" class=\"wpupg-filter-dropdown-item\" data-taxonomy=\"project-type\"><option value=\"wpupg-dropdown-placeholder\" placeholder>FILTRA PER ANNO<\/option><option value=\"eventi\">Eventi<\/option><option value=\"2023-it-eventi\">&nbsp;&nbsp;2023<\/option><option value=\"2024\">&nbsp;&nbsp;2024<\/option><option value=\"2025\">&nbsp;&nbsp;2025<\/option><option value=\"corsi\">Formazione<\/option><option value=\"2023-it\">&nbsp;&nbsp;Archivio 2023<\/option><option value=\"2024-it-it\">&nbsp;&nbsp;Archivio 2024<\/option><option value=\"formazione2025\">&nbsp;&nbsp;Archivio 2025<\/option><option value=\"archivio-2026-corsi\">&nbsp;&nbsp;Archivio 2026<\/option><\/select><\/div><\/div><div id=\"wpupg-grid-mappa-71hub-filter-2-container\" class=\"wpupg-filter-container wpupg-filter-container-label-block\"><div id=\"wpupg-grid-mappa-71hub-filter-2\" class=\"wpupg-filter wpupg-filter-text_search\"><style type=\"text\/css\">#wpupg-grid-mappa-71hub-filter-2 {margin: 0 -5px;}#wpupg-grid-mappa-71hub-filter-2 .wpupg-filter-text-input-container {margin: 5px 5px;width: 250px;}#wpupg-grid-mappa-71hub-filter-2 input.wpupg-filter-text-input {color: #000000;font-size: 14px;background-color: #ffbf00;border-color: #ffbf00;}#wpupg-grid-mappa-71hub-filter-2 input.wpupg-filter-text-input::placeholder {color: #000000;}#wpupg-grid-mappa-71hub-filter-2 .wpupg-input-loader {border-top-color: #000000;}<\/style><div class=\"wpupg-filter-text-input-container\"><input type=\"text\" class=\"wpupg-filter-text-input\" placeholder=\"RICERCA EVENTO\" aria-label=\"Text search to filter grid items. Type to search.\"><div class=\"wpupg-input-loader\"><\/div><\/div><\/div><\/div><\/div><div id=\"wpupg-grid-container-mappa-71hub\" class=\"wpupg-grid-container\"><style>#wpupg-grid-mappa-71hub .wpupg-item { width: calc(25% - 20px); max-width: none; margin: 10px; } #wpupg-grid-mappa-71hub { margin: 0 -10px;} @media (min-width: 500px) and (max-width: 1000px) {#wpupg-grid-mappa-71hub .wpupg-item { width: 100%; max-width: 300px; margin: 10px; } #wpupg-grid-mappa-71hub { margin: 0 -10px;}} @media (max-width: 500px) {#wpupg-grid-mappa-71hub .wpupg-item { width: calc(100% - 20px); max-width: none; margin: 10px; } #wpupg-grid-mappa-71hub { margin: 0 -10px;}}<\/style><div id=\"wpupg-grid-mappa-71hub\" class=\"wpupg-grid wpupg-grid-loading\" data-grid-id=\"2226\"><a class=\"wpupg-item wpupg-item-post wpupg-item-6951 wpupg-type-portfolio wpupg-item-has-image wpupg-template-modena-futura wpupg-tax-project-type-corsi wpupg-parent-tax-project-type-corsi wpupg-tax-project-type-archivio-2026-corsi wpupg-parent-tax-project-type-archivio-2026-corsi wpupg-item-link\" href=\"https:\/\/modenafuturacreativa.it\/es\/unesco\/centro-musica-di-modena-e-media-arts-call-aperta\/\" target=\"_self\" data-id=\"6951\" data-order-default=\"1779970717\"><div class=\"wpupg-item-image wpupg-block-image-rounded wpupg-align-center\"><span href=\"https:\/\/modenafuturacreativa.it\/es\/unesco\/centro-musica-di-modena-e-media-arts-call-aperta\/\" target=\"_self\"><img loading=\"lazy\" decoding=\"async\" style=\"border-width: 0px;border-style: solid;border-color: #666666;border-radius: 5px;\" width=\"800\" height=\"600\" src=\"https:\/\/modenafuturacreativa.it\/wp-content\/uploads\/2026\/05\/2.jpg\" class=\"skip-lazy disable-lazyload attachment-portfolio-thumb_large size-portfolio-thumb_large\" alt=\"\" srcset=\"https:\/\/modenafuturacreativa.it\/wp-content\/uploads\/2026\/05\/2.jpg 800w, https:\/\/modenafuturacreativa.it\/wp-content\/uploads\/2026\/05\/2-300x225.jpg 300w, https:\/\/modenafuturacreativa.it\/wp-content\/uploads\/2026\/05\/2-768x576.jpg 768w, https:\/\/modenafuturacreativa.it\/wp-content\/uploads\/2026\/05\/2-16x12.jpg 16w\" sizes=\"auto, (max-width: 800px) 100vw, 800px\" \/><\/span><\/div>\n<div class=\"wpupg-meta-container\">\n<div class=\"wpupg-item-title wpupg-block-text-bold\">Centro Musica di Modena e Media Arts. Call aperta<\/div>\n<span class=\"wpupg-item-date wpupg-block-text-normal\">2026<\/span>\n\n\n<\/div><\/a><a class=\"wpupg-item wpupg-item-post wpupg-item-6595 wpupg-type-portfolio wpupg-item-has-image wpupg-template-modena-futura wpupg-tax-project-type-corsi wpupg-parent-tax-project-type-corsi wpupg-tax-project-type-archivio-2026-corsi wpupg-parent-tax-project-type-archivio-2026-corsi wpupg-item-link\" href=\"https:\/\/modenafuturacreativa.it\/es\/unesco\/soundtracks-musica-da-film-2026\/\" target=\"_self\" data-id=\"6595\" data-order-default=\"1770119605\"><div class=\"wpupg-item-image wpupg-block-image-rounded wpupg-align-center\"><span href=\"https:\/\/modenafuturacreativa.it\/es\/unesco\/soundtracks-musica-da-film-2026\/\" target=\"_self\"><img loading=\"lazy\" decoding=\"async\" style=\"border-width: 0px;border-style: solid;border-color: #666666;border-radius: 5px;\" width=\"700\" height=\"441\" src=\"https:\/\/modenafuturacreativa.it\/wp-content\/uploads\/2026\/02\/image.png\" class=\"skip-lazy disable-lazyload attachment-portfolio-thumb_large size-portfolio-thumb_large\" alt=\"\" srcset=\"https:\/\/modenafuturacreativa.it\/wp-content\/uploads\/2026\/02\/image.png 700w, https:\/\/modenafuturacreativa.it\/wp-content\/uploads\/2026\/02\/image-300x189.png 300w, https:\/\/modenafuturacreativa.it\/wp-content\/uploads\/2026\/02\/image-18x12.png 18w\" sizes=\"auto, (max-width: 700px) 100vw, 700px\" \/><\/span><\/div>\n<div class=\"wpupg-meta-container\">\n<div class=\"wpupg-item-title wpupg-block-text-bold\">SOUNDTRACKS \u2013 Musica da film 2026<\/div>\n<span class=\"wpupg-item-date wpupg-block-text-normal\">2026<\/span>\n\n\n<\/div><\/a><a class=\"wpupg-item wpupg-item-post wpupg-item-6483 wpupg-type-portfolio wpupg-item-has-image wpupg-template-modena-futura wpupg-tax-project-type-corsi wpupg-parent-tax-project-type-corsi wpupg-tax-project-type-archivio-2026-corsi wpupg-parent-tax-project-type-archivio-2026-corsi wpupg-item-link\" href=\"https:\/\/modenafuturacreativa.it\/es\/unesco\/inside-live-2026\/\" target=\"_self\" data-id=\"6483\" data-order-default=\"1769444399\"><div class=\"wpupg-item-image wpupg-block-image-rounded wpupg-align-center\"><span href=\"https:\/\/modenafuturacreativa.it\/es\/unesco\/inside-live-2026\/\" target=\"_self\"><img loading=\"lazy\" decoding=\"async\" style=\"border-width: 0px;border-style: solid;border-color: #666666;border-radius: 5px;\" width=\"700\" height=\"441\" src=\"https:\/\/modenafuturacreativa.it\/wp-content\/uploads\/2026\/01\/InsideLive026.png\" class=\"skip-lazy disable-lazyload attachment-portfolio-thumb_large size-portfolio-thumb_large\" alt=\"\" srcset=\"https:\/\/modenafuturacreativa.it\/wp-content\/uploads\/2026\/01\/InsideLive026.png 700w, https:\/\/modenafuturacreativa.it\/wp-content\/uploads\/2026\/01\/InsideLive026-300x189.png 300w, https:\/\/modenafuturacreativa.it\/wp-content\/uploads\/2026\/01\/InsideLive026-18x12.png 18w\" sizes=\"auto, (max-width: 700px) 100vw, 700px\" \/><\/span><\/div>\n<div class=\"wpupg-meta-container\">\n<div class=\"wpupg-item-title wpupg-block-text-bold\">INSIDE Live 2026 - Performing &amp; Media Arts<\/div>\n<span class=\"wpupg-item-date wpupg-block-text-normal\">2026<\/span>\n\n\n<\/div><\/a><a class=\"wpupg-item wpupg-item-post wpupg-item-5938 wpupg-type-portfolio wpupg-item-has-image wpupg-template-modena-futura wpupg-tax-project-type-eventi wpupg-parent-tax-project-type-eventi wpupg-tax-project-type-2025 wpupg-parent-tax-project-type-2025 wpupg-item-link\" href=\"https:\/\/modenafuturacreativa.it\/es\/unesco\/soniche-2025\/\" target=\"_self\" data-id=\"5938\" data-order-default=\"1763730342\"><div class=\"wpupg-item-image wpupg-block-image-rounded wpupg-align-center\"><span href=\"https:\/\/modenafuturacreativa.it\/es\/unesco\/soniche-2025\/\" target=\"_self\"><img loading=\"lazy\" decoding=\"async\" style=\"border-width: 0px;border-style: solid;border-color: #666666;border-radius: 5px;\" width=\"900\" height=\"604\" src=\"https:\/\/modenafuturacreativa.it\/wp-content\/uploads\/2025\/11\/soniche-2025-1-900x604.jpg\" class=\"skip-lazy disable-lazyload attachment-portfolio-thumb_large size-portfolio-thumb_large\" alt=\"\" srcset=\"https:\/\/modenafuturacreativa.it\/wp-content\/uploads\/2025\/11\/soniche-2025-1-900x604.jpg 900w, https:\/\/modenafuturacreativa.it\/wp-content\/uploads\/2025\/11\/soniche-2025-1-300x200.jpg 300w, https:\/\/modenafuturacreativa.it\/wp-content\/uploads\/2025\/11\/soniche-2025-1-18x12.jpg 18w, https:\/\/modenafuturacreativa.it\/wp-content\/uploads\/2025\/11\/soniche-2025-1-600x403.jpg 600w, https:\/\/modenafuturacreativa.it\/wp-content\/uploads\/2025\/11\/soniche-2025-1-400x269.jpg 400w\" sizes=\"auto, (max-width: 900px) 100vw, 900px\" \/><\/span><\/div>\n<div class=\"wpupg-meta-container\">\n<div class=\"wpupg-item-title wpupg-block-text-bold\">SONICHE 2025<\/div>\n<span class=\"wpupg-item-date wpupg-block-text-normal\">2025<\/span>\n\n\n<\/div><\/a><a class=\"wpupg-item wpupg-item-post wpupg-item-5884 wpupg-type-portfolio wpupg-item-has-image wpupg-template-modena-futura wpupg-tax-project-type-corsi wpupg-parent-tax-project-type-corsi wpupg-tax-project-type-archivio-2026-corsi wpupg-parent-tax-project-type-archivio-2026-corsi wpupg-item-link\" href=\"https:\/\/modenafuturacreativa.it\/es\/unesco\/sonitus-2026-il-bando-e-aperto\/\" target=\"_self\" data-id=\"5884\" data-order-default=\"1763377029\"><div class=\"wpupg-item-image wpupg-block-image-rounded wpupg-align-center\"><span href=\"https:\/\/modenafuturacreativa.it\/es\/unesco\/sonitus-2026-il-bando-e-aperto\/\" target=\"_self\"><img loading=\"lazy\" decoding=\"async\" style=\"border-width: 0px;border-style: solid;border-color: #666666;border-radius: 5px;\" width=\"890\" height=\"552\" src=\"https:\/\/modenafuturacreativa.it\/wp-content\/uploads\/2025\/11\/sonitus-2026.jpg\" class=\"skip-lazy disable-lazyload attachment-portfolio-thumb_large size-portfolio-thumb_large\" alt=\"\" srcset=\"https:\/\/modenafuturacreativa.it\/wp-content\/uploads\/2025\/11\/sonitus-2026.jpg 890w, https:\/\/modenafuturacreativa.it\/wp-content\/uploads\/2025\/11\/sonitus-2026-300x186.jpg 300w, https:\/\/modenafuturacreativa.it\/wp-content\/uploads\/2025\/11\/sonitus-2026-768x476.jpg 768w, https:\/\/modenafuturacreativa.it\/wp-content\/uploads\/2025\/11\/sonitus-2026-18x12.jpg 18w\" sizes=\"auto, (max-width: 890px) 100vw, 890px\" \/><\/span><\/div>\n<div class=\"wpupg-meta-container\">\n<div class=\"wpupg-item-title wpupg-block-text-bold\">Sonitus 2026. Il bando \u00e8 aperto!<\/div>\n<span class=\"wpupg-item-date wpupg-block-text-normal\">2025<\/span>\n\n\n<\/div><\/a><a class=\"wpupg-item wpupg-item-post wpupg-item-5823 wpupg-type-portfolio wpupg-item-has-image wpupg-template-modena-futura wpupg-tax-project-type-corsi wpupg-parent-tax-project-type-corsi wpupg-tax-project-type-formazione2025 wpupg-parent-tax-project-type-formazione2025 wpupg-item-link\" href=\"https:\/\/modenafuturacreativa.it\/es\/unesco\/urban-video-a-modena-un-corso-gratuito-per-giovani-videomaker\/\" target=\"_self\" data-id=\"5823\" data-order-default=\"1761559839\"><div class=\"wpupg-item-image wpupg-block-image-rounded wpupg-align-center\"><span href=\"https:\/\/modenafuturacreativa.it\/es\/unesco\/urban-video-a-modena-un-corso-gratuito-per-giovani-videomaker\/\" target=\"_self\"><img loading=\"lazy\" decoding=\"async\" style=\"border-width: 0px;border-style: solid;border-color: #666666;border-radius: 5px;\" width=\"900\" height=\"604\" src=\"https:\/\/modenafuturacreativa.it\/wp-content\/uploads\/2025\/10\/Urban-Video-centro-musica-900x604.jpg\" class=\"skip-lazy disable-lazyload attachment-portfolio-thumb_large size-portfolio-thumb_large\" alt=\"\" srcset=\"https:\/\/modenafuturacreativa.it\/wp-content\/uploads\/2025\/10\/Urban-Video-centro-musica-900x604.jpg 900w, https:\/\/modenafuturacreativa.it\/wp-content\/uploads\/2025\/10\/Urban-Video-centro-musica-18x12.jpg 18w, https:\/\/modenafuturacreativa.it\/wp-content\/uploads\/2025\/10\/Urban-Video-centro-musica-600x403.jpg 600w, https:\/\/modenafuturacreativa.it\/wp-content\/uploads\/2025\/10\/Urban-Video-centro-musica-400x269.jpg 400w\" sizes=\"auto, (max-width: 900px) 100vw, 900px\" \/><\/span><\/div>\n<div class=\"wpupg-meta-container\">\n<div class=\"wpupg-item-title wpupg-block-text-bold\">\u201cUrban Video\u201d: a Modena un corso gratuito per giovani videomaker<\/div>\n<span class=\"wpupg-item-date wpupg-block-text-normal\">2025<\/span>\n\n\n<\/div><\/a><a class=\"wpupg-item wpupg-item-post wpupg-item-5326 wpupg-type-portfolio wpupg-item-has-image wpupg-template-modena-futura wpupg-tax-project-type-eventi wpupg-parent-tax-project-type-eventi wpupg-tax-project-type-2025 wpupg-parent-tax-project-type-2025 wpupg-item-link\" href=\"https:\/\/modenafuturacreativa.it\/es\/unesco\/trap_os-the-surveillance-game\/\" target=\"_self\" data-id=\"5326\" data-order-default=\"1758108689\"><div class=\"wpupg-item-image wpupg-block-image-rounded wpupg-align-center\"><span href=\"https:\/\/modenafuturacreativa.it\/es\/unesco\/trap_os-the-surveillance-game\/\" target=\"_self\"><img loading=\"lazy\" decoding=\"async\" style=\"border-width: 0px;border-style: solid;border-color: #666666;border-radius: 5px;\" width=\"578\" height=\"340\" src=\"https:\/\/modenafuturacreativa.it\/wp-content\/uploads\/2025\/09\/image2.png\" class=\"skip-lazy disable-lazyload attachment-portfolio-thumb_large size-portfolio-thumb_large\" alt=\"\" srcset=\"https:\/\/modenafuturacreativa.it\/wp-content\/uploads\/2025\/09\/image2.png 578w, https:\/\/modenafuturacreativa.it\/wp-content\/uploads\/2025\/09\/image2-300x176.png 300w, https:\/\/modenafuturacreativa.it\/wp-content\/uploads\/2025\/09\/image2-18x12.png 18w\" sizes=\"auto, (max-width: 578px) 100vw, 578px\" \/><\/span><\/div>\n<div class=\"wpupg-meta-container\">\n<div class=\"wpupg-item-title wpupg-block-text-bold\">TRAP_OS \u2013 The Surveillance Game<\/div>\n<span class=\"wpupg-item-date wpupg-block-text-normal\">2025<\/span>\n\n\n<\/div><\/a><a class=\"wpupg-item wpupg-item-post wpupg-item-4861 wpupg-type-portfolio wpupg-item-has-image wpupg-template-modena-futura wpupg-tax-project-type-corsi wpupg-parent-tax-project-type-corsi wpupg-tax-project-type-formazione2025 wpupg-parent-tax-project-type-formazione2025 wpupg-item-link\" href=\"https:\/\/modenafuturacreativa.it\/es\/unesco\/kmru-open-call\/\" target=\"_self\" data-id=\"4861\" data-order-default=\"1750766007\"><div class=\"wpupg-item-image wpupg-block-image-rounded wpupg-align-center\"><span href=\"https:\/\/modenafuturacreativa.it\/es\/unesco\/kmru-open-call\/\" target=\"_self\"><img loading=\"lazy\" decoding=\"async\" style=\"border-width: 0px;border-style: solid;border-color: #666666;border-radius: 5px;\" width=\"900\" height=\"340\" src=\"https:\/\/modenafuturacreativa.it\/wp-content\/uploads\/2025\/06\/CentroMusicaCALL-900x340.png\" class=\"skip-lazy disable-lazyload attachment-portfolio-thumb_large size-portfolio-thumb_large\" alt=\"\" \/><\/span><\/div>\n<div class=\"wpupg-meta-container\">\n<div class=\"wpupg-item-title wpupg-block-text-bold\">KMRU Open Call<\/div>\n<span class=\"wpupg-item-date wpupg-block-text-normal\">2025<\/span>\n\n\n<\/div><\/a><a class=\"wpupg-item wpupg-item-post wpupg-item-4764 wpupg-type-portfolio wpupg-item-has-image wpupg-template-modena-futura wpupg-tax-project-type-eventi wpupg-parent-tax-project-type-eventi wpupg-tax-project-type-2025 wpupg-parent-tax-project-type-2025 wpupg-item-link\" href=\"https:\/\/modenafuturacreativa.it\/es\/unesco\/festa-della-musica-2025\/\" target=\"_self\" data-id=\"4764\" data-order-default=\"1750182781\"><div class=\"wpupg-item-image wpupg-block-image-rounded wpupg-align-center\"><span href=\"https:\/\/modenafuturacreativa.it\/es\/unesco\/festa-della-musica-2025\/\" target=\"_self\"><img loading=\"lazy\" decoding=\"async\" style=\"border-width: 0px;border-style: solid;border-color: #666666;border-radius: 5px;\" width=\"800\" height=\"496\" src=\"https:\/\/modenafuturacreativa.it\/wp-content\/uploads\/2025\/06\/Festadella-Musica.jpeg\" class=\"skip-lazy disable-lazyload attachment-portfolio-thumb_large size-portfolio-thumb_large\" alt=\"\" srcset=\"https:\/\/modenafuturacreativa.it\/wp-content\/uploads\/2025\/06\/Festadella-Musica.jpeg 800w, https:\/\/modenafuturacreativa.it\/wp-content\/uploads\/2025\/06\/Festadella-Musica-300x186.jpeg 300w, https:\/\/modenafuturacreativa.it\/wp-content\/uploads\/2025\/06\/Festadella-Musica-768x476.jpeg 768w, https:\/\/modenafuturacreativa.it\/wp-content\/uploads\/2025\/06\/Festadella-Musica-18x12.jpeg 18w\" sizes=\"auto, (max-width: 800px) 100vw, 800px\" \/><\/span><\/div>\n<div class=\"wpupg-meta-container\">\n<div class=\"wpupg-item-title wpupg-block-text-bold\">Festa della Musica 2025<\/div>\n<span class=\"wpupg-item-date wpupg-block-text-normal\">2025<\/span>\n\n\n<\/div><\/a><a class=\"wpupg-item wpupg-item-post wpupg-item-4521 wpupg-type-portfolio wpupg-item-has-image wpupg-template-modena-futura wpupg-tax-project-type-corsi wpupg-parent-tax-project-type-corsi wpupg-tax-project-type-formazione2025 wpupg-parent-tax-project-type-formazione2025 wpupg-item-link\" href=\"https:\/\/modenafuturacreativa.it\/es\/unesco\/the-watched-world\/\" target=\"_self\" data-id=\"4521\" data-order-default=\"1744904062\"><div class=\"wpupg-item-image wpupg-block-image-rounded wpupg-align-center\"><span href=\"https:\/\/modenafuturacreativa.it\/es\/unesco\/the-watched-world\/\" target=\"_self\"><img loading=\"lazy\" decoding=\"async\" style=\"border-width: 0px;border-style: solid;border-color: #666666;border-radius: 5px;\" width=\"667\" height=\"444\" src=\"https:\/\/modenafuturacreativa.it\/wp-content\/uploads\/2025\/04\/image-1.png\" class=\"skip-lazy disable-lazyload attachment-portfolio-thumb_large size-portfolio-thumb_large\" alt=\"\" srcset=\"https:\/\/modenafuturacreativa.it\/wp-content\/uploads\/2025\/04\/image-1.png 667w, https:\/\/modenafuturacreativa.it\/wp-content\/uploads\/2025\/04\/image-1-300x200.png 300w, https:\/\/modenafuturacreativa.it\/wp-content\/uploads\/2025\/04\/image-1-18x12.png 18w\" sizes=\"auto, (max-width: 667px) 100vw, 667px\" \/><\/span><\/div>\n<div class=\"wpupg-meta-container\">\n<div class=\"wpupg-item-title wpupg-block-text-bold\">The Watched World<\/div>\n<span class=\"wpupg-item-date wpupg-block-text-normal\">2025<\/span>\n\n\n<\/div><\/a><a class=\"wpupg-item wpupg-item-post wpupg-item-4219 wpupg-type-portfolio wpupg-item-has-image wpupg-template-modena-futura wpupg-tax-project-type-formazione2025 wpupg-parent-tax-project-type-formazione2025 wpupg-parent-tax-project-type-corsi wpupg-item-link\" href=\"https:\/\/modenafuturacreativa.it\/es\/unesco\/soundtracks-2025\/\" target=\"_self\" data-id=\"4219\" data-order-default=\"1738662652\"><div class=\"wpupg-item-image wpupg-block-image-rounded wpupg-align-center\"><span href=\"https:\/\/modenafuturacreativa.it\/es\/unesco\/soundtracks-2025\/\" target=\"_self\"><img loading=\"lazy\" decoding=\"async\" style=\"border-width: 0px;border-style: solid;border-color: #666666;border-radius: 5px;\" width=\"768\" height=\"578\" src=\"https:\/\/modenafuturacreativa.it\/wp-content\/uploads\/2025\/02\/025Soundtracks-1.png\" class=\"skip-lazy disable-lazyload attachment-portfolio-thumb_large size-portfolio-thumb_large\" alt=\"\" srcset=\"https:\/\/modenafuturacreativa.it\/wp-content\/uploads\/2025\/02\/025Soundtracks-1.png 768w, https:\/\/modenafuturacreativa.it\/wp-content\/uploads\/2025\/02\/025Soundtracks-1-300x226.png 300w\" sizes=\"auto, (max-width: 768px) 100vw, 768px\" \/><\/span><\/div>\n<div class=\"wpupg-meta-container\">\n<div class=\"wpupg-item-title wpupg-block-text-bold\">Soundtracks 2025<\/div>\n<span class=\"wpupg-item-date wpupg-block-text-normal\">2025<\/span>\n\n\n<\/div><\/a><a class=\"wpupg-item wpupg-item-post wpupg-item-4165 wpupg-type-portfolio wpupg-item-has-image wpupg-template-modena-futura wpupg-tax-project-type-corsi wpupg-parent-tax-project-type-corsi wpupg-tax-project-type-formazione2025 wpupg-parent-tax-project-type-formazione2025 wpupg-item-link\" href=\"https:\/\/modenafuturacreativa.it\/es\/unesco\/inside-live-performing-media-arts-5\/\" target=\"_self\" data-id=\"4165\" data-order-default=\"1737379834\"><div class=\"wpupg-item-image wpupg-block-image-rounded wpupg-align-center\"><span href=\"https:\/\/modenafuturacreativa.it\/es\/unesco\/inside-live-performing-media-arts-5\/\" target=\"_self\"><img loading=\"lazy\" decoding=\"async\" style=\"border-width: 0px;border-style: solid;border-color: #666666;border-radius: 5px;\" width=\"575\" height=\"414\" src=\"https:\/\/modenafuturacreativa.it\/wp-content\/uploads\/2025\/01\/inside025-1.png\" class=\"skip-lazy disable-lazyload attachment-portfolio-thumb_large size-portfolio-thumb_large\" alt=\"\" srcset=\"https:\/\/modenafuturacreativa.it\/wp-content\/uploads\/2025\/01\/inside025-1.png 575w, https:\/\/modenafuturacreativa.it\/wp-content\/uploads\/2025\/01\/inside025-1-300x216.png 300w\" sizes=\"auto, (max-width: 575px) 100vw, 575px\" \/><\/span><\/div>\n<div class=\"wpupg-meta-container\">\n<div class=\"wpupg-item-title wpupg-block-text-bold\">INSIDE LIVE: Performing &amp; Media Arts<\/div>\n<span class=\"wpupg-item-date wpupg-block-text-normal\">2025<\/span>\n\n\n<\/div><\/a><a class=\"wpupg-item wpupg-item-post wpupg-item-4158 wpupg-type-portfolio wpupg-item-has-image wpupg-template-modena-futura wpupg-tax-project-type-eventi wpupg-parent-tax-project-type-eventi wpupg-tax-project-type-2025 wpupg-parent-tax-project-type-2025 wpupg-item-link\" href=\"https:\/\/modenafuturacreativa.it\/es\/unesco\/acquatico-concerto-finale\/\" target=\"_self\" data-id=\"4158\" data-order-default=\"1737025102\"><div class=\"wpupg-item-image wpupg-block-image-rounded wpupg-align-center\"><span href=\"https:\/\/modenafuturacreativa.it\/es\/unesco\/acquatico-concerto-finale\/\" target=\"_self\"><img loading=\"lazy\" decoding=\"async\" style=\"border-width: 0px;border-style: solid;border-color: #666666;border-radius: 5px;\" width=\"900\" height=\"604\" src=\"https:\/\/modenafuturacreativa.it\/wp-content\/uploads\/2025\/01\/AQCUATICO-900x604.png\" class=\"skip-lazy disable-lazyload attachment-portfolio-thumb_large size-portfolio-thumb_large\" alt=\"\" srcset=\"https:\/\/modenafuturacreativa.it\/wp-content\/uploads\/2025\/01\/AQCUATICO-900x604.png 900w, https:\/\/modenafuturacreativa.it\/wp-content\/uploads\/2025\/01\/AQCUATICO-600x403.png 600w, https:\/\/modenafuturacreativa.it\/wp-content\/uploads\/2025\/01\/AQCUATICO-400x269.png 400w\" sizes=\"auto, (max-width: 900px) 100vw, 900px\" \/><\/span><\/div>\n<div class=\"wpupg-meta-container\">\n<div class=\"wpupg-item-title wpupg-block-text-bold\">ACQUATICO. Concerto finale<\/div>\n<span class=\"wpupg-item-date wpupg-block-text-normal\">2025<\/span>\n\n\n<\/div><\/a><a class=\"wpupg-item wpupg-item-post wpupg-item-4050 wpupg-type-portfolio wpupg-item-has-image wpupg-template-modena-futura wpupg-tax-project-type-corsi wpupg-parent-tax-project-type-corsi wpupg-tax-project-type-2024-it-it wpupg-parent-tax-project-type-2024-it-it wpupg-item-link\" href=\"https:\/\/modenafuturacreativa.it\/es\/unesco\/centro-musica-urban-video-corso-avanzato-di-videomaking-per-la-produzione-di-contenuti\/\" target=\"_self\" data-id=\"4050\" data-order-default=\"1729252535\"><div class=\"wpupg-item-image wpupg-block-image-rounded wpupg-align-center\"><span href=\"https:\/\/modenafuturacreativa.it\/es\/unesco\/centro-musica-urban-video-corso-avanzato-di-videomaking-per-la-produzione-di-contenuti\/\" target=\"_self\"><img loading=\"lazy\" decoding=\"async\" style=\"border-width: 0px;border-style: solid;border-color: #666666;border-radius: 5px;\" width=\"724\" height=\"604\" src=\"https:\/\/modenafuturacreativa.it\/wp-content\/uploads\/2024\/10\/Urban-Video-Riprese-in-Tenda-1-724x604.jpg\" class=\"skip-lazy disable-lazyload attachment-portfolio-thumb_large size-portfolio-thumb_large\" alt=\"\" \/><\/span><\/div>\n<div class=\"wpupg-meta-container\">\n<div class=\"wpupg-item-title wpupg-block-text-bold\">Centro Musica \u201cUrban video\u201d<\/div>\n<span class=\"wpupg-item-date wpupg-block-text-normal\">2024<\/span>\n\n\n<\/div><\/a><a class=\"wpupg-item wpupg-item-post wpupg-item-3742 wpupg-type-portfolio wpupg-item-has-image wpupg-template-modena-futura wpupg-tax-project-type-eventi wpupg-parent-tax-project-type-eventi wpupg-tax-project-type-2024 wpupg-parent-tax-project-type-2024 wpupg-item-link\" href=\"https:\/\/modenafuturacreativa.it\/es\/unesco\/festa-europea-della-musica-2024\/\" target=\"_self\" data-id=\"3742\" data-order-default=\"1718637539\"><div class=\"wpupg-item-image wpupg-block-image-rounded wpupg-align-center\"><span href=\"https:\/\/modenafuturacreativa.it\/es\/unesco\/festa-europea-della-musica-2024\/\" target=\"_self\"><img loading=\"lazy\" decoding=\"async\" style=\"border-width: 0px;border-style: solid;border-color: #666666;border-radius: 5px;\" width=\"900\" height=\"604\" src=\"https:\/\/modenafuturacreativa.it\/wp-content\/uploads\/2024\/06\/festa-della-musica-900x604.png\" class=\"skip-lazy disable-lazyload attachment-portfolio-thumb_large size-portfolio-thumb_large\" alt=\"\" srcset=\"https:\/\/modenafuturacreativa.it\/wp-content\/uploads\/2024\/06\/festa-della-musica-900x604.png 900w, https:\/\/modenafuturacreativa.it\/wp-content\/uploads\/2024\/06\/festa-della-musica-600x403.png 600w, https:\/\/modenafuturacreativa.it\/wp-content\/uploads\/2024\/06\/festa-della-musica-400x269.png 400w\" sizes=\"auto, (max-width: 900px) 100vw, 900px\" \/><\/span><\/div>\n<div class=\"wpupg-meta-container\">\n<div class=\"wpupg-item-title wpupg-block-text-bold\">Festa Europea della musica 2024<\/div>\n<span class=\"wpupg-item-date wpupg-block-text-normal\">2024<\/span>\n\n\n<\/div><\/a><a class=\"wpupg-item wpupg-item-post wpupg-item-3664 wpupg-type-portfolio wpupg-item-has-image wpupg-template-modena-futura wpupg-tax-project-type-eventi wpupg-parent-tax-project-type-eventi wpupg-tax-project-type-2024 wpupg-parent-tax-project-type-2024 wpupg-item-link\" href=\"https:\/\/modenafuturacreativa.it\/es\/unesco\/centro-musica-open-day-per-i-30-anni\/\" target=\"_self\" data-id=\"3664\" data-order-default=\"1713545444\"><div class=\"wpupg-item-image wpupg-block-image-rounded wpupg-align-center\"><span href=\"https:\/\/modenafuturacreativa.it\/es\/unesco\/centro-musica-open-day-per-i-30-anni\/\" target=\"_self\"><img loading=\"lazy\" decoding=\"async\" style=\"border-width: 0px;border-style: solid;border-color: #666666;border-radius: 5px;\" width=\"800\" height=\"450\" src=\"https:\/\/modenafuturacreativa.it\/wp-content\/uploads\/2024\/04\/centromusicamodena.png\" class=\"skip-lazy disable-lazyload attachment-portfolio-thumb_large size-portfolio-thumb_large\" alt=\"\" srcset=\"https:\/\/modenafuturacreativa.it\/wp-content\/uploads\/2024\/04\/centromusicamodena.png 800w, https:\/\/modenafuturacreativa.it\/wp-content\/uploads\/2024\/04\/centromusicamodena-300x169.png 300w, https:\/\/modenafuturacreativa.it\/wp-content\/uploads\/2024\/04\/centromusicamodena-768x432.png 768w\" sizes=\"auto, (max-width: 800px) 100vw, 800px\" \/><\/span><\/div>\n<div class=\"wpupg-meta-container\">\n<div class=\"wpupg-item-title wpupg-block-text-bold\">Centro Musica open day per i 30 anni<\/div>\n<span class=\"wpupg-item-date wpupg-block-text-normal\">2024<\/span>\n\n\n<\/div><\/a><a class=\"wpupg-item wpupg-item-post wpupg-item-3472 wpupg-type-portfolio wpupg-item-has-image wpupg-template-modena-futura wpupg-tax-project-type-corsi wpupg-parent-tax-project-type-corsi wpupg-tax-project-type-2024-it-it wpupg-parent-tax-project-type-2024-it-it wpupg-item-link\" href=\"https:\/\/modenafuturacreativa.it\/es\/unesco\/soundtracks-2024-residenza-artistica\/\" target=\"_self\" data-id=\"3472\" data-order-default=\"1707154668\"><div class=\"wpupg-item-image wpupg-block-image-rounded wpupg-align-center\"><span href=\"https:\/\/modenafuturacreativa.it\/es\/unesco\/soundtracks-2024-residenza-artistica\/\" target=\"_self\"><img loading=\"lazy\" decoding=\"async\" style=\"border-width: 0px;border-style: solid;border-color: #666666;border-radius: 5px;\" width=\"900\" height=\"577\" src=\"https:\/\/modenafuturacreativa.it\/wp-content\/uploads\/2024\/02\/Soundtracks-2024-Copertina-di-Facebook-1-900x577.jpg\" class=\"skip-lazy disable-lazyload attachment-portfolio-thumb_large size-portfolio-thumb_large\" alt=\"\" \/><\/span><\/div>\n<div class=\"wpupg-meta-container\">\n<div class=\"wpupg-item-title wpupg-block-text-bold\">Soundtracks 2024 \u2013 Residenza artistica<\/div>\n<span class=\"wpupg-item-date wpupg-block-text-normal\">2024<\/span>\n\n\n<\/div><\/a><a class=\"wpupg-item wpupg-item-post wpupg-item-3468 wpupg-type-portfolio wpupg-item-has-image wpupg-template-modena-futura wpupg-tax-project-type-corsi wpupg-parent-tax-project-type-corsi wpupg-tax-project-type-2024-it-it wpupg-parent-tax-project-type-2024-it-it wpupg-item-link\" href=\"https:\/\/modenafuturacreativa.it\/es\/unesco\/inside-live-performing-media-arts-3\/\" target=\"_self\" data-id=\"3468\" data-order-default=\"1707154452\"><div class=\"wpupg-item-image wpupg-block-image-rounded wpupg-align-center\"><span href=\"https:\/\/modenafuturacreativa.it\/es\/unesco\/inside-live-performing-media-arts-3\/\" target=\"_self\"><img loading=\"lazy\" decoding=\"async\" style=\"border-width: 0px;border-style: solid;border-color: #666666;border-radius: 5px;\" width=\"900\" height=\"577\" src=\"https:\/\/modenafuturacreativa.it\/wp-content\/uploads\/2024\/02\/Inside-Live-2024-orizzontale-1-900x577.jpg\" class=\"skip-lazy disable-lazyload attachment-portfolio-thumb_large size-portfolio-thumb_large\" alt=\"\" \/><\/span><\/div>\n<div class=\"wpupg-meta-container\">\n<div class=\"wpupg-item-title wpupg-block-text-bold\">INSIDE LIVE: Performing &amp; Media Arts<\/div>\n<span class=\"wpupg-item-date wpupg-block-text-normal\">2024<\/span>\n\n\n<\/div><\/a><a class=\"wpupg-item wpupg-item-post wpupg-item-3287 wpupg-type-portfolio wpupg-item-has-image wpupg-template-modena-futura wpupg-tax-project-type-2023-it-eventi wpupg-parent-tax-project-type-2023-it-eventi wpupg-parent-tax-project-type-eventi wpupg-item-link\" href=\"https:\/\/modenafuturacreativa.it\/es\/unesco\/soniche-plays-changes-by-ellen-arkbro\/\" target=\"_self\" data-id=\"3287\" data-order-default=\"1699359692\"><div class=\"wpupg-item-image wpupg-block-image-rounded wpupg-align-center\"><span href=\"https:\/\/modenafuturacreativa.it\/es\/unesco\/soniche-plays-changes-by-ellen-arkbro\/\" target=\"_self\"><img loading=\"lazy\" decoding=\"async\" style=\"border-width: 0px;border-style: solid;border-color: #666666;border-radius: 5px;\" width=\"900\" height=\"470\" src=\"https:\/\/modenafuturacreativa.it\/wp-content\/uploads\/2023\/11\/SONICHE-plays-CHANGES-900x470.jpeg\" class=\"skip-lazy disable-lazyload attachment-portfolio-thumb_large size-portfolio-thumb_large\" alt=\"\" \/><\/span><\/div>\n<div class=\"wpupg-meta-container\">\n<div class=\"wpupg-item-title wpupg-block-text-bold\">SONICHE plays CHANGES by Ellen Arkbro<\/div>\n<span class=\"wpupg-item-date wpupg-block-text-normal\">2023<\/span>\n\n\n<\/div><\/a><a class=\"wpupg-item wpupg-item-post wpupg-item-3205 wpupg-type-portfolio wpupg-item-has-image wpupg-template-modena-futura wpupg-tax-project-type-eventi wpupg-parent-tax-project-type-eventi wpupg-tax-project-type-2023-it-eventi wpupg-parent-tax-project-type-2023-it-eventi wpupg-item-link\" href=\"https:\/\/modenafuturacreativa.it\/es\/unesco\/concerto-sonitus-2023\/\" target=\"_self\" data-id=\"3205\" data-order-default=\"1695297516\"><div class=\"wpupg-item-image wpupg-block-image-rounded wpupg-align-center\"><span href=\"https:\/\/modenafuturacreativa.it\/es\/unesco\/concerto-sonitus-2023\/\" target=\"_self\"><img loading=\"lazy\" decoding=\"async\" style=\"border-width: 0px;border-style: solid;border-color: #666666;border-radius: 5px;\" width=\"900\" height=\"604\" src=\"https:\/\/modenafuturacreativa.it\/wp-content\/uploads\/2023\/09\/Radici-restituzione-Quadrato-900x604.png\" class=\"skip-lazy disable-lazyload attachment-portfolio-thumb_large size-portfolio-thumb_large\" alt=\"\" srcset=\"https:\/\/modenafuturacreativa.it\/wp-content\/uploads\/2023\/09\/Radici-restituzione-Quadrato-900x604.png 900w, https:\/\/modenafuturacreativa.it\/wp-content\/uploads\/2023\/09\/Radici-restituzione-Quadrato-600x403.png 600w, https:\/\/modenafuturacreativa.it\/wp-content\/uploads\/2023\/09\/Radici-restituzione-Quadrato-400x269.png 400w\" sizes=\"auto, (max-width: 900px) 100vw, 900px\" \/><\/span><\/div>\n<div class=\"wpupg-meta-container\">\n<div class=\"wpupg-item-title wpupg-block-text-bold\">Concerto SONITUS 2023<\/div>\n<span class=\"wpupg-item-date wpupg-block-text-normal\">2023<\/span>\n\n\n<\/div><\/a><a class=\"wpupg-item wpupg-item-post wpupg-item-2195 wpupg-type-portfolio wpupg-item-has-image wpupg-template-modena-futura wpupg-tax-project-type-corsi wpupg-parent-tax-project-type-corsi wpupg-tax-project-type-2023-it wpupg-parent-tax-project-type-2023-it wpupg-item-link\" href=\"https:\/\/modenafuturacreativa.it\/es\/unesco\/sonitus-2023\/\" target=\"_self\" data-id=\"2195\" data-order-default=\"1684857030\"><div class=\"wpupg-item-image wpupg-block-image-rounded wpupg-align-center\"><span href=\"https:\/\/modenafuturacreativa.it\/es\/unesco\/sonitus-2023\/\" target=\"_self\"><img loading=\"lazy\" decoding=\"async\" style=\"border-width: 0px;border-style: solid;border-color: #666666;border-radius: 5px;\" width=\"890\" height=\"552\" src=\"https:\/\/modenafuturacreativa.it\/wp-content\/uploads\/2023\/05\/9cc6ec4a-b58d-4257-88b5-7fbf71a90922.jpeg\" class=\"skip-lazy disable-lazyload attachment-portfolio-thumb_large size-portfolio-thumb_large\" alt=\"\" srcset=\"https:\/\/modenafuturacreativa.it\/wp-content\/uploads\/2023\/05\/9cc6ec4a-b58d-4257-88b5-7fbf71a90922.jpeg 890w, https:\/\/modenafuturacreativa.it\/wp-content\/uploads\/2023\/05\/9cc6ec4a-b58d-4257-88b5-7fbf71a90922-300x186.jpeg 300w, https:\/\/modenafuturacreativa.it\/wp-content\/uploads\/2023\/05\/9cc6ec4a-b58d-4257-88b5-7fbf71a90922-768x476.jpeg 768w\" sizes=\"auto, (max-width: 890px) 100vw, 890px\" \/><\/span><\/div>\n<div class=\"wpupg-meta-container\">\n<div class=\"wpupg-item-title wpupg-block-text-bold\">SONITUS 2023<\/div>\n<span class=\"wpupg-item-date wpupg-block-text-normal\">2023<\/span>\n\n\n<\/div><\/a><a class=\"wpupg-item wpupg-item-post wpupg-item-2705 wpupg-type-portfolio wpupg-item-has-image wpupg-template-modena-futura wpupg-tax-project-type-eventi wpupg-parent-tax-project-type-eventi wpupg-tax-project-type-2023-it-eventi wpupg-parent-tax-project-type-2023-it-eventi wpupg-item-link\" href=\"https:\/\/modenafuturacreativa.it\/es\/unesco\/festa-della-musica-2023\/\" target=\"_self\" data-id=\"2705\" data-order-default=\"1683195205\"><div class=\"wpupg-item-image wpupg-block-image-rounded wpupg-align-center\"><span href=\"https:\/\/modenafuturacreativa.it\/es\/unesco\/festa-della-musica-2023\/\" target=\"_self\"><img loading=\"lazy\" decoding=\"async\" style=\"border-width: 0px;border-style: solid;border-color: #666666;border-radius: 5px;\" width=\"900\" height=\"604\" src=\"https:\/\/modenafuturacreativa.it\/wp-content\/uploads\/2023\/07\/festa-della-musica-900x604.jpg\" class=\"skip-lazy disable-lazyload attachment-portfolio-thumb_large size-portfolio-thumb_large\" alt=\"\" srcset=\"https:\/\/modenafuturacreativa.it\/wp-content\/uploads\/2023\/07\/festa-della-musica-900x604.jpg 900w, https:\/\/modenafuturacreativa.it\/wp-content\/uploads\/2023\/07\/festa-della-musica-600x403.jpg 600w, https:\/\/modenafuturacreativa.it\/wp-content\/uploads\/2023\/07\/festa-della-musica-400x269.jpg 400w\" sizes=\"auto, (max-width: 900px) 100vw, 900px\" \/><\/span><\/div>\n<div class=\"wpupg-meta-container\">\n<div class=\"wpupg-item-title wpupg-block-text-bold\">Festa Della Musica 2023<\/div>\n<span class=\"wpupg-item-date wpupg-block-text-normal\">2023<\/span>\n\n\n<\/div><\/a><a class=\"wpupg-item wpupg-item-post wpupg-item-1639 wpupg-type-portfolio wpupg-item-has-image wpupg-template-modena-futura wpupg-tax-project-type-corsi wpupg-parent-tax-project-type-corsi wpupg-tax-project-type-2023-it wpupg-parent-tax-project-type-2023-it wpupg-item-link\" href=\"https:\/\/modenafuturacreativa.it\/es\/unesco\/inside-live-performing-media-arts\/\" target=\"_self\" data-id=\"1639\" data-order-default=\"1676027850\"><div class=\"wpupg-item-image wpupg-block-image-rounded wpupg-align-center\"><span href=\"https:\/\/modenafuturacreativa.it\/es\/unesco\/inside-live-performing-media-arts\/\" target=\"_self\"><img loading=\"lazy\" decoding=\"async\" style=\"border-width: 0px;border-style: solid;border-color: #666666;border-radius: 5px;\" width=\"900\" height=\"340\" src=\"https:\/\/modenafuturacreativa.it\/wp-content\/uploads\/2023\/02\/news-900x340.jpg\" class=\"skip-lazy disable-lazyload attachment-portfolio-thumb_large size-portfolio-thumb_large\" alt=\"\" \/><\/span><\/div>\n<div class=\"wpupg-meta-container\">\n<div class=\"wpupg-item-title wpupg-block-text-bold\">INSIDE LIVE: PERFORMING &amp; MEDIA ARTS<\/div>\n<span class=\"wpupg-item-date wpupg-block-text-normal\">2023<\/span>\n\n\n<\/div><\/a><\/div><\/div><\/div>\n<\/div>\n\n\n\n<div class=\"divider-wrap\" data-alignment=\"default\"><div style=\"height: 10vh;\" class=\"divider\"><\/div><\/div>\n\t\t\t<\/div> \n\t\t<\/div>\n\t<\/div> \n<\/div><\/div>\n\t\t<div id=\"fws_6a9b78b2c386f\"  data-column-margin=\"default\" data-midnight=\"dark\" data-bottom-percent=\"10%\"  class=\"wpb_row vc_row-fluid vc_row full-width-section has-row-bg-color\"  style=\"padding-top: 0px; padding-bottom: calc(100vw * 0.10); --row-bg-color: #ffffff;\"><div class=\"row-bg-wrap\" data-bg-animation=\"none\" data-bg-animation-delay=\"\" data-bg-overlay=\"false\"><div class=\"inner-wrap row-bg-layer\" ><div class=\"row-bg viewport-desktop using-bg-color\"  style=\"background-color: #ffffff; \"><\/div><\/div><\/div><div class=\"row_col_wrap_12 col span_12 dark left\">\n\t<div  class=\"vc_col-sm-3 wpb_column column_container vc_column_container col no-extra-padding inherit_tablet inherit_phone \"  data-padding-pos=\"all\" data-has-bg-color=\"false\" data-bg-color=\"\" data-bg-opacity=\"1\" data-animation=\"\" data-delay=\"0\" >\n\t\t<div class=\"vc_column-inner\" >\n\t\t\t<div class=\"wpb_wrapper\">\n\t\t\t\t\n\t\t\t<\/div> \n\t\t<\/div>\n\t<\/div> \n\n\t<div  class=\"vc_col-sm-9 wpb_column column_container vc_column_container col no-extra-padding inherit_tablet inherit_phone \"  data-padding-pos=\"all\" data-has-bg-color=\"false\" data-bg-color=\"\" data-bg-opacity=\"1\" data-animation=\"\" data-delay=\"0\" >\n\t\t<div class=\"vc_column-inner\" >\n\t\t\t<div class=\"wpb_wrapper\">\n\t\t\t\t<div class=\"img-with-aniamtion-wrap center\" data-max-width=\"100%\" data-max-width-mobile=\"default\" data-shadow=\"none\" data-animation=\"none\" >\n      <div class=\"inner\">\n        <div class=\"hover-wrap\"> \n          <div class=\"hover-wrap-inner\">\n            <img loading=\"lazy\" decoding=\"async\" class=\"img-with-animation skip-lazy\" data-delay=\"0\" height=\"81\" width=\"104\" data-animation=\"none\" src=\"https:\/\/modenafuturacreativa.it\/wp-content\/uploads\/2023\/05\/palla2-icona.png\" alt=\"\"  \/>\n          <\/div>\n        <\/div>\n        \n      <\/div>\n    <\/div><div class=\"nectar-cta freccia alignment_tablet_default alignment_phone_default display_tablet_inherit display_phone_inherit \" data-color=\"default\" data-using-bg=\"false\" data-display=\"block\" data-style=\"underline\" data-alignment=\"center\" data-text-color=\"custom\" style=\"--nectar-text-color: #000000; --nectar-button-color: var(--nectar-default); --nectar-icon-gap: 10px; \"><h6 style=\"color: #000000;\"> <span class=\"link_wrap\" ><a  class=\"link_text\" style=\"border-color: #000000;\" role=\"button\" href=\"https:\/\/modenafuturacreativa.it\/mappa-della-creativita\/\">TORNA ALLA MAPPA<\/a><\/span><\/h6><\/div>\n\t\t\t<\/div> \n\t\t<\/div>\n\t<\/div> \n<\/div><\/div>\n\t\t<div id=\"fws_6a9b78b2c4047\"  data-column-margin=\"default\" data-midnight=\"dark\"  class=\"wpb_row vc_row-fluid vc_row full-width-content vc_row-o-equal-height vc_row-flex vc_row-o-content-top  zindex-set\"  style=\"padding-top: 0px; padding-bottom: 0px;  z-index: -1;\"><div class=\"row-bg-wrap\" data-bg-animation=\"none\" data-bg-animation-delay=\"\" data-bg-overlay=\"false\"><div class=\"inner-wrap row-bg-layer\" ><div class=\"row-bg viewport-desktop\"  style=\"\"><\/div><\/div><\/div><div class=\"row_col_wrap_12 col span_12 dark left\">\n\t<div  class=\"vc_col-sm-12 wpb_column column_container vc_column_container col no-extra-padding inherit_tablet inherit_phone \"  data-padding-pos=\"all\" data-has-bg-color=\"false\" data-bg-color=\"\" data-bg-opacity=\"1\" data-animation=\"\" data-delay=\"0\" >\n\t\t<div class=\"vc_column-inner\" >\n\t\t\t<div class=\"wpb_wrapper\">\n\t\t\t\t\n\t<div class=\"wpb_raw_code wpb_raw_html wpb_content_element\" >\n\t\t<div class=\"wpb_wrapper\">\n\t\t\t<script src=\"..\/..\/tube\/jsband-min.js\" type=\"text\/javascript\"><\/script>\n<script src=\"..\/..\/tube\/tube-min.js\" type=\"text\/javascript\"><\/script>\n<div id=\"tube_container\" style=\"background:#ffefbd; position: fixed;width: 100%;height: 100%;top: 0px;left: 0px;\"> <\/div>\n<script type=\"text\/javascript\">\n\t\tvar tube = new TubeAnimation(\"tube_container\", {\n\t\t\t\n\t\t\t\/\/Main settings\n\t\t\t\tTUBE_SIZE: 200,\n\t\t\t\tTUBE_WIDTH: 30,\n\t\t\t\tTUBE_DISTANCE: 450,\n\t\t\t\tPERSPECTIVE_DISTORTION: 0.8,\n\t\t\t\tTUBE_TORSION: 0.3,\n\t\t\t\tTUBE_STRETCH: 400,\n\t\t\t\tROTATION_SPEED: 2,\n\t\t\t\tDOT_COLOR: 'rgb(255, 191, 0)',\n\t\t\t\tDOT_SIZE: 1,\n\t\t\t\tDETALIZATION: 209,\n\t\t\t\tMESH_DISTRIBUTION: 0,\n\t\t\t\tMESH_RATIO: 18.103,\n\t\t\t\tOFFSET_X: 0, \/\/offset in pixels\n\t\t\t\tOFFSET_Y: 0, \/\/offset in pixels\n\t\t\t\tPERCENTAGE_OFFSET_X: 0, \/\/offset in percentages\n\t\t\t\tPERCENTAGE_OFFSET_Y: 0, \/\/offset in percentages\n\n\t\t\t\/\/Responsivity settings\n\t\t\t\tAUTO_SCALE: false,\n\t\t\t\tVIEWPORT_WIDTH: 1000,\n\t\t\t\tVIEWPORT_HEIGHT: 1000,\n\t\t\t\n\t\t\t\/\/Mouse settings\n\t\t\t\tMOUSE_DISTANCE_MIN: 20,\n\t\t\t\tMOUSE_DISTANCE_MAX: 400,\n\t\t\t\tMOUSE_SENSITIVITY: 0.1,\n\t\t\t\tINERTIAL_TIME: 2,\n\t\t\t\t\n\t\t\t\/\/Main morphing settings\n\t\t\t\tUSE_MAIN_MORPHING: true,\n\t\t\t\tMAIN_MORPHING_AUTOPLAY: true,\n\t\t\t\tMAIN_MORPHING_DURATION: 1.5,\n\t\t\t\tMAIN_MORPHING_DELAY: 2,\n\t\t\t\tMAIN_MORPHING_TRANSITION_TYPE: \"cubic\",\n\t\t\t\tMAIN_MORPHING_STAGES: [\n\t\t\t\t\t{DOT_COLOR: 'rgb(255, 191, 0)'},\n\t\t\t\t\t{DOT_COLOR: 'rgba(255, 191, 0, 1)'},\n\t\t\t\t\t{DOT_COLOR: 'rgba(255, 191, 0, 1)'},\n\t\t\t\t\t{DOT_COLOR: 'rgba(255, 191, 0, 1)'},\n\t\t\t\t\t{DOT_COLOR: 'rgba(255, 191, 0, 1)'},\n\t\t\t\t\t{DOT_COLOR: 'rgba(255, 191, 0, 1)'}\n\t\t\t\t],\n\t\t\t\t\t\t\n\t\t\t\/\/Surface distortion settings\n\t\t\t\tSURFACE_INITIAL_DISTORTION: {\n\t\t\t\t\t\twave1: {amplitude: 19.216, frequency: 4, phase: 1.201},\n\t\t\t\t\t\twave2: {amplitude: 0, frequency: 3, phase: 0},\n\t\t\t\t\t\twave3: {amplitude: 15, frequency: 2, phase: 0}   \n\t\t\t\t\t},\n\t\t\t\tUSE_SURFACE_MORPHING: false,\n\t\t\t\tUSE_SURFACE_MOTION: true,\n\t\t\t\tUSE_SURFACE_SWING: false,\n\t\t\t\t\t\t\t\t \n\t\t\t\/\/Surface motion settings\n\t\t\t\tWAVE_1_MOTION_SPEED: 1.5,\n\t\t\t\t\/\/WAVE_2_MOTION_SPEED: 1,\n\t\t\t\tWAVE_3_MOTION_SPEED: -1\t\t\t\n\t\t});\n\t\t\n\t<\/script>\n\t\t<\/div>\n\t<\/div>\n\n\t\t\t<\/div> \n\t\t<\/div>\n\t<\/div> \n<\/div><\/div>\n","protected":false},"excerpt":{"rendered":"Centro de M\u00fasica del Ayuntamiento de M\u00f3denaM\u00daSICA - FORMACI\u00d3N Navegar a la secci\u00f3n siguiente VISITAR MAPA VISITAR WEB CONTACTO En el marco de las actividades del Centro de M\u00fasica, se dedica una atenci\u00f3n espec\u00edfica a la...","protected":false},"author":1,"featured_media":2460,"parent":848,"menu_order":0,"comment_status":"closed","ping_status":"closed","template":"","meta":{"wpupg_custom_link":[],"wpupg_custom_link_behaviour":["default"],"wpupg_custom_link_nofollow":[],"wpupg_custom_image":[],"wpupg_custom_image_id":[],"footnotes":""},"class_list":["post-2225","page","type-page","status-publish","has-post-thumbnail"],"_links":{"self":[{"href":"https:\/\/modenafuturacreativa.it\/es\/wp-json\/wp\/v2\/pages\/2225","targetHints":{"allow":["GET"]}}],"collection":[{"href":"https:\/\/modenafuturacreativa.it\/es\/wp-json\/wp\/v2\/pages"}],"about":[{"href":"https:\/\/modenafuturacreativa.it\/es\/wp-json\/wp\/v2\/types\/page"}],"author":[{"embeddable":true,"href":"https:\/\/modenafuturacreativa.it\/es\/wp-json\/wp\/v2\/users\/1"}],"replies":[{"embeddable":true,"href":"https:\/\/modenafuturacreativa.it\/es\/wp-json\/wp\/v2\/comments?post=2225"}],"version-history":[{"count":17,"href":"https:\/\/modenafuturacreativa.it\/es\/wp-json\/wp\/v2\/pages\/2225\/revisions"}],"predecessor-version":[{"id":2643,"href":"https:\/\/modenafuturacreativa.it\/es\/wp-json\/wp\/v2\/pages\/2225\/revisions\/2643"}],"up":[{"embeddable":true,"href":"https:\/\/modenafuturacreativa.it\/es\/wp-json\/wp\/v2\/pages\/848"}],"wp:featuredmedia":[{"embeddable":true,"href":"https:\/\/modenafuturacreativa.it\/es\/wp-json\/wp\/v2\/media\/2460"}],"wp:attachment":[{"href":"https:\/\/modenafuturacreativa.it\/es\/wp-json\/wp\/v2\/media?parent=2225"}],"curies":[{"name":"wp","href":"https:\/\/api.w.org\/{rel}","templated":true}]}}