{"id":2103,"date":"2023-05-17T07:28:37","date_gmt":"2023-05-17T05:28:37","guid":{"rendered":"https:\/\/modenafuturacreativa.it\/?page_id=2103"},"modified":"2025-08-20T13:43:00","modified_gmt":"2025-08-20T11:43:00","slug":"ago","status":"publish","type":"page","link":"https:\/\/modenafuturacreativa.it\/es\/mappa-della-creativita\/ago\/","title":{"rendered":"AGO F\u00e1bricas culturales de M\u00f3dena"},"content":{"rendered":"\n\t\t<div id=\"fws_6a9b783d3b6f4\"  data-column-margin=\"default\" data-midnight=\"dark\"  class=\"wpb_row vc_row-fluid vc_row full-width-section  top_padding_tablet_0px top_padding_phone_0px\"  style=\"padding-top: 150px; padding-bottom: 0px; \"><div class=\"row-bg-wrap\" data-bg-animation=\"none\" data-bg-animation-delay=\"\" data-bg-overlay=\"false\"><div class=\"inner-wrap row-bg-layer\" ><div class=\"row-bg viewport-desktop\"  style=\"\"><\/div><\/div><\/div><div class=\"row_col_wrap_12 col span_12 dark left\">\n\t<div  class=\"vc_col-sm-3 creativita wpb_column column_container vc_column_container col padding-5-percent inherit_tablet inherit_phone border_color_d9d9d9 border_style_solid \"  data-overlay-color=\"true\" data-padding-pos=\"top-bottom\" data-has-bg-color=\"false\" data-bg-color=\"\" data-bg-opacity=\"1\" data-animation=\"\" data-delay=\"0\" >\n\t\t<div class=\"vc_column-inner\" ><div class=\"column-bg-overlay-wrap column-bg-layer\" data-bg-animation=\"none\"><div class=\"column-bg-overlay\"><\/div><div class=\"column-overlay-layer\" style=\"background-color:transparent;  opacity: 1; \"><\/div><\/div>\n\t\t\t<div class=\"wpb_wrapper\">\n\t\t\t\t\n\t\t\t<\/div> \n\t\t<\/div>\n\t<\/div> \n\n\t<div style=\"\" class=\"vc_col-sm-9 wpb_column column_container vc_column_container col has-animation padding-2-percent inherit_tablet inherit_phone tl_br_50px tr_br_50px \" data-using-bg=\"true\" data-overlay-color=\"true\" data-padding-pos=\"all\" data-has-bg-color=\"false\" data-bg-color=\"\" data-bg-opacity=\"1\" data-animation=\"fade-in-from-bottom\" data-delay=\"0\" >\n\t\t<div class=\"vc_column-inner\" ><div class=\"column-image-bg-wrap column-bg-layer viewport-desktop\" data-bg-pos=\"center center\" data-bg-animation=\"none\" data-bg-overlay=\"false\"><div class=\"inner-wrap\"><div class=\"column-image-bg\" style=\" background-image: url('https:\/\/modenafuturacreativa.it\/wp-content\/uploads\/2023\/06\/1.jpg'); \"><\/div><\/div><\/div><div class=\"column-bg-overlay-wrap column-bg-layer\" data-bg-animation=\"none\"><div class=\"column-bg-overlay\"><\/div><div class=\"column-overlay-layer\" style=\"background:radial-gradient(circle at top, rgba(186,195,194,0) 5%, rgb(186,195,194) 85%);\"><\/div><\/div>\n\t\t\t<div class=\"wpb_wrapper\">\n\t\t\t\t<div class=\"divider-wrap height_tablet_45px height_phone_45px \" data-alignment=\"default\"><div style=\"height: 300px;\" class=\"divider\"><\/div><\/div><div class=\"nectar-split-heading  font_size_2vw font_size_tablet_40px font_size_phone_40px font_line_height_1px \" data-align=\"default\" data-m-align=\"inherit\" data-text-effect=\"letter-reveal-bottom\" data-animation-type=\"line-reveal-by-space\" data-animation-delay=\"200\" data-animation-offset=\"\" data-m-rm-animation=\"\" data-stagger=\"true\" data-custom-font-size=\"true\" style=\"font-size: 2vw; line-height: 2.2vw;\"><i style=\" color: #333333;\">AGO Modena Fabbriche Culturali<\/i><\/div><div class=\"divider-wrap\" data-alignment=\"default\"><div style=\"margin-top: 0.5px; height: 1px; margin-bottom: 0.5px;\" data-width=\"100%\" data-animate=\"yes\" data-animation-delay=\"\" data-color=\"extra-color-gradient-1\" class=\"divider-border\"><\/div><\/div><div class=\"nectar-split-heading  font_line_height_2px \" data-align=\"default\" data-m-align=\"inherit\" data-text-effect=\"default\" data-animation-type=\"line-reveal-by-space\" data-animation-delay=\"800\" data-animation-offset=\"\" data-m-rm-animation=\"\" data-stagger=\"true\" data-custom-font-size=\"false\" ><h3 style=\" color: #333333;\">DIGITALIZZAZIONE - FORMAZIONE<\/h3><\/div><div class=\"divider-wrap\" data-alignment=\"default\"><div style=\"height: 45px;\" class=\"divider\"><\/div><\/div><div class=\"nectar-next-section-wrap minimal-arrow alignment_tablet_default alignment_phone_default display_tablet_inline-block display_phone_inline-block position_desktop_absolute right_position_desktop_2pct bottom_position_desktop_50px \" style=\"--nectar-icon-gap: 10px; --nectar-next-section-icon-size: 1; \" data-align=\"right\" data-custom-color=\"true\">\n    <a href=\"#\" class=\"nectar-next-section skip-hash\">\n      <span class=\"screen-reader-text\">Navigate to the next section<\/span>\n      <svg class=\"next-arrow\" width=\"40px\" height=\"68px\" viewBox=\"0 0 40 50\" xml:space=\"preserve\">\n      <path stroke=\"#ffffff\" stroke-width=\"2\" fill=\"none\" d=\"M 20 0 L 20 51\"><\/path>\n      <polyline stroke=\"#ffffff\" stroke-width=\"2\" fill=\"none\" points=\"12, 44 20, 52 28, 44\"><\/polyline>\n      <\/svg>\n    <\/a>\n  <\/div>\n\t\t\t<\/div> \n\t\t<\/div>\n\t<\/div> \n<\/div><\/div>\n\t\t<div id=\"fws_6a9b783d3c5dc\"  data-column-margin=\"default\" data-midnight=\"dark\"  class=\"wpb_row vc_row-fluid vc_row full-width-section has-row-bg-color\"  style=\"padding-top: 0px; padding-bottom: 0px; --row-bg-color: #ffffff;\"><div class=\"row-bg-wrap\" data-bg-animation=\"none\" data-bg-animation-delay=\"\" data-bg-overlay=\"false\"><div class=\"inner-wrap row-bg-layer\" ><div class=\"row-bg viewport-desktop using-bg-color\"  style=\"background-color: #ffffff; \"><\/div><\/div><\/div><div class=\"row_col_wrap_12 col span_12 dark left\">\n\t<div  class=\"vc_col-sm-3 vc_hidden-sm vc_hidden-xs wpb_column column_container vc_column_container col no-extra-padding inherit_tablet inherit_phone \"  data-padding-pos=\"all\" data-has-bg-color=\"false\" data-bg-color=\"\" data-bg-opacity=\"1\" data-animation=\"\" data-delay=\"0\" >\n\t\t<div class=\"vc_column-inner\" >\n\t\t\t<div class=\"wpb_wrapper\">\n\t\t\t\t\n\t\t\t<\/div> \n\t\t<\/div>\n\t<\/div> \n\n\t<div style=\"margin-bottom: 5%; \" class=\"vc_col-sm-9 wpb_column column_container vc_column_container col has-animation padding-2-percent padding-2-percent_tablet padding-2-percent_phone bl_br_50px br_br_50px \" data-using-bg=\"true\" data-padding-pos=\"all\" data-has-bg-color=\"true\" data-bg-color=\"#e5e5e5\" data-bg-opacity=\"1\" data-animation=\"fade-in-from-bottom\" data-delay=\"0\" >\n\t\t<div class=\"vc_column-inner\" ><div class=\"column-bg-overlay-wrap column-bg-layer\" data-bg-animation=\"none\"><div class=\"column-bg-overlay\" style=\"opacity: 1; background-color: #e5e5e5;\"><\/div><\/div>\n\t\t\t<div class=\"wpb_wrapper\">\n\t\t\t\t<div class=\"divider-wrap height_tablet_4vh height_phone_4vh \" data-alignment=\"default\"><div style=\"height: 0vh;\" class=\"divider\"><\/div><\/div><div id=\"fws_6a9b783d3cae3\" data-midnight=\"\" data-column-margin=\"default\" class=\"wpb_row vc_row-fluid vc_row inner_row\"  style=\"\"><div class=\"row-bg-wrap\"> <div class=\"row-bg\" ><\/div> <\/div><div class=\"row_col_wrap_12_inner col span_12  left\">\n\t<div  class=\"vc_col-sm-4 wpb_column column_container vc_column_container col child_column padding-2-percent inherit_tablet inherit_phone \"   data-padding-pos=\"left\" data-has-bg-color=\"false\" data-bg-color=\"\" data-bg-opacity=\"1\" data-animation=\"\" data-delay=\"0\" >\n\t\t<div class=\"vc_column-inner\" >\n\t\t<div class=\"wpb_wrapper\">\n\t\t\t<div class=\"iwithtext\"><div class=\"iwt-icon\"> <i class=\"icon-default-style steadysets-icon-map-marker extra-color-2\"><\/i> <\/div><div class=\"iwt-text\"> <a href=\"https:\/\/goo.gl\/maps\/Rv4wCVGK1TAJDzQv5\" target=\"_blank\" rel=\"noopener\">VISITA MAPPA<\/a> <\/div><div class=\"clear\"><\/div><\/div>\n\t\t<\/div> \n\t<\/div>\n\t<\/div> \n\n\t<div  class=\"vc_col-sm-4 wpb_column column_container vc_column_container col child_column padding-2-percent inherit_tablet inherit_phone \"   data-padding-pos=\"left\" data-has-bg-color=\"false\" data-bg-color=\"\" data-bg-opacity=\"1\" data-animation=\"\" data-delay=\"0\" >\n\t\t<div class=\"vc_column-inner\" >\n\t\t<div class=\"wpb_wrapper\">\n\t\t\t<div class=\"iwithtext\"><div class=\"iwt-icon\"> <i class=\"icon-default-style fa fa-external-link extra-color-2\"><\/i> <\/div><div class=\"iwt-text\"> <a href=\"https:\/\/www.agomodena.it\/it\/\" target=\"_blank\" rel=\"noopener\">VISITA IL SITO<\/a> <\/div><div class=\"clear\"><\/div><\/div>\n\t\t<\/div> \n\t<\/div>\n\t<\/div> \n\n\t<div  class=\"vc_col-sm-4 wpb_column column_container vc_column_container col child_column padding-2-percent inherit_tablet inherit_phone \"   data-padding-pos=\"left\" data-has-bg-color=\"false\" data-bg-color=\"\" data-bg-opacity=\"1\" data-animation=\"\" data-delay=\"0\" >\n\t\t<div class=\"vc_column-inner\" >\n\t\t<div class=\"wpb_wrapper\">\n\t\t\t<div class=\"iwithtext\"><div class=\"iwt-icon\"> <i class=\"icon-default-style fa fa-comments extra-color-2\"><\/i> <\/div><div class=\"iwt-text\"> <a href=\"https:\/\/www.agomodena.it\/it\/contatti\/\" target=\"_blank\" rel=\"noopener\">CONTATTA<\/a> <\/div><div class=\"clear\"><\/div><\/div>\n\t\t<\/div> \n\t<\/div>\n\t<\/div> \n<\/div><\/div><div class=\"divider-wrap\" data-alignment=\"default\"><div style=\"margin-top: 5vh; height: 1px; margin-bottom: 5vh;\" data-width=\"100%\" data-animate=\"\" data-animation-delay=\"\" data-color=\"default\" class=\"divider-border\"><\/div><\/div><div id=\"fws_6a9b783d3d0e0\" data-midnight=\"\" data-column-margin=\"default\" class=\"wpb_row vc_row-fluid vc_row inner_row\"  style=\"\"><div class=\"row-bg-wrap\"> <div class=\"row-bg\" ><\/div> <\/div><div class=\"row_col_wrap_12_inner col span_12  left\">\n\t<div  class=\"vc_col-sm-12 wpb_column column_container vc_column_container col child_column no-extra-padding inherit_tablet inherit_phone \"   data-padding-pos=\"all\" data-has-bg-color=\"false\" data-bg-color=\"\" data-bg-opacity=\"1\" data-animation=\"\" data-delay=\"0\" >\n\t\t<div class=\"vc_column-inner\" >\n\t\t<div class=\"wpb_wrapper\">\n\t\t\t\n<div class=\"wpb_text_column wpb_content_element \" >\n\t<h5>La Fondazione AGO \u2013 Modena Fabbriche Culturali \u00e8 un Ente del Terzo Settore: i Soci fondatori sono il Comune di Modena, la Fondazione di Modena e l&#8217;Universit\u00e0 degli Studi di Modena e Reggio.<\/h5>\n<h5>La Fondazione si propone di incentivare lo sviluppo della vocazione culturale e creativa della citt\u00e0 di Modena, individuando e potenziando tutte quelle attivit\u00e0 in grado di favorire la coesione e fornire unit\u00e0 e identit\u00e0 al sistema culturale cittadino, generando sinergie, resilienza e valore aggiunto.<\/h5>\n<h5><a name=\"OBJ_PREFIX_DWT443_com_zimbra_date\"><\/a>AGO offre un\u2019offerta culturale coordinata, originale e proiettata verso il futuro, consentendo di accrescere la proiezione internazionale del sistema Modena, la crescita di una societ\u00e0 della conoscenza e della formazione permanente, la valorizzazione della ricerca e del trasferimento tecnologico e l\u2019attrazione di talenti.<\/h5>\n<h5>Hub del sistema \u00e8 l\u2019ex Ospedale Sant\u2019Agostino, recuperato alla sua funzionalit\u00e0 quale complesso monumentale estense, fulcro di un sistema culturale interdisciplinare, luogo di interscambio e contaminazione di saperi tra arti visive, umanesimo e scienza.<\/h5>\n<h5><a name=\"OBJ_PREFIX_DWT444_com_zimbra_date\"><\/a> Fondazione AGO raccoglie l\u2019eredit\u00e0 di FMAV Fondazione Modena Arti Visive e delle tre istituzioni confluite in essa \u2013 Galleria Civica di Modena, Fondazione Fotografia Modena, Museo della Figurina.<\/h5>\n<\/div>\n\n\n\n\n\t\t<\/div> \n\t<\/div>\n\t<\/div> \n<\/div><\/div><div class=\"divider-wrap\" data-alignment=\"default\"><div style=\"margin-top: 5vh; height: 1px; margin-bottom: 5vh;\" data-width=\"100%\" data-animate=\"\" data-animation-delay=\"\" data-color=\"default\" class=\"divider-border\"><\/div><\/div><div id=\"fws_6a9b783d3d53a\" data-midnight=\"\" data-column-margin=\"default\" class=\"wpb_row vc_row-fluid vc_row inner_row\"  style=\"\"><div class=\"row-bg-wrap\"> <div class=\"row-bg\" ><\/div> <\/div><div class=\"row_col_wrap_12_inner col span_12  left\">\n\t<div  class=\"vc_col-sm-3 wpb_column column_container vc_column_container col child_column no-extra-padding inherit_tablet inherit_phone \"   data-padding-pos=\"all\" data-has-bg-color=\"false\" data-bg-color=\"\" data-bg-opacity=\"1\" data-animation=\"\" data-delay=\"0\" >\n\t\t<div class=\"vc_column-inner\" >\n\t\t<div class=\"wpb_wrapper\">\n\t\t\t\n<div class=\"wpb_text_column wpb_content_element \" >\n\t<h3><span class=\"inner\">MEDIA ARTS<\/span><\/h3>\n<\/div>\n\n\n\n\n\t\t<\/div> \n\t<\/div>\n\t<\/div> \n\n\t<div  class=\"vc_col-sm-9 wpb_column column_container vc_column_container col child_column no-extra-padding inherit_tablet inherit_phone \"   data-padding-pos=\"all\" data-has-bg-color=\"false\" data-bg-color=\"\" data-bg-opacity=\"1\" data-animation=\"\" data-delay=\"0\" >\n\t\t<div class=\"vc_column-inner\" >\n\t\t<div class=\"wpb_wrapper\">\n\t\t\t\n<div class=\"wpb_text_column wpb_content_element  digitalizzazione\" >\n\t<h6>DIGITALIZZAZIONE<\/h6>\n<ul>\n<li>\n<h5><a href=\"https:\/\/www.agomodena.it\/collezioni\/\"><strong>Le collezioni on line<\/strong><\/a><\/h5>\n<\/li>\n<\/ul>\n<\/div>\n\n\n\n<div class=\"divider-wrap\" data-alignment=\"default\"><div style=\"height: 5vh;\" class=\"divider\"><\/div><\/div>\n<div class=\"wpb_text_column wpb_content_element  formazione\" >\n\t<h6>FORMAZIONE<\/h6>\n<ul>\n<li>\n<h5>La variet\u00e0 delle mostre proposte e le ricche collezioni di immagini rappresentano un\u2019occasione unica per sperimentare i diversi linguaggi della creazione artistica:\u00a0 <a href=\"https:\/\/www.agomodena.it\/education\">www.agomodena.it\/education<\/a><\/h5>\n<h5><strong>\u00a0<\/strong><\/h5>\n<\/li>\n<\/ul>\n<\/div>\n\n\n\n\n<div class=\"wpb_text_column wpb_content_element  artivisive\" >\n\t<h6>ARTI VISIVE<\/h6>\n<ul>\n<li>\n<h5>Mostre e percorsi espositivi nell\u2019ambito delle Media Arts e alle New Technologies<br \/>\n&gt;&gt;&gt; <a href=\"https:\/\/modenafuturacreativa.it\/mappa-della-creativita\/fmav\/\">Le precedenti mostre di FMAV Fondazione Modena Arti Visive<\/a><\/h5>\n<\/li>\n<li>\n<h5>Il Museo della Figurina su Minecraft: <a href=\"https:\/\/www.fmav.org\/digital-room\/il-museo-della-figurina-su-minecraft\" target=\"_blank\" rel=\"noopener\" data-cmp-ab=\"2\"><strong>MinecraftMuseum Adventure \u2013 Viaggio nel mondo della figurina<\/strong><\/a><\/h5>\n<\/li>\n<\/ul>\n<\/div>\n\n\n\n\n\t\t<\/div> \n\t<\/div>\n\t<\/div> \n<\/div><\/div><div class=\"divider-wrap\" data-alignment=\"default\"><div style=\"margin-top: 5vh; height: 1px; margin-bottom: 5vh;\" data-width=\"100%\" data-animate=\"\" data-animation-delay=\"\" data-color=\"default\" class=\"divider-border\"><\/div><\/div>\n<div class=\"wpb_text_column wpb_content_element \" >\n\t<div class=\"nectar-split-heading font_line_height_2px markup-generated animated-in\" data-align=\"default\" data-m-align=\"inherit\" data-text-effect=\"default\" data-animation-type=\"line-reveal-by-space\" data-animation-delay=\"800\" data-animation-offset=\"\" data-m-rm-animation=\"\" data-stagger=\"true\" data-custom-font-size=\"false\">\n<h3><span class=\"inner\">ATTIVIT\u00c0 | EVENTI<\/span><\/h3>\n<\/div>\n<\/div>\n\n\n\n\n<div class=\"wpb_text_column wpb_content_element \" >\n\t<div id=\"wpupg-grid-with-filters-mappa-ago\" class=\"wpupg-grid-with-filters\"><style>#wpupg-grid-mappa-ago-filters .wpupg-filter-container {padding: 10px 10px;}<\/style><div id=\"wpupg-grid-mappa-ago-filters\" class=\"wpupg-grid-filters wpupg-grid-filters-display-inline wpupg-grid-filters-align-left\"><div id=\"wpupg-grid-mappa-ago-filter-1-container\" class=\"wpupg-filter-container wpupg-filter-container-label-block\"><div id=\"wpupg-grid-mappa-ago-filter-1\" class=\"wpupg-filter wpupg-filter-dropdown\"><style type=\"text\/css\">#wpupg-grid-mappa-ago-filter-1 {margin: 0 -5px;}#wpupg-grid-mappa-ago-filter-1 .wpupg-choices {margin: 5px 5px;color: #000000;min-width: 250px;}#wpupg-grid-mappa-ago-filter-1 .wpupg-choices .wpupg-choices__inner {font-size: 14px;padding: 5px;background-color: #ffbf00;border-color: #ffbf00;}#wpupg-grid-mappa-ago-filter-1 .wpupg-choices[data-type*=select-one]:after {border-color: #000000 transparent transparent transparent;}#wpupg-grid-mappa-ago-filter-1 .wpupg-choices.is-open[data-type*=select-one]:after {border-color: transparent transparent #000000 transparent;}#wpupg-grid-mappa-ago-filter-1 .wpupg-choices .wpupg-choices__list--dropdown {border-color: #ffbf00;}#wpupg-grid-mappa-ago-filter-1 .wpupg-choices input {background-color: #ffbf00;color: #000000;font-size: 14px;padding: 5px;}#wpupg-grid-mappa-ago-filter-1 .wpupg-choices .wpupg-choices__list--dropdown .wpupg-choices__item {font-size: 14px;padding: 5px;background-color: #ffbf00;}#wpupg-grid-mappa-ago-filter-1 .wpupg-choices .wpupg-choices__item.is-highlighted,#wpupg-grid-mappa-ago-filter-1 .wpupg-choices .wpupg-choices__list--multiple .wpupg-choices__item {background-color: #000000;border-color: #000000;color: #FFFFFF;}#wpupg-grid-mappa-ago-filter-1 .wpupg-choices .wpupg-choices__button {border-color: #FFFFFF;}<\/style><select name=\"wpupg-filter-dropdown-project-type\" id=\"wpupg-filter-dropdown-project-type\" class=\"wpupg-filter-dropdown-item\" data-taxonomy=\"project-type\"><option value=\"wpupg-dropdown-placeholder\" placeholder>FILTRA PER ANNO<\/option><option value=\"eventi\">Eventi<\/option><option value=\"2022-it-eventi\">&nbsp;&nbsp;2022<\/option><option value=\"2023-it-eventi\">&nbsp;&nbsp;2023<\/option><option value=\"corsi\">Formazione<\/option><option value=\"archivio-2021\">&nbsp;&nbsp;Archivio 2021<\/option><option value=\"2023-it\">&nbsp;&nbsp;Archivio 2023<\/option><option value=\"formazione2025\">&nbsp;&nbsp;Archivio 2025<\/option><option value=\"mostre\">Mostre<\/option><option value=\"2024\">&nbsp;&nbsp;Archivio 2024<\/option><option value=\"archivio-2025\">&nbsp;&nbsp;Archivio 2025<\/option><\/select><\/div><\/div><div id=\"wpupg-grid-mappa-ago-filter-2-container\" class=\"wpupg-filter-container wpupg-filter-container-label-block\"><div id=\"wpupg-grid-mappa-ago-filter-2\" class=\"wpupg-filter wpupg-filter-text_search\"><style type=\"text\/css\">#wpupg-grid-mappa-ago-filter-2 {margin: 0 -5px;}#wpupg-grid-mappa-ago-filter-2 .wpupg-filter-text-input-container {margin: 5px 5px;width: 250px;}#wpupg-grid-mappa-ago-filter-2 input.wpupg-filter-text-input {color: #000000;font-size: 14px;background-color: #ffbf00;border-color: #ffbf00;}#wpupg-grid-mappa-ago-filter-2 input.wpupg-filter-text-input::placeholder {color: #000000;}#wpupg-grid-mappa-ago-filter-2 .wpupg-input-loader {border-top-color: #000000;}<\/style><div class=\"wpupg-filter-text-input-container\"><input type=\"text\" class=\"wpupg-filter-text-input\" placeholder=\"RICERCA EVENTO\" aria-label=\"Text search to filter grid items. Type to search.\"><div class=\"wpupg-input-loader\"><\/div><\/div><\/div><\/div><\/div><div id=\"wpupg-grid-container-mappa-ago\" class=\"wpupg-grid-container\"><style>#wpupg-grid-mappa-ago .wpupg-item { width: calc(25% - 20px); max-width: none; margin: 10px; } #wpupg-grid-mappa-ago { margin: 0 -10px;} @media (min-width: 500px) and (max-width: 1000px) {#wpupg-grid-mappa-ago .wpupg-item { width: 100%; max-width: 300px; margin: 10px; } #wpupg-grid-mappa-ago { margin: 0 -10px;}} @media (max-width: 500px) {#wpupg-grid-mappa-ago .wpupg-item { width: calc(100% - 20px); max-width: none; margin: 10px; } #wpupg-grid-mappa-ago { margin: 0 -10px;}}<\/style><div id=\"wpupg-grid-mappa-ago\" class=\"wpupg-grid wpupg-grid-loading\" data-grid-id=\"2144\"><a class=\"wpupg-item wpupg-item-post wpupg-item-5163 wpupg-type-portfolio wpupg-item-has-image wpupg-template-modena-futura wpupg-tax-project-type-mostre wpupg-parent-tax-project-type-mostre wpupg-tax-project-type-archivio-2025 wpupg-parent-tax-project-type-archivio-2025 wpupg-item-link\" href=\"https:\/\/modenafuturacreativa.it\/es\/unesco\/quayola-in-mostra\/\" target=\"_self\" data-id=\"5163\" data-order-default=\"1755874843\"><div class=\"wpupg-item-image wpupg-block-image-rounded wpupg-align-center\"><span href=\"https:\/\/modenafuturacreativa.it\/es\/unesco\/quayola-in-mostra\/\" target=\"_self\"><img loading=\"lazy\" decoding=\"async\" style=\"border-width: 0px;border-style: solid;border-color: #666666;border-radius: 5px;\" width=\"900\" height=\"604\" src=\"https:\/\/modenafuturacreativa.it\/wp-content\/uploads\/2025\/08\/Quayola_Storm-900x604.jpg\" class=\"skip-lazy disable-lazyload attachment-portfolio-thumb_large size-portfolio-thumb_large\" alt=\"\" srcset=\"https:\/\/modenafuturacreativa.it\/wp-content\/uploads\/2025\/08\/Quayola_Storm-900x604.jpg 900w, https:\/\/modenafuturacreativa.it\/wp-content\/uploads\/2025\/08\/Quayola_Storm-16x12.jpg 16w, https:\/\/modenafuturacreativa.it\/wp-content\/uploads\/2025\/08\/Quayola_Storm-600x403.jpg 600w, https:\/\/modenafuturacreativa.it\/wp-content\/uploads\/2025\/08\/Quayola_Storm-400x269.jpg 400w\" sizes=\"auto, (max-width: 900px) 100vw, 900px\" \/><\/span><\/div>\n<div class=\"wpupg-meta-container\">\n<div class=\"wpupg-item-title wpupg-block-text-bold\">Quayola in mostra<\/div>\n<span class=\"wpupg-item-date wpupg-block-text-normal\">2025<\/span>\n\n\n<\/div><\/a><a class=\"wpupg-item wpupg-item-post wpupg-item-4772 wpupg-type-portfolio wpupg-item-has-image wpupg-template-modena-futura wpupg-tax-project-type-eventi wpupg-parent-tax-project-type-eventi wpupg-tax-project-type-formazione2025 wpupg-parent-tax-project-type-formazione2025 wpupg-parent-tax-project-type-corsi wpupg-item-link\" href=\"https:\/\/modenafuturacreativa.it\/es\/unesco\/piazza-santagostino-il-cuore-dellestate-modenese\/\" target=\"_self\" data-id=\"4772\" data-order-default=\"1750183116\"><div class=\"wpupg-item-image wpupg-block-image-rounded wpupg-align-center\"><span href=\"https:\/\/modenafuturacreativa.it\/es\/unesco\/piazza-santagostino-il-cuore-dellestate-modenese\/\" target=\"_self\"><img loading=\"lazy\" decoding=\"async\" style=\"border-width: 0px;border-style: solid;border-color: #666666;border-radius: 5px;\" width=\"900\" height=\"604\" src=\"https:\/\/modenafuturacreativa.it\/wp-content\/uploads\/2025\/06\/EstateModenese-900x604.png\" class=\"skip-lazy disable-lazyload attachment-portfolio-thumb_large size-portfolio-thumb_large\" alt=\"\" srcset=\"https:\/\/modenafuturacreativa.it\/wp-content\/uploads\/2025\/06\/EstateModenese-900x604.png 900w, https:\/\/modenafuturacreativa.it\/wp-content\/uploads\/2025\/06\/EstateModenese-600x403.png 600w, https:\/\/modenafuturacreativa.it\/wp-content\/uploads\/2025\/06\/EstateModenese-400x269.png 400w\" sizes=\"auto, (max-width: 900px) 100vw, 900px\" \/><\/span><\/div>\n<div class=\"wpupg-meta-container\">\n<div class=\"wpupg-item-title wpupg-block-text-bold\">Piazza Sant\u2019Agostino, il cuore dell\u2019estate modenese<\/div>\n<span class=\"wpupg-item-date wpupg-block-text-normal\">2025<\/span>\n\n\n<\/div><\/a><a class=\"wpupg-item wpupg-item-post wpupg-item-4700 wpupg-type-portfolio wpupg-item-has-image wpupg-template-modena-futura wpupg-tax-project-type-mostre wpupg-parent-tax-project-type-mostre wpupg-tax-project-type-archivio-2025 wpupg-parent-tax-project-type-archivio-2025 wpupg-item-link\" href=\"https:\/\/modenafuturacreativa.it\/es\/unesco\/out-of-the-frame\/\" target=\"_self\" data-id=\"4700\" data-order-default=\"1749050543\"><div class=\"wpupg-item-image wpupg-block-image-rounded wpupg-align-center\"><span href=\"https:\/\/modenafuturacreativa.it\/es\/unesco\/out-of-the-frame\/\" target=\"_self\"><img loading=\"lazy\" decoding=\"async\" style=\"border-width: 0px;border-style: solid;border-color: #666666;border-radius: 5px;\" width=\"800\" height=\"604\" src=\"https:\/\/modenafuturacreativa.it\/wp-content\/uploads\/2025\/06\/OoftF-800x604.jpg\" class=\"skip-lazy disable-lazyload attachment-portfolio-thumb_large size-portfolio-thumb_large\" alt=\"\" \/><\/span><\/div>\n<div class=\"wpupg-meta-container\">\n<div class=\"wpupg-item-title wpupg-block-text-bold\">Out of the Frame<\/div>\n<span class=\"wpupg-item-date wpupg-block-text-normal\">2025<\/span>\n\n\n<\/div><\/a><a class=\"wpupg-item wpupg-item-post wpupg-item-4624 wpupg-type-portfolio wpupg-item-has-image wpupg-template-modena-futura wpupg-tax-project-type-mostre wpupg-parent-tax-project-type-mostre wpupg-tax-project-type-archivio-2025 wpupg-parent-tax-project-type-archivio-2025 wpupg-item-link\" href=\"https:\/\/modenafuturacreativa.it\/es\/unesco\/donato-piccolo-larte-del-pensiero-meccanico\/\" target=\"_self\" data-id=\"4624\" data-order-default=\"1747658656\"><div class=\"wpupg-item-image wpupg-block-image-rounded wpupg-align-center\"><span href=\"https:\/\/modenafuturacreativa.it\/es\/unesco\/donato-piccolo-larte-del-pensiero-meccanico\/\" target=\"_self\"><img loading=\"lazy\" decoding=\"async\" style=\"border-width: 0px;border-style: solid;border-color: #666666;border-radius: 5px;\" width=\"900\" height=\"604\" src=\"https:\/\/modenafuturacreativa.it\/wp-content\/uploads\/2025\/05\/1-900x604.jpg\" class=\"skip-lazy disable-lazyload attachment-portfolio-thumb_large size-portfolio-thumb_large\" alt=\"\" srcset=\"https:\/\/modenafuturacreativa.it\/wp-content\/uploads\/2025\/05\/1-900x604.jpg 900w, https:\/\/modenafuturacreativa.it\/wp-content\/uploads\/2025\/05\/1-300x200.jpg 300w, https:\/\/modenafuturacreativa.it\/wp-content\/uploads\/2025\/05\/1-18x12.jpg 18w, https:\/\/modenafuturacreativa.it\/wp-content\/uploads\/2025\/05\/1-600x403.jpg 600w, https:\/\/modenafuturacreativa.it\/wp-content\/uploads\/2025\/05\/1-400x269.jpg 400w\" sizes=\"auto, (max-width: 900px) 100vw, 900px\" \/><\/span><\/div>\n<div class=\"wpupg-meta-container\">\n<div class=\"wpupg-item-title wpupg-block-text-bold\">Donato Piccolo. L'arte del pensiero meccanico<\/div>\n<span class=\"wpupg-item-date wpupg-block-text-normal\">2025<\/span>\n\n\n<\/div><\/a><a class=\"wpupg-item wpupg-item-post wpupg-item-4305 wpupg-type-portfolio wpupg-item-has-image wpupg-template-modena-futura wpupg-tax-project-type-mostre wpupg-parent-tax-project-type-mostre wpupg-tax-project-type-archivio-2025 wpupg-parent-tax-project-type-archivio-2025 wpupg-item-link\" href=\"https:\/\/modenafuturacreativa.it\/es\/unesco\/ago-modena-nuovo-sito-web-e-lantologica-di-donato-piccolo\/\" target=\"_self\" data-id=\"4305\" data-order-default=\"1741356853\"><div class=\"wpupg-item-image wpupg-block-image-rounded wpupg-align-center\"><span href=\"https:\/\/modenafuturacreativa.it\/es\/unesco\/ago-modena-nuovo-sito-web-e-lantologica-di-donato-piccolo\/\" target=\"_self\"><img loading=\"lazy\" decoding=\"async\" style=\"border-width: 0px;border-style: solid;border-color: #666666;border-radius: 5px;\" width=\"900\" height=\"604\" src=\"https:\/\/modenafuturacreativa.it\/wp-content\/uploads\/2025\/03\/AGO-Modena-900x604.png\" class=\"skip-lazy disable-lazyload attachment-portfolio-thumb_large size-portfolio-thumb_large\" alt=\"\" srcset=\"https:\/\/modenafuturacreativa.it\/wp-content\/uploads\/2025\/03\/AGO-Modena-900x604.png 900w, https:\/\/modenafuturacreativa.it\/wp-content\/uploads\/2025\/03\/AGO-Modena-300x200.png 300w, https:\/\/modenafuturacreativa.it\/wp-content\/uploads\/2025\/03\/AGO-Modena-18x12.png 18w, https:\/\/modenafuturacreativa.it\/wp-content\/uploads\/2025\/03\/AGO-Modena-600x403.png 600w, https:\/\/modenafuturacreativa.it\/wp-content\/uploads\/2025\/03\/AGO-Modena-400x269.png 400w\" sizes=\"auto, (max-width: 900px) 100vw, 900px\" \/><\/span><\/div>\n<div class=\"wpupg-meta-container\">\n<div class=\"wpupg-item-title wpupg-block-text-bold\">AGO Modena: Nuovo sito web e l\u2019antologica di Donato Piccolo.<\/div>\n<span class=\"wpupg-item-date wpupg-block-text-normal\">2025<\/span>\n\n\n<\/div><\/a><a class=\"wpupg-item wpupg-item-post wpupg-item-4030 wpupg-type-portfolio wpupg-item-has-image wpupg-template-modena-futura wpupg-tax-project-type-eventi wpupg-parent-tax-project-type-eventi wpupg-tax-project-type-2024 wpupg-parent-tax-project-type-2024 wpupg-item-link\" href=\"https:\/\/modenafuturacreativa.it\/es\/unesco\/per-fondazione-ago-questo-e-il-tempo-della-meraviglia\/\" target=\"_self\" data-id=\"4030\" data-order-default=\"1729186589\"><div class=\"wpupg-item-image wpupg-block-image-rounded wpupg-align-center\"><span href=\"https:\/\/modenafuturacreativa.it\/es\/unesco\/per-fondazione-ago-questo-e-il-tempo-della-meraviglia\/\" target=\"_self\"><img loading=\"lazy\" decoding=\"async\" style=\"border-width: 0px;border-style: solid;border-color: #666666;border-radius: 5px;\" width=\"900\" height=\"600\" src=\"https:\/\/modenafuturacreativa.it\/wp-content\/uploads\/2024\/10\/AGO-tempo-della-meraviglia-1440x500-grafica-1-900x600.png\" class=\"skip-lazy disable-lazyload attachment-portfolio-thumb_large size-portfolio-thumb_large\" alt=\"\" \/><\/span><\/div>\n<div class=\"wpupg-meta-container\">\n<div class=\"wpupg-item-title wpupg-block-text-bold\">Per Fondazione AGO questo \u00e8 \"Il tempo della meraviglia\"<\/div>\n<span class=\"wpupg-item-date wpupg-block-text-normal\">2024<\/span>\n\n\n<\/div><\/a><a class=\"wpupg-item wpupg-item-post wpupg-item-3658 wpupg-type-portfolio wpupg-item-has-image wpupg-template-modena-futura wpupg-tax-project-type-mostre wpupg-parent-tax-project-type-mostre wpupg-tax-project-type-2024 wpupg-parent-tax-project-type-2024 wpupg-item-link\" href=\"https:\/\/modenafuturacreativa.it\/es\/unesco\/francesco-jodice-save-your-selfie\/\" target=\"_self\" data-id=\"3658\" data-order-default=\"1712923695\"><div class=\"wpupg-item-image wpupg-block-image-rounded wpupg-align-center\"><span href=\"https:\/\/modenafuturacreativa.it\/es\/unesco\/francesco-jodice-save-your-selfie\/\" target=\"_self\"><img loading=\"lazy\" decoding=\"async\" style=\"border-width: 0px;border-style: solid;border-color: #666666;border-radius: 5px;\" width=\"900\" height=\"500\" src=\"https:\/\/modenafuturacreativa.it\/wp-content\/uploads\/2024\/04\/Save-Your-Selfie-Davide-Guagliumi-03-2024-copia-900x500.jpg\" class=\"skip-lazy disable-lazyload attachment-portfolio-thumb_large size-portfolio-thumb_large\" alt=\"\" \/><\/span><\/div>\n<div class=\"wpupg-meta-container\">\n<div class=\"wpupg-item-title wpupg-block-text-bold\">Francesco Jodice | SAVE YOUR SELFIE<\/div>\n<span class=\"wpupg-item-date wpupg-block-text-normal\">2024<\/span>\n\n\n<\/div><\/a><a class=\"wpupg-item wpupg-item-post wpupg-item-2801 wpupg-type-portfolio wpupg-item-has-image wpupg-template-modena-futura wpupg-tax-project-type-corsi wpupg-parent-tax-project-type-corsi wpupg-tax-project-type-2023-it wpupg-parent-tax-project-type-2023-it wpupg-item-link\" href=\"https:\/\/modenafuturacreativa.it\/es\/unesco\/save-your-selfie\/\" target=\"_self\" data-id=\"2801\" data-order-default=\"1693479485\"><div class=\"wpupg-item-image wpupg-block-image-rounded wpupg-align-center\"><span href=\"https:\/\/modenafuturacreativa.it\/es\/unesco\/save-your-selfie\/\" target=\"_self\"><img loading=\"lazy\" decoding=\"async\" style=\"border-width: 0px;border-style: solid;border-color: #666666;border-radius: 5px;\" width=\"900\" height=\"603\" src=\"https:\/\/modenafuturacreativa.it\/wp-content\/uploads\/2023\/08\/Save-your-Selfie_Midjourney-900x603.jpeg\" class=\"skip-lazy disable-lazyload attachment-portfolio-thumb_large size-portfolio-thumb_large\" alt=\"\" srcset=\"https:\/\/modenafuturacreativa.it\/wp-content\/uploads\/2023\/08\/Save-your-Selfie_Midjourney-900x603.jpeg 900w, https:\/\/modenafuturacreativa.it\/wp-content\/uploads\/2023\/08\/Save-your-Selfie_Midjourney-600x403.jpeg 600w, https:\/\/modenafuturacreativa.it\/wp-content\/uploads\/2023\/08\/Save-your-Selfie_Midjourney-400x269.jpeg 400w\" sizes=\"auto, (max-width: 900px) 100vw, 900px\" \/><\/span><\/div>\n<div class=\"wpupg-meta-container\">\n<div class=\"wpupg-item-title wpupg-block-text-bold\">\u201cSave Your Selfie\u201d<\/div>\n<span class=\"wpupg-item-date wpupg-block-text-normal\">2023<\/span>\n\n\n<\/div><\/a><a class=\"wpupg-item wpupg-item-post wpupg-item-2720 wpupg-type-portfolio wpupg-item-has-image wpupg-template-modena-futura wpupg-tax-project-type-eventi wpupg-parent-tax-project-type-eventi wpupg-tax-project-type-2023-it-eventi wpupg-parent-tax-project-type-2023-it-eventi wpupg-item-link\" href=\"https:\/\/modenafuturacreativa.it\/es\/unesco\/meridiana\/\" target=\"_self\" data-id=\"2720\" data-order-default=\"1681039108\"><div class=\"wpupg-item-image wpupg-block-image-rounded wpupg-align-center\"><span href=\"https:\/\/modenafuturacreativa.it\/es\/unesco\/meridiana\/\" target=\"_self\"><img loading=\"lazy\" decoding=\"async\" style=\"border-width: 0px;border-style: solid;border-color: #666666;border-radius: 5px;\" width=\"888\" height=\"500\" src=\"https:\/\/modenafuturacreativa.it\/wp-content\/uploads\/2023\/07\/AGO-22_NEWS.jpg\" class=\"skip-lazy disable-lazyload attachment-portfolio-thumb_large size-portfolio-thumb_large\" alt=\"\" srcset=\"https:\/\/modenafuturacreativa.it\/wp-content\/uploads\/2023\/07\/AGO-22_NEWS.jpg 888w, https:\/\/modenafuturacreativa.it\/wp-content\/uploads\/2023\/07\/AGO-22_NEWS-300x169.jpg 300w, https:\/\/modenafuturacreativa.it\/wp-content\/uploads\/2023\/07\/AGO-22_NEWS-768x432.jpg 768w\" sizes=\"auto, (max-width: 888px) 100vw, 888px\" \/><\/span><\/div>\n<div class=\"wpupg-meta-container\">\n<div class=\"wpupg-item-title wpupg-block-text-bold\">Meridiana<\/div>\n<span class=\"wpupg-item-date wpupg-block-text-normal\">2023<\/span>\n\n\n<\/div><\/a><a class=\"wpupg-item wpupg-item-post wpupg-item-2725 wpupg-type-portfolio wpupg-item-has-image wpupg-template-modena-futura wpupg-tax-project-type-eventi wpupg-parent-tax-project-type-eventi wpupg-tax-project-type-2022-it-eventi wpupg-parent-tax-project-type-2022-it-eventi wpupg-item-link\" href=\"https:\/\/modenafuturacreativa.it\/es\/unesco\/humanities-intelligence\/\" target=\"_self\" data-id=\"2725\" data-order-default=\"1667561723\"><div class=\"wpupg-item-image wpupg-block-image-rounded wpupg-align-center\"><span href=\"https:\/\/modenafuturacreativa.it\/es\/unesco\/humanities-intelligence\/\" target=\"_self\"><img loading=\"lazy\" decoding=\"async\" style=\"border-width: 0px;border-style: solid;border-color: #666666;border-radius: 5px;\" width=\"889\" height=\"500\" src=\"https:\/\/modenafuturacreativa.it\/wp-content\/uploads\/2023\/07\/AGO_banner-news-1.jpg\" class=\"skip-lazy disable-lazyload attachment-portfolio-thumb_large size-portfolio-thumb_large\" alt=\"\" srcset=\"https:\/\/modenafuturacreativa.it\/wp-content\/uploads\/2023\/07\/AGO_banner-news-1.jpg 889w, https:\/\/modenafuturacreativa.it\/wp-content\/uploads\/2023\/07\/AGO_banner-news-1-300x169.jpg 300w, https:\/\/modenafuturacreativa.it\/wp-content\/uploads\/2023\/07\/AGO_banner-news-1-768x432.jpg 768w\" sizes=\"auto, (max-width: 889px) 100vw, 889px\" \/><\/span><\/div>\n<div class=\"wpupg-meta-container\">\n<div class=\"wpupg-item-title wpupg-block-text-bold\">Humanities &amp; Intelligence<\/div>\n<span class=\"wpupg-item-date wpupg-block-text-normal\">2022<\/span>\n\n\n<\/div><\/a><a class=\"wpupg-item wpupg-item-post wpupg-item-1979 wpupg-type-portfolio wpupg-item-has-image wpupg-template-modena-futura wpupg-tax-project-type-eventi wpupg-parent-tax-project-type-eventi wpupg-tax-project-type-2022-it-eventi wpupg-parent-tax-project-type-2022-it-eventi wpupg-item-link\" href=\"https:\/\/modenafuturacreativa.it\/es\/unesco\/ago-percorso-multimediale-in-farmacia-storica\/\" target=\"_self\" data-id=\"1979\" data-order-default=\"1651060508\"><div class=\"wpupg-item-image wpupg-block-image-rounded wpupg-align-center\"><span href=\"https:\/\/modenafuturacreativa.it\/es\/unesco\/ago-percorso-multimediale-in-farmacia-storica\/\" target=\"_self\"><img loading=\"lazy\" decoding=\"async\" style=\"border-width: 0px;border-style: solid;border-color: #666666;border-radius: 5px;\" width=\"900\" height=\"599\" src=\"https:\/\/modenafuturacreativa.it\/wp-content\/uploads\/2022\/12\/Ago-Farmacia.jpg\" class=\"skip-lazy disable-lazyload attachment-portfolio-thumb_large size-portfolio-thumb_large\" alt=\"\" srcset=\"https:\/\/modenafuturacreativa.it\/wp-content\/uploads\/2022\/12\/Ago-Farmacia.jpg 900w, https:\/\/modenafuturacreativa.it\/wp-content\/uploads\/2022\/12\/Ago-Farmacia-300x200.jpg 300w, https:\/\/modenafuturacreativa.it\/wp-content\/uploads\/2022\/12\/Ago-Farmacia-768x511.jpg 768w\" sizes=\"auto, (max-width: 900px) 100vw, 900px\" \/><\/span><\/div>\n<div class=\"wpupg-meta-container\">\n<div class=\"wpupg-item-title wpupg-block-text-bold\">AGO - Percorso multimediale in Farmacia storica<\/div>\n<span class=\"wpupg-item-date wpupg-block-text-normal\">2022<\/span>\n\n\n<\/div><\/a><a class=\"wpupg-item wpupg-item-post wpupg-item-1977 wpupg-type-portfolio wpupg-item-has-image wpupg-template-modena-futura wpupg-tax-project-type-eventi wpupg-parent-tax-project-type-eventi wpupg-tax-project-type-2022-it-eventi wpupg-parent-tax-project-type-2022-it-eventi wpupg-item-link\" href=\"https:\/\/modenafuturacreativa.it\/es\/unesco\/aurora-meccanica\/\" target=\"_self\" data-id=\"1977\" data-order-default=\"1651060377\"><div class=\"wpupg-item-image wpupg-block-image-rounded wpupg-align-center\"><span href=\"https:\/\/modenafuturacreativa.it\/es\/unesco\/aurora-meccanica\/\" target=\"_self\"><img loading=\"lazy\" decoding=\"async\" style=\"border-width: 0px;border-style: solid;border-color: #666666;border-radius: 5px;\" width=\"900\" height=\"599\" src=\"https:\/\/modenafuturacreativa.it\/wp-content\/uploads\/2022\/12\/AuroraMeccanica.jpg\" class=\"skip-lazy disable-lazyload attachment-portfolio-thumb_large size-portfolio-thumb_large\" alt=\"\" srcset=\"https:\/\/modenafuturacreativa.it\/wp-content\/uploads\/2022\/12\/AuroraMeccanica.jpg 900w, https:\/\/modenafuturacreativa.it\/wp-content\/uploads\/2022\/12\/AuroraMeccanica-300x200.jpg 300w, https:\/\/modenafuturacreativa.it\/wp-content\/uploads\/2022\/12\/AuroraMeccanica-768x511.jpg 768w\" sizes=\"auto, (max-width: 900px) 100vw, 900px\" \/><\/span><\/div>\n<div class=\"wpupg-meta-container\">\n<div class=\"wpupg-item-title wpupg-block-text-bold\">Aurora Meccanica<\/div>\n<span class=\"wpupg-item-date wpupg-block-text-normal\">2022<\/span>\n\n\n<\/div><\/a><a class=\"wpupg-item wpupg-item-post wpupg-item-2446 wpupg-type-portfolio wpupg-item-has-image wpupg-template-modena-futura wpupg-tax-project-type-corsi wpupg-parent-tax-project-type-corsi wpupg-tax-project-type-archivio-2021 wpupg-parent-tax-project-type-archivio-2021 wpupg-item-link\" href=\"https:\/\/modenafuturacreativa.it\/es\/unesco\/quattro-stagioni\/\" target=\"_self\" data-id=\"2446\" data-order-default=\"1623064918\"><div class=\"wpupg-item-image wpupg-block-image-rounded wpupg-align-center\"><span href=\"https:\/\/modenafuturacreativa.it\/es\/unesco\/quattro-stagioni\/\" target=\"_self\"><img loading=\"lazy\" decoding=\"async\" style=\"border-width: 0px;border-style: solid;border-color: #666666;border-radius: 5px;\" width=\"900\" height=\"604\" src=\"https:\/\/modenafuturacreativa.it\/wp-content\/uploads\/2023\/06\/2-900x604.jpg\" class=\"skip-lazy disable-lazyload attachment-portfolio-thumb_large size-portfolio-thumb_large\" alt=\"\" srcset=\"https:\/\/modenafuturacreativa.it\/wp-content\/uploads\/2023\/06\/2-900x604.jpg 900w, https:\/\/modenafuturacreativa.it\/wp-content\/uploads\/2023\/06\/2-e1686129501513-300x200.jpg 300w, https:\/\/modenafuturacreativa.it\/wp-content\/uploads\/2023\/06\/2-e1686129501513-600x403.jpg 600w, https:\/\/modenafuturacreativa.it\/wp-content\/uploads\/2023\/06\/2-e1686129501513-400x269.jpg 400w\" sizes=\"auto, (max-width: 900px) 100vw, 900px\" \/><\/span><\/div>\n<div class=\"wpupg-meta-container\">\n<div class=\"wpupg-item-title wpupg-block-text-bold\">Quattro stagioni<\/div>\n<span class=\"wpupg-item-date wpupg-block-text-normal\">2021<\/span>\n\n\n<\/div><\/a><\/div><\/div><\/div>\n<\/div>\n\n\n\n<div class=\"divider-wrap\" data-alignment=\"default\"><div style=\"height: 10vh;\" class=\"divider\"><\/div><\/div>\n\t\t\t<\/div> \n\t\t<\/div>\n\t<\/div> \n<\/div><\/div>\n\t\t<div id=\"fws_6a9b783d465a8\"  data-column-margin=\"default\" data-midnight=\"dark\" data-bottom-percent=\"10%\"  class=\"wpb_row vc_row-fluid vc_row full-width-section has-row-bg-color\"  style=\"padding-top: 0px; padding-bottom: calc(100vw * 0.10); --row-bg-color: #ffffff;\"><div class=\"row-bg-wrap\" data-bg-animation=\"none\" data-bg-animation-delay=\"\" data-bg-overlay=\"false\"><div class=\"inner-wrap row-bg-layer\" ><div class=\"row-bg viewport-desktop using-bg-color\"  style=\"background-color: #ffffff; \"><\/div><\/div><\/div><div class=\"row_col_wrap_12 col span_12 dark left\">\n\t<div  class=\"vc_col-sm-3 wpb_column column_container vc_column_container col no-extra-padding inherit_tablet inherit_phone \"  data-padding-pos=\"all\" data-has-bg-color=\"false\" data-bg-color=\"\" data-bg-opacity=\"1\" data-animation=\"\" data-delay=\"0\" >\n\t\t<div class=\"vc_column-inner\" >\n\t\t\t<div class=\"wpb_wrapper\">\n\t\t\t\t\n\t\t\t<\/div> \n\t\t<\/div>\n\t<\/div> \n\n\t<div  class=\"vc_col-sm-9 wpb_column column_container vc_column_container col no-extra-padding inherit_tablet inherit_phone \"  data-padding-pos=\"all\" data-has-bg-color=\"false\" data-bg-color=\"\" data-bg-opacity=\"1\" data-animation=\"\" data-delay=\"0\" >\n\t\t<div class=\"vc_column-inner\" >\n\t\t\t<div class=\"wpb_wrapper\">\n\t\t\t\t<div class=\"img-with-aniamtion-wrap center\" data-max-width=\"100%\" data-max-width-mobile=\"default\" data-shadow=\"none\" data-animation=\"none\" >\n      <div class=\"inner\">\n        <div class=\"hover-wrap\"> \n          <div class=\"hover-wrap-inner\">\n            <img loading=\"lazy\" decoding=\"async\" class=\"img-with-animation skip-lazy\" data-delay=\"0\" height=\"81\" width=\"104\" data-animation=\"none\" src=\"https:\/\/modenafuturacreativa.it\/wp-content\/uploads\/2023\/05\/palla2-icona.png\" alt=\"\"  \/>\n          <\/div>\n        <\/div>\n        \n      <\/div>\n    <\/div><div class=\"nectar-cta freccia alignment_tablet_default alignment_phone_default display_tablet_inherit display_phone_inherit \" data-color=\"default\" data-using-bg=\"false\" data-display=\"block\" data-style=\"underline\" data-alignment=\"center\" data-text-color=\"custom\" style=\"--nectar-text-color: #000000; --nectar-button-color: var(--nectar-default); --nectar-icon-gap: 10px; \"><h6 style=\"color: #000000;\"> <span class=\"link_wrap\" ><a  class=\"link_text\" style=\"border-color: #000000;\" role=\"button\" href=\"https:\/\/modenafuturacreativa.it\/mappa-della-creativita\/\">TORNA ALLA MAPPA<\/a><\/span><\/h6><\/div>\n\t\t\t<\/div> \n\t\t<\/div>\n\t<\/div> \n<\/div><\/div>\n\t\t<div id=\"fws_6a9b783d46c5b\"  data-column-margin=\"default\" data-midnight=\"dark\"  class=\"wpb_row vc_row-fluid vc_row full-width-content vc_row-o-equal-height vc_row-flex vc_row-o-content-top  zindex-set\"  style=\"padding-top: 0px; padding-bottom: 0px;  z-index: -1;\"><div class=\"row-bg-wrap\" data-bg-animation=\"none\" data-bg-animation-delay=\"\" data-bg-overlay=\"false\"><div class=\"inner-wrap row-bg-layer\" ><div class=\"row-bg viewport-desktop\"  style=\"\"><\/div><\/div><\/div><div class=\"row_col_wrap_12 col span_12 dark left\">\n\t<div  class=\"vc_col-sm-12 wpb_column column_container vc_column_container col no-extra-padding inherit_tablet inherit_phone \"  data-padding-pos=\"all\" data-has-bg-color=\"false\" data-bg-color=\"\" data-bg-opacity=\"1\" data-animation=\"\" data-delay=\"0\" >\n\t\t<div class=\"vc_column-inner\" >\n\t\t\t<div class=\"wpb_wrapper\">\n\t\t\t\t\n\t<div class=\"wpb_raw_code wpb_raw_html wpb_content_element\" >\n\t\t<div class=\"wpb_wrapper\">\n\t\t\t<script src=\"..\/..\/tube\/jsband-min.js\" type=\"text\/javascript\"><\/script>\n<script src=\"..\/..\/tube\/tube-min.js\" type=\"text\/javascript\"><\/script>\n<div id=\"tube_container\" style=\"background:#ffefbd; position: fixed;width: 100%;height: 100%;top: 0px;left: 0px;\"> <\/div>\n<script type=\"text\/javascript\">\n\t\tvar tube = new TubeAnimation(\"tube_container\", {\n\t\t\t\n\t\t\t\/\/Main settings\n\t\t\t\tTUBE_SIZE: 200,\n\t\t\t\tTUBE_WIDTH: 30,\n\t\t\t\tTUBE_DISTANCE: 450,\n\t\t\t\tPERSPECTIVE_DISTORTION: 0.8,\n\t\t\t\tTUBE_TORSION: 0.3,\n\t\t\t\tTUBE_STRETCH: 400,\n\t\t\t\tROTATION_SPEED: 2,\n\t\t\t\tDOT_COLOR: 'rgb(255, 191, 0)',\n\t\t\t\tDOT_SIZE: 1,\n\t\t\t\tDETALIZATION: 209,\n\t\t\t\tMESH_DISTRIBUTION: 0,\n\t\t\t\tMESH_RATIO: 18.103,\n\t\t\t\tOFFSET_X: 0, \/\/offset in pixels\n\t\t\t\tOFFSET_Y: 0, \/\/offset in pixels\n\t\t\t\tPERCENTAGE_OFFSET_X: 0, \/\/offset in percentages\n\t\t\t\tPERCENTAGE_OFFSET_Y: 0, \/\/offset in percentages\n\n\t\t\t\/\/Responsivity settings\n\t\t\t\tAUTO_SCALE: false,\n\t\t\t\tVIEWPORT_WIDTH: 1000,\n\t\t\t\tVIEWPORT_HEIGHT: 1000,\n\t\t\t\n\t\t\t\/\/Mouse settings\n\t\t\t\tMOUSE_DISTANCE_MIN: 20,\n\t\t\t\tMOUSE_DISTANCE_MAX: 400,\n\t\t\t\tMOUSE_SENSITIVITY: 0.1,\n\t\t\t\tINERTIAL_TIME: 2,\n\t\t\t\t\n\t\t\t\/\/Main morphing settings\n\t\t\t\tUSE_MAIN_MORPHING: true,\n\t\t\t\tMAIN_MORPHING_AUTOPLAY: true,\n\t\t\t\tMAIN_MORPHING_DURATION: 1.5,\n\t\t\t\tMAIN_MORPHING_DELAY: 2,\n\t\t\t\tMAIN_MORPHING_TRANSITION_TYPE: \"cubic\",\n\t\t\t\tMAIN_MORPHING_STAGES: [\n\t\t\t\t\t{DOT_COLOR: 'rgb(255, 191, 0)'},\n\t\t\t\t\t{DOT_COLOR: 'rgba(255, 191, 0, 1)'},\n\t\t\t\t\t{DOT_COLOR: 'rgba(255, 191, 0, 1)'},\n\t\t\t\t\t{DOT_COLOR: 'rgba(255, 191, 0, 1)'},\n\t\t\t\t\t{DOT_COLOR: 'rgba(255, 191, 0, 1)'},\n\t\t\t\t\t{DOT_COLOR: 'rgba(255, 191, 0, 1)'}\n\t\t\t\t],\n\t\t\t\t\t\t\n\t\t\t\/\/Surface distortion settings\n\t\t\t\tSURFACE_INITIAL_DISTORTION: {\n\t\t\t\t\t\twave1: {amplitude: 19.216, frequency: 4, phase: 1.201},\n\t\t\t\t\t\twave2: {amplitude: 0, frequency: 3, phase: 0},\n\t\t\t\t\t\twave3: {amplitude: 15, frequency: 2, phase: 0}   \n\t\t\t\t\t},\n\t\t\t\tUSE_SURFACE_MORPHING: false,\n\t\t\t\tUSE_SURFACE_MOTION: true,\n\t\t\t\tUSE_SURFACE_SWING: false,\n\t\t\t\t\t\t\t\t \n\t\t\t\/\/Surface motion settings\n\t\t\t\tWAVE_1_MOTION_SPEED: 1.5,\n\t\t\t\t\/\/WAVE_2_MOTION_SPEED: 1,\n\t\t\t\tWAVE_3_MOTION_SPEED: -1\t\t\t\n\t\t});\n\t\t\n\t<\/script>\n\t\t<\/div>\n\t<\/div>\n\n\t\t\t<\/div> \n\t\t<\/div>\n\t<\/div> \n<\/div><\/div>\n","protected":false},"excerpt":{"rendered":"AGO Modena Fabbriche CulturaliDIGITALIZACI\u00d3N - FORMACI\u00d3N Navegar a la secci\u00f3n siguiente VISITAR MAPA VISITAR WEB CONTACTO La Fondazione AGO - Modena Fabbriche Culturali es una organizaci\u00f3n del Tercer Sector:...","protected":false},"author":1,"featured_media":2401,"parent":848,"menu_order":0,"comment_status":"closed","ping_status":"closed","template":"","meta":{"wpupg_custom_link":[],"wpupg_custom_link_behaviour":["default"],"wpupg_custom_link_nofollow":["default"],"wpupg_custom_image":[],"wpupg_custom_image_id":[],"footnotes":""},"class_list":["post-2103","page","type-page","status-publish","has-post-thumbnail"],"_links":{"self":[{"href":"https:\/\/modenafuturacreativa.it\/es\/wp-json\/wp\/v2\/pages\/2103","targetHints":{"allow":["GET"]}}],"collection":[{"href":"https:\/\/modenafuturacreativa.it\/es\/wp-json\/wp\/v2\/pages"}],"about":[{"href":"https:\/\/modenafuturacreativa.it\/es\/wp-json\/wp\/v2\/types\/page"}],"author":[{"embeddable":true,"href":"https:\/\/modenafuturacreativa.it\/es\/wp-json\/wp\/v2\/users\/1"}],"replies":[{"embeddable":true,"href":"https:\/\/modenafuturacreativa.it\/es\/wp-json\/wp\/v2\/comments?post=2103"}],"version-history":[{"count":83,"href":"https:\/\/modenafuturacreativa.it\/es\/wp-json\/wp\/v2\/pages\/2103\/revisions"}],"predecessor-version":[{"id":5122,"href":"https:\/\/modenafuturacreativa.it\/es\/wp-json\/wp\/v2\/pages\/2103\/revisions\/5122"}],"up":[{"embeddable":true,"href":"https:\/\/modenafuturacreativa.it\/es\/wp-json\/wp\/v2\/pages\/848"}],"wp:featuredmedia":[{"embeddable":true,"href":"https:\/\/modenafuturacreativa.it\/es\/wp-json\/wp\/v2\/media\/2401"}],"wp:attachment":[{"href":"https:\/\/modenafuturacreativa.it\/es\/wp-json\/wp\/v2\/media?parent=2103"}],"curies":[{"name":"wp","href":"https:\/\/api.w.org\/{rel}","templated":true}]}}