{"id":3545,"date":"2024-03-07T13:17:19","date_gmt":"2024-03-07T12:17:19","guid":{"rendered":"https:\/\/modenafuturacreativa.it\/?page_id=3545"},"modified":"2026-05-22T15:37:07","modified_gmt":"2026-05-22T13:37:07","slug":"partecipazione-archivio-2023","status":"publish","type":"page","link":"https:\/\/modenafuturacreativa.it\/en\/partecipazione-archivio-2023\/","title":{"rendered":"Participations in national and international events 2023"},"content":{"rendered":"\n\t\t<div id=\"fws_6a9b771dbc3b4\"  data-column-margin=\"default\" data-midnight=\"light\"  class=\"wpb_row vc_row-fluid vc_row full-width-section\"  style=\"padding-top: 0px; padding-bottom: 0px; \"><div class=\"row-bg-wrap\" data-bg-animation=\"none\" data-bg-animation-delay=\"\" data-bg-overlay=\"false\"><div class=\"inner-wrap row-bg-layer\" ><div class=\"row-bg viewport-desktop\"  style=\"\"><\/div><\/div><\/div><div class=\"row_col_wrap_12 col span_12 light left\">\n\t<div  class=\"vc_col-sm-4 creativita wpb_column column_container vc_column_container col padding-5-percent inherit_tablet inherit_phone border_color_d9d9d9 border_style_solid \"  data-overlay-color=\"true\" data-padding-pos=\"top-bottom\" data-has-bg-color=\"false\" data-bg-color=\"\" data-bg-opacity=\"1\" data-animation=\"\" data-delay=\"0\" >\n\t\t<div class=\"vc_column-inner\" ><div class=\"column-bg-overlay-wrap column-bg-layer\" data-bg-animation=\"none\"><div class=\"column-bg-overlay\"><\/div><div class=\"column-overlay-layer\" style=\"background-color:transparent;  opacity: 1; \"><\/div><\/div>\n\t\t\t<div class=\"wpb_wrapper\">\n\t\t\t\t\n\t\t\t<\/div> \n\t\t<\/div>\n\t<\/div> \n\n\t<div  class=\"vc_col-sm-8 wpb_column column_container vc_column_container col no-extra-padding inherit_tablet inherit_phone \"  data-padding-pos=\"all\" data-has-bg-color=\"false\" data-bg-color=\"\" data-bg-opacity=\"1\" data-animation=\"\" data-delay=\"0\" >\n\t\t<div class=\"vc_column-inner\" >\n\t\t\t<div class=\"wpb_wrapper\">\n\t\t\t\t<div class=\"divider-wrap height_tablet_45px height_phone_45px \" data-alignment=\"default\"><div style=\"height: 250px;\" class=\"divider\"><\/div><\/div><div class=\"nectar-split-heading  font_size_6vw font_size_tablet_40px font_size_phone_40px font_line_height_1px \" data-align=\"default\" data-m-align=\"inherit\" data-text-effect=\"letter-reveal-bottom\" data-animation-type=\"line-reveal-by-space\" data-animation-delay=\"200\" data-animation-offset=\"\" data-m-rm-animation=\"\" data-stagger=\"true\" data-custom-font-size=\"true\" style=\"font-size: 6vw; line-height: 6.6vw;\"><i style=\" color: #ffffff;\">Partecipazioni<\/i><\/div><div class=\"divider-wrap\" data-alignment=\"default\"><div style=\"margin-top: 0.5px; height: 1px; margin-bottom: 0.5px;\" data-width=\"100%\" data-animate=\"yes\" data-animation-delay=\"\" data-color=\"extra-color-gradient-1\" class=\"divider-border\"><\/div><\/div><div class=\"nectar-split-heading  font_line_height_2px \" data-align=\"default\" data-m-align=\"inherit\" data-text-effect=\"default\" data-animation-type=\"line-reveal-by-space\" data-animation-delay=\"800\" data-animation-offset=\"\" data-m-rm-animation=\"\" data-stagger=\"true\" data-custom-font-size=\"false\" ><h3 style=\" color: #ffffff;\">AD EVENTI NAZIONALI ED INTERNAZIONALI - ANNO 2023<\/h3><\/div><div class=\"divider-wrap\" data-alignment=\"default\"><div style=\"height: 45px;\" class=\"divider\"><\/div><\/div>\n\t\t\t<\/div> \n\t\t<\/div>\n\t<\/div> \n<\/div><\/div>\n\t\t<div id=\"fws_6a9b771dbcae4\"  data-column-margin=\"default\" data-midnight=\"dark\"  class=\"wpb_row vc_row-fluid vc_row full-width-section has-row-bg-color nexta\"  style=\"padding-top: 0px; padding-bottom: 0px; --row-bg-color: #ededed;\"><div class=\"row-bg-wrap\" data-bg-animation=\"none\" data-bg-animation-delay=\"\" data-bg-overlay=\"false\"><div class=\"inner-wrap row-bg-layer\" ><div class=\"row-bg viewport-desktop using-bg-color\"  style=\"background-color: #ededed; \"><\/div><\/div><\/div><div class=\"row_col_wrap_12 col span_12 dark left\">\n\t<div  class=\"vc_col-sm-8 wpb_column column_container vc_column_container col padding-7-percent inherit_tablet inherit_phone \"  data-padding-pos=\"left\" data-has-bg-color=\"false\" data-bg-color=\"\" data-bg-opacity=\"1\" data-animation=\"\" data-delay=\"0\" >\n\t\t<div class=\"vc_column-inner\" >\n\t\t\t<div class=\"wpb_wrapper\">\n\t\t\t\t<div class=\"divider-wrap\" data-alignment=\"default\"><div style=\"height: 0vh;\" class=\"divider\"><\/div><\/div>\n\t\t\t<\/div> \n\t\t<\/div>\n\t<\/div> \n\n\t<div style=\"margin-top: -170px; \" class=\"vc_col-sm-4 wpb_column column_container vc_column_container col neg-marg no-extra-padding force-desktop-text-align-right inherit_tablet inherit_phone \"  data-padding-pos=\"all\" data-has-bg-color=\"false\" data-bg-color=\"\" data-bg-opacity=\"1\" data-animation=\"\" data-delay=\"0\" >\n\t\t<div class=\"vc_column-inner\" >\n\t\t\t<div class=\"wpb_wrapper\">\n\t\t\t\t<div class=\"nectar-next-section-wrap minimal-arrow alignment_tablet_default alignment_phone_default display_tablet_inherit display_phone_inherit \" style=\"--nectar-icon-gap: 10px; --nectar-next-section-icon-size: 1; \" data-align=\"right\" data-custom-color=\"true\">\n    <a href=\"#\" class=\"nectar-next-section skip-hash\">\n      <span class=\"screen-reader-text\">Navigate to the next section<\/span>\n      <svg class=\"next-arrow\" width=\"40px\" height=\"68px\" viewBox=\"0 0 40 50\" xml:space=\"preserve\">\n      <path stroke=\"#ffffff\" stroke-width=\"2\" fill=\"none\" d=\"M 20 0 L 20 51\"><\/path>\n      <polyline stroke=\"#ffffff\" stroke-width=\"2\" fill=\"none\" points=\"12, 44 20, 52 28, 44\"><\/polyline>\n      <\/svg>\n    <\/a>\n  <\/div>\n\t\t\t<\/div> \n\t\t<\/div>\n\t<\/div> \n<\/div><\/div>\n\t\t<div id=\"fws_6a9b771dbcf8e\"  data-column-margin=\"none\" data-midnight=\"dark\" data-top-percent=\"5%\" data-bottom-percent=\"15%\"  class=\"wpb_row vc_row-fluid vc_row full-width-section has-row-bg-color vc_row-o-equal-height vc_row-flex vc_row-o-content-top\"  style=\"padding-top: calc(100vw * 0.05); padding-bottom: calc(100vw * 0.15); --row-bg-color: #ffffff;\"><div class=\"row-bg-wrap\" data-bg-animation=\"none\" data-bg-animation-delay=\"\" data-bg-overlay=\"false\"><div class=\"inner-wrap row-bg-layer\" ><div class=\"row-bg viewport-desktop using-bg-color\"  style=\"background-color: #ffffff; \"><\/div><\/div><\/div><div class=\"row_col_wrap_12 col span_12 dark left\">\n\t<div  class=\"vc_col-sm-4 wpb_column column_container vc_column_container col nectar-sticky-column has-animation padding-5-percent force-desktop-text-align-right force-tablet-text-align-left force-phone-text-align-left inherit_tablet inherit_phone \"  data-padding-pos=\"right\" data-has-bg-color=\"false\" data-bg-color=\"\" data-bg-opacity=\"1\" data-animation=\"fade-in-from-left\" data-delay=\"250\" >\n\t\t<div class=\"vc_column-inner\" >\n\t\t\t<div class=\"wpb_wrapper\">\n\t\t\t\t<div class=\"divider-wrap height_tablet_3vh height_phone_3vh \" data-alignment=\"default\"><div style=\"height: 0vh;\" class=\"divider\"><\/div><\/div>\n<div class=\"nectar-animated-title\" data-style=\"color-strip-reveal\" data-color=\"extra-color-3\">\n\t<div class=\"nectar-animated-title-outer\">\n\t\t<div class=\"nectar-animated-title-inner\">\n\t\t\t<div class=\"wrap\"><h6 style=\"color: #ffffff;\">PARTECIPAZIONI AD EVENTI<\/h6><\/div>\n\t\t<\/div>\n\t<\/div>\n<\/div><div class=\"nectar-cta freccia alignment_tablet_left alignment_phone_left display_tablet_inherit display_phone_inherit \" data-color=\"default\" data-using-bg=\"false\" data-display=\"block\" data-style=\"underline\" data-alignment=\"right\" data-text-color=\"custom\" style=\"--nectar-text-color: #000000; --nectar-button-color: var(--nectar-default); --nectar-icon-gap: 10px; \"><h6 style=\"color: #000000;\"> <span class=\"link_wrap\" ><a  class=\"link_text\" style=\"border-color: #000000;\" role=\"button\" href=\"https:\/\/modenafuturacreativa.it\/eventi\/partecipazioni-ad-eventi-nazionali-ed-internazionali\/\">2026<\/a><\/span><\/h6><\/div><div class=\"nectar-cta freccia alignment_tablet_left alignment_phone_left display_tablet_inherit display_phone_inherit \" data-color=\"default\" data-using-bg=\"false\" data-display=\"block\" data-style=\"underline\" data-alignment=\"right\" data-text-color=\"custom\" style=\"--nectar-text-color: #000000; --nectar-button-color: var(--nectar-default); --nectar-icon-gap: 10px; \"><h6 style=\"color: #000000;\"> <span class=\"link_wrap\" ><a  class=\"link_text\" style=\"border-color: #000000;\" role=\"button\" href=\"https:\/\/modenafuturacreativa.it\/partecipazione-archivio-2025\/\">2025<\/a><\/span><\/h6><\/div><div class=\"nectar-cta freccia alignment_tablet_left alignment_phone_left display_tablet_inherit display_phone_inherit \" data-color=\"default\" data-using-bg=\"false\" data-display=\"block\" data-style=\"underline\" data-alignment=\"right\" data-text-color=\"custom\" style=\"--nectar-text-color: #000000; --nectar-button-color: var(--nectar-default); --nectar-icon-gap: 10px; \"><h6 style=\"color: #000000;\"> <span class=\"link_wrap\" ><a  class=\"link_text\" style=\"border-color: #000000;\" role=\"button\" href=\"https:\/\/modenafuturacreativa.it\/eventi\/partecipazione-archivio-2024\/\">2024<\/a><\/span><\/h6><\/div><div class=\"nectar-cta freccia alignment_tablet_left alignment_phone_left display_tablet_inherit display_phone_inherit \" data-color=\"default\" data-using-bg=\"false\" data-style=\"text-reveal-wave\" data-display=\"block\" data-alignment=\"right\" data-text-color=\"custom\" style=\"--nectar-text-color: #000000; --nectar-button-color: var(--nectar-default); --nectar-icon-gap: 10px; \"><h6 style=\"color: #000000;\"><span class=\"link_wrap\" ><a  aria-label=\"\u2192 2023\" class=\"link_text\" role=\"button\" href=\"https:\/\/modenafuturacreativa.it\/eventi\/partecipazione-archivio-2023\/\"><span class=\"text\"><span class=\"char\">\u2192<\/span> <span class=\"char\">2<\/span><span class=\"char\">0<\/span><span class=\"char\">2<\/span><span class=\"char\">3<\/span><\/span><\/a><\/span><\/h6><\/div><div class=\"nectar-cta freccia alignment_tablet_left alignment_phone_left display_tablet_inherit display_phone_inherit \" data-color=\"default\" data-using-bg=\"false\" data-display=\"block\" data-style=\"underline\" data-alignment=\"right\" data-text-color=\"custom\" style=\"--nectar-text-color: #000000; --nectar-button-color: var(--nectar-default); --nectar-icon-gap: 10px; \"><h6 style=\"color: #000000;\"> <span class=\"link_wrap\" ><a  class=\"link_text\" style=\"border-color: #000000;\" role=\"button\" href=\"https:\/\/modenafuturacreativa.it\/eventi\/partecipazione-archivio-2022\/\">2022<\/a><\/span><\/h6><\/div><div class=\"nectar-cta freccia alignment_tablet_left alignment_phone_left display_tablet_inherit display_phone_inherit \" data-color=\"default\" data-using-bg=\"false\" data-display=\"block\" data-style=\"underline\" data-alignment=\"right\" data-text-color=\"custom\" style=\"--nectar-text-color: #000000; --nectar-button-color: var(--nectar-default); --nectar-icon-gap: 10px; \"><h6 style=\"color: #000000;\"> <span class=\"link_wrap\" ><a  class=\"link_text\" style=\"border-color: #000000;\" role=\"button\" href=\"https:\/\/modenafuturacreativa.it\/eventi\/partecipazione-archivio-2021\/\">2021<\/a><\/span><\/h6><\/div><div class=\"divider-wrap height_tablet_5vh height_phone_5vh \" data-alignment=\"default\"><div style=\"height: 0vh;\" class=\"divider\"><\/div><\/div>\n\t\t\t<\/div> \n\t\t<\/div>\n\t<\/div> \n\n\t<div  class=\"vc_col-sm-8 wpb_column column_container vc_column_container col has-animation no-extra-padding inherit_tablet inherit_phone \"  data-padding-pos=\"all\" data-has-bg-color=\"false\" data-bg-color=\"\" data-bg-opacity=\"1\" data-animation=\"fade-in-from-bottom\" data-delay=\"800\" >\n\t\t<div class=\"vc_column-inner\" >\n\t\t\t<div class=\"wpb_wrapper\">\n\t\t\t\t<style type=\"text\/css\"> #gw_go_portfolio_partecipazioni2023 .gw-gopf-posts-wrap-inner { margin-left:-20px;margin-top:-80px; } #gw_go_portfolio_partecipazioni2023 .gw-gopf-filter-opacity .gw-gopf-col-wrap.gw-gopf-disabled { filter:alpha(opacity=30) !important;-ms-filter:\"progid:DXImageTransform.Microsoft.Alpha(Opacity=30)\" !important;-khtml-opacity:0.3 !important;-moz-opacity:0.3 !important;opacity:0.3 !important; } #gw_go_portfolio_partecipazioni2023 .gw-gopf-post-col { margin-left:20px;margin-top:80px; } #gw_go_portfolio_partecipazioni2023 .gw-gopf-cats { margin-bottom:20px !important; } #gw_go_portfolio_partecipazioni2023 .gw-gopf-filter { margin-left:-6px; } #gw_go_portfolio_partecipazioni2023 .gw-gopf-cats > span { margin-left:6px; } #gw_go_portfolio_partecipazioni2023 .gw-gopf-slider-controls > div { margin-bottom:20px; } #gw_go_portfolio_partecipazioni2023 .gw-gopf-slider-controls > div { margin-left:6px; } #gw_go_portfolio_partecipazioni2023 .gw-gopf-post-overlay-bg { background-color:#0054ff; } #gw_go_portfolio_partecipazioni2023 .gw-gopf-post-overlay-bg { filter:alpha(opacity=30);-ms-filter:\"progid:DXImageTransform.Microsoft.Alpha(Opacity=30)\";-khtml-opacity:0.3;-moz-opacity:0.3;opacity:0.3; } #gw_go_portfolio_partecipazioni2023 .gw-gopf-post-content { text-align:left; } #gw_go_portfolio_partecipazioni2023 .gw-gopf-post-more { text-align:left; } #gw_go_portfolio_partecipazioni2023 .gw-gopf-pagination-wrapper { padding-top:20px; } #gw_go_portfolio_partecipazioni2023 .gw-gopf-post-media-wrap img { left:50%;top:50%;-ms-transform: translateX(-50%) translateY(-50%) translateZ(0);transform: translateX(-50%) translateY(-50%) translateZ(0); } #gw_go_portfolio_partecipazioni2023 .gw-gopf-post-media-wrap { background-position: 50% 50%; } #gw_go_portfolio_partecipazioni2023 .gw-gopf-style-vario .gw-gopf-btn {color:#ffffff;background:#000000;-moz-border-radius:0px;-webkit-border-radius:0px;border-radius:0px;display:inline-block;font-family:inherit;font-size:16px;height:29px;line-height:29px;padding:0 9px;position:relative;text-align:left;-moz-transition:color 0.08s ease-in-out, background-color 0.08s ease-in-out, border-color 0.08s ease-in-out;-ms-transition:color 0.08s ease-in-out, background-color 0.08s ease-in-out, border-color 0.08s ease-in-out;-o-transition:color 0.08s ease-in-out, background-color 0.08s ease-in-out, border-color 0.08s ease-in-out;-webkit-transition:color 0.08s ease-in-out, background-color 0.08s ease-in-out, border-color 0.08s ease-in-out;transition:color 0.08s ease-in-out, background-color 0.08s ease-in-out, border-color 0.08s ease-in-out;text-decoration:none !important;} #gw_go_portfolio_partecipazioni2023 .gw-gopf-style-vario a.gw-gopf-btn.gw-gopf-btn-outlined {color:#000000;background:transparent;border:solid 1px #000000;height:27px;line-height:27px;padding:0 8px;} #gw_go_portfolio_partecipazioni2023 .gw-gopf-style-vario a.gw-gopf-btn:hover {color:#ffffff;background:#333333;} #gw_go_portfolio_partecipazioni2023 .gw-gopf-style-vario a.gw-gopf-btn.gw-gopf-btn-outlined:hover {color:#333333;background:transparent;border-color:#333333;} #gw_go_portfolio_partecipazioni2023 .gw-gopf-style-vario a.gw-gopf-circle {-moz-border-radius:22px;-webkit-border-radius:22px;border-radius:22px;display:inline-block;height:44px;line-height:44px;position: relative;margin-left:3px;margin-right:3px;-moz-transition:color 0.08s ease-in-out, background-color 0.08s ease-in-out, border-color 0.08s ease-in-out;-ms-transition:color 0.08s ease-in-out, background-color 0.08s ease-in-out, border-color 0.08s ease-in-out;-o-transition:color 0.08s ease-in-out, background-color 0.08s ease-in-out, border-color 0.08s ease-in-out;-webkit-transition:color 0.08s ease-in-out, background-color 0.08s ease-in-out, border-color 0.08s ease-in-out;transition:color 0.08s ease-in-out, background-color 0.08s ease-in-out, border-color 0.08s ease-in-out;width:44px;} #gw_go_portfolio_partecipazioni2023 .gw-gopf-style-vario .gw-gopf-cats > span a {background:#333333;-moz-border-radius:0px;-webkit-border-radius:0px;border-radius:0px;color:#ffffff;display:block;font-family:inherit;font-size:16px;height:29px;line-height:29px;padding:0 10px;text-decoration:none;-moz-transition:color 0.08s ease-in-out, background-color 0.08s ease-in-out, border-color 0.08s ease-in-out;-ms-transition:color 0.08s ease-in-out, background-color 0.08s ease-in-out, border-color 0.08s ease-in-out;-o-transition:color 0.08s ease-in-out, background-color 0.08s ease-in-out, border-color 0.08s ease-in-out;-webkit-transition:color 0.08s ease-in-out, background-color 0.08s ease-in-out, border-color 0.08s ease-in-out;transition:color 0.08s ease-in-out, background-color 0.08s ease-in-out, border-color 0.08s ease-in-out;} #gw_go_portfolio_partecipazioni2023 .gw-gopf-style-vario .gw-gopf-cats > span a.gw-gopf-btn-outlined {color:#333333;background:transparent;border:solid 1px #333333;height:27px;line-height:27px;padding:0 8px;} #gw_go_portfolio_partecipazioni2023 .gw-gopf-style-vario .gw-gopf-cats > span.gw-gopf-current a { background:#000000;} #gw_go_portfolio_partecipazioni2023 .gw-gopf-style-vario .gw-gopf-cats > span.gw-gopf-current a.gw-gopf-btn-outlined  { background:transparent;border-color:#000000;color:#000000;} #gw_go_portfolio_partecipazioni2023 .gw-gopf-style-vario .gw-gopf-cats > span a:hover { background:#787878;} #gw_go_portfolio_partecipazioni2023 .gw-gopf-style-vario .gw-gopf-cats > span a.gw-gopf-btn-outlined:hover { background:transparent;border-color:#787878;color:#787878;} #gw_go_portfolio_partecipazioni2023 .gw-gopf-style-vario .gw-gopf-slider-controls > div a {background:#000000;-moz-border-radius:0px;-webkit-border-radius:0px;border-radius:0px;color:#ffffff;display:table-cell;height:29px;text-decoration:none;-moz-transition:color 0.08s ease-in-out, background-color 0.08s ease-in-out, border-color 0.08s ease-in-out;-ms-transition:color 0.08s ease-in-out, background-color 0.08s ease-in-out, border-color 0.08s ease-in-out;-o-transition:color 0.08s ease-in-out, background-color 0.08s ease-in-out, border-color 0.08s ease-in-out;-webkit-transition:color 0.08s ease-in-out, background-color 0.08s ease-in-out, border-color 0.08s ease-in-out;transition:color 0.08s ease-in-out, background-color 0.08s ease-in-out, border-color 0.08s ease-in-out;vertical-align:middle;width:28px;} #gw_go_portfolio_partecipazioni2023 .gw-gopf-style-vario .gw-gopf-slider-controls > div a:hover {background:#333333;} #gw_go_portfolio_partecipazioni2023 .gw-gopf-style-vario .gw-gopf-slider-controls > div a.disabled {background:#333333;} #gw_go_portfolio_partecipazioni2023 .gw-gopf-style-vario a.gw-gopf-pagination-load-more {background:#333333;-moz-border-radius:0px;-webkit-border-radius:0px;border-radius:0px;color:#ffffff;display:inline-block;font-family:inherit;font-size:16px;height:29px;line-height:29px;padding:0 10px;text-decoration:none;-moz-transition:color 0.08s ease-in-out, background-color 0.08s ease-in-out, border-color 0.08s ease-in-out;-ms-transition:color 0.08s ease-in-out, background-color 0.08s ease-in-out, border-color 0.08s ease-in-out;-o-transition:color 0.08s ease-in-out, background-color 0.08s ease-in-out, border-color 0.08s ease-in-out;-webkit-transition:color 0.08s ease-in-out, background-color 0.08s ease-in-out, border-color 0.08s ease-in-out;transition:color 0.08s ease-in-out, background-color 0.08s ease-in-out, border-color 0.08s ease-in-out;} #gw_go_portfolio_partecipazioni2023 .gw-gopf-style-vario a.gw-gopf-pagination-load-more.gw-gopf-btn-outlined {color:#333333;background:transparent;border:solid 1px #333333;height:27px;line-height:27px;padding:0 8px;} #gw_go_portfolio_partecipazioni2023 .gw-gopf-style-vario a.gw-gopf-pagination-load-more:hover { background:#787878;} #gw_go_portfolio_partecipazioni2023 .gw-gopf-style-vario a.gw-gopf-pagination-load-more.gw-gopf-btn-outlined:hover { background:transparent;border-color:#787878;color:#787878;} #gw_go_portfolio_partecipazioni2023 .gw-gopf-style-vario .gw-gopf-post {-moz-border-radius:0px;-webkit-border-radius:0px;border-radius:0px;-moz-box-shadow:0 0 0px 0px rgba(0,0,0,0);-o-box-shadow:0 0 0px 0px rgba(0,0,0,0);-webkit-box-shadow:0 0 0px 0px rgba(0,0,0,0);box-shadow:0 0 0px 0px rgba(0,0,0,0);overflow:hidden;} #gw_go_portfolio_partecipazioni2023 .gw-gopf-style-vario .gw-gopf-post-media-wrap {-moz-border-radius-topleft:0px;-moz-border-radius-topright:0px;-webkit-border-top-left-radius:0px;-webkit-border-top-right-radius:0px;border-top-left-radius:0px;border-top-right-radius:0px;} #gw_go_portfolio_partecipazioni2023 .gw-gopf-style-vario .gw-gopf-post-overlay-bg {-moz-border-radius-topleft:0px;-moz-border-radius-topright:0px;-webkit-border-top-left-radius:0px;-webkit-border-top-right-radius:0px;border-top-left-radius:0px;border-top-right-radius:0px;} #gw_go_portfolio_partecipazioni2023 .gw-gopf-style-vario a.gw-gopf-post-overlay-circle { background:#000000;} #gw_go_portfolio_partecipazioni2023 .gw-gopf-style-vario a.gw-gopf-post-overlay-circle:hover { background:#333333;} #gw_go_portfolio_partecipazioni2023 .gw-gopf-style-vario a.gw-gopf-post-overlay-btn {background:#000000;margin-left:3px;margin-right:3px;} #gw_go_portfolio_partecipazioni2023 .gw-gopf-style-vario a.gw-gopf-post-overlay-btn.gw-gopf-btn-outlined  {background:transparent;border-color:#000000;color:#000000;} #gw_go_portfolio_partecipazioni2023 .gw-gopf-style-vario a.gw-gopf-post-overlay-btn:hover {background:#333333;} #gw_go_portfolio_partecipazioni2023 .gw-gopf-style-vario a.gw-gopf-post-overlay-btn.gw-gopf-btn-outlined:hover {background:transparent;border-color:#333333;color:#333333;} #gw_go_portfolio_partecipazioni2023 .gw-gopf-style-vario .gw-gopf-post-content-wrap:before { -moz-border-radius-bottomleft:0px;-moz-border-radius-bottomright:0px;-webkit-border-bottom-left-radius:0px;-webkit-border-bottom-right-radius:0px;border-bottom-left-radius:0px;border-bottom-right-radius:0px;background-color:#ffffff;opacity:1;} #gw_go_portfolio_partecipazioni2023 .gw-gopf-style-vario .gw-gopf-post-content { color:#333333;font-family:inherit;font-size:16px;line-height:25px;padding:20px;} #gw_go_portfolio_partecipazioni2023 .gw-gopf-style-vario .gw-gopf-post-content a {color:#000000;} #gw_go_portfolio_partecipazioni2023 .gw-gopf-style-vario .gw-gopf-post-content a:hover {color:#333333;} #gw_go_portfolio_partecipazioni2023 .gw-gopf-style-vario .gw-gopf-post-content h2 {color:#333333 !important;font-family:inherit !important;font-size:16px !important;line-height:20px !important;} #gw_go_portfolio_partecipazioni2023 .gw-gopf-style-vario .gw-gopf-post-content h2 a { color:inherit;font-size:inherit !important;line-height:inherit !important;} #gw_go_portfolio_partecipazioni2023 .gw-gopf-style-vario .gw-gopf-post-content h2 a:hover { color:#000000; } #gw_go_portfolio_partecipazioni2023 .gw-gopf-style-vario .gw-gopf-post-meta {color:#000000;font-family:inherit;font-size:15px;line-height:15px;} #gw_go_portfolio_partecipazioni2023 .gw-gopf-style-vario .gw-gopf-post-excerpt { font-family:inherit;font-size:16px;line-height:25px !important;margin-top:15px} #gw_go_portfolio_partecipazioni2023 .gw-gopf-style-vario .gw-gopf-post-excerpt p {font-family:inherit;font-size:16px;line-height:25px !important;margin:0 0 15px !important;padding:0 !important;} #gw_go_portfolio_partecipazioni2023 .gw-gopf-style-vario .gw-gopf-post-excerpt p:last-child { margin:0 !important;padding:0 !important;} #gw_go_portfolio_partecipazioni2023 .gw-gopf-style-vario .gw-gopf-post-more { margin-top:15px; } #gw_go_portfolio_partecipazioni2023 .gw-gopf-style-vario .gw-gopf-post-more a {color:#000000;font-size:16px;margin-top:15px;font-weight:bold;} #gw_go_portfolio_partecipazioni2023 .gw-gopf-style-vario .gw-gopf-post-more a:hover {color:#333333;font-size:16px;font-weight:bold;} #gw_go_portfolio_partecipazioni2023 .gw-gopf-style-vario .gw-gopf-post-more a.gw-gopf-btn {color:#ffffff;font-weight:normal;margin-top:-3px;} #gw_go_portfolio_partecipazioni2023 .gw-gopf-style-vario .gw-gopf-post-more a.gw-gopf-btn.gw-gopf-btn-outlined { color:#000000; } #gw_go_portfolio_partecipazioni2023 .gw-gopf-style-vario .gw-gopf-post-more a.gw-gopf-btn.gw-gopf-btn-outlined:hover { color:#333333; } #gw_go_portfolio_partecipazioni2023 .gw-gopf-style-vario .gw-gopf-post-more a.gw-gopf-btn { margin-left:10px } #gw_go_portfolio_partecipazioni2023 .gw-gopf-style-vario .gw-gopf-post-more a.gw-gopf-btn:first-child { margin-left:0; } #gw_go_portfolio_partecipazioni2023 .gw-gopf-style-vario .gw-gopf-post-content > *:first-child { margin-top:0 !important; } #gw_go_portfolio_partecipazioni2023 .gw-gopf-style-vario div.gw-gopf-post-highlight-box, #gw_go_portfolio_partecipazioni2023  .gw-gopf-style-vario div.gw-gopf-post-highlight-box:first-child{background:#000000;padding:20px;margin:-20px -20px 20px !important;} #gw_go_portfolio_partecipazioni2023 .gw-gopf-style-vario .gw-gopf-post-highlight-box * { color:#ffffff !important;} #gw_go_portfolio_partecipazioni2023 .gw-gopf-style-vario .gw-gopf-post-highlight-box a:hover { color:#333333 !important;} #gw_go_portfolio_partecipazioni2023 .gw-gopf-style-vario .gw-gopf-woo-sale, #gw_go_portfolio_partecipazioni2023  .gw-gopf-touch.gw-gopf-style-vario .gw-gopf-post:hover .gw-gopf-woo-sale {background:#000000;-moz-border-radius:22px;-webkit-border-radius:22px;border-radius:22px;color:#ffffff;display:inline-block;font-size:16px;height:44px;line-height:44px;position:absolute;right:10px;text-align:center;top:10px;-moz-transition:opacity 0.1s ease-in-out;-ms-transition:opacity 0.1s ease-in-out;-o-transition:opacity 0.1s ease-in-out;-webkit-transition:opacity 0.1s ease-in-out;transition:opacity 0.1s ease-in-out;width:44px;z-index:5;} #gw_go_portfolio_partecipazioni2023 .gw-gopf-style-vario .gw-gopf-post:hover .gw-gopf-woo-sale, #gw_go_portfolio_partecipazioni2023 .gw-gopf-touch.gw-gopf-style-vario .gw-gopf-current.gw-gopf-post .gw-gopf-woo-sale { filter:alpha(opacity=50); -ms-filter:\"progid:DXImageTransform.Microsoft.Alpha(Opacity=50)\"; -khtml-opacity:0.5; -moz-opacity:0.5; opacity:0.5; } #gw_go_portfolio_partecipazioni2023 .gw-gopf-style-vario .gw-gopf-post-woo-price {color:#000000;font-size:22px;font-weight:bold;line-height:22px;margin-top:15px;} #gw_go_portfolio_partecipazioni2023 .gw-gopf-style-vario .gw-gopf-post-woo-price del {background:none;color:#b8b8b8;font-size:16px;line-height:20px;margin-right:8px;text-decoration:line-through;} #gw_go_portfolio_partecipazioni2023 .gw-gopf-style-vario .gw-gopf-post-woo-price ins { background:none;text-decoration:none !important;}<\/style>\n<style type=\"text\/css\"><\/style>\n<div id=\"gw_go_portfolio_partecipazioni2023\" style=\"margin-top:0;margin-bottom:0;\"><div class=\"gw-gopf gw-gopf-no-trans gw-gopf-grid-type gw-gopf-1col gw-gopf-style-vario  gw-gopf-pagination\" data-layout-mode=\"masonry\"data-url=\"https:\/\/modenafuturacreativa.it\/wp-admin\/admin-ajax.php\" data-id=\"65e9afb42c348\" data-cols=\"1\" data-rowspace=\"80\" data-rtl=\"false\" data-transenabled=\"true\" data-lbenabled=\"true\" data-lbgallery=\"true\" data-deep-linking=\"true\"  data-filter-type=\"isotope\"><div class=\"gw-gopf-posts-wrap\"><div class=\"gw-gopf-posts-wrap-inner\"><div class=\"gw-gopf-posts gw-gopf-clearfix\" data-col=\"1\"><div id=\"3259\" class=\"gw-gopf-col-wrap\" data-filter=\" \"><div class=\"gw-gopf-post-col gw-gopf-has-overlay gw-gopf-post-overlay-hover\"><a style=\"width:30%; \" href=\"https:\/\/modenafuturacreativa.it\/en\/unesco\/unesco-creative-cities-network-of-media-arts-annual-meeting\/\" target=\"_self\"><div style=\"display: inline-flex; width: 100%; \" class=\"gw-gopf-post\"><div  class=\"gw-gopf-post-header\"><div class=\"gw-gopf-post-overlay\"><div class=\"gw-gopf-post-overlay-bg\"><\/div><div class=\"gw-gopf-post-overlay-inner\"><\/div><\/div><div class=\"gw-gopf-post-media-wrap-outer\"><div class=\"gw-gopf-post-media-wrap\"  style=\" height:0; padding-bottom:100%\"><img decoding=\"async\" class=\"\" src=\"data:image\/gif;base64,R0lGODlhAQABAIAAAAAAAP\/\/\/yH5BAEAAAAALAAAAAABAAEAAAIBRAA7\" alt=\"KV_ANNUALMEETING_6OCTUBRE.ai_Mesa-de-trabajo-1\" data-src=\"https:\/\/modenafuturacreativa.it\/wp-content\/uploads\/2023\/10\/KV_ANNUALMEETING_6OCTUBRE.ai_Mesa-de-trabajo-1-1024x700.jpg\" data-id=\"3260\" data-width=\"1024\" data-height=\"700\" data-img-aspect-ratio=\"0.68359375\" data-view-aspect-ratio=\"1\" data-orientation=\"landscape\"><\/div><\/div><\/div><div style=\"width:70%;\" class=\"gw-gopf-post-content-wrap\"><div class=\"gw-gopf-post-content\"><div class=\"gw-gopf-post-title\"><h1 style=\"font-size: 30px; line-height:1.2 !important;\"><a style=\" color: #000;\" href=\"https:\/\/modenafuturacreativa.it\/en\/unesco\/unesco-creative-cities-network-of-media-arts-annual-meeting\/\" target=\"_self\">UNESCO Creative Cities Network of Media Arts Annual Meeting<\/a><\/h1><\/div><div class=\"gw-gopf-post-excerpt\"><p>Modena partecipa all\u2019incontro annuale 2023 della Rete Citt\u00e0 Creative UNESCO per le Media Arts, che si terr\u00e0 a Cali, in...<\/p><\/div><div class=\"gw-gopf-post-more\"><a href=\"https:\/\/modenafuturacreativa.it\/en\/unesco\/unesco-creative-cities-network-of-media-arts-annual-meeting\/\" class=\"gw-gopf-btn\" target=\"_self\">APPROFONDISCI<\/a><\/div><\/div><\/div><\/div><\/a><\/div><\/div><div id=\"3240\" class=\"gw-gopf-col-wrap\" data-filter=\" \"><div class=\"gw-gopf-post-col gw-gopf-has-overlay gw-gopf-post-overlay-hover\"><a style=\"width:30%; \" href=\"https:\/\/modenafuturacreativa.it\/en\/unesco\/rete-delle-citta-creative-unesco-online-meeting\/\" target=\"_self\"><div style=\"display: inline-flex; width: 100%; \" class=\"gw-gopf-post\"><div  class=\"gw-gopf-post-header\"><div class=\"gw-gopf-post-overlay\"><div class=\"gw-gopf-post-overlay-bg\"><\/div><div class=\"gw-gopf-post-overlay-inner\"><\/div><\/div><div class=\"gw-gopf-post-media-wrap-outer\"><div class=\"gw-gopf-post-media-wrap\"  style=\" height:0; padding-bottom:100%\"><img decoding=\"async\" class=\"\" src=\"data:image\/gif;base64,R0lGODlhAQABAIAAAAAAAP\/\/\/yH5BAEAAAAALAAAAAABAAEAAAIBRAA7\" alt=\"1280px-UNESCO_logo.svg\" data-src=\"https:\/\/modenafuturacreativa.it\/wp-content\/uploads\/2023\/10\/1280px-UNESCO_logo.svg-1024x763.png\" data-id=\"3241\" data-width=\"1024\" data-height=\"763\" data-img-aspect-ratio=\"0.7451171875\" data-view-aspect-ratio=\"1\" data-orientation=\"landscape\"><\/div><\/div><\/div><div style=\"width:70%;\" class=\"gw-gopf-post-content-wrap\"><div class=\"gw-gopf-post-content\"><div class=\"gw-gopf-post-title\"><h1 style=\"font-size: 30px; line-height:1.2 !important;\"><a style=\" color: #000;\" href=\"https:\/\/modenafuturacreativa.it\/en\/unesco\/rete-delle-citta-creative-unesco-online-meeting\/\" target=\"_self\">Rete delle citt\u00e0 creative UNESCO &#8211; Online meeting<\/a><\/h1><\/div><div class=\"gw-gopf-post-excerpt\"><p>Cultura: la chiave per sbloccare lo sviluppo sostenibile locale<\/p><\/div><div class=\"gw-gopf-post-more\"><a href=\"https:\/\/modenafuturacreativa.it\/en\/unesco\/rete-delle-citta-creative-unesco-online-meeting\/\" class=\"gw-gopf-btn\" target=\"_self\">APPROFONDISCI<\/a><\/div><\/div><\/div><\/div><\/a><\/div><\/div><div id=\"3218\" class=\"gw-gopf-col-wrap\" data-filter=\" \"><div class=\"gw-gopf-post-col gw-gopf-has-overlay gw-gopf-post-overlay-hover\"><a style=\"width:30%; \" href=\"https:\/\/modenafuturacreativa.it\/en\/unesco\/la-conservazione-della-memoria-per-progettare-il-futuro\/\" target=\"_self\"><div style=\"display: inline-flex; width: 100%; \" class=\"gw-gopf-post\"><div  class=\"gw-gopf-post-header\"><div class=\"gw-gopf-post-overlay\"><div class=\"gw-gopf-post-overlay-bg\"><\/div><div class=\"gw-gopf-post-overlay-inner\"><\/div><\/div><div class=\"gw-gopf-post-media-wrap-outer\"><div class=\"gw-gopf-post-media-wrap\"  style=\" height:0; padding-bottom:100%\"><img decoding=\"async\" class=\"\" src=\"data:image\/gif;base64,R0lGODlhAQABAIAAAAAAAP\/\/\/yH5BAEAAAAALAAAAAABAAEAAAIBRAA7\" alt=\"1\" data-src=\"https:\/\/modenafuturacreativa.it\/wp-content\/uploads\/2023\/10\/1.jpg\" data-id=\"3219\" data-width=\"830\" data-height=\"589\" data-img-aspect-ratio=\"0.70963855421687\" data-view-aspect-ratio=\"1\" data-orientation=\"landscape\"><\/div><\/div><\/div><div style=\"width:70%;\" class=\"gw-gopf-post-content-wrap\"><div class=\"gw-gopf-post-content\"><div class=\"gw-gopf-post-title\"><h1 style=\"font-size: 30px; line-height:1.2 !important;\"><a style=\" color: #000;\" href=\"https:\/\/modenafuturacreativa.it\/en\/unesco\/la-conservazione-della-memoria-per-progettare-il-futuro\/\" target=\"_self\">La conservazione della memoria per progettare il futuro<\/a><\/h1><\/div><div class=\"gw-gopf-post-excerpt\"><p>Gli Archivi e le Biblioteche patrimonio di conoscenza. La Biennale di Venezia<\/p><\/div><div class=\"gw-gopf-post-more\"><a href=\"https:\/\/modenafuturacreativa.it\/en\/unesco\/la-conservazione-della-memoria-per-progettare-il-futuro\/\" class=\"gw-gopf-btn\" target=\"_self\">APPROFONDISCI<\/a><\/div><\/div><\/div><\/div><\/a><\/div><\/div><div id=\"2203\" class=\"gw-gopf-col-wrap\" data-filter=\" \"><div class=\"gw-gopf-post-col gw-gopf-has-overlay gw-gopf-post-overlay-hover\"><a style=\"width:30%; \" href=\"https:\/\/modenafuturacreativa.it\/en\/unesco\/il-dondolo-al-salone-del-libro\/\" target=\"_self\"><div style=\"display: inline-flex; width: 100%; \" class=\"gw-gopf-post\"><div  class=\"gw-gopf-post-header\"><div class=\"gw-gopf-post-overlay\"><div class=\"gw-gopf-post-overlay-bg\"><\/div><div class=\"gw-gopf-post-overlay-inner\"><\/div><\/div><div class=\"gw-gopf-post-media-wrap-outer\"><div class=\"gw-gopf-post-media-wrap\"  style=\" height:0; padding-bottom:100%\"><img decoding=\"async\" class=\"\" src=\"data:image\/gif;base64,R0lGODlhAQABAIAAAAAAAP\/\/\/yH5BAEAAAAALAAAAAABAAEAAAIBRAA7\" alt=\"dondolo-salone-del-libro-torino\" data-src=\"https:\/\/modenafuturacreativa.it\/wp-content\/uploads\/2023\/05\/dondolo-salone-del-libro-torino-1.png\" data-id=\"2205\" data-width=\"424\" data-height=\"424\" data-img-aspect-ratio=\"1\" data-view-aspect-ratio=\"1\" data-orientation=\"portrait\"><\/div><\/div><\/div><div style=\"width:70%;\" class=\"gw-gopf-post-content-wrap\"><div class=\"gw-gopf-post-content\"><div class=\"gw-gopf-post-title\"><h1 style=\"font-size: 30px; line-height:1.2 !important;\"><a style=\" color: #000;\" href=\"https:\/\/modenafuturacreativa.it\/en\/unesco\/il-dondolo-al-salone-del-libro\/\" target=\"_self\">Salone Internazionale del Libro<\/a><\/h1><\/div><div class=\"gw-gopf-post-excerpt\"><p>Il Dondolo, la casa editrice digitale del Comune di Modena al Salone di Torino.<\/p><\/div><div class=\"gw-gopf-post-more\"><a href=\"https:\/\/modenafuturacreativa.it\/en\/unesco\/il-dondolo-al-salone-del-libro\/\" class=\"gw-gopf-btn\" target=\"_self\">APPROFONDISCI<\/a><\/div><\/div><\/div><\/div><\/a><\/div><\/div><div id=\"2095\" class=\"gw-gopf-col-wrap\" data-filter=\" \"><div class=\"gw-gopf-post-col gw-gopf-has-overlay gw-gopf-post-overlay-hover\"><a style=\"width:30%; \" href=\"https:\/\/modenafuturacreativa.it\/en\/unesco\/drawwithdenmark\/\" target=\"_self\"><div style=\"display: inline-flex; width: 100%; \" class=\"gw-gopf-post\"><div  class=\"gw-gopf-post-header\"><div class=\"gw-gopf-post-overlay\"><div class=\"gw-gopf-post-overlay-bg\"><\/div><div class=\"gw-gopf-post-overlay-inner\"><\/div><\/div><div class=\"gw-gopf-post-media-wrap-outer\"><div class=\"gw-gopf-post-media-wrap\"  style=\" height:0; padding-bottom:100%\"><img decoding=\"async\" class=\"\" src=\"data:image\/gif;base64,R0lGODlhAQABAIAAAAAAAP\/\/\/yH5BAEAAAAALAAAAAABAAEAAAIBRAA7\" alt=\"tegnhaab_grafik_2023_1_uk_1920_1080\" data-src=\"https:\/\/modenafuturacreativa.it\/wp-content\/uploads\/2023\/05\/tegnhaab_grafik_2023_1_uk_1920_1080.jpg\" data-id=\"2096\" data-width=\"864\" data-height=\"526\" data-img-aspect-ratio=\"0.6087962962963\" data-view-aspect-ratio=\"1\" data-orientation=\"landscape\"><\/div><\/div><\/div><div style=\"width:70%;\" class=\"gw-gopf-post-content-wrap\"><div class=\"gw-gopf-post-content\"><div class=\"gw-gopf-post-title\"><h1 style=\"font-size: 30px; line-height:1.2 !important;\"><a style=\" color: #000;\" href=\"https:\/\/modenafuturacreativa.it\/en\/unesco\/drawwithdenmark\/\" target=\"_self\">#DrawWithDenmark<\/a><\/h1><\/div><div class=\"gw-gopf-post-excerpt\"><p>Modena aderisce alla campagna internazionale di disegno #DrawWithDenmark\u00a0lanciata dalla citt\u00e0 danese di Viborg e invita bambini e ragazzi di tutte...<\/p><\/div><div class=\"gw-gopf-post-more\"><a href=\"https:\/\/modenafuturacreativa.it\/en\/unesco\/drawwithdenmark\/\" class=\"gw-gopf-btn\" target=\"_self\">APPROFONDISCI<\/a><\/div><\/div><\/div><\/div><\/a><\/div><\/div><div id=\"1920\" class=\"gw-gopf-col-wrap\" data-filter=\" \"><div class=\"gw-gopf-post-col gw-gopf-has-overlay gw-gopf-post-overlay-hover\"><a style=\"width:30%; \" href=\"https:\/\/modenafuturacreativa.it\/en\/unesco\/italian-young-forum-2023-unesco\/\" target=\"_self\"><div style=\"display: inline-flex; width: 100%; \" class=\"gw-gopf-post\"><div  class=\"gw-gopf-post-header\"><div class=\"gw-gopf-post-overlay\"><div class=\"gw-gopf-post-overlay-bg\"><\/div><div class=\"gw-gopf-post-overlay-inner\"><\/div><\/div><div class=\"gw-gopf-post-media-wrap-outer\"><div class=\"gw-gopf-post-media-wrap\"  style=\" height:0; padding-bottom:100%\"><img decoding=\"async\" class=\"\" src=\"data:image\/gif;base64,R0lGODlhAQABAIAAAAAAAP\/\/\/yH5BAEAAAAALAAAAAABAAEAAAIBRAA7\" alt=\"Italian Young Forum 2023 Unesco\" data-src=\"https:\/\/modenafuturacreativa.it\/wp-content\/uploads\/2023\/04\/Italian-Young-Forum-2023-Unesco.png\" data-id=\"1922\" data-width=\"833\" data-height=\"833\" data-img-aspect-ratio=\"1\" data-view-aspect-ratio=\"1\" data-orientation=\"portrait\"><\/div><\/div><\/div><div style=\"width:70%;\" class=\"gw-gopf-post-content-wrap\"><div class=\"gw-gopf-post-content\"><div class=\"gw-gopf-post-title\"><h1 style=\"font-size: 30px; line-height:1.2 !important;\"><a style=\" color: #000;\" href=\"https:\/\/modenafuturacreativa.it\/en\/unesco\/italian-young-forum-2023-unesco\/\" target=\"_self\">Italian Young Forum 2023 Unesco<\/a><\/h1><\/div><div class=\"gw-gopf-post-excerpt\"><p>La V edizione dell\u2019Italian Youth Forum dell\u2019Associazione Italiana Giovani per l\u2019UNESCO sara\u0300 dedicata alla creativit\u00e0 come strumento per l\u2019innovazione e...<\/p><\/div><div class=\"gw-gopf-post-more\"><a href=\"https:\/\/modenafuturacreativa.it\/en\/unesco\/italian-young-forum-2023-unesco\/\" class=\"gw-gopf-btn\" target=\"_self\">APPROFONDISCI<\/a><\/div><\/div><\/div><\/div><\/a><\/div><\/div><div id=\"1909\" class=\"gw-gopf-col-wrap\" data-filter=\" \"><div class=\"gw-gopf-post-col gw-gopf-has-overlay gw-gopf-post-overlay-hover\"><a style=\"width:30%; \" href=\"https:\/\/modenafuturacreativa.it\/en\/unesco\/annual-meeting-citta-creative-italiane-unesco\/\" target=\"_self\"><div style=\"display: inline-flex; width: 100%; \" class=\"gw-gopf-post\"><div  class=\"gw-gopf-post-header\"><div class=\"gw-gopf-post-overlay\"><div class=\"gw-gopf-post-overlay-bg\"><\/div><div class=\"gw-gopf-post-overlay-inner\"><\/div><\/div><div class=\"gw-gopf-post-media-wrap-outer\"><div class=\"gw-gopf-post-media-wrap\"  style=\" height:0; padding-bottom:100%\"><img decoding=\"async\" class=\"\" src=\"data:image\/gif;base64,R0lGODlhAQABAIAAAAAAAP\/\/\/yH5BAEAAAAALAAAAAABAAEAAAIBRAA7\" alt=\"Citt\u00e0-di-Torino\" data-src=\"https:\/\/modenafuturacreativa.it\/wp-content\/uploads\/2023\/04\/Citta-di-Torino.png\" data-id=\"1912\" data-width=\"400\" data-height=\"400\" data-img-aspect-ratio=\"1\" data-view-aspect-ratio=\"1\" data-orientation=\"portrait\"><\/div><\/div><\/div><div style=\"width:70%;\" class=\"gw-gopf-post-content-wrap\"><div class=\"gw-gopf-post-content\"><div class=\"gw-gopf-post-title\"><h1 style=\"font-size: 30px; line-height:1.2 !important;\"><a style=\" color: #000;\" href=\"https:\/\/modenafuturacreativa.it\/en\/unesco\/annual-meeting-citta-creative-italiane-unesco\/\" target=\"_self\">Annual Meeting Citt\u00e0 Creative Italiane Unesco<\/a><\/h1><\/div><div class=\"gw-gopf-post-excerpt\"><p>L\u2019incontro annuale delle Citt\u00e0 Creative Italiane \u00e8 un momento importante di confronto e scambio di esperienze tra le citt\u00e0 del...<\/p><\/div><div class=\"gw-gopf-post-more\"><a href=\"https:\/\/modenafuturacreativa.it\/en\/unesco\/annual-meeting-citta-creative-italiane-unesco\/\" class=\"gw-gopf-btn\" target=\"_self\">APPROFONDISCI<\/a><\/div><\/div><\/div><\/div><\/a><\/div><\/div><\/div><\/div><\/div><div class=\"gw-gopf-clearfix\"><\/div><div class=\"gw-gopf-pagination-wrapper gw-gopf-clearfix\" data-posts=\"7\" data-posts-per-page=\"-1\" data-loaded=\"3259,3240,3218,2203,2095,1920,1909\" data-pages=\"0\" data-current-page=\"1\" data-current-id=\"\"><\/div><\/div><\/div>\n\t\t\t<\/div> \n\t\t<\/div>\n\t<\/div> \n<\/div><\/div>\n\t\t<div id=\"fws_6a9b771dc1e84\"  data-column-margin=\"default\" data-midnight=\"dark\"  class=\"wpb_row vc_row-fluid vc_row full-width-content vc_row-o-equal-height vc_row-flex vc_row-o-content-top  zindex-set\"  style=\"padding-top: 0px; padding-bottom: 0px;  z-index: -1;\"><div class=\"row-bg-wrap\" data-bg-animation=\"none\" data-bg-animation-delay=\"\" data-bg-overlay=\"false\"><div class=\"inner-wrap row-bg-layer\" ><div class=\"row-bg viewport-desktop\"  style=\"\"><\/div><\/div><\/div><div class=\"row_col_wrap_12 col span_12 dark left\">\n\t<div  class=\"vc_col-sm-12 wpb_column column_container vc_column_container col no-extra-padding inherit_tablet inherit_phone \"  data-padding-pos=\"all\" data-has-bg-color=\"false\" data-bg-color=\"\" data-bg-opacity=\"1\" data-animation=\"\" data-delay=\"0\" >\n\t\t<div class=\"vc_column-inner\" >\n\t\t\t<div class=\"wpb_wrapper\">\n\t\t\t\t\n\t<div class=\"wpb_raw_code wpb_raw_html wpb_content_element\" >\n\t\t<div class=\"wpb_wrapper\">\n\t\t\t<script src=\"..\/..\/tube\/jsband-min.js\" type=\"text\/javascript\"><\/script>\n<script src=\"..\/..\/tube\/tube-min.js\" type=\"text\/javascript\"><\/script>\n<div id=\"tube_container\" style=\"background:#b7b7b7; position: fixed;width: 100%;height: 100%;top: 0px;left: 0px;\"> <\/div>\n<script type=\"text\/javascript\">\n\t\tvar tube = new TubeAnimation(\"tube_container\", {\n\t\t\t\n\t\t\t\/\/Main settings\n\t\t\t\tTUBE_SIZE: 200,\n\t\t\t\tTUBE_WIDTH: 30,\n\t\t\t\tTUBE_DISTANCE: 450,\n\t\t\t\tPERSPECTIVE_DISTORTION: 0.8,\n\t\t\t\tTUBE_TORSION: 0.3,\n\t\t\t\tTUBE_STRETCH: 400,\n\t\t\t\tROTATION_SPEED: 2,\n\t\t\t\tDOT_COLOR: 'rgb(211, 211, 211)',\n\t\t\t\tDOT_SIZE: 1,\n\t\t\t\tDETALIZATION: 209,\n\t\t\t\tMESH_DISTRIBUTION: 0,\n\t\t\t\tMESH_RATIO: 18.103,\n\t\t\t\tOFFSET_X: 0, \/\/offset in pixels\n\t\t\t\tOFFSET_Y: 0, \/\/offset in pixels\n\t\t\t\tPERCENTAGE_OFFSET_X: 0, \/\/offset in percentages\n\t\t\t\tPERCENTAGE_OFFSET_Y: 0, \/\/offset in percentages\n\n\t\t\t\/\/Responsivity settings\n\t\t\t\tAUTO_SCALE: false,\n\t\t\t\tVIEWPORT_WIDTH: 1000,\n\t\t\t\tVIEWPORT_HEIGHT: 1000,\n\t\t\t\n\t\t\t\/\/Mouse settings\n\t\t\t\tMOUSE_DISTANCE_MIN: 20,\n\t\t\t\tMOUSE_DISTANCE_MAX: 400,\n\t\t\t\tMOUSE_SENSITIVITY: 0.1,\n\t\t\t\tINERTIAL_TIME: 2,\n\t\t\t\t\n\t\t\t\/\/Main morphing settings\n\t\t\t\tUSE_MAIN_MORPHING: true,\n\t\t\t\tMAIN_MORPHING_AUTOPLAY: true,\n\t\t\t\tMAIN_MORPHING_DURATION: 1.5,\n\t\t\t\tMAIN_MORPHING_DELAY: 2,\n\t\t\t\tMAIN_MORPHING_TRANSITION_TYPE: \"cubic\",\n\t\t\t\tMAIN_MORPHING_STAGES: [\n\t\t\t\t\t{DOT_COLOR: 'rgb(211, 211, 211)'},\n\t\t\t\t\t{DOT_COLOR: 'rgba(211, 211, 211, 1)'},\n\t\t\t\t\t{DOT_COLOR: 'rgba(211, 211, 211, 1)'},\n\t\t\t\t\t{DOT_COLOR: 'rgba(211, 211, 211, 1)'},\n\t\t\t\t\t{DOT_COLOR: 'rgba(211, 211, 211, 1)'},\n\t\t\t\t\t{DOT_COLOR: 'rgba(211, 211, 211, 1)'}\n\t\t\t\t],\n\t\t\t\t\t\t\n\t\t\t\/\/Surface distortion settings\n\t\t\t\tSURFACE_INITIAL_DISTORTION: {\n\t\t\t\t\t\twave1: {amplitude: 19.216, frequency: 4, phase: 1.201},\n\t\t\t\t\t\twave2: {amplitude: 0, frequency: 3, phase: 0},\n\t\t\t\t\t\twave3: {amplitude: 15, frequency: 2, phase: 0}   \n\t\t\t\t\t},\n\t\t\t\tUSE_SURFACE_MORPHING: false,\n\t\t\t\tUSE_SURFACE_MOTION: true,\n\t\t\t\tUSE_SURFACE_SWING: false,\n\t\t\t\t\t\t\t\t \n\t\t\t\/\/Surface motion settings\n\t\t\t\tWAVE_1_MOTION_SPEED: 1.5,\n\t\t\t\t\/\/WAVE_2_MOTION_SPEED: 1,\n\t\t\t\tWAVE_3_MOTION_SPEED: -1\t\t\t\n\t\t});\n\t\t\n\t<\/script>\n\t\t<\/div>\n\t<\/div>\n\n\t\t\t<\/div> \n\t\t<\/div>\n\t<\/div> \n<\/div><\/div>\n","protected":false},"excerpt":{"rendered":"The annual meeting of the Italian Creative Cities is an important moment of confrontation and exchange of experiences among the network cities, in the presence of national and international UNESCO delegates.","protected":false},"author":1,"featured_media":0,"parent":0,"menu_order":0,"comment_status":"closed","ping_status":"closed","template":"","meta":{"wpupg_custom_link":[],"wpupg_custom_link_behaviour":["default"],"wpupg_custom_link_nofollow":["default"],"wpupg_custom_image":[],"wpupg_custom_image_id":[],"footnotes":""},"class_list":["post-3545","page","type-page","status-publish"],"_links":{"self":[{"href":"https:\/\/modenafuturacreativa.it\/en\/wp-json\/wp\/v2\/pages\/3545","targetHints":{"allow":["GET"]}}],"collection":[{"href":"https:\/\/modenafuturacreativa.it\/en\/wp-json\/wp\/v2\/pages"}],"about":[{"href":"https:\/\/modenafuturacreativa.it\/en\/wp-json\/wp\/v2\/types\/page"}],"author":[{"embeddable":true,"href":"https:\/\/modenafuturacreativa.it\/en\/wp-json\/wp\/v2\/users\/1"}],"replies":[{"embeddable":true,"href":"https:\/\/modenafuturacreativa.it\/en\/wp-json\/wp\/v2\/comments?post=3545"}],"version-history":[{"count":5,"href":"https:\/\/modenafuturacreativa.it\/en\/wp-json\/wp\/v2\/pages\/3545\/revisions"}],"predecessor-version":[{"id":6946,"href":"https:\/\/modenafuturacreativa.it\/en\/wp-json\/wp\/v2\/pages\/3545\/revisions\/6946"}],"wp:attachment":[{"href":"https:\/\/modenafuturacreativa.it\/en\/wp-json\/wp\/v2\/media?parent=3545"}],"curies":[{"name":"wp","href":"https:\/\/api.w.org\/{rel}","templated":true}]}}