{"id":2522,"date":"2023-06-08T16:43:11","date_gmt":"2023-06-08T14:43:11","guid":{"rendered":"https:\/\/modenafuturacreativa.it\/?page_id=2522"},"modified":"2025-08-07T11:53:32","modified_gmt":"2025-08-07T09:53:32","slug":"settore-cultura-comune-di-modena","status":"publish","type":"page","link":"https:\/\/modenafuturacreativa.it\/en\/mappa-della-creativita\/settore-cultura-comune-di-modena\/","title":{"rendered":"Culture Sector Municipality of Modena"},"content":{"rendered":"\n\t\t<div id=\"fws_6a9b76b1ef579\"  data-column-margin=\"default\" data-midnight=\"dark\"  class=\"wpb_row vc_row-fluid vc_row full-width-section  top_padding_tablet_0px top_padding_phone_0px\"  style=\"padding-top: 150px; padding-bottom: 0px; \"><div class=\"row-bg-wrap\" data-bg-animation=\"none\" data-bg-animation-delay=\"\" data-bg-overlay=\"false\"><div class=\"inner-wrap row-bg-layer\" ><div class=\"row-bg viewport-desktop\"  style=\"\"><\/div><\/div><\/div><div class=\"row_col_wrap_12 col span_12 dark left\">\n\t<div  class=\"vc_col-sm-3 creativita wpb_column column_container vc_column_container col padding-5-percent inherit_tablet inherit_phone border_color_d9d9d9 border_style_solid \"  data-overlay-color=\"true\" data-padding-pos=\"top-bottom\" data-has-bg-color=\"false\" data-bg-color=\"\" data-bg-opacity=\"1\" data-animation=\"\" data-delay=\"0\" >\n\t\t<div class=\"vc_column-inner\" ><div class=\"column-bg-overlay-wrap column-bg-layer\" data-bg-animation=\"none\"><div class=\"column-bg-overlay\"><\/div><div class=\"column-overlay-layer\" style=\"background-color:transparent;  opacity: 1; \"><\/div><\/div>\n\t\t\t<div class=\"wpb_wrapper\">\n\t\t\t\t\n\t\t\t<\/div> \n\t\t<\/div>\n\t<\/div> \n\n\t<div style=\"\" class=\"vc_col-sm-9 wpb_column column_container vc_column_container col has-animation padding-2-percent inherit_tablet inherit_phone tl_br_50px tr_br_50px \" data-using-bg=\"true\" data-overlay-color=\"true\" data-bg-cover=\"true\" data-padding-pos=\"all\" data-has-bg-color=\"false\" data-bg-color=\"\" data-bg-opacity=\"1\" data-animation=\"fade-in-from-bottom\" data-delay=\"0\" >\n\t\t<div class=\"vc_column-inner\" ><div class=\"column-image-bg-wrap column-bg-layer viewport-desktop\" data-bg-pos=\"center center\" data-bg-animation=\"none\" data-bg-overlay=\"false\"><div class=\"inner-wrap\"><div class=\"column-image-bg\" style=\" background-image: url('https:\/\/modenafuturacreativa.it\/wp-content\/uploads\/2025\/08\/grafica-settorecultura.jpg'); \"><\/div><\/div><\/div><div class=\"column-bg-overlay-wrap column-bg-layer\" data-bg-animation=\"none\"><div class=\"column-bg-overlay\"><\/div><div class=\"column-overlay-layer\" style=\"background:radial-gradient(circle at top, rgba(186,195,194,0) 5%, rgb(186,195,194) 85%);\"><\/div><\/div>\n\t\t\t<div class=\"wpb_wrapper\">\n\t\t\t\t<div class=\"divider-wrap height_tablet_45px height_phone_45px \" data-alignment=\"default\"><div style=\"height: 300px;\" class=\"divider\"><\/div><\/div><div class=\"nectar-split-heading  font_size_2vw font_size_tablet_40px font_size_phone_40px font_line_height_1px \" data-align=\"default\" data-m-align=\"inherit\" data-text-effect=\"letter-reveal-bottom\" data-animation-type=\"line-reveal-by-space\" data-animation-delay=\"200\" data-animation-offset=\"\" data-m-rm-animation=\"\" data-stagger=\"true\" data-custom-font-size=\"true\" style=\"font-size: 2vw; line-height: 2.2vw;\"><i style=\" color: #333333;\">Settore Cultura Promozione della citt\u00e0<\/i><\/div><div class=\"nectar-split-heading  font_size_2vw font_size_tablet_40px font_size_phone_40px font_line_height_1px \" data-align=\"default\" data-m-align=\"inherit\" data-text-effect=\"letter-reveal-bottom\" data-animation-type=\"line-reveal-by-space\" data-animation-delay=\"200\" data-animation-offset=\"\" data-m-rm-animation=\"\" data-stagger=\"true\" data-custom-font-size=\"true\" style=\"font-size: 2vw; line-height: 2.2vw;\"><i style=\" color: #333333;\">Comune di Modena<\/i><\/div><div class=\"divider-wrap\" data-alignment=\"default\"><div style=\"margin-top: 0.5px; height: 1px; margin-bottom: 0.5px;\" data-width=\"100%\" data-animate=\"yes\" data-animation-delay=\"\" data-color=\"extra-color-gradient-1\" class=\"divider-border\"><\/div><\/div><div class=\"nectar-split-heading  font_line_height_2px \" data-align=\"default\" data-m-align=\"inherit\" data-text-effect=\"default\" data-animation-type=\"line-reveal-by-space\" data-animation-delay=\"800\" data-animation-offset=\"\" data-m-rm-animation=\"\" data-stagger=\"true\" data-custom-font-size=\"false\" ><h3 style=\" color: #333333;\">ARTI PERFORMATIVE - MEETING<\/h3><\/div><div class=\"divider-wrap\" data-alignment=\"default\"><div style=\"height: 45px;\" class=\"divider\"><\/div><\/div><div class=\"nectar-next-section-wrap minimal-arrow alignment_tablet_default alignment_phone_default display_tablet_inline-block display_phone_inline-block position_desktop_absolute right_position_desktop_2pct bottom_position_desktop_50px \" style=\"--nectar-icon-gap: 10px; --nectar-next-section-icon-size: 1; \" data-align=\"right\" data-custom-color=\"true\">\n    <a href=\"#\" class=\"nectar-next-section skip-hash\">\n      <span class=\"screen-reader-text\">Navigate to the next section<\/span>\n      <svg class=\"next-arrow\" width=\"40px\" height=\"68px\" viewBox=\"0 0 40 50\" xml:space=\"preserve\">\n      <path stroke=\"#ffffff\" stroke-width=\"2\" fill=\"none\" d=\"M 20 0 L 20 51\"><\/path>\n      <polyline stroke=\"#ffffff\" stroke-width=\"2\" fill=\"none\" points=\"12, 44 20, 52 28, 44\"><\/polyline>\n      <\/svg>\n    <\/a>\n  <\/div>\n\t\t\t<\/div> \n\t\t<\/div>\n\t<\/div> \n<\/div><\/div>\n\t\t<div id=\"fws_6a9b76b1f00d2\"  data-column-margin=\"default\" data-midnight=\"dark\"  class=\"wpb_row vc_row-fluid vc_row full-width-section has-row-bg-color\"  style=\"padding-top: 0px; padding-bottom: 0px; --row-bg-color: #ffffff;\"><div class=\"row-bg-wrap\" data-bg-animation=\"none\" data-bg-animation-delay=\"\" data-bg-overlay=\"false\"><div class=\"inner-wrap row-bg-layer\" ><div class=\"row-bg viewport-desktop using-bg-color\"  style=\"background-color: #ffffff; \"><\/div><\/div><\/div><div class=\"row_col_wrap_12 col span_12 dark left\">\n\t<div  class=\"vc_col-sm-3 vc_hidden-sm vc_hidden-xs wpb_column column_container vc_column_container col no-extra-padding inherit_tablet inherit_phone \"  data-padding-pos=\"all\" data-has-bg-color=\"false\" data-bg-color=\"\" data-bg-opacity=\"1\" data-animation=\"\" data-delay=\"0\" >\n\t\t<div class=\"vc_column-inner\" >\n\t\t\t<div class=\"wpb_wrapper\">\n\t\t\t\t\n\t\t\t<\/div> \n\t\t<\/div>\n\t<\/div> \n\n\t<div style=\"margin-bottom: 5%; \" class=\"vc_col-sm-9 wpb_column column_container vc_column_container col has-animation padding-2-percent padding-2-percent_tablet padding-2-percent_phone bl_br_50px br_br_50px \" data-using-bg=\"true\" data-padding-pos=\"all\" data-has-bg-color=\"true\" data-bg-color=\"#e5e5e5\" data-bg-opacity=\"1\" data-animation=\"fade-in-from-bottom\" data-delay=\"0\" >\n\t\t<div class=\"vc_column-inner\" ><div class=\"column-bg-overlay-wrap column-bg-layer\" data-bg-animation=\"none\"><div class=\"column-bg-overlay\" style=\"opacity: 1; background-color: #e5e5e5;\"><\/div><\/div>\n\t\t\t<div class=\"wpb_wrapper\">\n\t\t\t\t<div class=\"divider-wrap height_tablet_4vh height_phone_4vh \" data-alignment=\"default\"><div style=\"height: 0vh;\" class=\"divider\"><\/div><\/div><div id=\"fws_6a9b76b1f0446\" data-midnight=\"\" data-column-margin=\"default\" class=\"wpb_row vc_row-fluid vc_row inner_row\"  style=\"\"><div class=\"row-bg-wrap\"> <div class=\"row-bg\" ><\/div> <\/div><div class=\"row_col_wrap_12_inner col span_12  left\">\n\t<div  class=\"vc_col-sm-4 wpb_column column_container vc_column_container col child_column padding-2-percent inherit_tablet inherit_phone \"   data-padding-pos=\"left\" data-has-bg-color=\"false\" data-bg-color=\"\" data-bg-opacity=\"1\" data-animation=\"\" data-delay=\"0\" >\n\t\t<div class=\"vc_column-inner\" >\n\t\t<div class=\"wpb_wrapper\">\n\t\t\t<div class=\"iwithtext\"><div class=\"iwt-icon\"> <i class=\"icon-default-style steadysets-icon-map-marker extra-color-2\"><\/i> <\/div><div class=\"iwt-text\"> <a href=\"https:\/\/maps.app.goo.gl\/qhijVWdY7SoJanzv5\/\" target=\"_blank\" rel=\"noopener\">VISITA MAPPA<\/a> <\/div><div class=\"clear\"><\/div><\/div>\n\t\t<\/div> \n\t<\/div>\n\t<\/div> \n\n\t<div  class=\"vc_col-sm-4 wpb_column column_container vc_column_container col child_column padding-2-percent inherit_tablet inherit_phone \"   data-padding-pos=\"left\" data-has-bg-color=\"false\" data-bg-color=\"\" data-bg-opacity=\"1\" data-animation=\"\" data-delay=\"0\" >\n\t\t<div class=\"vc_column-inner\" >\n\t\t<div class=\"wpb_wrapper\">\n\t\t\t<div class=\"iwithtext\"><div class=\"iwt-icon\"> <i class=\"icon-default-style fa fa-external-link extra-color-2\"><\/i> <\/div><div class=\"iwt-text\"> <a href=\"https:\/\/www.comune.modena.it\/argomenti\/cultura\" target=\"_blank\" rel=\"noopener\">VISITA IL SITO<\/a> <\/div><div class=\"clear\"><\/div><\/div>\n\t\t<\/div> \n\t<\/div>\n\t<\/div> \n\n\t<div  class=\"vc_col-sm-4 wpb_column column_container vc_column_container col child_column padding-2-percent inherit_tablet inherit_phone \"   data-padding-pos=\"left\" data-has-bg-color=\"false\" data-bg-color=\"\" data-bg-opacity=\"1\" data-animation=\"\" data-delay=\"0\" >\n\t\t<div class=\"vc_column-inner\" >\n\t\t<div class=\"wpb_wrapper\">\n\t\t\t<div class=\"iwithtext\"><div class=\"iwt-icon\"> <i class=\"icon-default-style fa fa-comments extra-color-2\"><\/i> <\/div><div class=\"iwt-text\"> <a href=\"https:\/\/www.comune.modena.it\/argomenti\/cultura\/staff-e-contatti\" target=\"_blank\" rel=\"noopener\">CONTATTA<\/a> <\/div><div class=\"clear\"><\/div><\/div>\n\t\t<\/div> \n\t<\/div>\n\t<\/div> \n<\/div><\/div><div class=\"divider-wrap\" data-alignment=\"default\"><div style=\"margin-top: 5vh; height: 1px; margin-bottom: 5vh;\" data-width=\"100%\" data-animate=\"\" data-animation-delay=\"\" data-color=\"default\" class=\"divider-border\"><\/div><\/div><div id=\"fws_6a9b76b1f089d\" data-midnight=\"\" data-column-margin=\"default\" class=\"wpb_row vc_row-fluid vc_row inner_row\"  style=\"\"><div class=\"row-bg-wrap\"> <div class=\"row-bg\" ><\/div> <\/div><div class=\"row_col_wrap_12_inner col span_12  left\">\n\t<div  class=\"vc_col-sm-12 wpb_column column_container vc_column_container col child_column no-extra-padding inherit_tablet inherit_phone \"   data-padding-pos=\"all\" data-has-bg-color=\"false\" data-bg-color=\"\" data-bg-opacity=\"1\" data-animation=\"\" data-delay=\"0\" >\n\t\t<div class=\"vc_column-inner\" >\n\t\t<div class=\"wpb_wrapper\">\n\t\t\t\n<div class=\"wpb_text_column wpb_content_element \" >\n\t<h5><strong>Il Settore Cultura del Comune di Modena ha guidato il precorso di candidatura di Modena Citt\u00e0 Creativa Unesco. Una sfida vinta.<\/strong><\/h5>\n<h5><\/h5>\n<h5>Modena \u00e8 una citt\u00e0 aperta e fertile per i giovani, mantiene salde le sue radici manifatturiere ma guarda al futuro anche come citt\u00e0 creativa, dove cultura e tecnologia dialogano, grazie a una rete di attori qualificati che interagiscono tra loro.<\/h5>\n<h5>Una citt\u00e0, Modena, che ha scelto di investire sulla rigenerazione urbana con una forte vocazione culturale: nuovi luoghi e spazi, dove saperi umanistici e scientifici dialogano, per realizzare un ecosistema culturale, in grado di produrre innovazione e sostenibilit\u00e0.<\/h5>\n<\/div>\n\n\n\n\n\t\t<\/div> \n\t<\/div>\n\t<\/div> \n<\/div><\/div><div class=\"divider-wrap\" data-alignment=\"default\"><div style=\"margin-top: 5vh; height: 1px; margin-bottom: 5vh;\" data-width=\"100%\" data-animate=\"\" data-animation-delay=\"\" data-color=\"default\" class=\"divider-border\"><\/div><\/div><div id=\"fws_6a9b76b1f0b91\" data-midnight=\"\" data-column-margin=\"default\" class=\"wpb_row vc_row-fluid vc_row inner_row\"  style=\"\"><div class=\"row-bg-wrap\"> <div class=\"row-bg\" ><\/div> <\/div><div class=\"row_col_wrap_12_inner col span_12  left\">\n\t<div  class=\"vc_col-sm-3 wpb_column column_container vc_column_container col child_column no-extra-padding inherit_tablet inherit_phone \"   data-padding-pos=\"all\" data-has-bg-color=\"false\" data-bg-color=\"\" data-bg-opacity=\"1\" data-animation=\"\" data-delay=\"0\" >\n\t\t<div class=\"vc_column-inner\" >\n\t\t<div class=\"wpb_wrapper\">\n\t\t\t\n<div class=\"wpb_text_column wpb_content_element \" >\n\t<h3><span class=\"inner\">MEDIA ARTS<\/span><\/h3>\n<h3><strong>\u00a0<\/strong><\/h3>\n<\/div>\n\n\n\n\n\t\t<\/div> \n\t<\/div>\n\t<\/div> \n\n\t<div  class=\"vc_col-sm-9 wpb_column column_container vc_column_container col child_column no-extra-padding inherit_tablet inherit_phone \"   data-padding-pos=\"all\" data-has-bg-color=\"false\" data-bg-color=\"\" data-bg-opacity=\"1\" data-animation=\"\" data-delay=\"0\" >\n\t\t<div class=\"vc_column-inner\" >\n\t\t<div class=\"wpb_wrapper\">\n\t\t\t\n<div class=\"wpb_text_column wpb_content_element \" >\n\t<h6><strong style=\"text-transform: uppercase;\">\u2192\u00a0 \u00a0Capofila Modena Citt\u00e0 Creativa: EVENTI, INCONTRI, APPROFONDIMENTI E MEETING in collaborazione con i teatri, i musei, le biblioteche, gli archivi, i centri culturali, le scuole e le universit\u00e0 cittadine E LA RETE DELLE CITT\u00e0 CREATIVE UNESCO.<\/strong><\/h6>\n<\/div>\n\n\n\n\n<div class=\"wpb_text_column wpb_content_element \" >\n\t<h6><strong>\u2192\u00a0 \u00a0IMMAGINE COORDINATA E PIANO EDITORIALE SITO E SOCIAL MODENA FUTURA CREATIVA.<\/strong><\/h6>\n<\/div>\n\n\n\n<div class=\"divider-wrap\" data-alignment=\"default\"><div style=\"height: 3vh;\" class=\"divider\"><\/div><\/div>\n\t\t<\/div> \n\t<\/div>\n\t<\/div> \n<\/div><\/div><div class=\"divider-wrap\" data-alignment=\"default\"><div style=\"margin-top: 5vh; height: 1px; margin-bottom: 5vh;\" data-width=\"100%\" data-animate=\"\" data-animation-delay=\"\" data-color=\"default\" class=\"divider-border\"><\/div><\/div>\n<div class=\"wpb_text_column wpb_content_element \" >\n\t<div class=\"nectar-split-heading font_line_height_2px markup-generated animated-in\" data-align=\"default\" data-m-align=\"inherit\" data-text-effect=\"default\" data-animation-type=\"line-reveal-by-space\" data-animation-delay=\"800\" data-animation-offset=\"\" data-m-rm-animation=\"\" data-stagger=\"true\" data-custom-font-size=\"false\">\n<h3><span class=\"inner\">ATTIVIT\u00c0 | EVENTI<\/span><\/h3>\n<\/div>\n<\/div>\n\n\n\n\n<div class=\"wpb_text_column wpb_content_element \" >\n\t<div id=\"wpupg-grid-with-filters-mappa-cultura\" class=\"wpupg-grid-with-filters\"><style>#wpupg-grid-mappa-cultura-filters .wpupg-filter-container {padding: 10px 10px;}<\/style><div id=\"wpupg-grid-mappa-cultura-filters\" class=\"wpupg-grid-filters wpupg-grid-filters-display-inline wpupg-grid-filters-align-left\"><div id=\"wpupg-grid-mappa-cultura-filter-1-container\" class=\"wpupg-filter-container wpupg-filter-container-label-block\"><div id=\"wpupg-grid-mappa-cultura-filter-1\" class=\"wpupg-filter wpupg-filter-dropdown\"><style type=\"text\/css\">#wpupg-grid-mappa-cultura-filter-1 {margin: 0 -5px;}#wpupg-grid-mappa-cultura-filter-1 .wpupg-choices {margin: 5px 5px;color: #000000;min-width: 250px;}#wpupg-grid-mappa-cultura-filter-1 .wpupg-choices .wpupg-choices__inner {font-size: 14px;padding: 5px;background-color: #ffbf00;border-color: #ffbf00;}#wpupg-grid-mappa-cultura-filter-1 .wpupg-choices[data-type*=select-one]:after {border-color: #000000 transparent transparent transparent;}#wpupg-grid-mappa-cultura-filter-1 .wpupg-choices.is-open[data-type*=select-one]:after {border-color: transparent transparent #000000 transparent;}#wpupg-grid-mappa-cultura-filter-1 .wpupg-choices .wpupg-choices__list--dropdown {border-color: #ffbf00;}#wpupg-grid-mappa-cultura-filter-1 .wpupg-choices input {background-color: #ffbf00;color: #000000;font-size: 14px;padding: 5px;}#wpupg-grid-mappa-cultura-filter-1 .wpupg-choices .wpupg-choices__list--dropdown .wpupg-choices__item {font-size: 14px;padding: 5px;background-color: #ffbf00;}#wpupg-grid-mappa-cultura-filter-1 .wpupg-choices .wpupg-choices__item.is-highlighted,#wpupg-grid-mappa-cultura-filter-1 .wpupg-choices .wpupg-choices__list--multiple .wpupg-choices__item {background-color: #000000;border-color: #000000;color: #FFFFFF;}#wpupg-grid-mappa-cultura-filter-1 .wpupg-choices .wpupg-choices__button {border-color: #FFFFFF;}<\/style><select name=\"wpupg-filter-dropdown-project-type\" id=\"wpupg-filter-dropdown-project-type\" class=\"wpupg-filter-dropdown-item\" data-taxonomy=\"project-type\"><option value=\"wpupg-dropdown-placeholder\" placeholder>FILTRA PER ANNO<\/option><option value=\"eventi\">Eventi (<span class=\"wpupg-term-count\">28<\/span>)<\/option><option value=\"2021-it\">&nbsp;&nbsp;2021 (<span class=\"wpupg-term-count\">3<\/span>)<\/option><option value=\"2022-it-eventi\">&nbsp;&nbsp;2022 (<span class=\"wpupg-term-count\">2<\/span>)<\/option><option value=\"2023-it-eventi\">&nbsp;&nbsp;2023 (<span class=\"wpupg-term-count\">1<\/span>)<\/option><option value=\"2024\">&nbsp;&nbsp;2024 (<span class=\"wpupg-term-count\">3<\/span>)<\/option><option value=\"2025\">&nbsp;&nbsp;2025 (<span class=\"wpupg-term-count\">3<\/span>)<\/option><option value=\"in-svolgimento\">&nbsp;&nbsp;In svolgimento (<span class=\"wpupg-term-count\">1<\/span>)<\/option><option value=\"corsi\">Formazione (<span class=\"wpupg-term-count\">4<\/span>)<\/option><option value=\"2023-it\">&nbsp;&nbsp;Archivio 2023 (<span class=\"wpupg-term-count\">1<\/span>)<\/option><option value=\"2024-it-it\">&nbsp;&nbsp;Archivio 2024 (<span class=\"wpupg-term-count\">1<\/span>)<\/option><option value=\"formazione2025\">&nbsp;&nbsp;Archivio 2025 (<span class=\"wpupg-term-count\">1<\/span>)<\/option><option value=\"in-evidenza-in-homepage\">In evidenza in homepage (<span class=\"wpupg-term-count\">1<\/span>)<\/option><option value=\"mostre\">Mostre (<span class=\"wpupg-term-count\">2<\/span>)<\/option><option value=\"archivio-2025\">&nbsp;&nbsp;Archivio 2025 (<span class=\"wpupg-term-count\">1<\/span>)<\/option><option value=\"partecipazioni-ad-eventi\">Partecipazioni ad eventi (<span class=\"wpupg-term-count\">21<\/span>)<\/option><option value=\"2023-it-partecipazioni-ad-eventi\">&nbsp;&nbsp;2023 (<span class=\"wpupg-term-count\">2<\/span>)<\/option><option value=\"2024-it\">&nbsp;&nbsp;2024 (<span class=\"wpupg-term-count\">2<\/span>)<\/option><option value=\"2025-it\">&nbsp;&nbsp;2025 (<span class=\"wpupg-term-count\">6<\/span>)<\/option><option value=\"2026-partecipazioni-ad-eventi\">&nbsp;&nbsp;2026 (<span class=\"wpupg-term-count\">1<\/span>)<\/option><option value=\"rete-citta-unesco\">Rete Citt\u00e0 Unesco (<span class=\"wpupg-term-count\">3<\/span>)<\/option><option value=\"progetti-media-arts\">&nbsp;&nbsp;Progetti media arts (<span class=\"wpupg-term-count\">2<\/span>)<\/option><\/select><\/div><\/div><div id=\"wpupg-grid-mappa-cultura-filter-2-container\" class=\"wpupg-filter-container wpupg-filter-container-label-block\"><div id=\"wpupg-grid-mappa-cultura-filter-2\" class=\"wpupg-filter wpupg-filter-text_search\"><style type=\"text\/css\">#wpupg-grid-mappa-cultura-filter-2 {margin: 0 -5px;}#wpupg-grid-mappa-cultura-filter-2 .wpupg-filter-text-input-container {margin: 5px 5px;width: 250px;}#wpupg-grid-mappa-cultura-filter-2 input.wpupg-filter-text-input {color: #000000;font-size: 14px;background-color: #ffbf00;border-color: #ffbf00;}#wpupg-grid-mappa-cultura-filter-2 input.wpupg-filter-text-input::placeholder {color: #000000;}#wpupg-grid-mappa-cultura-filter-2 .wpupg-input-loader {border-top-color: #000000;}<\/style><div class=\"wpupg-filter-text-input-container\"><input type=\"text\" class=\"wpupg-filter-text-input\" placeholder=\"RICERCA EVENTO\" aria-label=\"Text search to filter grid items. Type to search.\"><div class=\"wpupg-input-loader\"><\/div><\/div><\/div><\/div><\/div><div id=\"wpupg-grid-container-mappa-cultura\" class=\"wpupg-grid-container\"><style>#wpupg-grid-mappa-cultura .wpupg-item { width: calc(25% - 20px); max-width: none; margin: 10px; } #wpupg-grid-mappa-cultura { margin: 0 -10px;} @media (min-width: 500px) and (max-width: 1000px) {#wpupg-grid-mappa-cultura .wpupg-item { width: 100%; max-width: 300px; margin: 10px; } #wpupg-grid-mappa-cultura { margin: 0 -10px;}} @media (max-width: 500px) {#wpupg-grid-mappa-cultura .wpupg-item { width: calc(100% - 20px); max-width: none; margin: 10px; } #wpupg-grid-mappa-cultura { margin: 0 -10px;}}<\/style><div id=\"wpupg-grid-mappa-cultura\" class=\"wpupg-grid wpupg-grid-loading\" data-grid-id=\"2523\"><a class=\"wpupg-item wpupg-item-post wpupg-item-6922 wpupg-type-portfolio wpupg-item-has-image wpupg-template-modena-futura wpupg-tax-project-type-partecipazioni-ad-eventi wpupg-parent-tax-project-type-partecipazioni-ad-eventi wpupg-tax-project-type-2026-partecipazioni-ad-eventi wpupg-parent-tax-project-type-2026-partecipazioni-ad-eventi wpupg-item-link\" href=\"https:\/\/modenafuturacreativa.it\/en\/unesco\/meeting-unesco-media-arts-di-tbilisi\/\" target=\"_self\" data-id=\"6922\" data-order-default=\"1779463698\"><div class=\"wpupg-item-image wpupg-block-image-rounded wpupg-align-center\"><span href=\"https:\/\/modenafuturacreativa.it\/en\/unesco\/meeting-unesco-media-arts-di-tbilisi\/\" target=\"_self\"><img loading=\"lazy\" decoding=\"async\" style=\"border-width: 0px;border-style: solid;border-color: #666666;border-radius: 5px;\" width=\"800\" height=\"600\" src=\"https:\/\/modenafuturacreativa.it\/wp-content\/uploads\/2026\/05\/624619919_18010209932672307_4873800775915604605_n.jpg\" class=\"skip-lazy disable-lazyload attachment-portfolio-thumb_large size-portfolio-thumb_large\" alt=\"\" srcset=\"https:\/\/modenafuturacreativa.it\/wp-content\/uploads\/2026\/05\/624619919_18010209932672307_4873800775915604605_n.jpg 800w, https:\/\/modenafuturacreativa.it\/wp-content\/uploads\/2026\/05\/624619919_18010209932672307_4873800775915604605_n-300x225.jpg 300w, https:\/\/modenafuturacreativa.it\/wp-content\/uploads\/2026\/05\/624619919_18010209932672307_4873800775915604605_n-768x576.jpg 768w, https:\/\/modenafuturacreativa.it\/wp-content\/uploads\/2026\/05\/624619919_18010209932672307_4873800775915604605_n-16x12.jpg 16w\" sizes=\"auto, (max-width: 800px) 100vw, 800px\" \/><\/span><\/div>\n<div class=\"wpupg-meta-container\">\n<div class=\"wpupg-item-title wpupg-block-text-bold\">Modena al meeting UNESCO Media Arts di Tbilisi<\/div>\n<span class=\"wpupg-item-date wpupg-block-text-normal\">2026<\/span>\n\n\n<\/div><\/a><a class=\"wpupg-item wpupg-item-post wpupg-item-6056 wpupg-type-portfolio wpupg-item-has-image wpupg-template-modena-futura wpupg-tax-project-type-eventi wpupg-parent-tax-project-type-eventi wpupg-tax-project-type-2025 wpupg-parent-tax-project-type-2025 wpupg-item-link\" href=\"https:\/\/modenafuturacreativa.it\/en\/unesco\/capodanno-sospeso-nel-cielo\/\" target=\"_self\" data-id=\"6056\" data-order-default=\"1764862961\"><div class=\"wpupg-item-image wpupg-block-image-rounded wpupg-align-center\"><span href=\"https:\/\/modenafuturacreativa.it\/en\/unesco\/capodanno-sospeso-nel-cielo\/\" target=\"_self\"><img loading=\"lazy\" decoding=\"async\" style=\"border-width: 0px;border-style: solid;border-color: #666666;border-radius: 5px;\" width=\"800\" height=\"534\" src=\"https:\/\/modenafuturacreativa.it\/wp-content\/uploads\/2025\/12\/Capodanno-sospeso-nel-cielo.jpg\" class=\"skip-lazy disable-lazyload attachment-portfolio-thumb_large size-portfolio-thumb_large\" alt=\"\" srcset=\"https:\/\/modenafuturacreativa.it\/wp-content\/uploads\/2025\/12\/Capodanno-sospeso-nel-cielo.jpg 800w, https:\/\/modenafuturacreativa.it\/wp-content\/uploads\/2025\/12\/Capodanno-sospeso-nel-cielo-300x200.jpg 300w, https:\/\/modenafuturacreativa.it\/wp-content\/uploads\/2025\/12\/Capodanno-sospeso-nel-cielo-768x513.jpg 768w, https:\/\/modenafuturacreativa.it\/wp-content\/uploads\/2025\/12\/Capodanno-sospeso-nel-cielo-18x12.jpg 18w\" sizes=\"auto, (max-width: 800px) 100vw, 800px\" \/><\/span><\/div>\n<div class=\"wpupg-meta-container\">\n<div class=\"wpupg-item-title wpupg-block-text-bold\">Capodanno sospeso nel cielo<\/div>\n<span class=\"wpupg-item-date wpupg-block-text-normal\">2025<\/span>\n\n\n<\/div><\/a><a class=\"wpupg-item wpupg-item-post wpupg-item-6050 wpupg-type-portfolio wpupg-item-has-image wpupg-template-modena-futura wpupg-tax-project-type-in-evidenza-in-homepage wpupg-parent-tax-project-type-in-evidenza-in-homepage wpupg-item-link\" href=\"https:\/\/modenafuturacreativa.it\/en\/unesco\/videomapping-in-piazza-grande\/\" target=\"_self\" data-id=\"6050\" data-order-default=\"1764596309\"><div class=\"wpupg-item-image wpupg-block-image-rounded wpupg-align-center\"><span href=\"https:\/\/modenafuturacreativa.it\/en\/unesco\/videomapping-in-piazza-grande\/\" target=\"_self\"><img loading=\"lazy\" decoding=\"async\" style=\"border-width: 0px;border-style: solid;border-color: #666666;border-radius: 5px;\" width=\"900\" height=\"604\" src=\"https:\/\/modenafuturacreativa.it\/wp-content\/uploads\/2025\/12\/2-4-900x604.jpg\" class=\"skip-lazy disable-lazyload attachment-portfolio-thumb_large size-portfolio-thumb_large\" alt=\"\" srcset=\"https:\/\/modenafuturacreativa.it\/wp-content\/uploads\/2025\/12\/2-4-900x604.jpg 900w, https:\/\/modenafuturacreativa.it\/wp-content\/uploads\/2025\/12\/2-4-16x12.jpg 16w, https:\/\/modenafuturacreativa.it\/wp-content\/uploads\/2025\/12\/2-4-600x403.jpg 600w, https:\/\/modenafuturacreativa.it\/wp-content\/uploads\/2025\/12\/2-4-400x269.jpg 400w\" sizes=\"auto, (max-width: 900px) 100vw, 900px\" \/><\/span><\/div>\n<div class=\"wpupg-meta-container\">\n<div class=\"wpupg-item-title wpupg-block-text-bold\">Videomapping in Piazza Grande<\/div>\n<span class=\"wpupg-item-date wpupg-block-text-normal\">2025<\/span>\n\n\n<\/div><\/a><a class=\"wpupg-item wpupg-item-post wpupg-item-5236 wpupg-type-portfolio wpupg-item-has-image wpupg-template-modena-futura wpupg-tax-project-type-partecipazioni-ad-eventi wpupg-parent-tax-project-type-partecipazioni-ad-eventi wpupg-tax-project-type-2025-it wpupg-parent-tax-project-type-2025-it wpupg-item-link\" href=\"https:\/\/modenafuturacreativa.it\/en\/unesco\/kikk-festival-2025-namur-belgio\/\" target=\"_self\" data-id=\"5236\" data-order-default=\"1756310007\"><div class=\"wpupg-item-image wpupg-block-image-rounded wpupg-align-center\"><span href=\"https:\/\/modenafuturacreativa.it\/en\/unesco\/kikk-festival-2025-namur-belgio\/\" target=\"_self\"><img loading=\"lazy\" decoding=\"async\" style=\"border-width: 0px;border-style: solid;border-color: #666666;border-radius: 5px;\" width=\"900\" height=\"604\" src=\"https:\/\/modenafuturacreativa.it\/wp-content\/uploads\/2025\/08\/kikk-900x604.jpg\" class=\"skip-lazy disable-lazyload attachment-portfolio-thumb_large size-portfolio-thumb_large\" alt=\"\" srcset=\"https:\/\/modenafuturacreativa.it\/wp-content\/uploads\/2025\/08\/kikk-900x604.jpg 900w, https:\/\/modenafuturacreativa.it\/wp-content\/uploads\/2025\/08\/kikk-18x12.jpg 18w, https:\/\/modenafuturacreativa.it\/wp-content\/uploads\/2025\/08\/kikk-600x403.jpg 600w, https:\/\/modenafuturacreativa.it\/wp-content\/uploads\/2025\/08\/kikk-400x269.jpg 400w\" sizes=\"auto, (max-width: 900px) 100vw, 900px\" \/><\/span><\/div>\n<div class=\"wpupg-meta-container\">\n<div class=\"wpupg-item-title wpupg-block-text-bold\">KIKK Festival \/\/ 2025 - Namur (Belgio)<\/div>\n<span class=\"wpupg-item-date wpupg-block-text-normal\">2025<\/span>\n\n\n<\/div><\/a><a class=\"wpupg-item wpupg-item-post wpupg-item-5222 wpupg-type-portfolio wpupg-item-has-image wpupg-template-modena-futura wpupg-tax-project-type-partecipazioni-ad-eventi wpupg-parent-tax-project-type-partecipazioni-ad-eventi wpupg-tax-project-type-2025-it wpupg-parent-tax-project-type-2025-it wpupg-item-link\" href=\"https:\/\/modenafuturacreativa.it\/en\/unesco\/carta-e-cultura-2025-fabriano-italia\/\" target=\"_self\" data-id=\"5222\" data-order-default=\"1756309636\"><div class=\"wpupg-item-image wpupg-block-image-rounded wpupg-align-center\"><span href=\"https:\/\/modenafuturacreativa.it\/en\/unesco\/carta-e-cultura-2025-fabriano-italia\/\" target=\"_self\"><img loading=\"lazy\" decoding=\"async\" style=\"border-width: 0px;border-style: solid;border-color: #666666;border-radius: 5px;\" width=\"900\" height=\"480\" src=\"https:\/\/modenafuturacreativa.it\/wp-content\/uploads\/2025\/08\/fabriano-900x480.jpg\" class=\"skip-lazy disable-lazyload attachment-portfolio-thumb_large size-portfolio-thumb_large\" alt=\"\" srcset=\"https:\/\/modenafuturacreativa.it\/wp-content\/uploads\/2025\/08\/fabriano-900x480.jpg 900w, https:\/\/modenafuturacreativa.it\/wp-content\/uploads\/2025\/08\/fabriano-18x9.jpg 18w\" sizes=\"auto, (max-width: 900px) 100vw, 900px\" \/><\/span><\/div>\n<div class=\"wpupg-meta-container\">\n<div class=\"wpupg-item-title wpupg-block-text-bold\">Carta \u00e8 Cultura \/\/ 2025  - Fabriano (Italia)<\/div>\n<span class=\"wpupg-item-date wpupg-block-text-normal\">2025<\/span>\n\n\n<\/div><\/a><a class=\"wpupg-item wpupg-item-post wpupg-item-5208 wpupg-type-portfolio wpupg-item-has-image wpupg-template-modena-futura wpupg-tax-project-type-partecipazioni-ad-eventi wpupg-parent-tax-project-type-partecipazioni-ad-eventi wpupg-tax-project-type-2025-it wpupg-parent-tax-project-type-2025-it wpupg-item-link\" href=\"https:\/\/modenafuturacreativa.it\/en\/unesco\/ars-electronica-festival-2025-linz-austria\/\" target=\"_self\" data-id=\"5208\" data-order-default=\"1756309434\"><div class=\"wpupg-item-image wpupg-block-image-rounded wpupg-align-center\"><span href=\"https:\/\/modenafuturacreativa.it\/en\/unesco\/ars-electronica-festival-2025-linz-austria\/\" target=\"_self\"><img loading=\"lazy\" decoding=\"async\" style=\"border-width: 0px;border-style: solid;border-color: #666666;border-radius: 5px;\" width=\"900\" height=\"604\" src=\"https:\/\/modenafuturacreativa.it\/wp-content\/uploads\/2025\/08\/festival-900x604.jpg\" class=\"skip-lazy disable-lazyload attachment-portfolio-thumb_large size-portfolio-thumb_large\" alt=\"\" srcset=\"https:\/\/modenafuturacreativa.it\/wp-content\/uploads\/2025\/08\/festival-900x604.jpg 900w, https:\/\/modenafuturacreativa.it\/wp-content\/uploads\/2025\/08\/festival-18x12.jpg 18w, https:\/\/modenafuturacreativa.it\/wp-content\/uploads\/2025\/08\/festival-600x403.jpg 600w, https:\/\/modenafuturacreativa.it\/wp-content\/uploads\/2025\/08\/festival-400x269.jpg 400w\" sizes=\"auto, (max-width: 900px) 100vw, 900px\" \/><\/span><\/div>\n<div class=\"wpupg-meta-container\">\n<div class=\"wpupg-item-title wpupg-block-text-bold\">Ars Electronica Festival \/\/2025 - Linz (Austria)<\/div>\n<span class=\"wpupg-item-date wpupg-block-text-normal\">2025<\/span>\n\n\n<\/div><\/a><a class=\"wpupg-item wpupg-item-post wpupg-item-5198 wpupg-type-portfolio wpupg-item-has-image wpupg-template-modena-futura wpupg-tax-project-type-eventi wpupg-parent-tax-project-type-eventi wpupg-tax-project-type-2025 wpupg-parent-tax-project-type-2025 wpupg-item-link\" href=\"https:\/\/modenafuturacreativa.it\/en\/unesco\/eventi-nazionali-e-internazionali\/\" target=\"_self\" data-id=\"5198\" data-order-default=\"1756309067\"><div class=\"wpupg-item-image wpupg-block-image-rounded wpupg-align-center\"><span href=\"https:\/\/modenafuturacreativa.it\/en\/unesco\/eventi-nazionali-e-internazionali\/\" target=\"_self\"><img loading=\"lazy\" decoding=\"async\" style=\"border-width: 0px;border-style: solid;border-color: #666666;border-radius: 5px;\" width=\"900\" height=\"604\" src=\"https:\/\/modenafuturacreativa.it\/wp-content\/uploads\/2025\/08\/festival-900x604.jpg\" class=\"skip-lazy disable-lazyload attachment-portfolio-thumb_large size-portfolio-thumb_large\" alt=\"\" srcset=\"https:\/\/modenafuturacreativa.it\/wp-content\/uploads\/2025\/08\/festival-900x604.jpg 900w, https:\/\/modenafuturacreativa.it\/wp-content\/uploads\/2025\/08\/festival-18x12.jpg 18w, https:\/\/modenafuturacreativa.it\/wp-content\/uploads\/2025\/08\/festival-600x403.jpg 600w, https:\/\/modenafuturacreativa.it\/wp-content\/uploads\/2025\/08\/festival-400x269.jpg 400w\" sizes=\"auto, (max-width: 900px) 100vw, 900px\" \/><\/span><\/div>\n<div class=\"wpupg-meta-container\">\n<div class=\"wpupg-item-title wpupg-block-text-bold\">Eventi nazionali e internazionali<\/div>\n<span class=\"wpupg-item-date wpupg-block-text-normal\">2025<\/span>\n\n\n<\/div><\/a><a class=\"wpupg-item wpupg-item-post wpupg-item-5009 wpupg-type-portfolio wpupg-item-has-image wpupg-template-modena-futura wpupg-tax-project-type-partecipazioni-ad-eventi wpupg-parent-tax-project-type-partecipazioni-ad-eventi wpupg-tax-project-type-2025-it wpupg-parent-tax-project-type-2025-it wpupg-item-link\" href=\"https:\/\/modenafuturacreativa.it\/en\/unesco\/c-art-creativi-in-dialogo\/\" target=\"_self\" data-id=\"5009\" data-order-default=\"1753186309\"><div class=\"wpupg-item-image wpupg-block-image-rounded wpupg-align-center\"><span href=\"https:\/\/modenafuturacreativa.it\/en\/unesco\/c-art-creativi-in-dialogo\/\" target=\"_self\"><img loading=\"lazy\" decoding=\"async\" style=\"border-width: 0px;border-style: solid;border-color: #666666;border-radius: 5px;\" width=\"500\" height=\"310\" src=\"https:\/\/modenafuturacreativa.it\/wp-content\/uploads\/2025\/07\/cart-1.png\" class=\"skip-lazy disable-lazyload attachment-portfolio-thumb_large size-portfolio-thumb_large\" alt=\"\" srcset=\"https:\/\/modenafuturacreativa.it\/wp-content\/uploads\/2025\/07\/cart-1.png 500w, https:\/\/modenafuturacreativa.it\/wp-content\/uploads\/2025\/07\/cart-1-300x186.png 300w, https:\/\/modenafuturacreativa.it\/wp-content\/uploads\/2025\/07\/cart-1-18x12.png 18w\" sizes=\"auto, (max-width: 500px) 100vw, 500px\" \/><\/span><\/div>\n<div class=\"wpupg-meta-container\">\n<div class=\"wpupg-item-title wpupg-block-text-bold\">C\/ART Creativi in dialogo<\/div>\n<span class=\"wpupg-item-date wpupg-block-text-normal\">2025<\/span>\n\n\n<\/div><\/a><a class=\"wpupg-item wpupg-item-post wpupg-item-4873 wpupg-type-portfolio wpupg-item-has-image wpupg-template-modena-futura wpupg-item-link\" href=\"https:\/\/modenafuturacreativa.it\/unesco\/uccn-annual-conference-citta-creative\/\" target=\"_self\" data-id=\"4873\" data-order-default=\"1752679046\"><div class=\"wpupg-item-image wpupg-block-image-rounded wpupg-align-center\"><span href=\"https:\/\/modenafuturacreativa.it\/unesco\/uccn-annual-conference-citta-creative\/\" target=\"_self\"><img loading=\"lazy\" decoding=\"async\" style=\"border-width: 0px;border-style: solid;border-color: #666666;border-radius: 5px;\" width=\"610\" height=\"407\" src=\"https:\/\/modenafuturacreativa.it\/wp-content\/uploads\/2025\/07\/Foto-report-conferenza.webp\" class=\"skip-lazy disable-lazyload attachment-portfolio-thumb_large size-portfolio-thumb_large\" alt=\"\" srcset=\"https:\/\/modenafuturacreativa.it\/wp-content\/uploads\/2025\/07\/Foto-report-conferenza.webp 610w, https:\/\/modenafuturacreativa.it\/wp-content\/uploads\/2025\/07\/Foto-report-conferenza-300x200.webp 300w, https:\/\/modenafuturacreativa.it\/wp-content\/uploads\/2025\/07\/Foto-report-conferenza-18x12.webp 18w\" sizes=\"auto, (max-width: 610px) 100vw, 610px\" \/><\/span><\/div>\n<div class=\"wpupg-meta-container\">\n<div class=\"wpupg-item-title wpupg-block-text-bold\">REPORT XVII Conferenza Annuale dell'UNESCO Creative Cities Network<\/div>\n<span class=\"wpupg-item-date wpupg-block-text-normal\">2025<\/span>\n\n\n<\/div><\/a><a class=\"wpupg-item wpupg-item-post wpupg-item-4781 wpupg-type-portfolio wpupg-item-has-image wpupg-template-modena-futura wpupg-tax-project-type-partecipazioni-ad-eventi wpupg-parent-tax-project-type-partecipazioni-ad-eventi wpupg-tax-project-type-2025-it wpupg-parent-tax-project-type-2025-it wpupg-item-link\" href=\"https:\/\/modenafuturacreativa.it\/en\/unesco\/xvii-conferenza-annuale-delle-citta-creative\/\" target=\"_self\" data-id=\"4781\" data-order-default=\"1750269930\"><div class=\"wpupg-item-image wpupg-block-image-rounded wpupg-align-center\"><span href=\"https:\/\/modenafuturacreativa.it\/en\/unesco\/xvii-conferenza-annuale-delle-citta-creative\/\" target=\"_self\"><img loading=\"lazy\" decoding=\"async\" style=\"border-width: 0px;border-style: solid;border-color: #666666;border-radius: 5px;\" width=\"900\" height=\"604\" src=\"https:\/\/modenafuturacreativa.it\/wp-content\/uploads\/2025\/06\/XVII-Conferenza-Annuale-delle-Citta-Creative-900x604.png\" class=\"skip-lazy disable-lazyload attachment-portfolio-thumb_large size-portfolio-thumb_large\" alt=\"\" srcset=\"https:\/\/modenafuturacreativa.it\/wp-content\/uploads\/2025\/06\/XVII-Conferenza-Annuale-delle-Citta-Creative-900x604.png 900w, https:\/\/modenafuturacreativa.it\/wp-content\/uploads\/2025\/06\/XVII-Conferenza-Annuale-delle-Citta-Creative-600x403.png 600w, https:\/\/modenafuturacreativa.it\/wp-content\/uploads\/2025\/06\/XVII-Conferenza-Annuale-delle-Citta-Creative-400x269.png 400w\" sizes=\"auto, (max-width: 900px) 100vw, 900px\" \/><\/span><\/div>\n<div class=\"wpupg-meta-container\">\n<div class=\"wpupg-item-title wpupg-block-text-bold\">XVII Conferenza Annuale delle Citt\u00e0 Creative<\/div>\n<span class=\"wpupg-item-date wpupg-block-text-normal\">2025<\/span>\n\n\n<\/div><\/a><a class=\"wpupg-item wpupg-item-post wpupg-item-4772 wpupg-type-portfolio wpupg-item-has-image wpupg-template-modena-futura wpupg-tax-project-type-eventi wpupg-parent-tax-project-type-eventi wpupg-tax-project-type-formazione2025 wpupg-parent-tax-project-type-formazione2025 wpupg-parent-tax-project-type-corsi wpupg-item-link\" href=\"https:\/\/modenafuturacreativa.it\/en\/unesco\/piazza-santagostino-il-cuore-dellestate-modenese\/\" target=\"_self\" data-id=\"4772\" data-order-default=\"1750183116\"><div class=\"wpupg-item-image wpupg-block-image-rounded wpupg-align-center\"><span href=\"https:\/\/modenafuturacreativa.it\/en\/unesco\/piazza-santagostino-il-cuore-dellestate-modenese\/\" target=\"_self\"><img loading=\"lazy\" decoding=\"async\" style=\"border-width: 0px;border-style: solid;border-color: #666666;border-radius: 5px;\" width=\"900\" height=\"604\" src=\"https:\/\/modenafuturacreativa.it\/wp-content\/uploads\/2025\/06\/EstateModenese-900x604.png\" class=\"skip-lazy disable-lazyload attachment-portfolio-thumb_large size-portfolio-thumb_large\" alt=\"\" srcset=\"https:\/\/modenafuturacreativa.it\/wp-content\/uploads\/2025\/06\/EstateModenese-900x604.png 900w, https:\/\/modenafuturacreativa.it\/wp-content\/uploads\/2025\/06\/EstateModenese-600x403.png 600w, https:\/\/modenafuturacreativa.it\/wp-content\/uploads\/2025\/06\/EstateModenese-400x269.png 400w\" sizes=\"auto, (max-width: 900px) 100vw, 900px\" \/><\/span><\/div>\n<div class=\"wpupg-meta-container\">\n<div class=\"wpupg-item-title wpupg-block-text-bold\">Piazza Sant\u2019Agostino, il cuore dell\u2019estate modenese<\/div>\n<span class=\"wpupg-item-date wpupg-block-text-normal\">2025<\/span>\n\n\n<\/div><\/a><a class=\"wpupg-item wpupg-item-post wpupg-item-4648 wpupg-type-portfolio wpupg-item-has-image wpupg-template-modena-futura wpupg-tax-project-type-mostre wpupg-parent-tax-project-type-mostre wpupg-tax-project-type-archivio-2025 wpupg-parent-tax-project-type-archivio-2025 wpupg-item-link\" href=\"https:\/\/modenafuturacreativa.it\/en\/unesco\/archivissima-2025\/\" target=\"_self\" data-id=\"4648\" data-order-default=\"1748257286\"><div class=\"wpupg-item-image wpupg-block-image-rounded wpupg-align-center\"><span href=\"https:\/\/modenafuturacreativa.it\/en\/unesco\/archivissima-2025\/\" target=\"_self\"><img loading=\"lazy\" decoding=\"async\" style=\"border-width: 0px;border-style: solid;border-color: #666666;border-radius: 5px;\" width=\"800\" height=\"565\" src=\"https:\/\/modenafuturacreativa.it\/wp-content\/uploads\/2025\/05\/lucetta.jpg\" class=\"skip-lazy disable-lazyload attachment-portfolio-thumb_large size-portfolio-thumb_large\" alt=\"\" srcset=\"https:\/\/modenafuturacreativa.it\/wp-content\/uploads\/2025\/05\/lucetta.jpg 800w, https:\/\/modenafuturacreativa.it\/wp-content\/uploads\/2025\/05\/lucetta-300x212.jpg 300w, https:\/\/modenafuturacreativa.it\/wp-content\/uploads\/2025\/05\/lucetta-768x542.jpg 768w, https:\/\/modenafuturacreativa.it\/wp-content\/uploads\/2025\/05\/lucetta-18x12.jpg 18w\" sizes=\"auto, (max-width: 800px) 100vw, 800px\" \/><\/span><\/div>\n<div class=\"wpupg-meta-container\">\n<div class=\"wpupg-item-title wpupg-block-text-bold\">Archivissima 2025<\/div>\n<span class=\"wpupg-item-date wpupg-block-text-normal\">2025<\/span>\n\n\n<\/div><\/a><a class=\"wpupg-item wpupg-item-post wpupg-item-4514 wpupg-type-portfolio wpupg-item-has-image wpupg-template-modena-futura wpupg-tax-project-type-eventi wpupg-parent-tax-project-type-eventi wpupg-tax-project-type-2025 wpupg-parent-tax-project-type-2025 wpupg-item-link\" href=\"https:\/\/modenafuturacreativa.it\/en\/unesco\/modena-citta-dei-festival\/\" target=\"_self\" data-id=\"4514\" data-order-default=\"1744643918\"><div class=\"wpupg-item-image wpupg-block-image-rounded wpupg-align-center\"><span href=\"https:\/\/modenafuturacreativa.it\/en\/unesco\/modena-citta-dei-festival\/\" target=\"_self\"><img loading=\"lazy\" decoding=\"async\" style=\"border-width: 0px;border-style: solid;border-color: #666666;border-radius: 5px;\" width=\"900\" height=\"604\" src=\"https:\/\/modenafuturacreativa.it\/wp-content\/uploads\/2025\/04\/MCf-generale-post-quadrato-900x604.jpg\" class=\"skip-lazy disable-lazyload attachment-portfolio-thumb_large size-portfolio-thumb_large\" alt=\"\" srcset=\"https:\/\/modenafuturacreativa.it\/wp-content\/uploads\/2025\/04\/MCf-generale-post-quadrato-900x604.jpg 900w, https:\/\/modenafuturacreativa.it\/wp-content\/uploads\/2025\/04\/MCf-generale-post-quadrato-600x403.jpg 600w, https:\/\/modenafuturacreativa.it\/wp-content\/uploads\/2025\/04\/MCf-generale-post-quadrato-400x269.jpg 400w\" sizes=\"auto, (max-width: 900px) 100vw, 900px\" \/><\/span><\/div>\n<div class=\"wpupg-meta-container\">\n<div class=\"wpupg-item-title wpupg-block-text-bold\">Modena Citt\u00e0 dei Festival<\/div>\n<span class=\"wpupg-item-date wpupg-block-text-normal\">2025<\/span>\n\n\n<\/div><\/a><a class=\"wpupg-item wpupg-item-post wpupg-item-4188 wpupg-type-portfolio wpupg-item-has-image wpupg-template-modena-futura wpupg-tax-project-type-partecipazioni-ad-eventi wpupg-parent-tax-project-type-partecipazioni-ad-eventi wpupg-tax-project-type-2025-it wpupg-parent-tax-project-type-2025-it wpupg-item-link\" href=\"https:\/\/modenafuturacreativa.it\/en\/unesco\/incontri-e-territori\/\" target=\"_self\" data-id=\"4188\" data-order-default=\"1738601661\"><div class=\"wpupg-item-image wpupg-block-image-rounded wpupg-align-center\"><span href=\"https:\/\/modenafuturacreativa.it\/en\/unesco\/incontri-e-territori\/\" target=\"_self\"><img loading=\"lazy\" decoding=\"async\" style=\"border-width: 0px;border-style: solid;border-color: #666666;border-radius: 5px;\" width=\"768\" height=\"578\" src=\"https:\/\/modenafuturacreativa.it\/wp-content\/uploads\/2025\/02\/incontri-e-territori.png\" class=\"skip-lazy disable-lazyload attachment-portfolio-thumb_large size-portfolio-thumb_large\" alt=\"\" srcset=\"https:\/\/modenafuturacreativa.it\/wp-content\/uploads\/2025\/02\/incontri-e-territori.png 768w, https:\/\/modenafuturacreativa.it\/wp-content\/uploads\/2025\/02\/incontri-e-territori-300x226.png 300w\" sizes=\"auto, (max-width: 768px) 100vw, 768px\" \/><\/span><\/div>\n<div class=\"wpupg-meta-container\">\n<div class=\"wpupg-item-title wpupg-block-text-bold\">Incontri e Territori<\/div>\n<span class=\"wpupg-item-date wpupg-block-text-normal\">2025<\/span>\n\n\n<\/div><\/a><a class=\"wpupg-item wpupg-item-post wpupg-item-4107 wpupg-type-portfolio wpupg-item-has-image wpupg-template-modena-futura wpupg-tax-project-type-eventi wpupg-parent-tax-project-type-eventi wpupg-tax-project-type-2024 wpupg-parent-tax-project-type-2024 wpupg-item-link\" href=\"https:\/\/modenafuturacreativa.it\/en\/unesco\/capodanno-a-modena-con-skin\/\" target=\"_self\" data-id=\"4107\" data-order-default=\"1733315703\"><div class=\"wpupg-item-image wpupg-block-image-rounded wpupg-align-center\"><span href=\"https:\/\/modenafuturacreativa.it\/en\/unesco\/capodanno-a-modena-con-skin\/\" target=\"_self\"><img loading=\"lazy\" decoding=\"async\" style=\"border-width: 0px;border-style: solid;border-color: #666666;border-radius: 5px;\" width=\"800\" height=\"450\" src=\"https:\/\/modenafuturacreativa.it\/wp-content\/uploads\/2024\/12\/image-800-e2312df3c553185a9a5bcff61ee90c04.jpeg\" class=\"skip-lazy disable-lazyload attachment-portfolio-thumb_large size-portfolio-thumb_large\" alt=\"\" srcset=\"https:\/\/modenafuturacreativa.it\/wp-content\/uploads\/2024\/12\/image-800-e2312df3c553185a9a5bcff61ee90c04.jpeg 800w, https:\/\/modenafuturacreativa.it\/wp-content\/uploads\/2024\/12\/image-800-e2312df3c553185a9a5bcff61ee90c04-300x169.jpeg 300w, https:\/\/modenafuturacreativa.it\/wp-content\/uploads\/2024\/12\/image-800-e2312df3c553185a9a5bcff61ee90c04-768x432.jpeg 768w\" sizes=\"auto, (max-width: 800px) 100vw, 800px\" \/><\/span><\/div>\n<div class=\"wpupg-meta-container\">\n<div class=\"wpupg-item-title wpupg-block-text-bold\">Capodanno a Modena con Skin<\/div>\n<span class=\"wpupg-item-date wpupg-block-text-normal\">2024<\/span>\n\n\n<\/div><\/a><a class=\"wpupg-item wpupg-item-post wpupg-item-4079 wpupg-type-portfolio wpupg-item-has-image wpupg-template-modena-futura wpupg-tax-project-type-partecipazioni-ad-eventi wpupg-parent-tax-project-type-partecipazioni-ad-eventi wpupg-tax-project-type-2024-it wpupg-parent-tax-project-type-2024-it wpupg-item-link\" href=\"https:\/\/modenafuturacreativa.it\/en\/unesco\/kikk-festival-2024\/\" target=\"_self\" data-id=\"4079\" data-order-default=\"1730809068\"><div class=\"wpupg-item-image wpupg-block-image-rounded wpupg-align-center\"><span href=\"https:\/\/modenafuturacreativa.it\/en\/unesco\/kikk-festival-2024\/\" target=\"_self\"><img loading=\"lazy\" decoding=\"async\" style=\"border-width: 0px;border-style: solid;border-color: #666666;border-radius: 5px;\" width=\"900\" height=\"604\" src=\"https:\/\/modenafuturacreativa.it\/wp-content\/uploads\/2024\/11\/Copie-de-KIKK2023_jour3_Quentin_Chevrier-11-1-scaled-1920x800-1-900x604.jpg\" class=\"skip-lazy disable-lazyload attachment-portfolio-thumb_large size-portfolio-thumb_large\" alt=\"\" srcset=\"https:\/\/modenafuturacreativa.it\/wp-content\/uploads\/2024\/11\/Copie-de-KIKK2023_jour3_Quentin_Chevrier-11-1-scaled-1920x800-1-900x604.jpg 900w, https:\/\/modenafuturacreativa.it\/wp-content\/uploads\/2024\/11\/Copie-de-KIKK2023_jour3_Quentin_Chevrier-11-1-scaled-1920x800-1-600x403.jpg 600w, https:\/\/modenafuturacreativa.it\/wp-content\/uploads\/2024\/11\/Copie-de-KIKK2023_jour3_Quentin_Chevrier-11-1-scaled-1920x800-1-400x269.jpg 400w\" sizes=\"auto, (max-width: 900px) 100vw, 900px\" \/><\/span><\/div>\n<div class=\"wpupg-meta-container\">\n<div class=\"wpupg-item-title wpupg-block-text-bold\">kikk festival 2024<\/div>\n<span class=\"wpupg-item-date wpupg-block-text-normal\">2024<\/span>\n\n\n<\/div><\/a><a class=\"wpupg-item wpupg-item-post wpupg-item-3973 wpupg-type-portfolio wpupg-item-has-image wpupg-template-modena-futura wpupg-tax-project-type-eventi wpupg-parent-tax-project-type-eventi wpupg-tax-project-type-2024 wpupg-parent-tax-project-type-2024 wpupg-item-link\" href=\"https:\/\/modenafuturacreativa.it\/en\/unesco\/modena-patrimonio-mondiale-in-festa-2024\/\" target=\"_self\" data-id=\"3973\" data-order-default=\"1727373340\"><div class=\"wpupg-item-image wpupg-block-image-rounded wpupg-align-center\"><span href=\"https:\/\/modenafuturacreativa.it\/en\/unesco\/modena-patrimonio-mondiale-in-festa-2024\/\" target=\"_self\"><img loading=\"lazy\" decoding=\"async\" style=\"border-width: 0px;border-style: solid;border-color: #666666;border-radius: 5px;\" width=\"900\" height=\"604\" src=\"https:\/\/modenafuturacreativa.it\/wp-content\/uploads\/2024\/09\/PMF-post-rev-1080x1080-1-900x604.jpg\" class=\"skip-lazy disable-lazyload attachment-portfolio-thumb_large size-portfolio-thumb_large\" alt=\"\" srcset=\"https:\/\/modenafuturacreativa.it\/wp-content\/uploads\/2024\/09\/PMF-post-rev-1080x1080-1-900x604.jpg 900w, https:\/\/modenafuturacreativa.it\/wp-content\/uploads\/2024\/09\/PMF-post-rev-1080x1080-1-600x403.jpg 600w, https:\/\/modenafuturacreativa.it\/wp-content\/uploads\/2024\/09\/PMF-post-rev-1080x1080-1-400x269.jpg 400w\" sizes=\"auto, (max-width: 900px) 100vw, 900px\" \/><\/span><\/div>\n<div class=\"wpupg-meta-container\">\n<div class=\"wpupg-item-title wpupg-block-text-bold\">Modena Patrimonio Mondiale in Festa 2024<\/div>\n<span class=\"wpupg-item-date wpupg-block-text-normal\">2024<\/span>\n\n\n<\/div><\/a><a class=\"wpupg-item wpupg-item-post wpupg-item-3840 wpupg-type-portfolio wpupg-item-has-image wpupg-template-modena-futura wpupg-tax-project-type-progetti-media-arts wpupg-parent-tax-project-type-progetti-media-arts wpupg-parent-tax-project-type-rete-citta-unesco wpupg-item-link\" href=\"https:\/\/modenafuturacreativa.it\/en\/unesco\/cult-modena-karlsruhe\/\" target=\"_self\" data-id=\"3840\" data-order-default=\"1721926276\"><div class=\"wpupg-item-image wpupg-block-image-rounded wpupg-align-center\"><span href=\"https:\/\/modenafuturacreativa.it\/en\/unesco\/cult-modena-karlsruhe\/\" target=\"_self\"><img loading=\"lazy\" decoding=\"async\" style=\"border-width: 0px;border-style: solid;border-color: #666666;border-radius: 5px;\" width=\"900\" height=\"604\" src=\"https:\/\/modenafuturacreativa.it\/wp-content\/uploads\/2024\/07\/logo-cult-small2-900x604.png\" class=\"skip-lazy disable-lazyload attachment-portfolio-thumb_large size-portfolio-thumb_large\" alt=\"\" srcset=\"https:\/\/modenafuturacreativa.it\/wp-content\/uploads\/2024\/07\/logo-cult-small2-900x604.png 900w, https:\/\/modenafuturacreativa.it\/wp-content\/uploads\/2024\/07\/logo-cult-small2-600x403.png 600w, https:\/\/modenafuturacreativa.it\/wp-content\/uploads\/2024\/07\/logo-cult-small2-400x269.png 400w\" sizes=\"auto, (max-width: 900px) 100vw, 900px\" \/><\/span><\/div>\n<div class=\"wpupg-meta-container\">\n<div class=\"wpupg-item-title wpupg-block-text-bold\">CULT Modena \u2013 Karlsruhe<\/div>\n<span class=\"wpupg-item-date wpupg-block-text-normal\">2024<\/span>\n\n\n<\/div><\/a><a class=\"wpupg-item wpupg-item-post wpupg-item-3689 wpupg-type-portfolio wpupg-item-has-image wpupg-template-modena-futura wpupg-tax-project-type-eventi wpupg-parent-tax-project-type-eventi wpupg-tax-project-type-in-svolgimento wpupg-parent-tax-project-type-in-svolgimento wpupg-item-link\" href=\"https:\/\/modenafuturacreativa.it\/en\/unesco\/avia-pervia-percorso-immersivo\/\" target=\"_self\" data-id=\"3689\" data-order-default=\"1715252012\"><div class=\"wpupg-item-image wpupg-block-image-rounded wpupg-align-center\"><span href=\"https:\/\/modenafuturacreativa.it\/en\/unesco\/avia-pervia-percorso-immersivo\/\" target=\"_self\"><img loading=\"lazy\" decoding=\"async\" style=\"border-width: 0px;border-style: solid;border-color: #666666;border-radius: 5px;\" width=\"800\" height=\"496\" src=\"https:\/\/modenafuturacreativa.it\/wp-content\/uploads\/2024\/05\/image-800-a399d4e113e3fdb5c520a3456ec34b8e.jpeg\" class=\"skip-lazy disable-lazyload attachment-portfolio-thumb_large size-portfolio-thumb_large\" alt=\"\" srcset=\"https:\/\/modenafuturacreativa.it\/wp-content\/uploads\/2024\/05\/image-800-a399d4e113e3fdb5c520a3456ec34b8e.jpeg 800w, https:\/\/modenafuturacreativa.it\/wp-content\/uploads\/2024\/05\/image-800-a399d4e113e3fdb5c520a3456ec34b8e-300x186.jpeg 300w, https:\/\/modenafuturacreativa.it\/wp-content\/uploads\/2024\/05\/image-800-a399d4e113e3fdb5c520a3456ec34b8e-768x476.jpeg 768w\" sizes=\"auto, (max-width: 800px) 100vw, 800px\" \/><\/span><\/div>\n<div class=\"wpupg-meta-container\">\n<div class=\"wpupg-item-title wpupg-block-text-bold\">AVIA PERVIA - Percorso Immersivo<\/div>\n<span class=\"wpupg-item-date wpupg-block-text-normal\">2024<\/span>\n\n\n<\/div><\/a><a class=\"wpupg-item wpupg-item-post wpupg-item-3678 wpupg-type-portfolio wpupg-item-has-image wpupg-template-modena-futura wpupg-tax-project-type-partecipazioni-ad-eventi wpupg-parent-tax-project-type-partecipazioni-ad-eventi wpupg-tax-project-type-2024-it wpupg-parent-tax-project-type-2024-it wpupg-item-link\" href=\"https:\/\/modenafuturacreativa.it\/en\/unesco\/annual-meeting-citta-creative-delle-media-arts\/\" target=\"_self\" data-id=\"3678\" data-order-default=\"1714999984\"><div class=\"wpupg-item-image wpupg-block-image-rounded wpupg-align-center\"><span href=\"https:\/\/modenafuturacreativa.it\/en\/unesco\/annual-meeting-citta-creative-delle-media-arts\/\" target=\"_self\"><img loading=\"lazy\" decoding=\"async\" style=\"border-width: 0px;border-style: solid;border-color: #666666;border-radius: 5px;\" width=\"900\" height=\"578\" src=\"https:\/\/modenafuturacreativa.it\/wp-content\/uploads\/2024\/05\/unesco-900x578.jpg\" class=\"skip-lazy disable-lazyload attachment-portfolio-thumb_large size-portfolio-thumb_large\" alt=\"\" \/><\/span><\/div>\n<div class=\"wpupg-meta-container\">\n<div class=\"wpupg-item-title wpupg-block-text-bold\">Annual Meeting Citt\u00e0 Creative delle Media Arts<\/div>\n<span class=\"wpupg-item-date wpupg-block-text-normal\">2024<\/span>\n\n\n<\/div><\/a><a class=\"wpupg-item wpupg-item-post wpupg-item-3484 wpupg-type-portfolio wpupg-item-has-image wpupg-template-modena-futura wpupg-tax-project-type-eventi wpupg-parent-tax-project-type-eventi wpupg-tax-project-type-2024-it-it wpupg-parent-tax-project-type-2024-it-it wpupg-parent-tax-project-type-corsi wpupg-item-link\" href=\"https:\/\/modenafuturacreativa.it\/en\/unesco\/modena-unesco-nuovo-brand\/\" target=\"_self\" data-id=\"3484\" data-order-default=\"1708513636\"><div class=\"wpupg-item-image wpupg-block-image-rounded wpupg-align-center\"><span href=\"https:\/\/modenafuturacreativa.it\/en\/unesco\/modena-unesco-nuovo-brand\/\" target=\"_self\"><img loading=\"lazy\" decoding=\"async\" style=\"border-width: 0px;border-style: solid;border-color: #666666;border-radius: 5px;\" width=\"900\" height=\"604\" src=\"https:\/\/modenafuturacreativa.it\/wp-content\/uploads\/2024\/02\/Modena-Unesco-3-900x604.jpg\" class=\"skip-lazy disable-lazyload attachment-portfolio-thumb_large size-portfolio-thumb_large\" alt=\"\" srcset=\"https:\/\/modenafuturacreativa.it\/wp-content\/uploads\/2024\/02\/Modena-Unesco-3-900x604.jpg 900w, https:\/\/modenafuturacreativa.it\/wp-content\/uploads\/2024\/02\/Modena-Unesco-3-600x403.jpg 600w, https:\/\/modenafuturacreativa.it\/wp-content\/uploads\/2024\/02\/Modena-Unesco-3-400x269.jpg 400w\" sizes=\"auto, (max-width: 900px) 100vw, 900px\" \/><\/span><\/div>\n<div class=\"wpupg-meta-container\">\n<div class=\"wpupg-item-title wpupg-block-text-bold\">Modena Unesco<\/div>\n<span class=\"wpupg-item-date wpupg-block-text-normal\">2024<\/span>\n\n\n<\/div><\/a><a class=\"wpupg-item wpupg-item-post wpupg-item-3341 wpupg-type-portfolio wpupg-item-has-image wpupg-template-modena-futura wpupg-tax-project-type-eventi wpupg-parent-tax-project-type-eventi wpupg-tax-project-type-2023-it-eventi wpupg-parent-tax-project-type-2023-it-eventi wpupg-item-link\" href=\"https:\/\/modenafuturacreativa.it\/en\/unesco\/capodanno-immersivo-musica-e-arte-elettronica-con-lartista-robert-henke\/\" target=\"_self\" data-id=\"3341\" data-order-default=\"1701777608\"><div class=\"wpupg-item-image wpupg-block-image-rounded wpupg-align-center\"><span href=\"https:\/\/modenafuturacreativa.it\/en\/unesco\/capodanno-immersivo-musica-e-arte-elettronica-con-lartista-robert-henke\/\" target=\"_self\"><img loading=\"lazy\" decoding=\"async\" style=\"border-width: 0px;border-style: solid;border-color: #666666;border-radius: 5px;\" width=\"900\" height=\"604\" src=\"https:\/\/modenafuturacreativa.it\/wp-content\/uploads\/2023\/11\/IMG_NODE-900x604.jpeg\" class=\"skip-lazy disable-lazyload attachment-portfolio-thumb_large size-portfolio-thumb_large\" alt=\"\" srcset=\"https:\/\/modenafuturacreativa.it\/wp-content\/uploads\/2023\/11\/IMG_NODE-900x604.jpeg 900w, https:\/\/modenafuturacreativa.it\/wp-content\/uploads\/2023\/11\/IMG_NODE-600x403.jpeg 600w, https:\/\/modenafuturacreativa.it\/wp-content\/uploads\/2023\/11\/IMG_NODE-400x269.jpeg 400w\" sizes=\"auto, (max-width: 900px) 100vw, 900px\" \/><\/span><\/div>\n<div class=\"wpupg-meta-container\">\n<div class=\"wpupg-item-title wpupg-block-text-bold\">Capodanno immersivo, musica e arte elettronica con l\u2019artista Robert Henke.<\/div>\n<span class=\"wpupg-item-date wpupg-block-text-normal\">2023<\/span>\n\n\n<\/div><\/a><a class=\"wpupg-item wpupg-item-post wpupg-item-3282 wpupg-type-portfolio wpupg-item-has-image wpupg-template-modena-futura wpupg-tax-project-type-eventi wpupg-parent-tax-project-type-eventi wpupg-tax-project-type-2024 wpupg-parent-tax-project-type-2024 wpupg-item-link\" href=\"https:\/\/modenafuturacreativa.it\/en\/unesco\/words-parole-che-suonano\/\" target=\"_self\" data-id=\"3282\" data-order-default=\"1698777720\"><div class=\"wpupg-item-image wpupg-block-image-rounded wpupg-align-center\"><span href=\"https:\/\/modenafuturacreativa.it\/en\/unesco\/words-parole-che-suonano\/\" target=\"_self\"><img loading=\"lazy\" decoding=\"async\" style=\"border-width: 0px;border-style: solid;border-color: #666666;border-radius: 5px;\" width=\"900\" height=\"578\" src=\"https:\/\/modenafuturacreativa.it\/wp-content\/uploads\/2023\/10\/words-900x578.jpg\" class=\"skip-lazy disable-lazyload attachment-portfolio-thumb_large size-portfolio-thumb_large\" alt=\"\" \/><\/span><\/div>\n<div class=\"wpupg-meta-container\">\n<div class=\"wpupg-item-title wpupg-block-text-bold\">Words. Parole che suonano<\/div>\n<span class=\"wpupg-item-date wpupg-block-text-normal\">2023<\/span>\n\n\n<\/div><\/a><a class=\"wpupg-item wpupg-item-post wpupg-item-3259 wpupg-type-portfolio wpupg-item-has-image wpupg-template-modena-futura wpupg-tax-project-type-partecipazioni-ad-eventi wpupg-parent-tax-project-type-partecipazioni-ad-eventi wpupg-tax-project-type-2023-it-partecipazioni-ad-eventi wpupg-parent-tax-project-type-2023-it-partecipazioni-ad-eventi wpupg-item-link\" href=\"https:\/\/modenafuturacreativa.it\/en\/unesco\/unesco-creative-cities-network-of-media-arts-annual-meeting\/\" target=\"_self\" data-id=\"3259\" data-order-default=\"1698260819\"><div class=\"wpupg-item-image wpupg-block-image-rounded wpupg-align-center\"><span href=\"https:\/\/modenafuturacreativa.it\/en\/unesco\/unesco-creative-cities-network-of-media-arts-annual-meeting\/\" target=\"_self\"><img loading=\"lazy\" decoding=\"async\" style=\"border-width: 0px;border-style: solid;border-color: #666666;border-radius: 5px;\" width=\"900\" height=\"604\" src=\"https:\/\/modenafuturacreativa.it\/wp-content\/uploads\/2023\/10\/KV_ANNUALMEETING_6OCTUBRE.ai_Mesa-de-trabajo-1-900x604.jpg\" class=\"skip-lazy disable-lazyload attachment-portfolio-thumb_large size-portfolio-thumb_large\" alt=\"\" srcset=\"https:\/\/modenafuturacreativa.it\/wp-content\/uploads\/2023\/10\/KV_ANNUALMEETING_6OCTUBRE.ai_Mesa-de-trabajo-1-900x604.jpg 900w, https:\/\/modenafuturacreativa.it\/wp-content\/uploads\/2023\/10\/KV_ANNUALMEETING_6OCTUBRE.ai_Mesa-de-trabajo-1-600x403.jpg 600w, https:\/\/modenafuturacreativa.it\/wp-content\/uploads\/2023\/10\/KV_ANNUALMEETING_6OCTUBRE.ai_Mesa-de-trabajo-1-400x269.jpg 400w\" sizes=\"auto, (max-width: 900px) 100vw, 900px\" \/><\/span><\/div>\n<div class=\"wpupg-meta-container\">\n<div class=\"wpupg-item-title wpupg-block-text-bold\">UNESCO Creative Cities Network of Media Arts Annual Meeting<\/div>\n<span class=\"wpupg-item-date wpupg-block-text-normal\">2023<\/span>\n\n\n<\/div><\/a><a class=\"wpupg-item wpupg-item-post wpupg-item-3240 wpupg-type-portfolio wpupg-item-has-image wpupg-template-modena-futura wpupg-tax-project-type-2023-it-partecipazioni-ad-eventi wpupg-parent-tax-project-type-2023-it-partecipazioni-ad-eventi wpupg-parent-tax-project-type-partecipazioni-ad-eventi wpupg-item-link\" href=\"https:\/\/modenafuturacreativa.it\/en\/unesco\/rete-delle-citta-creative-unesco-online-meeting\/\" target=\"_self\" data-id=\"3240\" data-order-default=\"1698259405\"><div class=\"wpupg-item-image wpupg-block-image-rounded wpupg-align-center\"><span href=\"https:\/\/modenafuturacreativa.it\/en\/unesco\/rete-delle-citta-creative-unesco-online-meeting\/\" target=\"_self\"><img loading=\"lazy\" decoding=\"async\" style=\"border-width: 0px;border-style: solid;border-color: #666666;border-radius: 5px;\" width=\"900\" height=\"604\" src=\"https:\/\/modenafuturacreativa.it\/wp-content\/uploads\/2023\/10\/1280px-UNESCO_logo.svg-900x604.png\" class=\"skip-lazy disable-lazyload attachment-portfolio-thumb_large size-portfolio-thumb_large\" alt=\"\" srcset=\"https:\/\/modenafuturacreativa.it\/wp-content\/uploads\/2023\/10\/1280px-UNESCO_logo.svg-900x604.png 900w, https:\/\/modenafuturacreativa.it\/wp-content\/uploads\/2023\/10\/1280px-UNESCO_logo.svg-600x403.png 600w, https:\/\/modenafuturacreativa.it\/wp-content\/uploads\/2023\/10\/1280px-UNESCO_logo.svg-400x269.png 400w\" sizes=\"auto, (max-width: 900px) 100vw, 900px\" \/><\/span><\/div>\n<div class=\"wpupg-meta-container\">\n<div class=\"wpupg-item-title wpupg-block-text-bold\">Rete delle citt\u00e0 creative UNESCO - Online meeting<\/div>\n<span class=\"wpupg-item-date wpupg-block-text-normal\">2023<\/span>\n\n\n<\/div><\/a><a class=\"wpupg-item wpupg-item-post wpupg-item-2672 wpupg-type-portfolio wpupg-item-has-image wpupg-template-modena-futura wpupg-tax-project-type-corsi wpupg-parent-tax-project-type-corsi wpupg-tax-project-type-2023-it wpupg-parent-tax-project-type-2023-it wpupg-tax-project-type-rete-citta-unesco wpupg-parent-tax-project-type-rete-citta-unesco wpupg-tax-project-type-progetti-media-arts wpupg-parent-tax-project-type-progetti-media-arts wpupg-item-link\" href=\"https:\/\/modenafuturacreativa.it\/en\/unesco\/city-to-city\/\" target=\"_self\" data-id=\"2672\" data-order-default=\"1687448716\"><div class=\"wpupg-item-image wpupg-block-image-rounded wpupg-align-center\"><span href=\"https:\/\/modenafuturacreativa.it\/en\/unesco\/city-to-city\/\" target=\"_self\"><img loading=\"lazy\" decoding=\"async\" style=\"border-width: 0px;border-style: solid;border-color: #666666;border-radius: 5px;\" width=\"900\" height=\"604\" src=\"https:\/\/modenafuturacreativa.it\/wp-content\/uploads\/2023\/06\/City-to-city-quadrato-2-900x604.png\" class=\"skip-lazy disable-lazyload attachment-portfolio-thumb_large size-portfolio-thumb_large\" alt=\"\" srcset=\"https:\/\/modenafuturacreativa.it\/wp-content\/uploads\/2023\/06\/City-to-city-quadrato-2-900x604.png 900w, https:\/\/modenafuturacreativa.it\/wp-content\/uploads\/2023\/06\/City-to-city-quadrato-2-600x403.png 600w, https:\/\/modenafuturacreativa.it\/wp-content\/uploads\/2023\/06\/City-to-city-quadrato-2-400x269.png 400w\" sizes=\"auto, (max-width: 900px) 100vw, 900px\" \/><\/span><\/div>\n<div class=\"wpupg-meta-container\">\n<div class=\"wpupg-item-title wpupg-block-text-bold\">CITY TO CITY<\/div>\n<span class=\"wpupg-item-date wpupg-block-text-normal\">2023<\/span>\n\n\n<\/div><\/a><a class=\"wpupg-item wpupg-item-post wpupg-item-1981 wpupg-type-portfolio wpupg-item-has-image wpupg-template-modena-futura wpupg-tax-project-type-eventi wpupg-parent-tax-project-type-eventi wpupg-tax-project-type-2022-it-eventi wpupg-parent-tax-project-type-2022-it-eventi wpupg-item-link\" href=\"https:\/\/modenafuturacreativa.it\/en\/unesco\/capodanno-2022\/\" target=\"_self\" data-id=\"1981\" data-order-default=\"1651060751\"><div class=\"wpupg-item-image wpupg-block-image-rounded wpupg-align-center\"><span href=\"https:\/\/modenafuturacreativa.it\/en\/unesco\/capodanno-2022\/\" target=\"_self\"><img loading=\"lazy\" decoding=\"async\" style=\"border-width: 0px;border-style: solid;border-color: #666666;border-radius: 5px;\" width=\"800\" height=\"604\" src=\"https:\/\/modenafuturacreativa.it\/wp-content\/uploads\/2022\/12\/capodanno2-800x604.png\" class=\"skip-lazy disable-lazyload attachment-portfolio-thumb_large size-portfolio-thumb_large\" alt=\"\" \/><\/span><\/div>\n<div class=\"wpupg-meta-container\">\n<div class=\"wpupg-item-title wpupg-block-text-bold\">Capodanno 2022<\/div>\n<span class=\"wpupg-item-date wpupg-block-text-normal\">2022<\/span>\n\n\n<\/div><\/a><a class=\"wpupg-item wpupg-item-post wpupg-item-1975 wpupg-type-portfolio wpupg-item-has-image wpupg-template-modena-futura wpupg-tax-project-type-eventi wpupg-parent-tax-project-type-eventi wpupg-tax-project-type-2022-it-eventi wpupg-parent-tax-project-type-2022-it-eventi wpupg-item-link\" href=\"https:\/\/modenafuturacreativa.it\/en\/unesco\/futura-creativa\/\" target=\"_self\" data-id=\"1975\" data-order-default=\"1651060228\"><div class=\"wpupg-item-image wpupg-block-image-rounded wpupg-align-center\"><span href=\"https:\/\/modenafuturacreativa.it\/en\/unesco\/futura-creativa\/\" target=\"_self\"><img loading=\"lazy\" decoding=\"async\" style=\"border-width: 0px;border-style: solid;border-color: #666666;border-radius: 5px;\" width=\"900\" height=\"604\" src=\"https:\/\/modenafuturacreativa.it\/wp-content\/uploads\/2022\/09\/instagram_1080x1080-900x604.jpg\" class=\"skip-lazy disable-lazyload attachment-portfolio-thumb_large size-portfolio-thumb_large\" alt=\"\" srcset=\"https:\/\/modenafuturacreativa.it\/wp-content\/uploads\/2022\/09\/instagram_1080x1080-900x604.jpg 900w, https:\/\/modenafuturacreativa.it\/wp-content\/uploads\/2022\/09\/instagram_1080x1080-600x403.jpg 600w, https:\/\/modenafuturacreativa.it\/wp-content\/uploads\/2022\/09\/instagram_1080x1080-400x269.jpg 400w\" sizes=\"auto, (max-width: 900px) 100vw, 900px\" \/><\/span><\/div>\n<div class=\"wpupg-meta-container\">\n<div class=\"wpupg-item-title wpupg-block-text-bold\">FUTURA CREATIVA<\/div>\n<span class=\"wpupg-item-date wpupg-block-text-normal\">2022<\/span>\n\n\n<\/div><\/a><a class=\"wpupg-item wpupg-item-post wpupg-item-1946 wpupg-type-portfolio wpupg-item-has-image wpupg-template-modena-futura wpupg-tax-project-type-eventi wpupg-parent-tax-project-type-eventi wpupg-tax-project-type-2021-it wpupg-parent-tax-project-type-2021-it wpupg-item-link\" href=\"https:\/\/modenafuturacreativa.it\/en\/unesco\/videomapping-duomo\/\" target=\"_self\" data-id=\"1946\" data-order-default=\"1619454297\"><div class=\"wpupg-item-image wpupg-block-image-rounded wpupg-align-center\"><span href=\"https:\/\/modenafuturacreativa.it\/en\/unesco\/videomapping-duomo\/\" target=\"_self\"><img loading=\"lazy\" decoding=\"async\" style=\"border-width: 0px;border-style: solid;border-color: #666666;border-radius: 5px;\" width=\"900\" height=\"604\" src=\"https:\/\/modenafuturacreativa.it\/wp-content\/uploads\/2021\/12\/duomoModena-2021-11-18-120018-900x604.jpg\" class=\"skip-lazy disable-lazyload attachment-portfolio-thumb_large size-portfolio-thumb_large\" alt=\"\" srcset=\"https:\/\/modenafuturacreativa.it\/wp-content\/uploads\/2021\/12\/duomoModena-2021-11-18-120018-900x604.jpg 900w, https:\/\/modenafuturacreativa.it\/wp-content\/uploads\/2021\/12\/duomoModena-2021-11-18-120018-600x403.jpg 600w, https:\/\/modenafuturacreativa.it\/wp-content\/uploads\/2021\/12\/duomoModena-2021-11-18-120018-400x269.jpg 400w\" sizes=\"auto, (max-width: 900px) 100vw, 900px\" \/><\/span><\/div>\n<div class=\"wpupg-meta-container\">\n<div class=\"wpupg-item-title wpupg-block-text-bold\">Videomapping Duomo<\/div>\n<span class=\"wpupg-item-date wpupg-block-text-normal\">2021<\/span>\n\n\n<\/div><\/a><a class=\"wpupg-item wpupg-item-post wpupg-item-1931 wpupg-type-portfolio wpupg-item-has-image wpupg-template-modena-futura wpupg-tax-project-type-eventi wpupg-parent-tax-project-type-eventi wpupg-tax-project-type-2021-it wpupg-parent-tax-project-type-2021-it wpupg-item-link\" href=\"https:\/\/modenafuturacreativa.it\/en\/unesco\/modena-futura-creativa%c2%b2\/\" target=\"_self\" data-id=\"1931\" data-order-default=\"1619453325\"><div class=\"wpupg-item-image wpupg-block-image-rounded wpupg-align-center\"><span href=\"https:\/\/modenafuturacreativa.it\/en\/unesco\/modena-futura-creativa%c2%b2\/\" target=\"_self\"><img loading=\"lazy\" decoding=\"async\" style=\"border-width: 0px;border-style: solid;border-color: #666666;border-radius: 5px;\" width=\"900\" height=\"604\" src=\"https:\/\/modenafuturacreativa.it\/wp-content\/uploads\/2023\/04\/modena-futura-creativa2-900x604.png\" class=\"skip-lazy disable-lazyload attachment-portfolio-thumb_large size-portfolio-thumb_large\" alt=\"\" srcset=\"https:\/\/modenafuturacreativa.it\/wp-content\/uploads\/2023\/04\/modena-futura-creativa2-900x604.png 900w, https:\/\/modenafuturacreativa.it\/wp-content\/uploads\/2023\/04\/modena-futura-creativa2-600x403.png 600w, https:\/\/modenafuturacreativa.it\/wp-content\/uploads\/2023\/04\/modena-futura-creativa2-400x269.png 400w\" sizes=\"auto, (max-width: 900px) 100vw, 900px\" \/><\/span><\/div>\n<div class=\"wpupg-meta-container\">\n<div class=\"wpupg-item-title wpupg-block-text-bold\">Modena Futura Creativa\u00b2<\/div>\n<span class=\"wpupg-item-date wpupg-block-text-normal\">2021<\/span>\n\n\n<\/div><\/a><a class=\"wpupg-item wpupg-item-post wpupg-item-1927 wpupg-type-portfolio wpupg-item-has-image wpupg-template-modena-futura wpupg-tax-project-type-eventi wpupg-parent-tax-project-type-eventi wpupg-tax-project-type-2021-it wpupg-parent-tax-project-type-2021-it wpupg-item-link\" href=\"https:\/\/modenafuturacreativa.it\/en\/unesco\/modena-futura-creativa-2021\/\" target=\"_self\" data-id=\"1927\" data-order-default=\"1619452837\"><div class=\"wpupg-item-image wpupg-block-image-rounded wpupg-align-center\"><span href=\"https:\/\/modenafuturacreativa.it\/en\/unesco\/modena-futura-creativa-2021\/\" target=\"_self\"><img loading=\"lazy\" decoding=\"async\" style=\"border-width: 0px;border-style: solid;border-color: #666666;border-radius: 5px;\" width=\"900\" height=\"604\" src=\"https:\/\/modenafuturacreativa.it\/wp-content\/uploads\/2023\/04\/modena-futura-creativa2021-900x604.png\" class=\"skip-lazy disable-lazyload attachment-portfolio-thumb_large size-portfolio-thumb_large\" alt=\"\" srcset=\"https:\/\/modenafuturacreativa.it\/wp-content\/uploads\/2023\/04\/modena-futura-creativa2021-900x604.png 900w, https:\/\/modenafuturacreativa.it\/wp-content\/uploads\/2023\/04\/modena-futura-creativa2021-600x403.png 600w, https:\/\/modenafuturacreativa.it\/wp-content\/uploads\/2023\/04\/modena-futura-creativa2021-400x269.png 400w\" sizes=\"auto, (max-width: 900px) 100vw, 900px\" \/><\/span><\/div>\n<div class=\"wpupg-meta-container\">\n<div class=\"wpupg-item-title wpupg-block-text-bold\">Modena Futura Creativa 2021<\/div>\n<span class=\"wpupg-item-date wpupg-block-text-normal\">2021<\/span>\n\n\n<\/div><\/a><\/div><\/div><\/div>\n<\/div>\n\n\n\n<div class=\"divider-wrap\" data-alignment=\"default\"><div style=\"height: 10vh;\" class=\"divider\"><\/div><\/div>\n\t\t\t<\/div> \n\t\t<\/div>\n\t<\/div> \n<\/div><\/div>\n\t\t<div id=\"fws_6a9b76b20bd19\"  data-column-margin=\"default\" data-midnight=\"dark\" data-bottom-percent=\"10%\"  class=\"wpb_row vc_row-fluid vc_row full-width-section has-row-bg-color\"  style=\"padding-top: 0px; padding-bottom: calc(100vw * 0.10); --row-bg-color: #ffffff;\"><div class=\"row-bg-wrap\" data-bg-animation=\"none\" data-bg-animation-delay=\"\" data-bg-overlay=\"false\"><div class=\"inner-wrap row-bg-layer\" ><div class=\"row-bg viewport-desktop using-bg-color\"  style=\"background-color: #ffffff; \"><\/div><\/div><\/div><div class=\"row_col_wrap_12 col span_12 dark left\">\n\t<div  class=\"vc_col-sm-3 wpb_column column_container vc_column_container col no-extra-padding inherit_tablet inherit_phone \"  data-padding-pos=\"all\" data-has-bg-color=\"false\" data-bg-color=\"\" data-bg-opacity=\"1\" data-animation=\"\" data-delay=\"0\" >\n\t\t<div class=\"vc_column-inner\" >\n\t\t\t<div class=\"wpb_wrapper\">\n\t\t\t\t\n\t\t\t<\/div> \n\t\t<\/div>\n\t<\/div> \n\n\t<div  class=\"vc_col-sm-9 wpb_column column_container vc_column_container col no-extra-padding inherit_tablet inherit_phone \"  data-padding-pos=\"all\" data-has-bg-color=\"false\" data-bg-color=\"\" data-bg-opacity=\"1\" data-animation=\"\" data-delay=\"0\" >\n\t\t<div class=\"vc_column-inner\" >\n\t\t\t<div class=\"wpb_wrapper\">\n\t\t\t\t<div class=\"img-with-aniamtion-wrap center\" data-max-width=\"100%\" data-max-width-mobile=\"default\" data-shadow=\"none\" data-animation=\"none\" >\n      <div class=\"inner\">\n        <div class=\"hover-wrap\"> \n          <div class=\"hover-wrap-inner\">\n            <img loading=\"lazy\" decoding=\"async\" class=\"img-with-animation skip-lazy\" data-delay=\"0\" height=\"81\" width=\"104\" data-animation=\"none\" src=\"https:\/\/modenafuturacreativa.it\/wp-content\/uploads\/2023\/05\/palla2-icona.png\" alt=\"\"  \/>\n          <\/div>\n        <\/div>\n        \n      <\/div>\n    <\/div><div class=\"nectar-cta freccia alignment_tablet_default alignment_phone_default display_tablet_inherit display_phone_inherit \" data-color=\"default\" data-using-bg=\"false\" data-display=\"block\" data-style=\"underline\" data-alignment=\"center\" data-text-color=\"custom\" style=\"--nectar-text-color: #000000; --nectar-button-color: var(--nectar-default); --nectar-icon-gap: 10px; \"><h6 style=\"color: #000000;\"> <span class=\"link_wrap\" ><a  class=\"link_text\" style=\"border-color: #000000;\" role=\"button\" href=\"https:\/\/modenafuturacreativa.it\/mappa-della-creativita\/\">TORNA ALLA MAPPA<\/a><\/span><\/h6><\/div>\n\t\t\t<\/div> \n\t\t<\/div>\n\t<\/div> \n<\/div><\/div>\n\t\t<div id=\"fws_6a9b76b20c5d6\"  data-column-margin=\"default\" data-midnight=\"dark\"  class=\"wpb_row vc_row-fluid vc_row full-width-content vc_row-o-equal-height vc_row-flex vc_row-o-content-top  zindex-set\"  style=\"padding-top: 0px; padding-bottom: 0px;  z-index: -1;\"><div class=\"row-bg-wrap\" data-bg-animation=\"none\" data-bg-animation-delay=\"\" data-bg-overlay=\"false\"><div class=\"inner-wrap row-bg-layer\" ><div class=\"row-bg viewport-desktop\"  style=\"\"><\/div><\/div><\/div><div class=\"row_col_wrap_12 col span_12 dark left\">\n\t<div  class=\"vc_col-sm-12 wpb_column column_container vc_column_container col no-extra-padding inherit_tablet inherit_phone \"  data-padding-pos=\"all\" data-has-bg-color=\"false\" data-bg-color=\"\" data-bg-opacity=\"1\" data-animation=\"\" data-delay=\"0\" >\n\t\t<div class=\"vc_column-inner\" >\n\t\t\t<div class=\"wpb_wrapper\">\n\t\t\t\t\n\t<div class=\"wpb_raw_code wpb_raw_html wpb_content_element\" >\n\t\t<div class=\"wpb_wrapper\">\n\t\t\t<script src=\"..\/..\/tube\/jsband-min.js\" type=\"text\/javascript\"><\/script>\n<script src=\"..\/..\/tube\/tube-min.js\" type=\"text\/javascript\"><\/script>\n<div id=\"tube_container\" style=\"background:#ffefbd; position: fixed;width: 100%;height: 100%;top: 0px;left: 0px;\"> <\/div>\n<script type=\"text\/javascript\">\n\t\tvar tube = new TubeAnimation(\"tube_container\", {\n\t\t\t\n\t\t\t\/\/Main settings\n\t\t\t\tTUBE_SIZE: 200,\n\t\t\t\tTUBE_WIDTH: 30,\n\t\t\t\tTUBE_DISTANCE: 450,\n\t\t\t\tPERSPECTIVE_DISTORTION: 0.8,\n\t\t\t\tTUBE_TORSION: 0.3,\n\t\t\t\tTUBE_STRETCH: 400,\n\t\t\t\tROTATION_SPEED: 2,\n\t\t\t\tDOT_COLOR: 'rgb(255, 191, 0)',\n\t\t\t\tDOT_SIZE: 1,\n\t\t\t\tDETALIZATION: 209,\n\t\t\t\tMESH_DISTRIBUTION: 0,\n\t\t\t\tMESH_RATIO: 18.103,\n\t\t\t\tOFFSET_X: 0, \/\/offset in pixels\n\t\t\t\tOFFSET_Y: 0, \/\/offset in pixels\n\t\t\t\tPERCENTAGE_OFFSET_X: 0, \/\/offset in percentages\n\t\t\t\tPERCENTAGE_OFFSET_Y: 0, \/\/offset in percentages\n\n\t\t\t\/\/Responsivity settings\n\t\t\t\tAUTO_SCALE: false,\n\t\t\t\tVIEWPORT_WIDTH: 1000,\n\t\t\t\tVIEWPORT_HEIGHT: 1000,\n\t\t\t\n\t\t\t\/\/Mouse settings\n\t\t\t\tMOUSE_DISTANCE_MIN: 20,\n\t\t\t\tMOUSE_DISTANCE_MAX: 400,\n\t\t\t\tMOUSE_SENSITIVITY: 0.1,\n\t\t\t\tINERTIAL_TIME: 2,\n\t\t\t\t\n\t\t\t\/\/Main morphing settings\n\t\t\t\tUSE_MAIN_MORPHING: true,\n\t\t\t\tMAIN_MORPHING_AUTOPLAY: true,\n\t\t\t\tMAIN_MORPHING_DURATION: 1.5,\n\t\t\t\tMAIN_MORPHING_DELAY: 2,\n\t\t\t\tMAIN_MORPHING_TRANSITION_TYPE: \"cubic\",\n\t\t\t\tMAIN_MORPHING_STAGES: [\n\t\t\t\t\t{DOT_COLOR: 'rgb(255, 191, 0)'},\n\t\t\t\t\t{DOT_COLOR: 'rgba(255, 191, 0, 1)'},\n\t\t\t\t\t{DOT_COLOR: 'rgba(255, 191, 0, 1)'},\n\t\t\t\t\t{DOT_COLOR: 'rgba(255, 191, 0, 1)'},\n\t\t\t\t\t{DOT_COLOR: 'rgba(255, 191, 0, 1)'},\n\t\t\t\t\t{DOT_COLOR: 'rgba(255, 191, 0, 1)'}\n\t\t\t\t],\n\t\t\t\t\t\t\n\t\t\t\/\/Surface distortion settings\n\t\t\t\tSURFACE_INITIAL_DISTORTION: {\n\t\t\t\t\t\twave1: {amplitude: 19.216, frequency: 4, phase: 1.201},\n\t\t\t\t\t\twave2: {amplitude: 0, frequency: 3, phase: 0},\n\t\t\t\t\t\twave3: {amplitude: 15, frequency: 2, phase: 0}   \n\t\t\t\t\t},\n\t\t\t\tUSE_SURFACE_MORPHING: false,\n\t\t\t\tUSE_SURFACE_MOTION: true,\n\t\t\t\tUSE_SURFACE_SWING: false,\n\t\t\t\t\t\t\t\t \n\t\t\t\/\/Surface motion settings\n\t\t\t\tWAVE_1_MOTION_SPEED: 1.5,\n\t\t\t\t\/\/WAVE_2_MOTION_SPEED: 1,\n\t\t\t\tWAVE_3_MOTION_SPEED: -1\t\t\t\n\t\t});\n\t\t\n\t<\/script>\n\t\t<\/div>\n\t<\/div>\n\n\t\t\t<\/div> \n\t\t<\/div>\n\t<\/div> \n<\/div><\/div>\n","protected":false},"excerpt":{"rendered":"Settore Cultura Promozione della citt\u00e0Comune di ModenaARTI PERFORMATIVE - MEETING Navigate to the next section VISITA MAPPA VISITA IL SITO CONTATTA Il Settore Cultura del Comune di Modena ha guidato...","protected":false},"author":1,"featured_media":5102,"parent":848,"menu_order":0,"comment_status":"closed","ping_status":"closed","template":"","meta":{"wpupg_custom_link":[],"wpupg_custom_link_behaviour":["default"],"wpupg_custom_link_nofollow":["default"],"wpupg_custom_image":[],"wpupg_custom_image_id":[],"footnotes":""},"class_list":["post-2522","page","type-page","status-publish","has-post-thumbnail"],"_links":{"self":[{"href":"https:\/\/modenafuturacreativa.it\/en\/wp-json\/wp\/v2\/pages\/2522","targetHints":{"allow":["GET"]}}],"collection":[{"href":"https:\/\/modenafuturacreativa.it\/en\/wp-json\/wp\/v2\/pages"}],"about":[{"href":"https:\/\/modenafuturacreativa.it\/en\/wp-json\/wp\/v2\/types\/page"}],"author":[{"embeddable":true,"href":"https:\/\/modenafuturacreativa.it\/en\/wp-json\/wp\/v2\/users\/1"}],"replies":[{"embeddable":true,"href":"https:\/\/modenafuturacreativa.it\/en\/wp-json\/wp\/v2\/comments?post=2522"}],"version-history":[{"count":19,"href":"https:\/\/modenafuturacreativa.it\/en\/wp-json\/wp\/v2\/pages\/2522\/revisions"}],"predecessor-version":[{"id":5109,"href":"https:\/\/modenafuturacreativa.it\/en\/wp-json\/wp\/v2\/pages\/2522\/revisions\/5109"}],"up":[{"embeddable":true,"href":"https:\/\/modenafuturacreativa.it\/en\/wp-json\/wp\/v2\/pages\/848"}],"wp:featuredmedia":[{"embeddable":true,"href":"https:\/\/modenafuturacreativa.it\/en\/wp-json\/wp\/v2\/media\/5102"}],"wp:attachment":[{"href":"https:\/\/modenafuturacreativa.it\/en\/wp-json\/wp\/v2\/media?parent=2522"}],"curies":[{"name":"wp","href":"https:\/\/api.w.org\/{rel}","templated":true}]}}