{"id":3642,"date":"2024-04-12T11:19:57","date_gmt":"2024-04-12T09:19:57","guid":{"rendered":"https:\/\/modenafuturacreativa.it\/?page_id=3642"},"modified":"2024-04-12T11:20:17","modified_gmt":"2024-04-12T09:20:17","slug":"modena-futura-creativa-en","status":"publish","type":"page","link":"https:\/\/modenafuturacreativa.it\/de\/modena-futura-creativa-en\/","title":{"rendered":"Kreative Zukunft Modena"},"content":{"rendered":"\n\t\t<div id=\"fws_6a9b92213d404\"  data-column-margin=\"default\" data-midnight=\"dark\"  class=\"wpb_row vc_row-fluid vc_row full-width-section\"  style=\"padding-top: 0px; padding-bottom: 0px; \"><div class=\"row-bg-wrap\" data-bg-animation=\"none\" data-bg-animation-delay=\"\" data-bg-overlay=\"false\"><div class=\"inner-wrap row-bg-layer\" ><div class=\"row-bg viewport-desktop\"  style=\"\"><\/div><\/div><\/div><div class=\"row_col_wrap_12 col span_12 dark left\">\n\t<div  class=\"vc_col-sm-4 creativita wpb_column column_container vc_column_container col padding-5-percent inherit_tablet inherit_phone border_color_d9d9d9 border_style_solid \"  data-overlay-color=\"true\" data-padding-pos=\"top-bottom\" data-has-bg-color=\"false\" data-bg-color=\"\" data-bg-opacity=\"1\" data-animation=\"\" data-delay=\"0\" >\n\t\t<div class=\"vc_column-inner\" ><div class=\"column-bg-overlay-wrap column-bg-layer\" data-bg-animation=\"none\"><div class=\"column-bg-overlay\"><\/div><div class=\"column-overlay-layer\" style=\"background-color:transparent;  opacity: 1; \"><\/div><\/div>\n\t\t\t<div class=\"wpb_wrapper\">\n\t\t\t\t\n\t\t\t<\/div> \n\t\t<\/div>\n\t<\/div> \n\n\t<div  class=\"vc_col-sm-8 wpb_column column_container vc_column_container col no-extra-padding inherit_tablet inherit_phone \"  data-padding-pos=\"all\" data-has-bg-color=\"false\" data-bg-color=\"\" data-bg-opacity=\"1\" data-animation=\"\" data-delay=\"0\" >\n\t\t<div class=\"vc_column-inner\" >\n\t\t\t<div class=\"wpb_wrapper\">\n\t\t\t\t<div class=\"divider-wrap height_tablet_45px height_phone_45px \" data-alignment=\"default\"><div style=\"height: 250px;\" class=\"divider\"><\/div><\/div><div class=\"nectar-split-heading  font_size_3vw font_size_tablet_40px font_size_phone_40px font_line_height_1px \" data-align=\"default\" data-m-align=\"inherit\" data-text-effect=\"letter-reveal-bottom\" data-animation-type=\"line-reveal-by-space\" data-animation-delay=\"200\" data-animation-offset=\"\" data-m-rm-animation=\"\" data-stagger=\"true\" data-custom-font-size=\"true\" style=\"font-size: 3vw; line-height: 3.3vw;\"><i style=\" color: #333333;\">Candidacy process<\/i><\/div><div class=\"divider-wrap\" data-alignment=\"default\"><div style=\"margin-top: 0.5px; height: 1px; margin-bottom: 0.5px;\" data-width=\"100%\" data-animate=\"yes\" data-animation-delay=\"\" data-color=\"extra-color-gradient-1\" class=\"divider-border\"><\/div><\/div><div class=\"divider-wrap\" data-alignment=\"default\"><div style=\"height: 45px;\" class=\"divider\"><\/div><\/div>\n\t\t\t<\/div> \n\t\t<\/div>\n\t<\/div> \n<\/div><\/div>\n\t\t<div id=\"fws_6a9b92213db9d\"  data-column-margin=\"default\" data-midnight=\"dark\"  class=\"wpb_row vc_row-fluid vc_row full-width-content has-row-bg-color vc_row-o-equal-height vc_row-flex vc_row-o-content-top nexta\"  style=\"padding-top: 0px; padding-bottom: 0px; --row-bg-color: #ffffff;\"><div class=\"row-bg-wrap\" data-bg-animation=\"none\" data-bg-animation-delay=\"\" data-bg-overlay=\"false\"><div class=\"inner-wrap row-bg-layer\" ><div class=\"row-bg viewport-desktop using-bg-color\"  style=\"background-color: #ffffff; \"><\/div><\/div><\/div><div class=\"row_col_wrap_12 col span_12 dark left\">\n\t<div  class=\"vc_col-sm-8 wpb_column column_container vc_column_container col padding-7-percent inherit_tablet inherit_phone \"  data-padding-pos=\"left\" data-has-bg-color=\"false\" data-bg-color=\"\" data-bg-opacity=\"1\" data-animation=\"\" data-delay=\"0\" >\n\t\t<div class=\"vc_column-inner\" >\n\t\t\t<div class=\"wpb_wrapper\">\n\t\t\t\t<div class=\"divider-wrap\" data-alignment=\"default\"><div style=\"height: 20vh;\" class=\"divider\"><\/div><\/div>\n\t<div class=\"wpb_raw_code wpb_raw_html wpb_content_element\" >\n\t\t<div class=\"wpb_wrapper\">\n\t\t\t<div class=\"palla1\"><\/div>\n\t\t<\/div>\n\t<\/div>\n<div class=\"divider-wrap\" data-alignment=\"default\"><div style=\"height: 10vh;\" class=\"divider\"><\/div><\/div>\n\t<div class=\"wpb_raw_code wpb_raw_html wpb_content_element\" >\n\t\t<div class=\"wpb_wrapper\">\n\t\t\t<div class=\"palla32\"><\/div>\n\n\t\t<\/div>\n\t<\/div>\n\n\t\t\t<\/div> \n\t\t<\/div>\n\t<\/div> \n\n\t<div style=\"margin-top: -170px; \" class=\"vc_col-sm-4 wpb_column column_container vc_column_container col neg-marg no-extra-padding inherit_tablet inherit_phone \"  data-padding-pos=\"all\" data-has-bg-color=\"false\" data-bg-color=\"\" data-bg-opacity=\"1\" data-animation=\"\" data-delay=\"0\" >\n\t\t<div class=\"vc_column-inner\" >\n\t\t\t<div class=\"wpb_wrapper\">\n\t\t\t\t<div class=\"nectar-next-section-wrap minimal-arrow alignment_tablet_default alignment_phone_default display_tablet_inherit display_phone_inherit \" style=\"--nectar-icon-gap: 10px; --nectar-next-section-icon-size: 1; \" data-align=\"center\" data-custom-color=\"true\">\n    <a href=\"#\" class=\"nectar-next-section skip-hash\">\n      <span class=\"screen-reader-text\">Navigate to the next section<\/span>\n      <svg class=\"next-arrow\" width=\"40px\" height=\"68px\" viewBox=\"0 0 40 50\" xml:space=\"preserve\">\n      <path stroke=\"#ffffff\" stroke-width=\"2\" fill=\"none\" d=\"M 20 0 L 20 51\"><\/path>\n      <polyline stroke=\"#ffffff\" stroke-width=\"2\" fill=\"none\" points=\"12, 44 20, 52 28, 44\"><\/polyline>\n      <\/svg>\n    <\/a>\n  <\/div>\n\t\t\t<\/div> \n\t\t<\/div>\n\t<\/div> \n<\/div><\/div>\n\t\t<div id=\"fws_6a9b92213e279\"  data-column-margin=\"default\" data-midnight=\"dark\"  class=\"wpb_row vc_row-fluid vc_row full-width-section has-row-bg-color\"  style=\"padding-top: 0px; padding-bottom: 0px; --row-bg-color: #ffffff;\"><div class=\"row-bg-wrap\" data-bg-animation=\"none\" data-bg-animation-delay=\"\" data-bg-overlay=\"false\"><div class=\"inner-wrap row-bg-layer\" ><div class=\"row-bg viewport-desktop using-bg-color\"  style=\"background-color: #ffffff; \"><\/div><\/div><\/div><div class=\"row_col_wrap_12 col span_12 dark left\">\n\t<div  class=\"vc_col-sm-12 wpb_column column_container vc_column_container col no-extra-padding inherit_tablet inherit_phone \"  data-padding-pos=\"all\" data-has-bg-color=\"false\" data-bg-color=\"\" data-bg-opacity=\"1\" data-animation=\"\" data-delay=\"0\" >\n\t\t<div class=\"vc_column-inner\" >\n\t\t\t<div class=\"wpb_wrapper\">\n\t\t\t\t<div id=\"fws_6a9b92213e555\" data-midnight=\"\" data-column-margin=\"default\" class=\"wpb_row vc_row-fluid vc_row inner_row vc_row-o-equal-height vc_row-flex vc_row-o-content-top\"  style=\"\"><div class=\"row-bg-wrap\"> <div class=\"row-bg\" ><\/div> <\/div><div class=\"row_col_wrap_12_inner col span_12  left\">\n\t<div  class=\"vc_col-sm-4 creativita wpb_column column_container vc_column_container col child_column no-extra-padding inherit_tablet inherit_phone \"   data-padding-pos=\"all\" data-has-bg-color=\"false\" data-bg-color=\"\" data-bg-opacity=\"1\" data-animation=\"\" data-delay=\"0\" >\n\t\t<div class=\"vc_column-inner\" >\n\t\t<div class=\"wpb_wrapper\">\n\t\t\t<div class=\"divider-wrap height_tablet_5vh height_phone_5vh \" data-alignment=\"default\"><div style=\"height: 25px;\" class=\"divider\"><\/div><\/div><div class=\"img-with-aniamtion-wrap center\" data-max-width=\"100%\" data-max-width-mobile=\"default\" data-shadow=\"none\" data-animation=\"none\" >\n      <div class=\"inner\">\n        <div class=\"hover-wrap\"> \n          <div class=\"hover-wrap-inner\">\n            <img loading=\"lazy\" decoding=\"async\" class=\"img-with-animation skip-lazy\" data-delay=\"0\" height=\"106\" width=\"81\" data-animation=\"none\" src=\"https:\/\/modenafuturacreativa.it\/wp-content\/uploads\/2021\/09\/comune-di-modena-logo.png\" alt=\"\"  \/>\n          <\/div>\n        <\/div>\n        \n      <\/div>\n    <\/div><div class=\"nectar-split-heading \" data-align=\"default\" data-m-align=\"inherit\" data-text-effect=\"default\" data-animation-type=\"default\" data-animation-delay=\"0\" data-animation-offset=\"\" data-m-rm-animation=\"\" data-stagger=\"\" data-custom-font-size=\"false\" ><div class=\"heading-line\" > <div><h2 style=\"text-align: center\"><span style=\"color: #0054ff\"><em>Modena is<\/em><\/span><\/h2> <\/div> <\/div><div class=\"heading-line\" > <div><h2 style=\"text-align: center\"><span style=\"color: #0054ff\">UNESCO creative city<\/span><\/h2> <\/div> <\/div><div class=\"heading-line\" > <div><h2 style=\"text-align: center\"><span style=\"color: #0054ff\">for the Media Arts<\/span><\/h2> <\/div> <\/div><\/div><div class=\"divider-wrap height_tablet_0px height_phone_0px \" data-alignment=\"default\"><div style=\"height: 20vh;\" class=\"divider\"><\/div><\/div>\n\t<div class=\"wpb_raw_code wpb_raw_html wpb_content_element\" >\n\t\t<div class=\"wpb_wrapper\">\n\t\t\t<div class=\"palla31\"><\/div>\n\n\t\t<\/div>\n\t<\/div>\n\n\t\t<\/div> \n\t<\/div>\n\t<\/div> \n\n\t<div  class=\"vc_col-sm-8 wpb_column column_container vc_column_container col child_column no-extra-padding inherit_tablet inherit_phone \"   data-padding-pos=\"all\" data-has-bg-color=\"false\" data-bg-color=\"\" data-bg-opacity=\"1\" data-animation=\"\" data-delay=\"0\" >\n\t\t<div class=\"vc_column-inner\" >\n\t\t<div class=\"wpb_wrapper\">\n\t\t\t\n<div class=\"wpb_text_column wpb_content_element \" >\n\t<p><img loading=\"lazy\" decoding=\"async\" width=\"1440\" height=\"960\" class=\"alignnone wp-image-247 size-full\" style=\"width: 100%; box-shadow: 0 40px 100px rgb(0 0 0 \/ 15%), 0 25px 80px rgb(0 0 0 \/ 10%);\" src=\"https:\/\/modenafutura.com\/wp-content\/uploads\/2021\/09\/cittacreativeunesco-sindaco-bortolamasi-31mag2021.jpg\" alt=\"\" srcset=\"https:\/\/modenafuturacreativa.it\/wp-content\/uploads\/2021\/09\/cittacreativeunesco-sindaco-bortolamasi-31mag2021.jpg 1440w, https:\/\/modenafuturacreativa.it\/wp-content\/uploads\/2021\/09\/cittacreativeunesco-sindaco-bortolamasi-31mag2021-300x200.jpg 300w, https:\/\/modenafuturacreativa.it\/wp-content\/uploads\/2021\/09\/cittacreativeunesco-sindaco-bortolamasi-31mag2021-1024x683.jpg 1024w, https:\/\/modenafuturacreativa.it\/wp-content\/uploads\/2021\/09\/cittacreativeunesco-sindaco-bortolamasi-31mag2021-768x512.jpg 768w, https:\/\/modenafuturacreativa.it\/wp-content\/uploads\/2021\/09\/cittacreativeunesco-sindaco-bortolamasi-31mag2021-900x600.jpg 900w\" sizes=\"auto, (max-width: 1440px) 100vw, 1440px\" \/><\/p>\n<\/div>\n\n\n\n<div class=\"divider-wrap\" data-alignment=\"default\"><div style=\"height: 10vh;\" class=\"divider\"><\/div><\/div><div class=\"nectar-highlighted-text\" data-style=\"regular_underline\" data-exp=\"default\" data-underline-thickness=\"1px\" data-user-color=\"true\" style=\"color: #000000;\" data-using-custom-color=\"true\" data-animation-delay=\"false\" data-color=\"#000000\" data-color-gradient=\"\" style=\"\"><h5 style=\"text-align: left\">THE RECOGNITION<\/h5>\n<\/div><div class=\"nectar-split-heading \" data-align=\"default\" data-m-align=\"inherit\" data-text-effect=\"default\" data-animation-type=\"default\" data-animation-delay=\"0\" data-animation-offset=\"\" data-m-rm-animation=\"\" data-stagger=\"\" data-custom-font-size=\"false\" ><div class=\"heading-line\" > <div><h2 style=\"text-align: left\">Modena creative city<\/h2> <\/div> <\/div><\/div>\n<div class=\"wpb_text_column wpb_content_element \" >\n\t<h4 style=\"margin: 0px;\"><strong>Andrea Bortolamasi, Councilor for Culture: &#8220;A recognition that rewards the great networking work of the Promoting Committee&#8221;<\/strong><\/h4>\n<h4 style=\"margin: 0px;\"><\/h4>\n<\/div>\n\n\n\n\n<div class=\"wpb_text_column wpb_content_element  vc_custom_1708515601769\" >\n\t<h4 style=\"margin: 0px;\"><strong><span style=\"color: #0054ff;\">Modena is a Unesco creative city for the Media arts and is the first city in Italy to receive this recognition. The nomination was formalized on Monday 8 November 2021, in Paris, by the director general of Unesco Audrey Azoulay during the general conference which designated 49 new Creative Cities in the world. The Italian creative cities thus rise to 13. The network now has a total of 350 cities.<\/span><\/strong><\/h4>\n<h4><\/h4>\n<h4 style=\"margin: 0px;\"><strong><span style=\"color: #0054ff;\">&#8220;It is an important recognition of which we are proud&#8221;, is the first comment of the mayor of Modena Gian Carlo Muzzarelli.<br \/>\nThe acknowledgment rewards the great network work carried out by the entire promoting committee which supported the candidacy in a choral and constant work that began over a year ago and which testifies to the great vitality of the cultural ecosystem of our city.<\/span><\/strong><\/h4>\n<\/div>\n\n\n\n<div class=\"divider-wrap height_tablet_20vh height_phone_20vh \" data-alignment=\"default\"><div style=\"height: 0vh;\" class=\"divider\"><\/div><\/div>\n\t\t<\/div> \n\t<\/div>\n\t<\/div> \n<\/div><\/div>\n\t\t\t<\/div> \n\t\t<\/div>\n\t<\/div> \n<\/div><\/div>\n\t\t<div id=\"fws_6a9b92213f5a1\"  data-column-margin=\"default\" data-midnight=\"dark\"  class=\"wpb_row vc_row-fluid vc_row full-width-section has-row-bg-color\"  style=\"padding-top: 0px; padding-bottom: 0px; --row-bg-color: #ffffff;\"><div class=\"row-bg-wrap\" data-bg-animation=\"none\" data-bg-animation-delay=\"\" data-bg-overlay=\"false\"><div class=\"inner-wrap row-bg-layer\" ><div class=\"row-bg viewport-desktop using-bg-color\"  style=\"background-color: #ffffff; \"><\/div><\/div><\/div><div class=\"row_col_wrap_12 col span_12 dark left\">\n\t<div  class=\"vc_col-sm-12 wpb_column column_container vc_column_container col no-extra-padding inherit_tablet inherit_phone border_style_solid \"  data-padding-pos=\"all\" data-has-bg-color=\"false\" data-bg-color=\"\" data-bg-opacity=\"1\" data-animation=\"\" data-delay=\"0\" >\n\t\t<div class=\"vc_column-inner\" >\n\t\t\t<div class=\"wpb_wrapper\">\n\t\t\t\t<div id=\"fws_6a9b92213f7f0\" data-midnight=\"\" data-column-margin=\"default\" class=\"wpb_row vc_row-fluid vc_row inner_row vc_row-o-equal-height vc_row-flex vc_row-o-content-middle\"  style=\"\"><div class=\"row-bg-wrap\"> <div class=\"row-bg\" ><\/div> <\/div><div class=\"row_col_wrap_12_inner col span_12  left\">\n\t<div style=\"z-index: 2; \" class=\"vc_col-sm-4 wpb_column column_container vc_column_container col child_column padding-5-percent inherit_tablet inherit_phone \"   data-padding-pos=\"left-right\" data-has-bg-color=\"false\" data-bg-color=\"\" data-bg-opacity=\"1\" data-animation=\"\" data-delay=\"0\" >\n\t\t<div class=\"vc_column-inner\" >\n\t\t<div class=\"wpb_wrapper\">\n\t\t\t<div class=\"divider-wrap height_tablet_20vh height_phone_20vh \" data-alignment=\"default\"><div style=\"height: 10vh;\" class=\"divider\"><\/div><\/div>\n\t<div class=\"wpb_raw_code wpb_raw_html wpb_content_element\" >\n\t\t<div class=\"wpb_wrapper\">\n\t\t\t<div class=\"palla32\"><\/div>\n\n\t\t<\/div>\n\t<\/div>\n\n<div class=\"wpb_text_column wpb_content_element \" >\n\t<p><img loading=\"lazy\" decoding=\"async\" class=\"alignnone wp-image-344 size-full\" style=\"width: 100%; box-shadow: 0 40px 100px rgb(0 0 0 \/ 15%), 0 25px 80px rgb(0 0 0 \/ 10%);\" src=\"https:\/\/modenafutura.com\/wp-content\/uploads\/2021\/09\/img-2021-08-06-12h02m28s319.jpg\" alt=\"\" width=\"1920\" height=\"1080\" srcset=\"https:\/\/modenafuturacreativa.it\/wp-content\/uploads\/2021\/09\/img-2021-08-06-12h02m28s319.jpg 1920w, https:\/\/modenafuturacreativa.it\/wp-content\/uploads\/2021\/09\/img-2021-08-06-12h02m28s319-300x169.jpg 300w, https:\/\/modenafuturacreativa.it\/wp-content\/uploads\/2021\/09\/img-2021-08-06-12h02m28s319-1024x576.jpg 1024w, https:\/\/modenafuturacreativa.it\/wp-content\/uploads\/2021\/09\/img-2021-08-06-12h02m28s319-768x432.jpg 768w, https:\/\/modenafuturacreativa.it\/wp-content\/uploads\/2021\/09\/img-2021-08-06-12h02m28s319-1536x864.jpg 1536w\" sizes=\"auto, (max-width: 1920px) 100vw, 1920px\" \/><\/p>\n<\/div>\n\n\n\n\n\t<div class=\"wpb_raw_code wpb_raw_html wpb_content_element\" >\n\t\t<div class=\"wpb_wrapper\">\n\t\t\t<div class=\"palla3-linea\"><\/div>\n<div class=\"palla3\"><\/div>\n\t\t<\/div>\n\t<\/div>\n<div class=\"divider-wrap height_tablet_10vh height_phone_10vh \" data-alignment=\"default\"><div style=\"height: 10vh;\" class=\"divider\"><\/div><\/div>\n\t\t<\/div> \n\t<\/div>\n\t<\/div> \n\n\t<div style=\"z-index: 3; \" class=\"vc_col-sm-8 wpb_column column_container vc_column_container col child_column no-extra-padding inherit_tablet inherit_phone \"   data-padding-pos=\"left-right\" data-has-bg-color=\"false\" data-bg-color=\"\" data-bg-opacity=\"1\" data-animation=\"\" data-delay=\"0\" >\n\t\t<div class=\"vc_column-inner\" >\n\t\t<div class=\"wpb_wrapper\">\n\t\t\t<div class=\"divider-wrap height_tablet_20vh height_phone_20vh \" data-alignment=\"default\"><div style=\"height: 10vh;\" class=\"divider\"><\/div><\/div><div class=\"nectar-highlighted-text\" data-style=\"regular_underline\" data-exp=\"default\" data-underline-thickness=\"1px\" data-user-color=\"true\" style=\"color: #000000;\" data-using-custom-color=\"true\" data-animation-delay=\"false\" data-color=\"#000000\" data-color-gradient=\"\" style=\"\"><h5 style=\"text-align: left\"><strong><em>CANDIDACY PROCESS<br \/>\n<\/em><\/strong><\/h5>\n<\/div>\n<div class=\"wpb_text_column wpb_content_element \" >\n\t<h4>The candidacy process was announced by the Mayor \u2013 Gian Carlo Muzzarelli \u2013 and the councilor for culture \u2013 Andrea Bortolamasi \u2013 with a view to providing an opportunity to re-launch culture and strengthen the Modena brand by emphasising its nature as a city that is open and fertile for young people, that holds firm to its manufacturing roots but also looks to the future as a creative city, where culture and technology interact thanks to a network of qualified players.<\/h4>\n<h4>Media arts today represent a category that sums up innovation and creativity, experimentation and research. Modena is the first Italian city trying to become part of the UNESCO Media arts cluster, a city that invests in new languages \u2013 digital and technologies \u2013 applied to cultural languages.<\/h4>\n<\/div>\n\n\n\n<div class=\"divider-wrap\" data-alignment=\"default\"><div style=\"height: 10vh;\" class=\"divider\"><\/div><\/div>\n<div class=\"wpb_text_column wpb_content_element \" >\n\t<h4><a href=\"https:\/\/en.unesco.org\/creative-cities\" target=\"_blank\" rel=\"noopener noreferrer\">The Creative Cities Network\u00a0<\/a>\u00a0is a UNESCO programme first launched in 2004. It involves a network of 246 cities from 72 countries on five continents. The aim of the Network is to promote knowledge, cooperation and projects among cities that have identified culture and creativity as the driving forces boosting their development.<\/h4>\n<h4>Through the Network, in seven clusters corresponding to as many cultural sectors \u2013 Music, Literature, Crafts &amp; Folk Art, Design, Media Arts, Gastronomy, Film \u2013 the cities can enhance their experiences and skills on national and international markets.<\/h4>\n<\/div>\n\n\n\n<div class=\"divider-wrap height_tablet_5vh height_phone_5vh \" data-alignment=\"default\"><div style=\"height: 0vh;\" class=\"divider\"><\/div><\/div>\n\t\t<\/div> \n\t<\/div>\n\t<\/div> \n<\/div><\/div>\n\t\t\t<\/div> \n\t\t<\/div>\n\t<\/div> \n<\/div><\/div>\n\t\t<div id=\"fws_6a9b9221403c7\"  data-column-margin=\"default\" data-midnight=\"dark\"  class=\"wpb_row vc_row-fluid vc_row full-width-section has-row-bg-color\"  style=\"padding-top: 0px; padding-bottom: 0px; --row-bg-color: #ffffff;\"><div class=\"row-bg-wrap\" data-bg-animation=\"none\" data-bg-animation-delay=\"\" data-bg-overlay=\"false\"><div class=\"inner-wrap row-bg-layer\" ><div class=\"row-bg viewport-desktop using-bg-color\"  style=\"background-color: #ffffff; \"><\/div><\/div><\/div><div class=\"row_col_wrap_12 col span_12 dark left\">\n\t<div  class=\"vc_col-sm-12 wpb_column column_container vc_column_container col no-extra-padding inherit_tablet inherit_phone \"  data-padding-pos=\"all\" data-has-bg-color=\"false\" data-bg-color=\"\" data-bg-opacity=\"1\" data-animation=\"\" data-delay=\"0\" >\n\t\t<div class=\"vc_column-inner\" >\n\t\t\t<div class=\"wpb_wrapper\">\n\t\t\t\t<div id=\"fws_6a9b9221405ee\" data-midnight=\"\" data-column-margin=\"default\" class=\"wpb_row vc_row-fluid vc_row inner_row vc_row-o-equal-height vc_row-flex vc_row-o-content-top\"  style=\"\"><div class=\"row-bg-wrap\"> <div class=\"row-bg\" ><\/div> <\/div><div class=\"row_col_wrap_12_inner col span_12  left\">\n\t<div  class=\"vc_col-sm-4 creativita wpb_column column_container vc_column_container col child_column padding-5-percent inherit_tablet inherit_phone \"   data-padding-pos=\"all\" data-has-bg-color=\"false\" data-bg-color=\"\" data-bg-opacity=\"1\" data-animation=\"\" data-delay=\"0\" >\n\t\t<div class=\"vc_column-inner\" >\n\t\t<div class=\"wpb_wrapper\">\n\t\t\t<div class=\"divider-wrap height_tablet_10vh height_phone_10vh \" data-alignment=\"default\"><div style=\"height: 20vh;\" class=\"divider\"><\/div><\/div>\n\t\t<\/div> \n\t<\/div>\n\t<\/div> \n\n\t<div  class=\"vc_col-sm-8 wpb_column column_container vc_column_container col child_column no-extra-padding inherit_tablet inherit_phone \"   data-padding-pos=\"all\" data-has-bg-color=\"false\" data-bg-color=\"\" data-bg-opacity=\"1\" data-animation=\"\" data-delay=\"0\" >\n\t\t<div class=\"vc_column-inner\" >\n\t\t<div class=\"wpb_wrapper\">\n\t\t\t\n<div class=\"wpb_text_column wpb_content_element \" >\n\t<h4>The candidacy of Modena is a process because the transformation of the city is an ongoing development: old places and spaces are regenerated and become new places and new spaces, where culture and technology, humanistic and scientific knowledge talk to each other. The actions aim at implementing projects and processes currently in progress.<\/h4>\n<h4>The candidacy process is implemented jointly by the City of Modena and several public and private actors which are part of the Comitato Promotore.<\/h4>\n<h4>Modena will start from the human factor \u2013 a subject and an object at the same time \u2013 in relation to artificial intelligence applied in the fields of art, education, production, data, etc. It is a process of transformation of the city, towards a thinking and creative city, where different skills interact.<\/h4>\n<\/div>\n\n\n\n<div class=\"divider-wrap\" data-alignment=\"default\"><div style=\"height: 10vh;\" class=\"divider\"><\/div><\/div>\n\t\t<\/div> \n\t<\/div>\n\t<\/div> \n<\/div><\/div><div id=\"fws_6a9b922140a23\" data-midnight=\"\" data-column-margin=\"default\" class=\"wpb_row vc_row-fluid vc_row inner_row vc_row-o-equal-height vc_row-flex vc_row-o-content-top\"  style=\"\"><div class=\"row-bg-wrap\"> <div class=\"row-bg\" ><\/div> <\/div><div class=\"row_col_wrap_12_inner col span_12  left\">\n\t<div  class=\"vc_col-sm-4 creativita wpb_column column_container vc_column_container col child_column padding-5-percent inherit_tablet inherit_phone \"   data-padding-pos=\"all\" data-has-bg-color=\"false\" data-bg-color=\"\" data-bg-opacity=\"1\" data-animation=\"\" data-delay=\"0\" >\n\t\t<div class=\"vc_column-inner\" >\n\t\t<div class=\"wpb_wrapper\">\n\t\t\t\n\t\t<\/div> \n\t<\/div>\n\t<\/div> \n\n\t<div style=\"\" class=\"vc_col-sm-8 wpb_column column_container vc_column_container col child_column centered-text padding-5-percent inherit_tablet inherit_phone \"  data-using-bg=\"true\" data-padding-pos=\"all\" data-has-bg-color=\"true\" data-bg-color=\"#0054ff\" data-bg-opacity=\"1\" data-hover-bg=\"#000000\" data-hover-bg-opacity=\"0.3\" data-animation=\"\" data-delay=\"0\" >\n\t\t<div class=\"vc_column-inner\" ><a class=\"column-link\" target=\"_blank\" href=\"https:\/\/modenafuturacreativa.it\/wp-content\/uploads\/2022\/03\/ModenaCittaCreativaUnesco_DossierDiCandidatura.pdf\"><\/a><div class=\"column-bg-overlay-wrap column-bg-layer\" data-bg-animation=\"none\"><div class=\"column-bg-overlay\" style=\"opacity: 1; background-color: #0054ff;\"><\/div><\/div>\n\t\t<div class=\"wpb_wrapper\">\n\t\t\t<div class=\"nectar_icon_wrap \" data-draw=\"true\" data-style=\"default\" data-padding=\"25px\" data-color=\"white\" style=\"margin-bottom: 15px; \" >\n\t\t<div class=\"nectar_icon\" ><a href=\"https:\/\/www.comune.modena.it\/cittacandidataunescomediaarts\/documenti\/ucnn_protocollo-di-intesa_def.pdf\" ><\/a><span class=\"svg-icon-holder\" data-size=\"80\" data-animation-speed=\"slow\" data-animation=\"true\" data-animation-delay=\"500\" data-color=\"white\"><span><!-- Generator: Adobe Illustrator 16.0.0, SVG Export Plug-In . SVG Version: 6.00 Build 0)  -->\n<svg version=\"1.1\"  xmlns=\"http:\/\/www.w3.org\/2000\/svg\" xmlns:xlink=\"http:\/\/www.w3.org\/1999\/xlink\" x=\"0px\" y=\"0px\"\n\t width=\"64px\" height=\"64px\" viewBox=\"0 0 64 64\" enable-background=\"new 0 0 64 64\" xml:space=\"preserve\">\n<g>\n\t<polygon fill=\"none\" stroke=\"#000000\" stroke-width=\"2\" stroke-miterlimit=\"10\" points=\"23,1 55,1 55,63 9,63 9,15 \t\"\/>\n\t<polyline fill=\"none\" stroke=\"#000000\" stroke-width=\"2\" stroke-miterlimit=\"10\" points=\"9,15 23,15 23,1 \t\"\/>\n<\/g>\n<g>\n\t<rect x=\"22\" y=\"29\" fill=\"none\" stroke=\"#000000\" stroke-width=\"2\" stroke-miterlimit=\"10\" width=\"20\" height=\"14\"\/>\n\t<polyline fill=\"none\" stroke=\"#000000\" stroke-width=\"2\" stroke-miterlimit=\"10\" points=\"22,41 29,34 33,39 35,37 41,42 \t\"\/>\n<\/g>\n<circle fill=\"none\" stroke=\"#000000\" stroke-width=\"2\" stroke-miterlimit=\"10\" cx=\"39\" cy=\"32\" r=\"3\"\/>\n<\/svg>\n<\/span><\/span><\/div>\n\t<\/div><div class=\"divider-wrap\" data-alignment=\"default\"><div style=\"height: 10px;\" class=\"divider\"><\/div><\/div>\n<div class=\"wpb_text_column wpb_content_element \" style=\" max-width: 315px; display: inline-block;\">\n\t<h3><span style=\"color: #ffffff; text-transform: uppercase;\">2021 Candidacy dossier<\/span><\/h3>\n<\/div>\n\n\n\n<div class=\"divider-wrap\" data-alignment=\"default\"><div style=\"height: 5px;\" class=\"divider\"><\/div><\/div>\n<div class=\"wpb_text_column wpb_content_element  vc_custom_1692601040259\" style=\" max-width: 350px; display: inline-block;\">\n\t<p><span style=\"color: #ffffff;\">UNESCO CREATIVE CITIES NETWORK: The Candidacy of Modena Media Arts Cluster<\/span><\/p>\n<\/div>\n\n\n\n<div class=\"nectar-cta  alignment_tablet_default alignment_phone_default display_tablet_inherit display_phone_inherit \" data-color=\"default\" data-using-bg=\"false\" data-style=\"see-through\" data-display=\"block\" data-alignment=\"center\" data-text-color=\"custom\" style=\"--nectar-text-color: #ffffff; --nectar-button-color: var(--nectar-default); --nectar-icon-gap: 10px; \"><h5 style=\"color: #ffffff;\"> <span class=\"text\"> <\/span><span class=\"link_wrap\" ><a  class=\"link_text\" role=\"button\" href=\"https:\/\/modenafuturacreativa.it\/wp-content\/uploads\/2022\/05\/opuscolo-dossier-UNESCO-inglese.pdf\">Download<span class=\"arrow\"><\/span><\/a><\/span><\/h5><\/div>\n\t\t<\/div> \n\t<\/div>\n\t<\/div> \n<\/div><\/div>\n\t\t\t<\/div> \n\t\t<\/div>\n\t<\/div> \n<\/div><\/div>\n\t\t<div id=\"fws_6a9b92214194e\"  data-column-margin=\"default\" data-midnight=\"dark\"  class=\"wpb_row vc_row-fluid vc_row full-width-content has-row-bg-color vc_row-o-equal-height vc_row-flex vc_row-o-content-top\"  style=\"padding-top: 0px; padding-bottom: 0px; --row-bg-color: #ffffff;\"><div class=\"row-bg-wrap\" data-bg-animation=\"none\" data-bg-animation-delay=\"\" data-bg-overlay=\"false\"><div class=\"inner-wrap row-bg-layer\" ><div class=\"row-bg viewport-desktop using-bg-color\"  style=\"background-color: #ffffff; \"><\/div><\/div><\/div><div class=\"row_col_wrap_12 col span_12 dark left\">\n\t<div  class=\"vc_col-sm-12 wpb_column column_container vc_column_container col no-extra-padding inherit_tablet inherit_phone border_style_solid \"  data-padding-pos=\"all\" data-has-bg-color=\"false\" data-bg-color=\"\" data-bg-opacity=\"1\" data-animation=\"\" data-delay=\"0\" >\n\t\t<div class=\"vc_column-inner\" >\n\t\t\t<div class=\"wpb_wrapper\">\n\t\t\t\t<div id=\"fws_6a9b922141bfa\" data-midnight=\"\" data-column-margin=\"100px\" class=\"wpb_row vc_row-fluid vc_row inner_row\"  style=\"\"><div class=\"row-bg-wrap\"> <div class=\"row-bg\" ><\/div> <\/div><div class=\"row_col_wrap_12_inner col span_12  left\">\n\t<div  class=\"vc_col-sm-4 wpb_column column_container vc_column_container col child_column padding-10-percent inherit_tablet inherit_phone \"   data-padding-pos=\"right\" data-has-bg-color=\"false\" data-bg-color=\"\" data-bg-opacity=\"1\" data-animation=\"\" data-delay=\"0\" >\n\t\t<div class=\"vc_column-inner\" >\n\t\t<div class=\"wpb_wrapper\">\n\t\t\t\n\t<div class=\"wpb_raw_code wpb_raw_html wpb_content_element\" >\n\t\t<div class=\"wpb_wrapper\">\n\t\t\t<div class=\"palla31\"><\/div>\n\n\t\t<\/div>\n\t<\/div>\n\n\t\t<\/div> \n\t<\/div>\n\t<\/div> \n\n\t<div  class=\"vc_col-sm-4 wpb_column column_container vc_column_container col child_column no-extra-padding inherit_tablet inherit_phone \"   data-padding-pos=\"all\" data-has-bg-color=\"false\" data-bg-color=\"\" data-bg-opacity=\"1\" data-animation=\"\" data-delay=\"0\" >\n\t\t<div class=\"vc_column-inner\" >\n\t\t<div class=\"wpb_wrapper\">\n\t\t\t\n\t\t<\/div> \n\t<\/div>\n\t<\/div> \n\n\t<div  class=\"vc_col-sm-4 wpb_column column_container vc_column_container col child_column no-extra-padding inherit_tablet inherit_phone \"   data-padding-pos=\"all\" data-has-bg-color=\"false\" data-bg-color=\"\" data-bg-opacity=\"1\" data-animation=\"\" data-delay=\"0\" >\n\t\t<div class=\"vc_column-inner\" >\n\t\t<div class=\"wpb_wrapper\">\n\t\t\t\n\t\t<\/div> \n\t<\/div>\n\t<\/div> \n<\/div><\/div><div class=\"divider-wrap height_tablet_10vh height_phone_10vh \" data-alignment=\"default\"><div style=\"height: 30vh;\" class=\"divider\"><\/div><\/div>\n\t<div class=\"wpb_raw_code wpb_raw_js\" >\n\t\t<div class=\"wpb_wrapper\">\n\t\t\t<script type=\"text\/javascript\">\njQuery(window).load(function() { \n\/\/ PARALLASSE\njQuery(window).scroll(function(e){ parallax(); });\t\t\nfunction parallax() {\nvar scrollPosition=jQuery(window).scrollTop();\nTweenMax.to(\".palla1\",1.5, { y: 0-(scrollPosition\/2)+\"px\",  ease:Power2.easeOut});\t\nTweenMax.to(\".palla2\",1.5, { y: 0-(scrollPosition\/5)+\"px\", rotation: -150+(scrollPosition\/5),  ease:Power2.easeOut});\t\nTweenMax.to(\".palla2-forma\",1.5, { y: 0-(scrollPosition\/5)+\"px\", rotation: -150-(scrollPosition\/5),  ease:Power2.easeOut});\t\nTweenMax.to(\".palla2-icona\",1.5, { y: 0-(scrollPosition\/5)+\"px\",  ease:Power2.easeOut});\t\nTweenMax.to(\".palla3\",1.5, { rotation: -150+(scrollPosition\/5),  ease:Power2.easeOut});\t\nTweenMax.to(\".palla3-linea\",1.5, { rotation: -150-(scrollPosition\/15),  ease:Power2.easeOut});\t\nTweenMax.to(\".palla31\",1.5, { y: 0-(scrollPosition\/8)+\"px\", rotation: -150+(scrollPosition\/5),  ease:Power2.easeOut});\t\nTweenMax.to(\".palla32\",1.5, { y: 0-(scrollPosition\/5)+\"px\", rotation: -150-(scrollPosition\/5),  ease:Power2.easeOut});\t\n};\n\n});\n\n<\/script>\n\t\t<\/div>\n\t<\/div>\n\n\t\t\t<\/div> \n\t\t<\/div>\n\t<\/div> \n<\/div><\/div>\n\t\t<div id=\"fws_6a9b922142322\"  data-column-margin=\"default\" data-midnight=\"dark\"  class=\"wpb_row vc_row-fluid vc_row full-width-content vc_row-o-equal-height vc_row-flex vc_row-o-content-top  zindex-set\"  style=\"padding-top: 0px; padding-bottom: 0px;  z-index: -1;\"><div class=\"row-bg-wrap\" data-bg-animation=\"none\" data-bg-animation-delay=\"\" data-bg-overlay=\"false\"><div class=\"inner-wrap row-bg-layer\" ><div class=\"row-bg viewport-desktop\"  style=\"\"><\/div><\/div><\/div><div class=\"row_col_wrap_12 col span_12 dark left\">\n\t<div  class=\"vc_col-sm-12 wpb_column column_container vc_column_container col no-extra-padding inherit_tablet inherit_phone \"  data-padding-pos=\"all\" data-has-bg-color=\"false\" data-bg-color=\"\" data-bg-opacity=\"1\" data-animation=\"\" data-delay=\"0\" >\n\t\t<div class=\"vc_column-inner\" >\n\t\t\t<div class=\"wpb_wrapper\">\n\t\t\t\t\n\t<div class=\"wpb_raw_code wpb_raw_html wpb_content_element\" >\n\t\t<div class=\"wpb_wrapper\">\n\t\t\t<script src=\"..\/..\/tube\/jsband-min.js\" type=\"text\/javascript\"><\/script>\n<script src=\"..\/..\/tube\/tube-min.js\" type=\"text\/javascript\"><\/script>\n<div id=\"tube_container\" style=\"background:#ffefbd; position: fixed;width: 100%;height: 100%;top: 0px;left: 0px;\"> <\/div>\n<script type=\"text\/javascript\">\n\t\tvar tube = new TubeAnimation(\"tube_container\", {\n\t\t\t\n\t\t\t\/\/Main settings\n\t\t\t\tTUBE_SIZE: 200,\n\t\t\t\tTUBE_WIDTH: 30,\n\t\t\t\tTUBE_DISTANCE: 450,\n\t\t\t\tPERSPECTIVE_DISTORTION: 0.8,\n\t\t\t\tTUBE_TORSION: 0.3,\n\t\t\t\tTUBE_STRETCH: 400,\n\t\t\t\tROTATION_SPEED: 2,\n\t\t\t\tDOT_COLOR: 'rgb(255, 191, 0)',\n\t\t\t\tDOT_SIZE: 1,\n\t\t\t\tDETALIZATION: 209,\n\t\t\t\tMESH_DISTRIBUTION: 0,\n\t\t\t\tMESH_RATIO: 18.103,\n\t\t\t\tOFFSET_X: 0, \/\/offset in pixels\n\t\t\t\tOFFSET_Y: 0, \/\/offset in pixels\n\t\t\t\tPERCENTAGE_OFFSET_X: 0, \/\/offset in percentages\n\t\t\t\tPERCENTAGE_OFFSET_Y: 0, \/\/offset in percentages\n\n\t\t\t\/\/Responsivity settings\n\t\t\t\tAUTO_SCALE: false,\n\t\t\t\tVIEWPORT_WIDTH: 1000,\n\t\t\t\tVIEWPORT_HEIGHT: 1000,\n\t\t\t\n\t\t\t\/\/Mouse settings\n\t\t\t\tMOUSE_DISTANCE_MIN: 20,\n\t\t\t\tMOUSE_DISTANCE_MAX: 400,\n\t\t\t\tMOUSE_SENSITIVITY: 0.1,\n\t\t\t\tINERTIAL_TIME: 2,\n\t\t\t\t\n\t\t\t\/\/Main morphing settings\n\t\t\t\tUSE_MAIN_MORPHING: true,\n\t\t\t\tMAIN_MORPHING_AUTOPLAY: true,\n\t\t\t\tMAIN_MORPHING_DURATION: 1.5,\n\t\t\t\tMAIN_MORPHING_DELAY: 2,\n\t\t\t\tMAIN_MORPHING_TRANSITION_TYPE: \"cubic\",\n\t\t\t\tMAIN_MORPHING_STAGES: [\n\t\t\t\t\t{DOT_COLOR: 'rgb(255, 191, 0)'},\n\t\t\t\t\t{DOT_COLOR: 'rgba(255, 191, 0, 1)'},\n\t\t\t\t\t{DOT_COLOR: 'rgba(255, 191, 0, 1)'},\n\t\t\t\t\t{DOT_COLOR: 'rgba(255, 191, 0, 1)'},\n\t\t\t\t\t{DOT_COLOR: 'rgba(255, 191, 0, 1)'},\n\t\t\t\t\t{DOT_COLOR: 'rgba(255, 191, 0, 1)'}\n\t\t\t\t],\n\t\t\t\t\t\t\n\t\t\t\/\/Surface distortion settings\n\t\t\t\tSURFACE_INITIAL_DISTORTION: {\n\t\t\t\t\t\twave1: {amplitude: 19.216, frequency: 4, phase: 1.201},\n\t\t\t\t\t\twave2: {amplitude: 0, frequency: 3, phase: 0},\n\t\t\t\t\t\twave3: {amplitude: 15, frequency: 2, phase: 0}   \n\t\t\t\t\t},\n\t\t\t\tUSE_SURFACE_MORPHING: false,\n\t\t\t\tUSE_SURFACE_MOTION: true,\n\t\t\t\tUSE_SURFACE_SWING: false,\n\t\t\t\t\t\t\t\t \n\t\t\t\/\/Surface motion settings\n\t\t\t\tWAVE_1_MOTION_SPEED: 1.5,\n\t\t\t\t\/\/WAVE_2_MOTION_SPEED: 1,\n\t\t\t\tWAVE_3_MOTION_SPEED: -1\t\t\t\n\t\t});\n\t\t\n\t<\/script>\n\t\t<\/div>\n\t<\/div>\n\n\t\t\t<\/div> \n\t\t<\/div>\n\t<\/div> \n<\/div><\/div>\n","protected":false},"excerpt":{"rendered":"Bewerbungsprozess Zum n\u00e4chsten Abschnitt navigieren Modena ist UNESCO-Kreativstadt f\u00fcr Medienkunst DIE ANERKENNUNG Modena Kreativstadt Andrea Bortolamasi, Stadtrat f\u00fcr Kultur: \"Eine Anerkennung, die...","protected":false},"author":1,"featured_media":0,"parent":0,"menu_order":0,"comment_status":"closed","ping_status":"closed","template":"","meta":{"wpupg_custom_link":[],"wpupg_custom_link_behaviour":["default"],"wpupg_custom_link_nofollow":[],"wpupg_custom_image":[],"wpupg_custom_image_id":[],"footnotes":""},"class_list":["post-3642","page","type-page","status-publish"],"_links":{"self":[{"href":"https:\/\/modenafuturacreativa.it\/de\/wp-json\/wp\/v2\/pages\/3642","targetHints":{"allow":["GET"]}}],"collection":[{"href":"https:\/\/modenafuturacreativa.it\/de\/wp-json\/wp\/v2\/pages"}],"about":[{"href":"https:\/\/modenafuturacreativa.it\/de\/wp-json\/wp\/v2\/types\/page"}],"author":[{"embeddable":true,"href":"https:\/\/modenafuturacreativa.it\/de\/wp-json\/wp\/v2\/users\/1"}],"replies":[{"embeddable":true,"href":"https:\/\/modenafuturacreativa.it\/de\/wp-json\/wp\/v2\/comments?post=3642"}],"version-history":[{"count":1,"href":"https:\/\/modenafuturacreativa.it\/de\/wp-json\/wp\/v2\/pages\/3642\/revisions"}],"predecessor-version":[{"id":3643,"href":"https:\/\/modenafuturacreativa.it\/de\/wp-json\/wp\/v2\/pages\/3642\/revisions\/3643"}],"wp:attachment":[{"href":"https:\/\/modenafuturacreativa.it\/de\/wp-json\/wp\/v2\/media?parent=3642"}],"curies":[{"name":"wp","href":"https:\/\/api.w.org\/{rel}","templated":true}]}}