{"id":29,"date":"2021-09-10T12:57:31","date_gmt":"2021-09-10T10:57:31","guid":{"rendered":"https:\/\/modenafutura.com\/?page_id=29"},"modified":"2025-08-21T12:01:42","modified_gmt":"2025-08-21T10:01:42","slug":"newsroom","status":"publish","type":"page","link":"https:\/\/modenafuturacreativa.it\/de\/newsroom\/","title":{"rendered":"Newsroom"},"content":{"rendered":"\n\t\t<div id=\"fws_6a9b6ced4fc85\"  data-column-margin=\"default\" data-midnight=\"dark\"  class=\"wpb_row vc_row-fluid vc_row full-width-section\"  style=\"padding-top: 0px; padding-bottom: 0px; \"><div class=\"row-bg-wrap\" data-bg-animation=\"none\" data-bg-animation-delay=\"\" data-bg-overlay=\"false\"><div class=\"inner-wrap row-bg-layer\" ><div class=\"row-bg viewport-desktop\"  style=\"\"><\/div><\/div><\/div><div class=\"row_col_wrap_12 col span_12 dark left\">\n\t<div  class=\"vc_col-sm-4 creativita wpb_column column_container vc_column_container col padding-5-percent inherit_tablet inherit_phone border_color_d9d9d9 border_style_solid \"  data-overlay-color=\"true\" data-padding-pos=\"top-bottom\" data-has-bg-color=\"false\" data-bg-color=\"\" data-bg-opacity=\"1\" data-animation=\"\" data-delay=\"0\" >\n\t\t<div class=\"vc_column-inner\" ><div class=\"column-bg-overlay-wrap column-bg-layer\" data-bg-animation=\"none\"><div class=\"column-bg-overlay\"><\/div><div class=\"column-overlay-layer\" style=\"background-color:transparent;  opacity: 1; \"><\/div><\/div>\n\t\t\t<div class=\"wpb_wrapper\">\n\t\t\t\t\n\t\t\t<\/div> \n\t\t<\/div>\n\t<\/div> \n\n\t<div  class=\"vc_col-sm-8 wpb_column column_container vc_column_container col no-extra-padding inherit_tablet inherit_phone \"  data-padding-pos=\"all\" data-has-bg-color=\"false\" data-bg-color=\"\" data-bg-opacity=\"1\" data-animation=\"\" data-delay=\"0\" >\n\t\t<div class=\"vc_column-inner\" >\n\t\t\t<div class=\"wpb_wrapper\">\n\t\t\t\t<div class=\"divider-wrap height_tablet_45px height_phone_45px \" data-alignment=\"default\"><div style=\"height: 250px;\" class=\"divider\"><\/div><\/div><div class=\"nectar-split-heading  font_size_6vw font_size_tablet_40px font_size_phone_40px font_line_height_1px \" data-align=\"default\" data-m-align=\"inherit\" data-text-effect=\"letter-reveal-bottom\" data-animation-type=\"line-reveal-by-space\" data-animation-delay=\"200\" data-animation-offset=\"\" data-m-rm-animation=\"\" data-stagger=\"true\" data-custom-font-size=\"true\" style=\"font-size: 6vw; line-height: 6.6vw;\"><i style=\" color: #333333;\">Newsroom<\/i><\/div><div class=\"divider-wrap\" data-alignment=\"default\"><div style=\"margin-top: 0.5px; height: 1px; margin-bottom: 0.5px;\" data-width=\"100%\" data-animate=\"yes\" data-animation-delay=\"\" data-color=\"extra-color-gradient-1\" class=\"divider-border\"><\/div><\/div><div class=\"nectar-split-heading  font_line_height_2px \" data-align=\"default\" data-m-align=\"inherit\" data-text-effect=\"default\" data-animation-type=\"line-reveal-by-space\" data-animation-delay=\"800\" data-animation-offset=\"\" data-m-rm-animation=\"\" data-stagger=\"true\" data-custom-font-size=\"false\" ><h3 style=\" color: #333333;\">NOTIZIE IN EVIDENZA<\/h3><\/div><div class=\"divider-wrap\" data-alignment=\"default\"><div style=\"height: 45px;\" class=\"divider\"><\/div><\/div>\n\t\t\t<\/div> \n\t\t<\/div>\n\t<\/div> \n<\/div><\/div>\n\t\t<div id=\"fws_6a9b6ced50328\"  data-column-margin=\"default\" data-midnight=\"dark\"  class=\"wpb_row vc_row-fluid vc_row full-width-section has-row-bg-color nexta\"  style=\"padding-top: 0px; padding-bottom: 0px; --row-bg-color: #ededed;\"><div class=\"row-bg-wrap\" data-bg-animation=\"none\" data-bg-animation-delay=\"\" data-bg-overlay=\"false\"><div class=\"inner-wrap row-bg-layer\" ><div class=\"row-bg viewport-desktop using-bg-color\"  style=\"background-color: #ededed; \"><\/div><\/div><\/div><div class=\"row_col_wrap_12 col span_12 dark left\">\n\t<div  class=\"vc_col-sm-8 wpb_column column_container vc_column_container col padding-7-percent inherit_tablet inherit_phone \"  data-padding-pos=\"left\" data-has-bg-color=\"false\" data-bg-color=\"\" data-bg-opacity=\"1\" data-animation=\"\" data-delay=\"0\" >\n\t\t<div class=\"vc_column-inner\" >\n\t\t\t<div class=\"wpb_wrapper\">\n\t\t\t\t<div class=\"divider-wrap\" data-alignment=\"default\"><div style=\"height: 0vh;\" class=\"divider\"><\/div><\/div>\n\t\t\t<\/div> \n\t\t<\/div>\n\t<\/div> \n\n\t<div style=\"margin-top: -170px; \" class=\"vc_col-sm-4 wpb_column column_container vc_column_container col neg-marg no-extra-padding force-desktop-text-align-right inherit_tablet inherit_phone \"  data-padding-pos=\"all\" data-has-bg-color=\"false\" data-bg-color=\"\" data-bg-opacity=\"1\" data-animation=\"\" data-delay=\"0\" >\n\t\t<div class=\"vc_column-inner\" >\n\t\t\t<div class=\"wpb_wrapper\">\n\t\t\t\t<div class=\"nectar-next-section-wrap minimal-arrow alignment_tablet_default alignment_phone_default display_tablet_inherit display_phone_inherit \" style=\"--nectar-icon-gap: 10px; --nectar-next-section-icon-size: 1; \" data-align=\"right\" data-custom-color=\"true\">\n    <a href=\"#\" class=\"nectar-next-section skip-hash\">\n      <span class=\"screen-reader-text\">Navigate to the next section<\/span>\n      <svg class=\"next-arrow\" width=\"40px\" height=\"68px\" viewBox=\"0 0 40 50\" xml:space=\"preserve\">\n      <path stroke=\"#ffffff\" stroke-width=\"2\" fill=\"none\" d=\"M 20 0 L 20 51\"><\/path>\n      <polyline stroke=\"#ffffff\" stroke-width=\"2\" fill=\"none\" points=\"12, 44 20, 52 28, 44\"><\/polyline>\n      <\/svg>\n    <\/a>\n  <\/div>\n\t\t\t<\/div> \n\t\t<\/div>\n\t<\/div> \n<\/div><\/div>\n\t\t<div id=\"fws_6a9b6ced506c5\"  data-column-margin=\"default\" data-midnight=\"light\"  class=\"wpb_row vc_row-fluid vc_row full-width-section has-row-bg-color  top_padding_tablet_10pct top_padding_phone_10pct bottom_padding_tablet_10pct bottom_padding_phone_10pct\"  style=\"padding-top: 0px; padding-bottom: 0px; --row-bg-color: #333333;\"><div class=\"row-bg-wrap\" data-bg-animation=\"none\" data-bg-animation-delay=\"\" data-bg-overlay=\"false\"><div class=\"inner-wrap row-bg-layer\" ><div class=\"row-bg viewport-desktop using-bg-color\"  style=\"background-color: #333333; \"><\/div><\/div><\/div><div class=\"row_col_wrap_12 col span_12 light left\">\n\t<div  class=\"vc_col-sm-12 wpb_column column_container vc_column_container col border_style_solid top_padding_desktop_10pct top_padding_tablet_10pct top_padding_phone_10pct bottom_padding_desktop_10pct bottom_padding_tablet_10pct bottom_padding_phone_10pct \"  data-padding-pos=\"all\" data-has-bg-color=\"false\" data-bg-color=\"\" data-bg-opacity=\"1\" data-animation=\"\" data-delay=\"0\" >\n\t\t<div class=\"vc_column-inner\" >\n\t\t\t<div class=\"wpb_wrapper\">\n\t\t\t\t<div id=\"fws_6a9b6ced50920\" data-midnight=\"\" data-column-margin=\"90px\" class=\"wpb_row vc_row-fluid vc_row inner_row vc_row-o-equal-height vc_row-flex\"  style=\"\"><div class=\"row-bg-wrap\"> <div class=\"row-bg\" ><\/div> <\/div><div class=\"row_col_wrap_12_inner col span_12  left\">\n\t<div  class=\"vc_col-sm-3\/5 wpb_column column_container vc_column_container col child_column padding-5-percent inherit_tablet inherit_phone \"   data-padding-pos=\"top-left\" data-has-bg-color=\"false\" data-bg-color=\"\" data-bg-opacity=\"1\" data-animation=\"\" data-delay=\"0\" >\n\t\t<div class=\"vc_column-inner\" >\n\t\t<div class=\"wpb_wrapper\">\n\t\t\t\n\t<div class=\"wpb_raw_code wpb_raw_html wpb_content_element\" >\n\t\t<div class=\"wpb_wrapper\">\n\t\t\t<div class=\"in-evidenza\"><h6>ULTIMA NOTIZIA<\/h6><\/div>\n\t\t<\/div>\n\t<\/div>\n<style type=\"text\/css\"> #gw_go_portfolio_home-evidenza .gw-gopf-posts-wrap-inner { margin-left:-20px;margin-top:-20px; } #gw_go_portfolio_home-evidenza .gw-gopf-filter-opacity .gw-gopf-col-wrap.gw-gopf-disabled { filter:alpha(opacity=30) !important;-ms-filter:\"progid:DXImageTransform.Microsoft.Alpha(Opacity=30)\" !important;-khtml-opacity:0.3 !important;-moz-opacity:0.3 !important;opacity:0.3 !important; } #gw_go_portfolio_home-evidenza .gw-gopf-post-col { margin-left:20px;margin-top:20px; } #gw_go_portfolio_home-evidenza .gw-gopf-cats { margin-bottom:20px !important; } #gw_go_portfolio_home-evidenza .gw-gopf-filter { margin-left:-6px; } #gw_go_portfolio_home-evidenza .gw-gopf-cats > span { margin-left:6px; } #gw_go_portfolio_home-evidenza .gw-gopf-slider-controls > div { margin-bottom:20px; } #gw_go_portfolio_home-evidenza .gw-gopf-slider-controls > div { margin-left:6px; } #gw_go_portfolio_home-evidenza .gw-gopf-post-overlay-bg { background-color:#333333; } #gw_go_portfolio_home-evidenza .gw-gopf-post-overlay-bg { filter:alpha(opacity=30);-ms-filter:\"progid:DXImageTransform.Microsoft.Alpha(Opacity=30)\";-khtml-opacity:0.3;-moz-opacity:0.3;opacity:0.3; } #gw_go_portfolio_home-evidenza .gw-gopf-post-content { text-align:left; } #gw_go_portfolio_home-evidenza .gw-gopf-post-more { text-align:right; } #gw_go_portfolio_home-evidenza .gw-gopf-pagination-wrapper { padding-top:20px; } #gw_go_portfolio_home-evidenza .gw-gopf-post-media-wrap img { left:50%;top:50%;-ms-transform: translateX(-50%) translateY(-50%) translateZ(0);transform: translateX(-50%) translateY(-50%) translateZ(0); } #gw_go_portfolio_home-evidenza .gw-gopf-post-media-wrap { background-position: 50% 50%; } #gw_go_portfolio_home-evidenza .gw-gopf-style-vario .gw-gopf-btn {color:#ffffff;background:#0054ff;-moz-border-radius:0px;-webkit-border-radius:0px;border-radius:0px;display:inline-block;font-family:inherit;font-size:12px;height:29px;line-height:29px;padding:0 9px;position:relative;text-align:left;-moz-transition:color 0.08s ease-in-out, background-color 0.08s ease-in-out, border-color 0.08s ease-in-out;-ms-transition:color 0.08s ease-in-out, background-color 0.08s ease-in-out, border-color 0.08s ease-in-out;-o-transition:color 0.08s ease-in-out, background-color 0.08s ease-in-out, border-color 0.08s ease-in-out;-webkit-transition:color 0.08s ease-in-out, background-color 0.08s ease-in-out, border-color 0.08s ease-in-out;transition:color 0.08s ease-in-out, background-color 0.08s ease-in-out, border-color 0.08s ease-in-out;text-decoration:none !important;} #gw_go_portfolio_home-evidenza .gw-gopf-style-vario a.gw-gopf-btn.gw-gopf-btn-outlined {color:#0054ff;background:transparent;border:solid 1px #0054ff;height:27px;line-height:27px;padding:0 8px;} #gw_go_portfolio_home-evidenza .gw-gopf-style-vario a.gw-gopf-btn:hover {color:#ffffff;background:#333333;} #gw_go_portfolio_home-evidenza .gw-gopf-style-vario a.gw-gopf-btn.gw-gopf-btn-outlined:hover {color:#333333;background:transparent;border-color:#333333;} #gw_go_portfolio_home-evidenza .gw-gopf-style-vario a.gw-gopf-circle {-moz-border-radius:22px;-webkit-border-radius:22px;border-radius:22px;display:inline-block;height:44px;line-height:44px;position: relative;margin-left:3px;margin-right:3px;-moz-transition:color 0.08s ease-in-out, background-color 0.08s ease-in-out, border-color 0.08s ease-in-out;-ms-transition:color 0.08s ease-in-out, background-color 0.08s ease-in-out, border-color 0.08s ease-in-out;-o-transition:color 0.08s ease-in-out, background-color 0.08s ease-in-out, border-color 0.08s ease-in-out;-webkit-transition:color 0.08s ease-in-out, background-color 0.08s ease-in-out, border-color 0.08s ease-in-out;transition:color 0.08s ease-in-out, background-color 0.08s ease-in-out, border-color 0.08s ease-in-out;width:44px;} #gw_go_portfolio_home-evidenza .gw-gopf-style-vario .gw-gopf-cats > span a {background:#333333;-moz-border-radius:0px;-webkit-border-radius:0px;border-radius:0px;color:#ffffff;display:block;font-family:inherit;font-size:12px;height:29px;line-height:29px;padding:0 10px;text-decoration:none;-moz-transition:color 0.08s ease-in-out, background-color 0.08s ease-in-out, border-color 0.08s ease-in-out;-ms-transition:color 0.08s ease-in-out, background-color 0.08s ease-in-out, border-color 0.08s ease-in-out;-o-transition:color 0.08s ease-in-out, background-color 0.08s ease-in-out, border-color 0.08s ease-in-out;-webkit-transition:color 0.08s ease-in-out, background-color 0.08s ease-in-out, border-color 0.08s ease-in-out;transition:color 0.08s ease-in-out, background-color 0.08s ease-in-out, border-color 0.08s ease-in-out;} #gw_go_portfolio_home-evidenza .gw-gopf-style-vario .gw-gopf-cats > span a.gw-gopf-btn-outlined {color:#333333;background:transparent;border:solid 1px #333333;height:27px;line-height:27px;padding:0 8px;} #gw_go_portfolio_home-evidenza .gw-gopf-style-vario .gw-gopf-cats > span.gw-gopf-current a { background:#0054ff;} #gw_go_portfolio_home-evidenza .gw-gopf-style-vario .gw-gopf-cats > span.gw-gopf-current a.gw-gopf-btn-outlined  { background:transparent;border-color:#0054ff;color:#0054ff;} #gw_go_portfolio_home-evidenza .gw-gopf-style-vario .gw-gopf-cats > span a:hover { background:#787878;} #gw_go_portfolio_home-evidenza .gw-gopf-style-vario .gw-gopf-cats > span a.gw-gopf-btn-outlined:hover { background:transparent;border-color:#787878;color:#787878;} #gw_go_portfolio_home-evidenza .gw-gopf-style-vario .gw-gopf-slider-controls > div a {background:#0054ff;-moz-border-radius:0px;-webkit-border-radius:0px;border-radius:0px;color:#ffffff;display:table-cell;height:29px;text-decoration:none;-moz-transition:color 0.08s ease-in-out, background-color 0.08s ease-in-out, border-color 0.08s ease-in-out;-ms-transition:color 0.08s ease-in-out, background-color 0.08s ease-in-out, border-color 0.08s ease-in-out;-o-transition:color 0.08s ease-in-out, background-color 0.08s ease-in-out, border-color 0.08s ease-in-out;-webkit-transition:color 0.08s ease-in-out, background-color 0.08s ease-in-out, border-color 0.08s ease-in-out;transition:color 0.08s ease-in-out, background-color 0.08s ease-in-out, border-color 0.08s ease-in-out;vertical-align:middle;width:28px;} #gw_go_portfolio_home-evidenza .gw-gopf-style-vario .gw-gopf-slider-controls > div a:hover {background:#333333;} #gw_go_portfolio_home-evidenza .gw-gopf-style-vario .gw-gopf-slider-controls > div a.disabled {background:#333333;} #gw_go_portfolio_home-evidenza .gw-gopf-style-vario a.gw-gopf-pagination-load-more {background:#333333;-moz-border-radius:0px;-webkit-border-radius:0px;border-radius:0px;color:#ffffff;display:inline-block;font-family:inherit;font-size:12px;height:29px;line-height:29px;padding:0 10px;text-decoration:none;-moz-transition:color 0.08s ease-in-out, background-color 0.08s ease-in-out, border-color 0.08s ease-in-out;-ms-transition:color 0.08s ease-in-out, background-color 0.08s ease-in-out, border-color 0.08s ease-in-out;-o-transition:color 0.08s ease-in-out, background-color 0.08s ease-in-out, border-color 0.08s ease-in-out;-webkit-transition:color 0.08s ease-in-out, background-color 0.08s ease-in-out, border-color 0.08s ease-in-out;transition:color 0.08s ease-in-out, background-color 0.08s ease-in-out, border-color 0.08s ease-in-out;} #gw_go_portfolio_home-evidenza .gw-gopf-style-vario a.gw-gopf-pagination-load-more.gw-gopf-btn-outlined {color:#333333;background:transparent;border:solid 1px #333333;height:27px;line-height:27px;padding:0 8px;} #gw_go_portfolio_home-evidenza .gw-gopf-style-vario a.gw-gopf-pagination-load-more:hover { background:#787878;} #gw_go_portfolio_home-evidenza .gw-gopf-style-vario a.gw-gopf-pagination-load-more.gw-gopf-btn-outlined:hover { background:transparent;border-color:#787878;color:#787878;} #gw_go_portfolio_home-evidenza .gw-gopf-style-vario .gw-gopf-post {-moz-border-radius:0px;-webkit-border-radius:0px;border-radius:0px;-moz-box-shadow:0 0 100px -20px rgba(0,0,0,0.5);-o-box-shadow:0 0 100px -20px rgba(0,0,0,0.5);-webkit-box-shadow:0 0 100px -20px rgba(0,0,0,0.5);box-shadow:0 0 100px -20px rgba(0,0,0,0.5);overflow:hidden;} #gw_go_portfolio_home-evidenza .gw-gopf-style-vario .gw-gopf-post-media-wrap {-moz-border-radius-topleft:0px;-moz-border-radius-topright:0px;-webkit-border-top-left-radius:0px;-webkit-border-top-right-radius:0px;border-top-left-radius:0px;border-top-right-radius:0px;} #gw_go_portfolio_home-evidenza .gw-gopf-style-vario .gw-gopf-post-overlay-bg {-moz-border-radius-topleft:0px;-moz-border-radius-topright:0px;-webkit-border-top-left-radius:0px;-webkit-border-top-right-radius:0px;border-top-left-radius:0px;border-top-right-radius:0px;} #gw_go_portfolio_home-evidenza .gw-gopf-style-vario a.gw-gopf-post-overlay-circle { background:#0054ff;} #gw_go_portfolio_home-evidenza .gw-gopf-style-vario a.gw-gopf-post-overlay-circle:hover { background:#333333;} #gw_go_portfolio_home-evidenza .gw-gopf-style-vario a.gw-gopf-post-overlay-btn {background:#0054ff;margin-left:3px;margin-right:3px;} #gw_go_portfolio_home-evidenza .gw-gopf-style-vario a.gw-gopf-post-overlay-btn.gw-gopf-btn-outlined  {background:transparent;border-color:#0054ff;color:#0054ff;} #gw_go_portfolio_home-evidenza .gw-gopf-style-vario a.gw-gopf-post-overlay-btn:hover {background:#333333;} #gw_go_portfolio_home-evidenza .gw-gopf-style-vario a.gw-gopf-post-overlay-btn.gw-gopf-btn-outlined:hover {background:transparent;border-color:#333333;color:#333333;} #gw_go_portfolio_home-evidenza .gw-gopf-style-vario .gw-gopf-post-content-wrap:before { -moz-border-radius-bottomleft:0px;-moz-border-radius-bottomright:0px;-webkit-border-bottom-left-radius:0px;-webkit-border-bottom-right-radius:0px;border-bottom-left-radius:0px;border-bottom-right-radius:0px;background-color:#ffffff;opacity:1;} #gw_go_portfolio_home-evidenza .gw-gopf-style-vario .gw-gopf-post-content { color:#333333;font-family:inherit;font-size:12px;line-height:15px;padding:0px;} #gw_go_portfolio_home-evidenza .gw-gopf-style-vario .gw-gopf-post-content a {color:#0054ff;} #gw_go_portfolio_home-evidenza .gw-gopf-style-vario .gw-gopf-post-content a:hover {color:#333333;} #gw_go_portfolio_home-evidenza .gw-gopf-style-vario .gw-gopf-post-content h2 {color:#333333 !important;font-family:inherit !important;font-size:16px !important;line-height:20px !important;} #gw_go_portfolio_home-evidenza .gw-gopf-style-vario .gw-gopf-post-content h2 a { color:inherit;font-size:inherit !important;line-height:inherit !important;} #gw_go_portfolio_home-evidenza .gw-gopf-style-vario .gw-gopf-post-content h2 a:hover { color:#0054ff; } #gw_go_portfolio_home-evidenza .gw-gopf-style-vario .gw-gopf-post-meta {color:#0054ff;font-family:inherit;font-size:11px;line-height:15px;} #gw_go_portfolio_home-evidenza .gw-gopf-style-vario .gw-gopf-post-excerpt { font-family:inherit;font-size:12px;line-height:15px !important;margin-top:15px} #gw_go_portfolio_home-evidenza .gw-gopf-style-vario .gw-gopf-post-excerpt p {font-family:inherit;font-size:12px;line-height:15px !important;margin:0 0 15px !important;padding:0 !important;} #gw_go_portfolio_home-evidenza .gw-gopf-style-vario .gw-gopf-post-excerpt p:last-child { margin:0 !important;padding:0 !important;} #gw_go_portfolio_home-evidenza .gw-gopf-style-vario .gw-gopf-post-more { margin-top:15px; } #gw_go_portfolio_home-evidenza .gw-gopf-style-vario .gw-gopf-post-more a {color:#0054ff;font-size:12px;margin-top:15px;font-weight:bold;} #gw_go_portfolio_home-evidenza .gw-gopf-style-vario .gw-gopf-post-more a:hover {color:#333333;font-size:12px;font-weight:bold;} #gw_go_portfolio_home-evidenza .gw-gopf-style-vario .gw-gopf-post-more a.gw-gopf-btn {color:#ffffff;font-weight:normal;margin-top:-3px;} #gw_go_portfolio_home-evidenza .gw-gopf-style-vario .gw-gopf-post-more a.gw-gopf-btn.gw-gopf-btn-outlined { color:#0054ff; } #gw_go_portfolio_home-evidenza .gw-gopf-style-vario .gw-gopf-post-more a.gw-gopf-btn.gw-gopf-btn-outlined:hover { color:#333333; } #gw_go_portfolio_home-evidenza .gw-gopf-style-vario .gw-gopf-post-more a.gw-gopf-btn { margin-left:10px } #gw_go_portfolio_home-evidenza .gw-gopf-style-vario .gw-gopf-post-more a.gw-gopf-btn:first-child { margin-left:0; } #gw_go_portfolio_home-evidenza .gw-gopf-style-vario .gw-gopf-post-content > *:first-child { margin-top:0 !important; } #gw_go_portfolio_home-evidenza .gw-gopf-style-vario div.gw-gopf-post-highlight-box, #gw_go_portfolio_home-evidenza  .gw-gopf-style-vario div.gw-gopf-post-highlight-box:first-child{background:#0054ff;padding:0px;margin:-0px -0px 0px !important;} #gw_go_portfolio_home-evidenza .gw-gopf-style-vario .gw-gopf-post-highlight-box * { color:#ffffff !important;} #gw_go_portfolio_home-evidenza .gw-gopf-style-vario .gw-gopf-post-highlight-box a:hover { color:#333333 !important;} #gw_go_portfolio_home-evidenza .gw-gopf-style-vario .gw-gopf-woo-sale, #gw_go_portfolio_home-evidenza  .gw-gopf-touch.gw-gopf-style-vario .gw-gopf-post:hover .gw-gopf-woo-sale {background:#0054ff;-moz-border-radius:22px;-webkit-border-radius:22px;border-radius:22px;color:#ffffff;display:inline-block;font-size:12px;height:44px;line-height:44px;position:absolute;right:10px;text-align:center;top:10px;-moz-transition:opacity 0.1s ease-in-out;-ms-transition:opacity 0.1s ease-in-out;-o-transition:opacity 0.1s ease-in-out;-webkit-transition:opacity 0.1s ease-in-out;transition:opacity 0.1s ease-in-out;width:44px;z-index:5;} #gw_go_portfolio_home-evidenza .gw-gopf-style-vario .gw-gopf-post:hover .gw-gopf-woo-sale, #gw_go_portfolio_home-evidenza .gw-gopf-touch.gw-gopf-style-vario .gw-gopf-current.gw-gopf-post .gw-gopf-woo-sale { filter:alpha(opacity=50); -ms-filter:\"progid:DXImageTransform.Microsoft.Alpha(Opacity=50)\"; -khtml-opacity:0.5; -moz-opacity:0.5; opacity:0.5; } #gw_go_portfolio_home-evidenza .gw-gopf-style-vario .gw-gopf-post-woo-price {color:#0054ff;font-size:22px;font-weight:bold;line-height:22px;margin-top:15px;} #gw_go_portfolio_home-evidenza .gw-gopf-style-vario .gw-gopf-post-woo-price del {background:none;color:#b8b8b8;font-size:16px;line-height:20px;margin-right:8px;text-decoration:line-through;} #gw_go_portfolio_home-evidenza .gw-gopf-style-vario .gw-gopf-post-woo-price ins { background:none;text-decoration:none !important;}<\/style>\n<style type=\"text\/css\"><\/style>\n<div id=\"gw_go_portfolio_home-evidenza\" style=\"margin-top:0;margin-bottom:0;\"><div class=\"gw-gopf gw-gopf-no-trans gw-gopf-grid-type gw-gopf-1col gw-gopf-style-vario  \" data-layout-mode=\"masonry\"data-url=\"https:\/\/modenafuturacreativa.it\/wp-admin\/admin-ajax.php\" data-id=\"61406f9b30cb3\" data-cols=\"1\" data-rowspace=\"20\" data-rtl=\"false\" data-transenabled=\"true\" data-lbenabled=\"true\" data-lbgallery=\"false\" data-deep-linking=\"false\"  data-filter-type=\"isotope\"><div class=\"gw-gopf-posts-wrap\"><div class=\"gw-gopf-posts-wrap-inner\"><div class=\"gw-gopf-posts gw-gopf-clearfix\" data-col=\"1\"><div id=\"6815\" class=\"gw-gopf-col-wrap\" data-filter=\"news\"><div class=\"gw-gopf-post-col\"><a href=\"https:\/\/modenafuturacreativa.it\/de\/archeologia-e-digitale-sincontrano\/\" target=\"_self\"><div class=\"gw-gopf-post\"><div class=\"gw-gopf-post-header\"><div class=\"gw-gopf-post-overlay\"><\/div><div class=\"gw-gopf-post-media-wrap-outer\"><div class=\"gw-gopf-post-media-wrap\"  style=\" height:0; padding-bottom:50%\"><img decoding=\"async\" class=\"\" src=\"data:image\/gif;base64,R0lGODlhAQABAIAAAAAAAP\/\/\/yH5BAEAAAAALAAAAAABAAEAAAIBRAA7\" alt=\"parco-montale-visita-immersiva (11)\" data-src=\"https:\/\/modenafuturacreativa.it\/wp-content\/uploads\/2026\/04\/parco-montale-visita-immersiva-11-1000x500.jpeg\" data-id=\"6853\" data-width=\"1000\" data-height=\"500\" data-img-aspect-ratio=\"0.5\" data-view-aspect-ratio=\"0.5\" data-orientation=\"portrait\"><\/div><\/div><\/div><div class=\"gw-gopf-post-content-wrap\"><div class=\"gw-gopf-post-content\"><div class=\"gw-gopf-post-title\"><h2 style=\"font-size: 2vw !important; line-height: 1 !important; font-weight:100 !important; padding:30px 30px 0px 30px;\">Il Parco della Terramara riapre al pubblico, archeologia e digitale s\u2019incontrano<\/h2><\/div><div class=\"gw-gopf-post-excerpt\"><h2 style=\" padding:0px 30px; 30px 30px;\"><\/h2><\/div><div class=\"gw-gopf-post-more\"><a style=\"padding: 45px; line-height: 5px; font-size: 15px; text-transform: uppercase;\" href=\"https:\/\/modenafuturacreativa.it\/de\/archeologia-e-digitale-sincontrano\/\" class=\"gw-gopf-btn\" target=\"_self\">Leggi tutto<\/a><\/div><\/div><\/div><\/div><\/a><\/div><\/div><\/div><\/div><\/div><div class=\"gw-gopf-clearfix\"><\/div><div class=\"gw-gopf-pagination-wrapper gw-gopf-clearfix\" data-posts=\"69\" data-posts-per-page=\"1\" data-loaded=\"6815\" data-pages=\"69\" data-current-page=\"1\" data-current-id=\"\"><\/div><\/div><\/div>\n\t\t<\/div> \n\t<\/div>\n\t<\/div> \n\n\t<div style=\"\" class=\"vc_col-sm-2\/5 newsroom wpb_column column_container vc_column_container col child_column top_margin_tablet_0px top_margin_phone_0px left_padding_desktop_5pct left_padding_tablet_5pct left_padding_phone_5pct top_padding_desktop_5pct top_padding_tablet_5pct top_padding_phone_5pct right_padding_desktop_5pct right_padding_tablet_5pct right_padding_phone_5pct bottom_padding_desktop_5pct bottom_padding_tablet_5pct bottom_padding_phone_5pct \"  data-using-bg=\"true\" data-shadow=\"large_depth\" data-border-radius=\"5px\" data-padding-pos=\"all\" data-has-bg-color=\"true\" data-bg-color=\"#585858\" data-bg-opacity=\"1\" data-animation=\"\" data-delay=\"0\" >\n\t\t<div class=\"vc_column-inner\" ><div class=\"column-bg-overlay-wrap column-bg-layer\" data-bg-animation=\"none\"><div class=\"column-bg-overlay\" style=\"opacity: 1; background-color: #585858;\"><\/div><\/div>\n\t\t<div class=\"wpb_wrapper\">\n\t\t\t\n\t<div class=\"wpb_raw_code wpb_raw_html wpb_content_element\" >\n\t\t<div class=\"wpb_wrapper\">\n\t\t\t<h6>ULTIME NEWS<\/h6><\/div>\n\t\t<\/div>\n\t<\/div>\n<div class=\"divider-wrap\" data-alignment=\"default\"><div style=\"margin-top: 20px; height: 1px; margin-bottom: 20px;\" data-width=\"100%\" data-animate=\"\" data-animation-delay=\"\" data-color=\"extra-color-gradient-1\" class=\"divider-border\"><\/div><\/div>\n    <div class=\"row blog-recent columns-1\" data-style=\"list_featured_first_row\" data-color-scheme=\"light\" data-remove-post-date=\"1\" data-remove-post-author=\"1\" data-remove-post-comment-number=\"1\" data-remove-post-nectar-love=\"1\">\n\n      \n      <div class=\"col span_12 post-6815 post type-post status-publish format-standard has-post-thumbnail category-news\" >\n\n        \n            <a class=\"full-post-link\" href=\"https:\/\/modenafuturacreativa.it\/de\/archeologia-e-digitale-sincontrano\/\" aria-label=\"Il Parco della Terramara riapre al pubblico, archeologia e digitale s\u2019incontrano\"><\/a><a class=\"featured\" aria-label=\"Il Parco della Terramara riapre al pubblico, archeologia e digitale s\u2019incontrano\" href=\"https:\/\/modenafuturacreativa.it\/de\/archeologia-e-digitale-sincontrano\/\"><span class=\"img-thumbnail\"><img loading=\"lazy\" decoding=\"async\" width=\"600\" height=\"403\" src=\"https:\/\/modenafuturacreativa.it\/wp-content\/uploads\/2026\/04\/parco-montale-visita-immersiva-11-600x403.jpeg\" class=\"attachment-portfolio-thumb size-portfolio-thumb wp-post-image\" alt=\"\" title=\"\" srcset=\"https:\/\/modenafuturacreativa.it\/wp-content\/uploads\/2026\/04\/parco-montale-visita-immersiva-11-600x403.jpeg 600w, https:\/\/modenafuturacreativa.it\/wp-content\/uploads\/2026\/04\/parco-montale-visita-immersiva-11-18x12.jpeg 18w, https:\/\/modenafuturacreativa.it\/wp-content\/uploads\/2026\/04\/parco-montale-visita-immersiva-11-900x604.jpeg 900w, https:\/\/modenafuturacreativa.it\/wp-content\/uploads\/2026\/04\/parco-montale-visita-immersiva-11-400x269.jpeg 400w\" sizes=\"auto, (max-width: 600px) 100vw, 600px\" \/><\/span><\/a>            <div class=\"post-header featured\">\n              <span class=\"meta-category\"><a class=\"news\" href=\"https:\/\/modenafuturacreativa.it\/de\/category\/news\/\">NEWS<\/a><\/span>              <h3>Il Parco della Terramara riapre al pubblico, archeologia e digitale s\u2019incontrano<\/h3>            <\/div><!--\/post-header-->\n\n            <div class=\"excerpt\">Nuove installazioni multimediali inaugurano la stagione: tecnologie immersive e inclusione per raccontare la vita di&hellip;<\/div>\n      <\/div><!--\/col-->\n\n      \n      <div class=\"col span_12 post-6687 post type-post status-publish format-standard has-post-thumbnail category-news\" >\n\n        \n            <a class=\"full-post-link\" href=\"https:\/\/modenafuturacreativa.it\/de\/al-laboratorio-aperto-startup-digitali-e-imprese-a-confronto\/\" aria-label=\"Al Laboratorio Aperto startup digitali e imprese a confronto\"><\/a><a class=\"small\" aria-label=\"Al Laboratorio Aperto startup digitali e imprese a confronto\" href=\"https:\/\/modenafuturacreativa.it\/de\/al-laboratorio-aperto-startup-digitali-e-imprese-a-confronto\/\"><span class=\"img-thumbnail\"><img loading=\"lazy\" decoding=\"async\" width=\"140\" height=\"140\" src=\"https:\/\/modenafuturacreativa.it\/wp-content\/uploads\/2026\/02\/indie-saas-day-modena-140x140.jpg\" class=\"attachment-nectar_small_square size-nectar_small_square wp-post-image\" alt=\"\" title=\"\" srcset=\"https:\/\/modenafuturacreativa.it\/wp-content\/uploads\/2026\/02\/indie-saas-day-modena-140x140.jpg 140w, https:\/\/modenafuturacreativa.it\/wp-content\/uploads\/2026\/02\/indie-saas-day-modena-150x150.jpg 150w, https:\/\/modenafuturacreativa.it\/wp-content\/uploads\/2026\/02\/indie-saas-day-modena-100x100.jpg 100w, https:\/\/modenafuturacreativa.it\/wp-content\/uploads\/2026\/02\/indie-saas-day-modena-500x500.jpg 500w, https:\/\/modenafuturacreativa.it\/wp-content\/uploads\/2026\/02\/indie-saas-day-modena-350x350.jpg 350w, https:\/\/modenafuturacreativa.it\/wp-content\/uploads\/2026\/02\/indie-saas-day-modena-1000x1000.jpg 1000w, https:\/\/modenafuturacreativa.it\/wp-content\/uploads\/2026\/02\/indie-saas-day-modena-800x800.jpg 800w\" sizes=\"auto, (max-width: 140px) 100vw, 140px\" \/><\/span><\/a>            <div class=\"post-header small\">\n              <span class=\"meta-category\"><a class=\"news\" href=\"https:\/\/modenafuturacreativa.it\/de\/category\/news\/\">NEWS<\/a><\/span>              <h5>Al Laboratorio Aperto startup digitali e imprese a confronto<\/h5>            <\/div><!--\/post-header-->\n\n            \n      <\/div><!--\/col-->\n\n      \n      <div class=\"col span_12 post-6616 post type-post status-publish format-standard has-post-thumbnail category-news\" >\n\n        \n            <a class=\"full-post-link\" href=\"https:\/\/modenafuturacreativa.it\/de\/alberi-festival-lab\/\" aria-label=\"Alberi Festival Lab, dal 17 al 19 aprile Modena \u00e8 di nuovo la citt\u00e0 dagli alberi\"><\/a><a class=\"small\" aria-label=\"Alberi Festival Lab, dal 17 al 19 aprile Modena \u00e8 di nuovo la citt\u00e0 dagli alberi\" href=\"https:\/\/modenafuturacreativa.it\/de\/alberi-festival-lab\/\"><span class=\"img-thumbnail\"><img loading=\"lazy\" decoding=\"async\" width=\"140\" height=\"140\" src=\"https:\/\/modenafuturacreativa.it\/wp-content\/uploads\/2026\/02\/1-1-140x140.jpg\" class=\"attachment-nectar_small_square size-nectar_small_square wp-post-image\" alt=\"\" title=\"\" srcset=\"https:\/\/modenafuturacreativa.it\/wp-content\/uploads\/2026\/02\/1-1-140x140.jpg 140w, https:\/\/modenafuturacreativa.it\/wp-content\/uploads\/2026\/02\/1-1-150x150.jpg 150w, https:\/\/modenafuturacreativa.it\/wp-content\/uploads\/2026\/02\/1-1-100x100.jpg 100w, https:\/\/modenafuturacreativa.it\/wp-content\/uploads\/2026\/02\/1-1-500x500.jpg 500w, https:\/\/modenafuturacreativa.it\/wp-content\/uploads\/2026\/02\/1-1-350x350.jpg 350w\" sizes=\"auto, (max-width: 140px) 100vw, 140px\" \/><\/span><\/a>            <div class=\"post-header small\">\n              <span class=\"meta-category\"><a class=\"news\" href=\"https:\/\/modenafuturacreativa.it\/de\/category\/news\/\">NEWS<\/a><\/span>              <h5>Alberi Festival Lab, dal 17 al 19 aprile Modena \u00e8 di nuovo la citt\u00e0 dagli alberi<\/h5>            <\/div><!--\/post-header-->\n\n            \n      <\/div><!--\/col-->\n\n      \n      <div class=\"col span_12 post-6522 post type-post status-publish format-standard has-post-thumbnail category-news\" >\n\n        \n            <a class=\"full-post-link\" href=\"https:\/\/modenafuturacreativa.it\/de\/alla-palestra-digitale-si-allenala-mente\/\" aria-label=\"Alla Palestra digitale si \u201callena\u201d\u2026la mente\"><\/a><a class=\"small\" aria-label=\"Alla Palestra digitale si \u201callena\u201d\u2026la mente\" href=\"https:\/\/modenafuturacreativa.it\/de\/alla-palestra-digitale-si-allenala-mente\/\"><span class=\"img-thumbnail\"><img loading=\"lazy\" decoding=\"async\" width=\"140\" height=\"140\" src=\"https:\/\/modenafuturacreativa.it\/wp-content\/uploads\/2026\/02\/Palestra-digitale-3-140x140.jpg\" class=\"attachment-nectar_small_square size-nectar_small_square wp-post-image\" alt=\"\" title=\"\" srcset=\"https:\/\/modenafuturacreativa.it\/wp-content\/uploads\/2026\/02\/Palestra-digitale-3-140x140.jpg 140w, https:\/\/modenafuturacreativa.it\/wp-content\/uploads\/2026\/02\/Palestra-digitale-3-150x150.jpg 150w, https:\/\/modenafuturacreativa.it\/wp-content\/uploads\/2026\/02\/Palestra-digitale-3-100x100.jpg 100w, https:\/\/modenafuturacreativa.it\/wp-content\/uploads\/2026\/02\/Palestra-digitale-3-500x500.jpg 500w, https:\/\/modenafuturacreativa.it\/wp-content\/uploads\/2026\/02\/Palestra-digitale-3-350x350.jpg 350w, https:\/\/modenafuturacreativa.it\/wp-content\/uploads\/2026\/02\/Palestra-digitale-3-1000x1000.jpg 1000w, https:\/\/modenafuturacreativa.it\/wp-content\/uploads\/2026\/02\/Palestra-digitale-3-800x800.jpg 800w\" sizes=\"auto, (max-width: 140px) 100vw, 140px\" \/><\/span><\/a>            <div class=\"post-header small\">\n              <span class=\"meta-category\"><a class=\"news\" href=\"https:\/\/modenafuturacreativa.it\/de\/category\/news\/\">NEWS<\/a><\/span>              <h5>Alla Palestra digitale si \u201callena\u201d\u2026la mente<\/h5>            <\/div><!--\/post-header-->\n\n            \n      <\/div><!--\/col-->\n\n      \n    <\/div><!--\/blog-recent-->\n\n  <div class=\"divider-wrap\" data-alignment=\"default\"><div style=\"margin-top: 20px; height: 1px; margin-bottom: 20px;\" data-width=\"100%\" data-animate=\"\" data-animation-delay=\"\" data-color=\"extra-color-gradient-1\" class=\"divider-border\"><\/div><\/div><div class=\"nectar-cta freccia alignment_tablet_default alignment_phone_default display_tablet_inherit display_phone_inherit \" data-style=\"material\" data-alignment=\"right\" data-display=\"block\" data-text-color=\"custom\" style=\"--nectar-text-color: #ffffff; --nectar-icon-gap: 10px; \"><h6> <span class=\"text\"> <\/span><span class=\"link_wrap\"  style=\"color: #ffffff;\"><a  class=\"link_text\" role=\"button\" href=\"#newsroom\">LEGGI TUTTE LE NOTIZIE<span class=\"circle\"  style=\"background-color: #ffffff;\"><\/span><span class=\"arrow\"><\/span><\/a><\/span><\/h6><\/div>\n\t\t<\/div> \n\t<\/div>\n\t<\/div> \n<\/div><\/div>\n\t\t\t<\/div> \n\t\t<\/div>\n\t<\/div> \n<\/div><\/div>\n\t\t<div id=\"newsroom\"  data-column-margin=\"default\" data-midnight=\"dark\" data-bottom-percent=\"5%\"  class=\"wpb_row vc_row-fluid vc_row full-width-section has-row-bg-color\"  style=\"padding-top: 0px; padding-bottom: calc(100vw * 0.05); --row-bg-color: #f5f5f5;\"><div class=\"row-bg-wrap\" data-bg-animation=\"none\" data-bg-animation-delay=\"\" data-bg-overlay=\"false\"><div class=\"inner-wrap row-bg-layer\" ><div class=\"row-bg viewport-desktop using-bg-color\"  style=\"background-color: #f5f5f5; \"><\/div><\/div><\/div><div class=\"row_col_wrap_12 col span_12 dark left\">\n\t<div  class=\"vc_col-sm-12 wpb_column column_container vc_column_container col border_style_solid left_padding_desktop_5pct left_padding_tablet_0pct left_padding_phone_0pct top_padding_desktop_5pct top_padding_tablet_5pct top_padding_phone_5pct \"  data-padding-pos=\"all\" data-has-bg-color=\"false\" data-bg-color=\"\" data-bg-opacity=\"1\" data-animation=\"\" data-delay=\"0\" >\n\t\t<div class=\"vc_column-inner\" >\n\t\t\t<div class=\"wpb_wrapper\">\n\t\t\t\t<div class='nectar-post-grid-wrap text-color-dark spacing-10px' data-el-settings='{\"post_type\":\"post\",\"pagination\":\"none\",\"image_size\":\"large\",\"parallax_scrolling\":\"\",\"aspect_ratio_image_size\":\"\",\"category_position\":\"default\",\"category_display\":\"default\",\"display_categories\":\"0\",\"display_excerpt\":\"yes\",\"excerpt_length\":\"20\",\"content_next_to_image_excerpt_pos\":\"default\",\"display_date\":\"yes\",\"display_estimated_reading_time\":\"0\",\"display_author\":\"0\",\"author_functionality\":\"default\",\"author_position\":\"default\",\"color_overlay\":\"\",\"color_overlay_opacity\":\"\",\"color_overlay_hover_opacity\":\"\",\"card_bg_color\":\"#eeeeee\",\"grid_style\":\"content_under_image\",\"hover_effect\":\"slow_zoom\",\"post_title_overlay\":\"\",\"heading_tag\":\"default\",\"heading_tag_render\":\"default\",\"enable_gallery_lightbox\":\"0\",\"remove_links\":\"0\",\"category_style\":\"underline\",\"overlay_secondary_project_image\":\"\",\"vertical_list_hover_effect\":\"none\",\"vertical_list_read_more\":\"\",\"vertical_list_read_more_style\":\"text\",\"read_more_button\":\"0\",\"animation\":\"fade-in-from-bottom\",\"custom_fields\":\"\",\"custom_fields_location\":\"before_post_meta\",\"display_type\":\"grid\",\"text_content_layout\":\"top_left\"}' data-style='content_under_image' data-query='{\"post_type\":\"post\",\"posts_per_page\":\"-1\",\"order\":\"DESC\",\"orderby\":\"date\",\"offset\":\"1\",\"cpt_name\":\"post\",\"custom_query_tax\":\"\",\"ignore_sticky_posts\":\"\",\"exclude_current_post\":\"\"}' data-load-more-color='black' data-load-more-text='Load More'><div class=\"nectar-post-grid-filters\" data-active-color=\"default\" data-align=\"default\" data-animation=\"fade-in-from-bottom\" data-sortable=\"\"><div><a href=\"#\" data-filter=\"news\" data-total-count=\"69\">NEWS<\/a><\/div><\/div><div class=\"nectar-post-grid card_hover_color_dbdbdb category-position-before-title \" data-indicator=\"yes\" data-indicator-style=\"default\" data-indicator-text-color=\"#fff\" data-indicator-color=\"#0054ff\" data-indicator-text=\"Read\" data-columns=\"4\" data-hover-effect=\"slow_zoom\" data-text-style=\"default\" data-border-radius=\"5px\" data-grid-item-height=\"30vh\" data-grid-spacing=\"10px\" data-text-layout=\"top_left\" data-text-color=\"dark\" data-text-hover-color=\"dark\" data-shadow-hover=\"yes\" data-animation=\"fade-in-from-bottom\" data-animation-stagger=\"90\" data-cat-click=\"default\"  data-lock-aspect=\"\"  data-text-align=\"left\" data-card=\"yes\" style=\"--post-grid-border-radius:5px;\" ><div class=\"nectar-post-grid-item\" style=\"background-color: #eeeeee;\" data-post-id=\"6815\" data-has-img=\"true\"> <div class=\"inner\"><div class=\"nectar-post-grid-item-bg-wrap\"><div class=\"nectar-post-grid-item-bg-wrap-inner\"><div class=\"nectar-post-grid-item-bg\"><img loading=\"lazy\" decoding=\"async\" class=\"nectar-lazy skip-lazy nectar-post-grid-item-bg__media\" src=\"data:image\/svg+xml;charset=utf-8,%3Csvg%20xmlns%3D'http%3A%2F%2Fwww.w3.org%2F2000%2Fsvg'%20viewBox%3D'0%200%201440%20936'%2F%3E\" alt=\"\" height=\"936\" width=\"1440\" data-nectar-img-src=\"https:\/\/modenafuturacreativa.it\/wp-content\/uploads\/2026\/04\/parco-montale-visita-immersiva-11-1024x666.jpeg\" data-nectar-img-srcset=\"https:\/\/modenafuturacreativa.it\/wp-content\/uploads\/2026\/04\/parco-montale-visita-immersiva-11-1024x666.jpeg 1024w, https:\/\/modenafuturacreativa.it\/wp-content\/uploads\/2026\/04\/parco-montale-visita-immersiva-11-300x195.jpeg 300w, https:\/\/modenafuturacreativa.it\/wp-content\/uploads\/2026\/04\/parco-montale-visita-immersiva-11-768x499.jpeg 768w, https:\/\/modenafuturacreativa.it\/wp-content\/uploads\/2026\/04\/parco-montale-visita-immersiva-11-18x12.jpeg 18w, https:\/\/modenafuturacreativa.it\/wp-content\/uploads\/2026\/04\/parco-montale-visita-immersiva-11.jpeg 1440w\" sizes=\"auto, (max-width: 1024px) 100vw, 1024px\" \/><\/div><\/div><\/div><div class=\"content\"><a class=\"nectar-post-grid-link\" href=\"https:\/\/modenafuturacreativa.it\/de\/archeologia-e-digitale-sincontrano\/\" ><span class=\"screen-reader-text\">Il Parco della Terramara riapre al pubblico, archeologia e digitale s\u2019incontrano<\/span><\/a><div class=\"item-main\"><h3 class=\"post-heading\"><span>Il Parco della Terramara riapre al pubblico, archeologia e digitale s\u2019incontrano<\/span><\/h3><div class=\"nectar-post-grid-item__excerpt-wrap item-meta-extra\"><span class=\"meta-excerpt\">Nuove installazioni multimediali inaugurano la stagione: tecnologie immersive e inclusione per raccontare la vita di&hellip;<\/span><\/div><span class=\"nectar-post-grid-item__meta-wrap\"><span class=\"meta-date\">7 April 2026<\/span><\/span><\/div><\/div><\/div><\/div><div class=\"nectar-post-grid-item\" style=\"background-color: #eeeeee;\" data-post-id=\"6687\" data-has-img=\"true\"> <div class=\"inner\"><div class=\"nectar-post-grid-item-bg-wrap\"><div class=\"nectar-post-grid-item-bg-wrap-inner\"><div class=\"nectar-post-grid-item-bg\"><img loading=\"lazy\" decoding=\"async\" class=\"nectar-lazy skip-lazy nectar-post-grid-item-bg__media\" src=\"data:image\/svg+xml;charset=utf-8,%3Csvg%20xmlns%3D'http%3A%2F%2Fwww.w3.org%2F2000%2Fsvg'%20viewBox%3D'0%200%201080%201350'%2F%3E\" alt=\"\" height=\"1350\" width=\"1080\" data-nectar-img-src=\"https:\/\/modenafuturacreativa.it\/wp-content\/uploads\/2026\/02\/indie-saas-day-modena-819x1024.jpg\" data-nectar-img-srcset=\"https:\/\/modenafuturacreativa.it\/wp-content\/uploads\/2026\/02\/indie-saas-day-modena-819x1024.jpg 819w, https:\/\/modenafuturacreativa.it\/wp-content\/uploads\/2026\/02\/indie-saas-day-modena-240x300.jpg 240w, https:\/\/modenafuturacreativa.it\/wp-content\/uploads\/2026\/02\/indie-saas-day-modena-768x960.jpg 768w, https:\/\/modenafuturacreativa.it\/wp-content\/uploads\/2026\/02\/indie-saas-day-modena-10x12.jpg 10w, https:\/\/modenafuturacreativa.it\/wp-content\/uploads\/2026\/02\/indie-saas-day-modena.jpg 1080w\" sizes=\"auto, (max-width: 819px) 100vw, 819px\" \/><\/div><\/div><\/div><div class=\"content\"><a class=\"nectar-post-grid-link\" href=\"https:\/\/modenafuturacreativa.it\/de\/al-laboratorio-aperto-startup-digitali-e-imprese-a-confronto\/\" ><span class=\"screen-reader-text\">Al Laboratorio Aperto startup digitali e imprese a confronto<\/span><\/a><div class=\"item-main\"><h3 class=\"post-heading\"><span>Al Laboratorio Aperto startup digitali e imprese a confronto<\/span><\/h3><div class=\"nectar-post-grid-item__excerpt-wrap item-meta-extra\"><span class=\"meta-excerpt\">Sabato 28 febbraio una giornata dedicata alle realt\u00e0 del territorio tra innovazione e collaborazione. Iscrizioni&hellip;<\/span><\/div><span class=\"nectar-post-grid-item__meta-wrap\"><span class=\"meta-date\">18 February 2026<\/span><\/span><\/div><\/div><\/div><\/div><div class=\"nectar-post-grid-item\" style=\"background-color: #eeeeee;\" data-post-id=\"6616\" data-has-img=\"true\"> <div class=\"inner\"><div class=\"nectar-post-grid-item-bg-wrap\"><div class=\"nectar-post-grid-item-bg-wrap-inner\"><div class=\"nectar-post-grid-item-bg\"><img loading=\"lazy\" decoding=\"async\" class=\"nectar-lazy skip-lazy nectar-post-grid-item-bg__media\" src=\"data:image\/svg+xml;charset=utf-8,%3Csvg%20xmlns%3D'http%3A%2F%2Fwww.w3.org%2F2000%2Fsvg'%20viewBox%3D'0%200%201024%20683'%2F%3E\" alt=\"\" height=\"683\" width=\"1024\" data-nectar-img-src=\"https:\/\/modenafuturacreativa.it\/wp-content\/uploads\/2026\/02\/1-1.jpg\" data-nectar-img-srcset=\"https:\/\/modenafuturacreativa.it\/wp-content\/uploads\/2026\/02\/1-1.jpg 1024w, https:\/\/modenafuturacreativa.it\/wp-content\/uploads\/2026\/02\/1-1-300x200.jpg 300w, https:\/\/modenafuturacreativa.it\/wp-content\/uploads\/2026\/02\/1-1-768x512.jpg 768w, https:\/\/modenafuturacreativa.it\/wp-content\/uploads\/2026\/02\/1-1-18x12.jpg 18w, https:\/\/modenafuturacreativa.it\/wp-content\/uploads\/2026\/02\/1-1-900x600.jpg 900w\" sizes=\"auto, (max-width: 1024px) 100vw, 1024px\" \/><\/div><\/div><\/div><div class=\"content\"><a class=\"nectar-post-grid-link\" href=\"https:\/\/modenafuturacreativa.it\/de\/alberi-festival-lab\/\" ><span class=\"screen-reader-text\">Alberi Festival Lab, dal 17 al 19 aprile Modena \u00e8 di nuovo la citt\u00e0 dagli alberi<\/span><\/a><div class=\"item-main\"><h3 class=\"post-heading\"><span>Alberi Festival Lab, dal 17 al 19 aprile Modena \u00e8 di nuovo la citt\u00e0 dagli alberi<\/span><\/h3><div class=\"nectar-post-grid-item__excerpt-wrap item-meta-extra\"><span class=\"meta-excerpt\">Per tre giornate il Villaggio Artigiano diventa un cantiere aperto tra dibattiti, laboratori, mostre e&hellip;<\/span><\/div><span class=\"nectar-post-grid-item__meta-wrap\"><span class=\"meta-date\">18 February 2026<\/span><\/span><\/div><\/div><\/div><\/div><div class=\"nectar-post-grid-item\" style=\"background-color: #eeeeee;\" data-post-id=\"6522\" data-has-img=\"true\"> <div class=\"inner\"><div class=\"nectar-post-grid-item-bg-wrap\"><div class=\"nectar-post-grid-item-bg-wrap-inner\"><div class=\"nectar-post-grid-item-bg\"><img loading=\"lazy\" decoding=\"async\" class=\"nectar-lazy skip-lazy nectar-post-grid-item-bg__media\" src=\"data:image\/svg+xml;charset=utf-8,%3Csvg%20xmlns%3D'http%3A%2F%2Fwww.w3.org%2F2000%2Fsvg'%20viewBox%3D'0%200%201440%201080'%2F%3E\" alt=\"\" height=\"1080\" width=\"1440\" data-nectar-img-src=\"https:\/\/modenafuturacreativa.it\/wp-content\/uploads\/2026\/02\/Palestra-digitale-3-1024x768.jpg\" data-nectar-img-srcset=\"https:\/\/modenafuturacreativa.it\/wp-content\/uploads\/2026\/02\/Palestra-digitale-3-1024x768.jpg 1024w, https:\/\/modenafuturacreativa.it\/wp-content\/uploads\/2026\/02\/Palestra-digitale-3-300x225.jpg 300w, https:\/\/modenafuturacreativa.it\/wp-content\/uploads\/2026\/02\/Palestra-digitale-3-768x576.jpg 768w, https:\/\/modenafuturacreativa.it\/wp-content\/uploads\/2026\/02\/Palestra-digitale-3-16x12.jpg 16w, https:\/\/modenafuturacreativa.it\/wp-content\/uploads\/2026\/02\/Palestra-digitale-3.jpg 1440w\" sizes=\"auto, (max-width: 1024px) 100vw, 1024px\" \/><\/div><\/div><\/div><div class=\"content\"><a class=\"nectar-post-grid-link\" href=\"https:\/\/modenafuturacreativa.it\/de\/alla-palestra-digitale-si-allenala-mente\/\" ><span class=\"screen-reader-text\">Alla Palestra digitale si \u201callena\u201d\u2026la mente<\/span><\/a><div class=\"item-main\"><h3 class=\"post-heading\"><span>Alla Palestra digitale si \u201callena\u201d\u2026la mente<\/span><\/h3><div class=\"nectar-post-grid-item__excerpt-wrap item-meta-extra\"><span class=\"meta-excerpt\">Mercoled\u00ec 4 febbraio laboratorio di programmazione, gratuito, per affrontare il problem solving e avvicinarsi al&hellip;<\/span><\/div><span class=\"nectar-post-grid-item__meta-wrap\"><span class=\"meta-date\">2 February 2026<\/span><\/span><\/div><\/div><\/div><\/div><div class=\"nectar-post-grid-item\" style=\"background-color: #eeeeee;\" data-post-id=\"6415\" data-has-img=\"true\"> <div class=\"inner\"><div class=\"nectar-post-grid-item-bg-wrap\"><div class=\"nectar-post-grid-item-bg-wrap-inner\"><div class=\"nectar-post-grid-item-bg\"><img loading=\"lazy\" decoding=\"async\" class=\"nectar-lazy skip-lazy nectar-post-grid-item-bg__media\" src=\"data:image\/svg+xml;charset=utf-8,%3Csvg%20xmlns%3D'http%3A%2F%2Fwww.w3.org%2F2000%2Fsvg'%20viewBox%3D'0%200%201080%20720'%2F%3E\" alt=\"\" height=\"720\" width=\"1080\" data-nectar-img-src=\"https:\/\/modenafuturacreativa.it\/wp-content\/uploads\/2026\/01\/bimbo-con-pulsanti-1-1-1-1-1-1-1024x683.jpg\" data-nectar-img-srcset=\"https:\/\/modenafuturacreativa.it\/wp-content\/uploads\/2026\/01\/bimbo-con-pulsanti-1-1-1-1-1-1-1024x683.jpg 1024w, https:\/\/modenafuturacreativa.it\/wp-content\/uploads\/2026\/01\/bimbo-con-pulsanti-1-1-1-1-1-1-300x200.jpg 300w, https:\/\/modenafuturacreativa.it\/wp-content\/uploads\/2026\/01\/bimbo-con-pulsanti-1-1-1-1-1-1-768x512.jpg 768w, https:\/\/modenafuturacreativa.it\/wp-content\/uploads\/2026\/01\/bimbo-con-pulsanti-1-1-1-1-1-1-18x12.jpg 18w, https:\/\/modenafuturacreativa.it\/wp-content\/uploads\/2026\/01\/bimbo-con-pulsanti-1-1-1-1-1-1-900x600.jpg 900w, https:\/\/modenafuturacreativa.it\/wp-content\/uploads\/2026\/01\/bimbo-con-pulsanti-1-1-1-1-1-1.jpg 1080w\" sizes=\"auto, (max-width: 1024px) 100vw, 1024px\" \/><\/div><\/div><\/div><div class=\"content\"><a class=\"nectar-post-grid-link\" href=\"https:\/\/modenafuturacreativa.it\/de\/alla-palestra-digitale-per-imparare-a-sviluppare-app\/\" ><span class=\"screen-reader-text\">Alla Palestra digitale per imparare a sviluppare app<\/span><\/a><div class=\"item-main\"><h3 class=\"post-heading\"><span>Alla Palestra digitale per imparare a sviluppare app<\/span><\/h3><div class=\"nectar-post-grid-item__excerpt-wrap item-meta-extra\"><span class=\"meta-excerpt\">Da mercoled\u00ec 21 gennaio via al nuovo corso dedicato a Flutter, il framework di Google&hellip;<\/span><\/div><span class=\"nectar-post-grid-item__meta-wrap\"><span class=\"meta-date\">22 January 2026<\/span><\/span><\/div><\/div><\/div><\/div><div class=\"nectar-post-grid-item\" style=\"background-color: #eeeeee;\" data-post-id=\"6318\" data-has-img=\"true\"> <div class=\"inner\"><div class=\"nectar-post-grid-item-bg-wrap\"><div class=\"nectar-post-grid-item-bg-wrap-inner\"><div class=\"nectar-post-grid-item-bg\"><img loading=\"lazy\" decoding=\"async\" class=\"nectar-lazy skip-lazy nectar-post-grid-item-bg__media\" src=\"data:image\/svg+xml;charset=utf-8,%3Csvg%20xmlns%3D'http%3A%2F%2Fwww.w3.org%2F2000%2Fsvg'%20viewBox%3D'0%200%201024%20683'%2F%3E\" alt=\"\" height=\"683\" width=\"1024\" data-nectar-img-src=\"https:\/\/modenafuturacreativa.it\/wp-content\/uploads\/2025\/12\/1-6.jpg\" data-nectar-img-srcset=\"https:\/\/modenafuturacreativa.it\/wp-content\/uploads\/2025\/12\/1-6.jpg 1024w, https:\/\/modenafuturacreativa.it\/wp-content\/uploads\/2025\/12\/1-6-300x200.jpg 300w, https:\/\/modenafuturacreativa.it\/wp-content\/uploads\/2025\/12\/1-6-768x512.jpg 768w, https:\/\/modenafuturacreativa.it\/wp-content\/uploads\/2025\/12\/1-6-18x12.jpg 18w, https:\/\/modenafuturacreativa.it\/wp-content\/uploads\/2025\/12\/1-6-900x600.jpg 900w\" sizes=\"auto, (max-width: 1024px) 100vw, 1024px\" \/><\/div><\/div><\/div><div class=\"content\"><a class=\"nectar-post-grid-link\" href=\"https:\/\/modenafuturacreativa.it\/de\/le-nuove-carte-su-mary-of-modena-sono-ora-accessibili-allarchivio-storico\/\" ><span class=\"screen-reader-text\">Le nuove carte su Mary of Modena sono ora accessibili all\u2019Archivio Storico<\/span><\/a><div class=\"item-main\"><h3 class=\"post-heading\"><span>Le nuove carte su Mary of Modena sono ora accessibili all\u2019Archivio Storico<\/span><\/h3><div class=\"nectar-post-grid-item__excerpt-wrap item-meta-extra\"><span class=\"meta-excerpt\">Catalogate, digitalizzate e ora consultabili le preziose testimonianze sulla fuga della regina Maria Beatrice d\u2019Este&hellip;<\/span><\/div><span class=\"nectar-post-grid-item__meta-wrap\"><span class=\"meta-date\">22 December 2025<\/span><\/span><\/div><\/div><\/div><\/div><div class=\"nectar-post-grid-item\" style=\"background-color: #eeeeee;\" data-post-id=\"6231\" data-has-img=\"true\"> <div class=\"inner\"><div class=\"nectar-post-grid-item-bg-wrap\"><div class=\"nectar-post-grid-item-bg-wrap-inner\"><div class=\"nectar-post-grid-item-bg\"><img loading=\"lazy\" decoding=\"async\" class=\"nectar-lazy skip-lazy nectar-post-grid-item-bg__media\" src=\"data:image\/svg+xml;charset=utf-8,%3Csvg%20xmlns%3D'http%3A%2F%2Fwww.w3.org%2F2000%2Fsvg'%20viewBox%3D'0%200%201555%20900'%2F%3E\" alt=\"\" height=\"900\" width=\"1555\" data-nectar-img-src=\"https:\/\/modenafuturacreativa.it\/wp-content\/uploads\/2025\/12\/5-2-1024x593.jpg\" data-nectar-img-srcset=\"https:\/\/modenafuturacreativa.it\/wp-content\/uploads\/2025\/12\/5-2-1024x593.jpg 1024w, https:\/\/modenafuturacreativa.it\/wp-content\/uploads\/2025\/12\/5-2-300x174.jpg 300w, https:\/\/modenafuturacreativa.it\/wp-content\/uploads\/2025\/12\/5-2-768x445.jpg 768w, https:\/\/modenafuturacreativa.it\/wp-content\/uploads\/2025\/12\/5-2-1536x889.jpg 1536w, https:\/\/modenafuturacreativa.it\/wp-content\/uploads\/2025\/12\/5-2-18x10.jpg 18w, https:\/\/modenafuturacreativa.it\/wp-content\/uploads\/2025\/12\/5-2.jpg 1555w\" sizes=\"auto, (max-width: 1024px) 100vw, 1024px\" \/><\/div><\/div><\/div><div class=\"content\"><a class=\"nectar-post-grid-link\" href=\"https:\/\/modenafuturacreativa.it\/de\/un-solo-biglietto-per-scoprire-lanima-culturale-di-modena\/\" ><span class=\"screen-reader-text\">Un solo biglietto per scoprire l\u2019anima culturale di Modena<\/span><\/a><div class=\"item-main\"><h3 class=\"post-heading\"><span>Un solo biglietto per scoprire l\u2019anima culturale di Modena<\/span><\/h3><div class=\"nectar-post-grid-item__excerpt-wrap item-meta-extra\"><span class=\"meta-excerpt\">Museo Civico, Galleria Estense, Gipsoteca Graziosi e Avia Pervia insieme in un progetto che rafforza&hellip;<\/span><\/div><span class=\"nectar-post-grid-item__meta-wrap\"><span class=\"meta-date\">15 December 2025<\/span><\/span><\/div><\/div><\/div><\/div><div class=\"nectar-post-grid-item\" style=\"background-color: #eeeeee;\" data-post-id=\"6134\" data-has-img=\"true\"> <div class=\"inner\"><div class=\"nectar-post-grid-item-bg-wrap\"><div class=\"nectar-post-grid-item-bg-wrap-inner\"><div class=\"nectar-post-grid-item-bg\"><img loading=\"lazy\" decoding=\"async\" class=\"nectar-lazy skip-lazy nectar-post-grid-item-bg__media\" src=\"data:image\/svg+xml;charset=utf-8,%3Csvg%20xmlns%3D'http%3A%2F%2Fwww.w3.org%2F2000%2Fsvg'%20viewBox%3D'0%200%201440%20500'%2F%3E\" alt=\"\" height=\"500\" width=\"1440\" data-nectar-img-src=\"https:\/\/modenafuturacreativa.it\/wp-content\/uploads\/2025\/12\/Inaugurazione-850-Unimore-f__FillWzE0NDAsNTAwXQ-1024x356.jpeg\" data-nectar-img-srcset=\"https:\/\/modenafuturacreativa.it\/wp-content\/uploads\/2025\/12\/Inaugurazione-850-Unimore-f__FillWzE0NDAsNTAwXQ-1024x356.jpeg 1024w, https:\/\/modenafuturacreativa.it\/wp-content\/uploads\/2025\/12\/Inaugurazione-850-Unimore-f__FillWzE0NDAsNTAwXQ-300x104.jpeg 300w, https:\/\/modenafuturacreativa.it\/wp-content\/uploads\/2025\/12\/Inaugurazione-850-Unimore-f__FillWzE0NDAsNTAwXQ-768x267.jpeg 768w, https:\/\/modenafuturacreativa.it\/wp-content\/uploads\/2025\/12\/Inaugurazione-850-Unimore-f__FillWzE0NDAsNTAwXQ-18x6.jpeg 18w, https:\/\/modenafuturacreativa.it\/wp-content\/uploads\/2025\/12\/Inaugurazione-850-Unimore-f__FillWzE0NDAsNTAwXQ.jpeg 1440w\" sizes=\"auto, (max-width: 1024px) 100vw, 1024px\" \/><\/div><\/div><\/div><div class=\"content\"><a class=\"nectar-post-grid-link\" href=\"https:\/\/modenafuturacreativa.it\/de\/rita-cucchiara-ha-inaugurato-lanno-accademico-di-unimore-innovare-per-tramandare\/\" ><span class=\"screen-reader-text\">Rita Cucchiara ha inaugurato l\u2019anno accademico di Unimore: \u201cInnovare per tramandare\u201d<\/span><\/a><div class=\"item-main\"><h3 class=\"post-heading\"><span>Rita Cucchiara ha inaugurato l\u2019anno accademico di Unimore: \u201cInnovare per tramandare\u201d<\/span><\/h3><div class=\"nectar-post-grid-item__excerpt-wrap item-meta-extra\"><span class=\"meta-excerpt\">La nuova Rettrice ha presentato le linee guida del mandato, tra le priorit\u00e0 l\u2019innovazione culturale&hellip;<\/span><\/div><span class=\"nectar-post-grid-item__meta-wrap\"><span class=\"meta-date\">5 December 2025<\/span><\/span><\/div><\/div><\/div><\/div><div class=\"nectar-post-grid-item\" style=\"background-color: #eeeeee;\" data-post-id=\"6066\" data-has-img=\"true\"> <div class=\"inner\"><div class=\"nectar-post-grid-item-bg-wrap\"><div class=\"nectar-post-grid-item-bg-wrap-inner\"><div class=\"nectar-post-grid-item-bg\"><img loading=\"lazy\" decoding=\"async\" class=\"nectar-lazy skip-lazy nectar-post-grid-item-bg__media\" src=\"data:image\/svg+xml;charset=utf-8,%3Csvg%20xmlns%3D'http%3A%2F%2Fwww.w3.org%2F2000%2Fsvg'%20viewBox%3D'0%200%201024%20683'%2F%3E\" alt=\"\" height=\"683\" width=\"1024\" data-nectar-img-src=\"https:\/\/modenafuturacreativa.it\/wp-content\/uploads\/2025\/12\/6.jpeg\" data-nectar-img-srcset=\"https:\/\/modenafuturacreativa.it\/wp-content\/uploads\/2025\/12\/6.jpeg 1024w, https:\/\/modenafuturacreativa.it\/wp-content\/uploads\/2025\/12\/6-300x200.jpeg 300w, https:\/\/modenafuturacreativa.it\/wp-content\/uploads\/2025\/12\/6-768x512.jpeg 768w, https:\/\/modenafuturacreativa.it\/wp-content\/uploads\/2025\/12\/6-18x12.jpeg 18w, https:\/\/modenafuturacreativa.it\/wp-content\/uploads\/2025\/12\/6-900x600.jpeg 900w\" sizes=\"auto, (max-width: 1024px) 100vw, 1024px\" \/><\/div><\/div><\/div><div class=\"content\"><a class=\"nectar-post-grid-link\" href=\"https:\/\/modenafuturacreativa.it\/de\/a-modena-un-capodanno-sospeso-nel-cielo-con-il-circo-aereo-galileo\/\" ><span class=\"screen-reader-text\">A Modena un Capodanno sospeso nel cielo con il circo aereo \u201cGalileo\u201d<\/span><\/a><div class=\"item-main\"><h3 class=\"post-heading\"><span>A Modena un Capodanno sospeso nel cielo con il circo aereo \u201cGalileo\u201d<\/span><\/h3><div class=\"nectar-post-grid-item__excerpt-wrap item-meta-extra\"><span class=\"meta-excerpt\">Modena accoglie il nuovo anno con lo spettacolo che ha aperto l\u2019anno olimpico a Parigi,&hellip;<\/span><\/div><span class=\"nectar-post-grid-item__meta-wrap\"><span class=\"meta-date\">4 December 2025<\/span><\/span><\/div><\/div><\/div><\/div><div class=\"nectar-post-grid-item\" style=\"background-color: #eeeeee;\" data-post-id=\"5972\" data-has-img=\"true\"> <div class=\"inner\"><div class=\"nectar-post-grid-item-bg-wrap\"><div class=\"nectar-post-grid-item-bg-wrap-inner\"><div class=\"nectar-post-grid-item-bg\"><img loading=\"lazy\" decoding=\"async\" class=\"nectar-lazy skip-lazy nectar-post-grid-item-bg__media\" src=\"data:image\/svg+xml;charset=utf-8,%3Csvg%20xmlns%3D'http%3A%2F%2Fwww.w3.org%2F2000%2Fsvg'%20viewBox%3D'0%200%201526%201080'%2F%3E\" alt=\"\" height=\"1080\" width=\"1526\" data-nectar-img-src=\"https:\/\/modenafuturacreativa.it\/wp-content\/uploads\/2024\/07\/map-modena-1-1024x725.png\" data-nectar-img-srcset=\"https:\/\/modenafuturacreativa.it\/wp-content\/uploads\/2024\/07\/map-modena-1-1024x725.png 1024w, https:\/\/modenafuturacreativa.it\/wp-content\/uploads\/2024\/07\/map-modena-1-300x212.png 300w, https:\/\/modenafuturacreativa.it\/wp-content\/uploads\/2024\/07\/map-modena-1-768x544.png 768w, https:\/\/modenafuturacreativa.it\/wp-content\/uploads\/2024\/07\/map-modena-1-18x12.png 18w, https:\/\/modenafuturacreativa.it\/wp-content\/uploads\/2024\/07\/map-modena-1.png 1526w\" sizes=\"auto, (max-width: 1024px) 100vw, 1024px\" \/><\/div><\/div><\/div><div class=\"content\"><a class=\"nectar-post-grid-link\" href=\"https:\/\/modenafuturacreativa.it\/de\/due-percorsi-cittadini-il-risultato-finale-di-cult\/\" ><span class=\"screen-reader-text\">Due percorsi cittadini: il risultato finale di CULT<\/span><\/a><div class=\"item-main\"><h3 class=\"post-heading\"><span>Due percorsi cittadini: il risultato finale di CULT<\/span><\/h3><div class=\"nectar-post-grid-item__excerpt-wrap item-meta-extra\"><span class=\"meta-excerpt\">Si chiude con la presentazione di due nuovi itinerari culturali e turistici il progetto europeo&hellip;<\/span><\/div><span class=\"nectar-post-grid-item__meta-wrap\"><span class=\"meta-date\">28 November 2025<\/span><\/span><\/div><\/div><\/div><\/div><div class=\"nectar-post-grid-item\" style=\"background-color: #eeeeee;\" data-post-id=\"5888\" data-has-img=\"true\"> <div class=\"inner\"><div class=\"nectar-post-grid-item-bg-wrap\"><div class=\"nectar-post-grid-item-bg-wrap-inner\"><div class=\"nectar-post-grid-item-bg\"><img loading=\"lazy\" decoding=\"async\" class=\"nectar-lazy skip-lazy nectar-post-grid-item-bg__media\" src=\"data:image\/svg+xml;charset=utf-8,%3Csvg%20xmlns%3D'http%3A%2F%2Fwww.w3.org%2F2000%2Fsvg'%20viewBox%3D'0%200%201800%20701'%2F%3E\" alt=\"\" height=\"701\" width=\"1800\" data-nectar-img-src=\"https:\/\/modenafuturacreativa.it\/wp-content\/uploads\/2025\/11\/video-making-1024x399.jpeg\" data-nectar-img-srcset=\"https:\/\/modenafuturacreativa.it\/wp-content\/uploads\/2025\/11\/video-making-1024x399.jpeg 1024w, https:\/\/modenafuturacreativa.it\/wp-content\/uploads\/2025\/11\/video-making-300x117.jpeg 300w, https:\/\/modenafuturacreativa.it\/wp-content\/uploads\/2025\/11\/video-making-768x299.jpeg 768w, https:\/\/modenafuturacreativa.it\/wp-content\/uploads\/2025\/11\/video-making-1536x598.jpeg 1536w, https:\/\/modenafuturacreativa.it\/wp-content\/uploads\/2025\/11\/video-making-18x7.jpeg 18w, https:\/\/modenafuturacreativa.it\/wp-content\/uploads\/2025\/11\/video-making.jpeg 1800w\" sizes=\"auto, (max-width: 1024px) 100vw, 1024px\" \/><\/div><\/div><\/div><div class=\"content\"><a class=\"nectar-post-grid-link\" href=\"https:\/\/modenafuturacreativa.it\/de\/urban-video-il-corso-gratuito-che-forma-i-videomaker-del-futuro\/\" ><span class=\"screen-reader-text\">Urban Video, il corso gratuito che forma i videomaker del futuro<\/span><\/a><div class=\"item-main\"><h3 class=\"post-heading\"><span>Urban Video, il corso gratuito che forma i videomaker del futuro<\/span><\/h3><div class=\"nectar-post-grid-item__excerpt-wrap item-meta-extra\"><span class=\"meta-excerpt\">Iscrizioni aperte fino al 9 dicembre per il corso gratuito di videomaking promosso dal Centro&hellip;<\/span><\/div><span class=\"nectar-post-grid-item__meta-wrap\"><span class=\"meta-date\">17 November 2025<\/span><\/span><\/div><\/div><\/div><\/div><div class=\"nectar-post-grid-item\" style=\"background-color: #eeeeee;\" data-post-id=\"5678\" data-has-img=\"true\"> <div class=\"inner\"><div class=\"nectar-post-grid-item-bg-wrap\"><div class=\"nectar-post-grid-item-bg-wrap-inner\"><div class=\"nectar-post-grid-item-bg\"><img loading=\"lazy\" decoding=\"async\" class=\"nectar-lazy skip-lazy nectar-post-grid-item-bg__media\" src=\"data:image\/svg+xml;charset=utf-8,%3Csvg%20xmlns%3D'http%3A%2F%2Fwww.w3.org%2F2000%2Fsvg'%20viewBox%3D'0%200%202560%201707'%2F%3E\" alt=\"\" height=\"1707\" width=\"2560\" data-nectar-img-src=\"https:\/\/modenafuturacreativa.it\/wp-content\/uploads\/2025\/10\/image-1024x683.jpeg\" data-nectar-img-srcset=\"https:\/\/modenafuturacreativa.it\/wp-content\/uploads\/2025\/10\/image-1024x683.jpeg 1024w, https:\/\/modenafuturacreativa.it\/wp-content\/uploads\/2025\/10\/image-300x200.jpeg 300w, https:\/\/modenafuturacreativa.it\/wp-content\/uploads\/2025\/10\/image-768x512.jpeg 768w, https:\/\/modenafuturacreativa.it\/wp-content\/uploads\/2025\/10\/image-1536x1024.jpeg 1536w, https:\/\/modenafuturacreativa.it\/wp-content\/uploads\/2025\/10\/image-2048x1365.jpeg 2048w, https:\/\/modenafuturacreativa.it\/wp-content\/uploads\/2025\/10\/image-18x12.jpeg 18w, https:\/\/modenafuturacreativa.it\/wp-content\/uploads\/2025\/10\/image-900x600.jpeg 900w\" sizes=\"auto, (max-width: 1024px) 100vw, 1024px\" \/><\/div><\/div><\/div><div class=\"content\"><a class=\"nectar-post-grid-link\" href=\"https:\/\/modenafuturacreativa.it\/de\/tra-filosofia-romanzo-e-natura-ecco-le-nuove-uscite-editoriali-del-dondolo\/\" ><span class=\"screen-reader-text\">Tra filosofia, romanzo e natura, ecco le nuove uscite editoriali del Dondolo<\/span><\/a><div class=\"item-main\"><h3 class=\"post-heading\"><span>Tra filosofia, romanzo e natura, ecco le nuove uscite editoriali del Dondolo<\/span><\/h3><div class=\"nectar-post-grid-item__excerpt-wrap item-meta-extra\"><span class=\"meta-excerpt\">Nuove voci d\u2019autore, da Michelina Borsari a Valeria Parrella, a Paolo Giordano. Lo scrittore torinese&hellip;<\/span><\/div><span class=\"nectar-post-grid-item__meta-wrap\"><span class=\"meta-date\">14 October 2025<\/span><\/span><\/div><\/div><\/div><\/div><div class=\"nectar-post-grid-item\" style=\"background-color: #eeeeee;\" data-post-id=\"5550\" data-has-img=\"true\"> <div class=\"inner\"><div class=\"nectar-post-grid-item-bg-wrap\"><div class=\"nectar-post-grid-item-bg-wrap-inner\"><div class=\"nectar-post-grid-item-bg\"><img loading=\"lazy\" decoding=\"async\" class=\"nectar-lazy skip-lazy nectar-post-grid-item-bg__media\" src=\"data:image\/svg+xml;charset=utf-8,%3Csvg%20xmlns%3D'http%3A%2F%2Fwww.w3.org%2F2000%2Fsvg'%20viewBox%3D'0%200%202048%20966'%2F%3E\" alt=\"\" height=\"966\" width=\"2048\" data-nectar-img-src=\"https:\/\/modenafuturacreativa.it\/wp-content\/uploads\/2025\/10\/IFTS-multimedia-1-scaled-1-1024x483.png\" data-nectar-img-srcset=\"https:\/\/modenafuturacreativa.it\/wp-content\/uploads\/2025\/10\/IFTS-multimedia-1-scaled-1-1024x483.png 1024w, https:\/\/modenafuturacreativa.it\/wp-content\/uploads\/2025\/10\/IFTS-multimedia-1-scaled-1-300x142.png 300w, https:\/\/modenafuturacreativa.it\/wp-content\/uploads\/2025\/10\/IFTS-multimedia-1-scaled-1-768x362.png 768w, https:\/\/modenafuturacreativa.it\/wp-content\/uploads\/2025\/10\/IFTS-multimedia-1-scaled-1-1536x725.png 1536w, https:\/\/modenafuturacreativa.it\/wp-content\/uploads\/2025\/10\/IFTS-multimedia-1-scaled-1-18x8.png 18w, https:\/\/modenafuturacreativa.it\/wp-content\/uploads\/2025\/10\/IFTS-multimedia-1-scaled-1.png 2048w\" sizes=\"auto, (max-width: 1024px) 100vw, 1024px\" \/><\/div><\/div><\/div><div class=\"content\"><a class=\"nectar-post-grid-link\" href=\"https:\/\/modenafuturacreativa.it\/de\/corso-gratuito-per-diventare-professionisti-digitali-per-la-cultura\/\" ><span class=\"screen-reader-text\">Corso gratuito per diventare professionisti digitali per la cultura<\/span><\/a><div class=\"item-main\"><h3 class=\"post-heading\"><span>Corso gratuito per diventare professionisti digitali per la cultura<\/span><\/h3><div class=\"nectar-post-grid-item__excerpt-wrap item-meta-extra\"><span class=\"meta-excerpt\">Quarta edizione del progetto promosso da ForModena nell\u2019ambito di Modena Citt\u00e0 Creativa Unesco per le&hellip;<\/span><\/div><span class=\"nectar-post-grid-item__meta-wrap\"><span class=\"meta-date\">14 October 2025<\/span><\/span><\/div><\/div><\/div><\/div><div class=\"nectar-post-grid-item\" style=\"background-color: #eeeeee;\" data-post-id=\"5445\" data-has-img=\"true\"> <div class=\"inner\"><div class=\"nectar-post-grid-item-bg-wrap\"><div class=\"nectar-post-grid-item-bg-wrap-inner\"><div class=\"nectar-post-grid-item-bg\"><img loading=\"lazy\" decoding=\"async\" class=\"nectar-lazy skip-lazy nectar-post-grid-item-bg__media\" src=\"data:image\/svg+xml;charset=utf-8,%3Csvg%20xmlns%3D'http%3A%2F%2Fwww.w3.org%2F2000%2Fsvg'%20viewBox%3D'0%200%201024%20547'%2F%3E\" alt=\"\" height=\"547\" width=\"1024\" data-nectar-img-src=\"https:\/\/modenafuturacreativa.it\/wp-content\/uploads\/2025\/10\/image-1.jpg\" data-nectar-img-srcset=\"https:\/\/modenafuturacreativa.it\/wp-content\/uploads\/2025\/10\/image-1.jpg 1024w, https:\/\/modenafuturacreativa.it\/wp-content\/uploads\/2025\/10\/image-1-300x160.jpg 300w, https:\/\/modenafuturacreativa.it\/wp-content\/uploads\/2025\/10\/image-1-768x410.jpg 768w, https:\/\/modenafuturacreativa.it\/wp-content\/uploads\/2025\/10\/image-1-18x10.jpg 18w\" sizes=\"auto, (max-width: 1024px) 100vw, 1024px\" \/><\/div><\/div><\/div><div class=\"content\"><a class=\"nectar-post-grid-link\" href=\"https:\/\/modenafuturacreativa.it\/de\/modena-patrimonio-mondiale-in-festa-3-ghirlandina-luce-e-memoria\/\" ><span class=\"screen-reader-text\">MODENA PATRIMONIO MONDIALE IN FESTA\u201d \/ 3 &#8211; GHIRLANDINA. LUCE E MEMORIA<\/span><\/a><div class=\"item-main\"><h3 class=\"post-heading\"><span>MODENA PATRIMONIO MONDIALE IN FESTA\u201d \/ 3 &#8211; GHIRLANDINA. LUCE E MEMORIA<\/span><\/h3><div class=\"nectar-post-grid-item__excerpt-wrap item-meta-extra\"><span class=\"meta-excerpt\">Dal 9 al 12 ottobre in piazza Torre uno spettacolare videomapping architetturale, in doppia proiezione&hellip;<\/span><\/div><span class=\"nectar-post-grid-item__meta-wrap\"><span class=\"meta-date\">1 October 2025<\/span><\/span><\/div><\/div><\/div><\/div><div class=\"nectar-post-grid-item\" style=\"background-color: #eeeeee;\" data-post-id=\"5389\" data-has-img=\"true\"> <div class=\"inner\"><div class=\"nectar-post-grid-item-bg-wrap\"><div class=\"nectar-post-grid-item-bg-wrap-inner\"><div class=\"nectar-post-grid-item-bg\"><img loading=\"lazy\" decoding=\"async\" class=\"nectar-lazy skip-lazy nectar-post-grid-item-bg__media\" src=\"data:image\/svg+xml;charset=utf-8,%3Csvg%20xmlns%3D'http%3A%2F%2Fwww.w3.org%2F2000%2Fsvg'%20viewBox%3D'0%200%201620%201080'%2F%3E\" alt=\"\" height=\"1080\" width=\"1620\" data-nectar-img-src=\"https:\/\/modenafuturacreativa.it\/wp-content\/uploads\/2025\/09\/image-1024x683.jpg\" data-nectar-img-srcset=\"https:\/\/modenafuturacreativa.it\/wp-content\/uploads\/2025\/09\/image-1024x683.jpg 1024w, https:\/\/modenafuturacreativa.it\/wp-content\/uploads\/2025\/09\/image-300x200.jpg 300w, https:\/\/modenafuturacreativa.it\/wp-content\/uploads\/2025\/09\/image-768x512.jpg 768w, https:\/\/modenafuturacreativa.it\/wp-content\/uploads\/2025\/09\/image-1536x1024.jpg 1536w, https:\/\/modenafuturacreativa.it\/wp-content\/uploads\/2025\/09\/image-18x12.jpg 18w, https:\/\/modenafuturacreativa.it\/wp-content\/uploads\/2025\/09\/image-900x600.jpg 900w, https:\/\/modenafuturacreativa.it\/wp-content\/uploads\/2025\/09\/image.jpg 1620w\" sizes=\"auto, (max-width: 1024px) 100vw, 1024px\" \/><\/div><\/div><\/div><div class=\"content\"><a class=\"nectar-post-grid-link\" href=\"https:\/\/modenafuturacreativa.it\/de\/sorvegliati-e-sorveglianti-al-dig-una-performance-svela-i-paradossi-del-controllo\/\" ><span class=\"screen-reader-text\">SORVEGLIATI E SORVEGLIANTI: AL DIG UNA PERFORMANCE SVELA I PARADOSSI DEL CONTROLLO<\/span><\/a><div class=\"item-main\"><h3 class=\"post-heading\"><span>SORVEGLIATI E SORVEGLIANTI: AL DIG UNA PERFORMANCE SVELA I PARADOSSI DEL CONTROLLO<\/span><\/h3><div class=\"nectar-post-grid-item__excerpt-wrap item-meta-extra\"><span class=\"meta-excerpt\">Mercoled\u00ec 24 settembre un live set immersivo prodotto dal Centro Musica Modena tra algoritmi, corpi&hellip;<\/span><\/div><span class=\"nectar-post-grid-item__meta-wrap\"><span class=\"meta-date\">23 September 2025<\/span><\/span><\/div><\/div><\/div><\/div><div class=\"nectar-post-grid-item\" style=\"background-color: #eeeeee;\" data-post-id=\"5276\" data-has-img=\"true\"> <div class=\"inner\"><div class=\"nectar-post-grid-item-bg-wrap\"><div class=\"nectar-post-grid-item-bg-wrap-inner\"><div class=\"nectar-post-grid-item-bg\"><img loading=\"lazy\" decoding=\"async\" class=\"nectar-lazy skip-lazy nectar-post-grid-item-bg__media\" src=\"data:image\/svg+xml;charset=utf-8,%3Csvg%20xmlns%3D'http%3A%2F%2Fwww.w3.org%2F2000%2Fsvg'%20viewBox%3D'0%200%201024%20683'%2F%3E\" alt=\"\" height=\"683\" width=\"1024\" data-nectar-img-src=\"https:\/\/modenafuturacreativa.it\/wp-content\/uploads\/2025\/09\/Ago-Off-piazza.jpg\" data-nectar-img-srcset=\"https:\/\/modenafuturacreativa.it\/wp-content\/uploads\/2025\/09\/Ago-Off-piazza.jpg 1024w, https:\/\/modenafuturacreativa.it\/wp-content\/uploads\/2025\/09\/Ago-Off-piazza-300x200.jpg 300w, https:\/\/modenafuturacreativa.it\/wp-content\/uploads\/2025\/09\/Ago-Off-piazza-768x512.jpg 768w, https:\/\/modenafuturacreativa.it\/wp-content\/uploads\/2025\/09\/Ago-Off-piazza-18x12.jpg 18w, https:\/\/modenafuturacreativa.it\/wp-content\/uploads\/2025\/09\/Ago-Off-piazza-900x600.jpg 900w\" sizes=\"auto, (max-width: 1024px) 100vw, 1024px\" \/><\/div><\/div><\/div><div class=\"content\"><a class=\"nectar-post-grid-link\" href=\"https:\/\/modenafuturacreativa.it\/de\/ago-off-mancuso-e-niessen-tra-arte-e-tecnoscienze\/\" ><span class=\"screen-reader-text\">AD AGO OFF MANCUSO E NIESSEN TRA ARTE E TECNOSCIENZE<\/span><\/a><div class=\"item-main\"><h3 class=\"post-heading\"><span>AD AGO OFF MANCUSO E NIESSEN TRA ARTE E TECNOSCIENZE<\/span><\/h3><div class=\"nectar-post-grid-item__excerpt-wrap item-meta-extra\"><span class=\"meta-excerpt\">Sabato 13 settembre sul palco del Sant\u2019Agostino con Fondazione di Modena e FEM un dialogo&hellip;<\/span><\/div><span class=\"nectar-post-grid-item__meta-wrap\"><span class=\"meta-date\">11 September 2025<\/span><\/span><\/div><\/div><\/div><\/div><div class=\"nectar-post-grid-item\" style=\"background-color: #eeeeee;\" data-post-id=\"5123\" data-has-img=\"true\"> <div class=\"inner\"><div class=\"nectar-post-grid-item-bg-wrap\"><div class=\"nectar-post-grid-item-bg-wrap-inner\"><div class=\"nectar-post-grid-item-bg\"><img loading=\"lazy\" decoding=\"async\" class=\"nectar-lazy skip-lazy nectar-post-grid-item-bg__media\" src=\"data:image\/svg+xml;charset=utf-8,%3Csvg%20xmlns%3D'http%3A%2F%2Fwww.w3.org%2F2000%2Fsvg'%20viewBox%3D'0%200%202560%201920'%2F%3E\" alt=\"\" height=\"1920\" width=\"2560\" data-nectar-img-src=\"https:\/\/modenafuturacreativa.it\/wp-content\/uploads\/2025\/08\/Quayola_Storm-1024x768.jpg\" data-nectar-img-srcset=\"https:\/\/modenafuturacreativa.it\/wp-content\/uploads\/2025\/08\/Quayola_Storm-1024x768.jpg 1024w, https:\/\/modenafuturacreativa.it\/wp-content\/uploads\/2025\/08\/Quayola_Storm-300x225.jpg 300w, https:\/\/modenafuturacreativa.it\/wp-content\/uploads\/2025\/08\/Quayola_Storm-768x576.jpg 768w, https:\/\/modenafuturacreativa.it\/wp-content\/uploads\/2025\/08\/Quayola_Storm-1536x1152.jpg 1536w, https:\/\/modenafuturacreativa.it\/wp-content\/uploads\/2025\/08\/Quayola_Storm-2048x1536.jpg 2048w, https:\/\/modenafuturacreativa.it\/wp-content\/uploads\/2025\/08\/Quayola_Storm-16x12.jpg 16w\" sizes=\"auto, (max-width: 1024px) 100vw, 1024px\" \/><\/div><\/div><\/div><div class=\"content\"><a class=\"nectar-post-grid-link\" href=\"https:\/\/modenafuturacreativa.it\/de\/quayola-festivalfilosofia\/\" ><span class=\"screen-reader-text\">QUAYOLA TORNA A MODENA PER IL FESTIVALFILOSOFIA<\/span><\/a><div class=\"item-main\"><h3 class=\"post-heading\"><span>QUAYOLA TORNA A MODENA PER IL FESTIVALFILOSOFIA<\/span><\/h3><div class=\"nectar-post-grid-item__excerpt-wrap item-meta-extra\"><span class=\"meta-excerpt\">Dal 19 settembre con Fondazione Ago una selezione di opere dell\u2019artista digitale che esplora il&hellip;<\/span><\/div><span class=\"nectar-post-grid-item__meta-wrap\"><span class=\"meta-date\">21 August 2025<\/span><\/span><\/div><\/div><\/div><\/div><div class=\"nectar-post-grid-item\" style=\"background-color: #eeeeee;\" data-post-id=\"5020\" data-has-img=\"true\"> <div class=\"inner\"><div class=\"nectar-post-grid-item-bg-wrap\"><div class=\"nectar-post-grid-item-bg-wrap-inner\"><div class=\"nectar-post-grid-item-bg\"><img loading=\"lazy\" decoding=\"async\" class=\"nectar-lazy skip-lazy nectar-post-grid-item-bg__media\" src=\"data:image\/svg+xml;charset=utf-8,%3Csvg%20xmlns%3D'http%3A%2F%2Fwww.w3.org%2F2000%2Fsvg'%20viewBox%3D'0%200%20572%20800'%2F%3E\" alt=\"\" height=\"800\" width=\"572\" data-nectar-img-src=\"https:\/\/modenafuturacreativa.it\/wp-content\/uploads\/2025\/07\/image-4.jpeg\" data-nectar-img-srcset=\"https:\/\/modenafuturacreativa.it\/wp-content\/uploads\/2025\/07\/image-4.jpeg 572w, https:\/\/modenafuturacreativa.it\/wp-content\/uploads\/2025\/07\/image-4-215x300.jpeg 215w, https:\/\/modenafuturacreativa.it\/wp-content\/uploads\/2025\/07\/image-4-9x12.jpeg 9w\" sizes=\"auto, (max-width: 572px) 100vw, 572px\" \/><\/div><\/div><\/div><div class=\"content\"><a class=\"nectar-post-grid-link\" href=\"https:\/\/modenafuturacreativa.it\/de\/alberi-festival-nuove-tappe-a-pavullo-e-carrara-dopo-parigi-e-karlsruhe\/\" ><span class=\"screen-reader-text\">Alberi Festival, nuove tappe a Pavullo e Carrara, dopo Parigi e Karlsruhe<\/span><\/a><div class=\"item-main\"><h3 class=\"post-heading\"><span>Alberi Festival, nuove tappe a Pavullo e Carrara, dopo Parigi e Karlsruhe<\/span><\/h3><div class=\"nectar-post-grid-item__excerpt-wrap item-meta-extra\"><span class=\"meta-excerpt\">Dal Villaggio Artigiano di Modena Ovest alle citt\u00e0 creative Unesco, un progetto che continua a&hellip;<\/span><\/div><span class=\"nectar-post-grid-item__meta-wrap\"><span class=\"meta-date\">23 July 2025<\/span><\/span><\/div><\/div><\/div><\/div><div class=\"nectar-post-grid-item\" style=\"background-color: #eeeeee;\" data-post-id=\"4978\" data-has-img=\"true\"> <div class=\"inner\"><div class=\"nectar-post-grid-item-bg-wrap\"><div class=\"nectar-post-grid-item-bg-wrap-inner\"><div class=\"nectar-post-grid-item-bg\"><img loading=\"lazy\" decoding=\"async\" class=\"nectar-lazy skip-lazy nectar-post-grid-item-bg__media\" src=\"data:image\/svg+xml;charset=utf-8,%3Csvg%20xmlns%3D'http%3A%2F%2Fwww.w3.org%2F2000%2Fsvg'%20viewBox%3D'0%200%201440%20802'%2F%3E\" alt=\"\" height=\"802\" width=\"1440\" data-nectar-img-src=\"https:\/\/modenafuturacreativa.it\/wp-content\/uploads\/2023\/05\/ildondolo-1024x570.jpg\" data-nectar-img-srcset=\"https:\/\/modenafuturacreativa.it\/wp-content\/uploads\/2023\/05\/ildondolo-1024x570.jpg 1024w, https:\/\/modenafuturacreativa.it\/wp-content\/uploads\/2023\/05\/ildondolo-300x167.jpg 300w, https:\/\/modenafuturacreativa.it\/wp-content\/uploads\/2023\/05\/ildondolo-768x428.jpg 768w, https:\/\/modenafuturacreativa.it\/wp-content\/uploads\/2023\/05\/ildondolo.jpg 1440w\" sizes=\"auto, (max-width: 1024px) 100vw, 1024px\" \/><\/div><\/div><\/div><div class=\"content\"><a class=\"nectar-post-grid-link\" href=\"https:\/\/modenafuturacreativa.it\/de\/le-nuove-uscite-del-dondolo-tra-cimiteri-alberi-e-maternita\/\" ><span class=\"screen-reader-text\">Le nuove uscite del Dondolo, tra cimiteri, alberi e maternit\u00e0<\/span><\/a><div class=\"item-main\"><h3 class=\"post-heading\"><span>Le nuove uscite del Dondolo, tra cimiteri, alberi e maternit\u00e0<\/span><\/h3><div class=\"nectar-post-grid-item__excerpt-wrap item-meta-extra\"><span class=\"meta-excerpt\">La collana digitale del Comune di Modena si confronta con i luoghi dove si intrecciano&hellip;<\/span><\/div><span class=\"nectar-post-grid-item__meta-wrap\"><span class=\"meta-date\">21 July 2025<\/span><\/span><\/div><\/div><\/div><\/div><div class=\"nectar-post-grid-item\" style=\"background-color: #eeeeee;\" data-post-id=\"4729\" data-has-img=\"true\"> <div class=\"inner\"><div class=\"nectar-post-grid-item-bg-wrap\"><div class=\"nectar-post-grid-item-bg-wrap-inner\"><div class=\"nectar-post-grid-item-bg\"><img loading=\"lazy\" decoding=\"async\" class=\"nectar-lazy skip-lazy nectar-post-grid-item-bg__media\" src=\"data:image\/svg+xml;charset=utf-8,%3Csvg%20xmlns%3D'http%3A%2F%2Fwww.w3.org%2F2000%2Fsvg'%20viewBox%3D'0%200%201409%20765'%2F%3E\" alt=\"\" height=\"765\" width=\"1409\" data-nectar-img-src=\"https:\/\/modenafuturacreativa.it\/wp-content\/uploads\/2025\/06\/piazza-santagostino12-1024x556.jpg\" data-nectar-img-srcset=\"https:\/\/modenafuturacreativa.it\/wp-content\/uploads\/2025\/06\/piazza-santagostino12-1024x556.jpg 1024w, https:\/\/modenafuturacreativa.it\/wp-content\/uploads\/2025\/06\/piazza-santagostino12-300x163.jpg 300w, https:\/\/modenafuturacreativa.it\/wp-content\/uploads\/2025\/06\/piazza-santagostino12-768x417.jpg 768w, https:\/\/modenafuturacreativa.it\/wp-content\/uploads\/2025\/06\/piazza-santagostino12-18x10.jpg 18w, https:\/\/modenafuturacreativa.it\/wp-content\/uploads\/2025\/06\/piazza-santagostino12.jpg 1409w\" sizes=\"auto, (max-width: 1024px) 100vw, 1024px\" \/><\/div><\/div><\/div><div class=\"content\"><a class=\"nectar-post-grid-link\" href=\"https:\/\/modenafuturacreativa.it\/de\/lestate-modenese-e-anche-in-santagostino-una-piazza-per-la-cultura\/\" ><span class=\"screen-reader-text\">L\u2019estate modenese \u00e8 anche in \u201csantAGOstino. Una piazza per la cultura\u201d<\/span><\/a><div class=\"item-main\"><h3 class=\"post-heading\"><span>L\u2019estate modenese \u00e8 anche in \u201csantAGOstino. Una piazza per la cultura\u201d<\/span><\/h3><div class=\"nectar-post-grid-item__excerpt-wrap item-meta-extra\"><span class=\"meta-excerpt\">Spettacoli, musica e iniziative legate all\u2019arte nell\u2019area tra Palazzo dei Musei e cantiere dell\u2019ex Ospedale,&hellip;<\/span><\/div><span class=\"nectar-post-grid-item__meta-wrap\"><span class=\"meta-date\">12 June 2025<\/span><\/span><\/div><\/div><\/div><\/div><div class=\"nectar-post-grid-item\" style=\"background-color: #eeeeee;\" data-post-id=\"4583\" data-has-img=\"true\"> <div class=\"inner\"><div class=\"nectar-post-grid-item-bg-wrap\"><div class=\"nectar-post-grid-item-bg-wrap-inner\"><div class=\"nectar-post-grid-item-bg\"><img loading=\"lazy\" decoding=\"async\" class=\"nectar-lazy skip-lazy nectar-post-grid-item-bg__media\" src=\"data:image\/svg+xml;charset=utf-8,%3Csvg%20xmlns%3D'http%3A%2F%2Fwww.w3.org%2F2000%2Fsvg'%20viewBox%3D'0%200%201600%201235'%2F%3E\" alt=\"\" height=\"1235\" width=\"1600\" data-nectar-img-src=\"https:\/\/modenafuturacreativa.it\/wp-content\/uploads\/2025\/05\/image-1600-b72b706dc47c408176562e42cd360ebf-1024x790.jpeg\" data-nectar-img-srcset=\"https:\/\/modenafuturacreativa.it\/wp-content\/uploads\/2025\/05\/image-1600-b72b706dc47c408176562e42cd360ebf-1024x790.jpeg 1024w, https:\/\/modenafuturacreativa.it\/wp-content\/uploads\/2025\/05\/image-1600-b72b706dc47c408176562e42cd360ebf-300x232.jpeg 300w, https:\/\/modenafuturacreativa.it\/wp-content\/uploads\/2025\/05\/image-1600-b72b706dc47c408176562e42cd360ebf-768x593.jpeg 768w, https:\/\/modenafuturacreativa.it\/wp-content\/uploads\/2025\/05\/image-1600-b72b706dc47c408176562e42cd360ebf-1536x1186.jpeg 1536w, https:\/\/modenafuturacreativa.it\/wp-content\/uploads\/2025\/05\/image-1600-b72b706dc47c408176562e42cd360ebf-16x12.jpeg 16w, https:\/\/modenafuturacreativa.it\/wp-content\/uploads\/2025\/05\/image-1600-b72b706dc47c408176562e42cd360ebf.jpeg 1600w\" sizes=\"auto, (max-width: 1024px) 100vw, 1024px\" \/><\/div><\/div><\/div><div class=\"content\"><a class=\"nectar-post-grid-link\" href=\"https:\/\/modenafuturacreativa.it\/de\/la-citta-dei-vivi-la-citta-dei-morti-una-passeggiata-immersiva-in-cuffia\/\" ><span class=\"screen-reader-text\">\u201cLa citt\u00e0 dei vivi, la citt\u00e0 dei morti\u201d, una passeggiata immersiva in cuffia<\/span><\/a><div class=\"item-main\"><h3 class=\"post-heading\"><span>\u201cLa citt\u00e0 dei vivi, la citt\u00e0 dei morti\u201d, una passeggiata immersiva in cuffia<\/span><\/h3><div class=\"nectar-post-grid-item__excerpt-wrap item-meta-extra\"><span class=\"meta-excerpt\">Sabato 10 maggio la presentazione della guida sonora per esplorare con nuovi occhi \u2013 e&hellip;<\/span><\/div><span class=\"nectar-post-grid-item__meta-wrap\"><span class=\"meta-date\">8 May 2025<\/span><\/span><\/div><\/div><\/div><\/div><div class=\"nectar-post-grid-item\" style=\"background-color: #eeeeee;\" data-post-id=\"4574\" data-has-img=\"true\"> <div class=\"inner\"><div class=\"nectar-post-grid-item-bg-wrap\"><div class=\"nectar-post-grid-item-bg-wrap-inner\"><div class=\"nectar-post-grid-item-bg\"><img loading=\"lazy\" decoding=\"async\" class=\"nectar-lazy skip-lazy nectar-post-grid-item-bg__media\" src=\"data:image\/svg+xml;charset=utf-8,%3Csvg%20xmlns%3D'http%3A%2F%2Fwww.w3.org%2F2000%2Fsvg'%20viewBox%3D'0%200%201440%20500'%2F%3E\" alt=\"\" height=\"500\" width=\"1440\" data-nectar-img-src=\"https:\/\/modenafuturacreativa.it\/wp-content\/uploads\/2025\/05\/Quayola-in-Qatar-v2__FillWzE0NDAsNTAwXQ-1024x356.jpg\" data-nectar-img-srcset=\"https:\/\/modenafuturacreativa.it\/wp-content\/uploads\/2025\/05\/Quayola-in-Qatar-v2__FillWzE0NDAsNTAwXQ-1024x356.jpg 1024w, https:\/\/modenafuturacreativa.it\/wp-content\/uploads\/2025\/05\/Quayola-in-Qatar-v2__FillWzE0NDAsNTAwXQ-300x104.jpg 300w, https:\/\/modenafuturacreativa.it\/wp-content\/uploads\/2025\/05\/Quayola-in-Qatar-v2__FillWzE0NDAsNTAwXQ-768x267.jpg 768w, https:\/\/modenafuturacreativa.it\/wp-content\/uploads\/2025\/05\/Quayola-in-Qatar-v2__FillWzE0NDAsNTAwXQ-18x6.jpg 18w, https:\/\/modenafuturacreativa.it\/wp-content\/uploads\/2025\/05\/Quayola-in-Qatar-v2__FillWzE0NDAsNTAwXQ.jpg 1440w\" sizes=\"auto, (max-width: 1024px) 100vw, 1024px\" \/><\/div><\/div><\/div><div class=\"content\"><a class=\"nectar-post-grid-link\" href=\"https:\/\/modenafuturacreativa.it\/de\/la-natura-diventa-codice\/\" ><span class=\"screen-reader-text\">La natura diventa codice: in Qatar con Ago \u201cNew Landscape\u201d di Quayola<\/span><\/a><div class=\"item-main\"><h3 class=\"post-heading\"><span>La natura diventa codice: in Qatar con Ago \u201cNew Landscape\u201d di Quayola<\/span><\/h3><div class=\"nectar-post-grid-item__excerpt-wrap item-meta-extra\"><span class=\"meta-excerpt\">La natura diventa codice Dalla prima personale a Modena nel 2020 alla nuova mostra a&hellip;<\/span><\/div><span class=\"nectar-post-grid-item__meta-wrap\"><span class=\"meta-date\">8 May 2025<\/span><\/span><\/div><\/div><\/div><\/div><div class=\"nectar-post-grid-item\" style=\"background-color: #eeeeee;\" data-post-id=\"4365\" data-has-img=\"true\"> <div class=\"inner\"><div class=\"nectar-post-grid-item-bg-wrap\"><div class=\"nectar-post-grid-item-bg-wrap-inner\"><div class=\"nectar-post-grid-item-bg\"><img loading=\"lazy\" decoding=\"async\" class=\"nectar-lazy skip-lazy nectar-post-grid-item-bg__media\" src=\"data:image\/svg+xml;charset=utf-8,%3Csvg%20xmlns%3D'http%3A%2F%2Fwww.w3.org%2F2000%2Fsvg'%20viewBox%3D'0%200%201200%20771'%2F%3E\" alt=\"\" height=\"771\" width=\"1200\" data-nectar-img-src=\"https:\/\/modenafuturacreativa.it\/wp-content\/uploads\/2025\/03\/alberi-festival-1024x658.jpeg\" data-nectar-img-srcset=\"https:\/\/modenafuturacreativa.it\/wp-content\/uploads\/2025\/03\/alberi-festival-1024x658.jpeg 1024w, https:\/\/modenafuturacreativa.it\/wp-content\/uploads\/2025\/03\/alberi-festival-300x193.jpeg 300w, https:\/\/modenafuturacreativa.it\/wp-content\/uploads\/2025\/03\/alberi-festival-768x493.jpeg 768w, https:\/\/modenafuturacreativa.it\/wp-content\/uploads\/2025\/03\/alberi-festival-18x12.jpeg 18w, https:\/\/modenafuturacreativa.it\/wp-content\/uploads\/2025\/03\/alberi-festival.jpeg 1200w\" sizes=\"auto, (max-width: 1024px) 100vw, 1024px\" \/><\/div><\/div><\/div><div class=\"content\"><a class=\"nectar-post-grid-link\" href=\"https:\/\/modenafuturacreativa.it\/de\/alberi-festival-accordo-tra-modena-e-karlsruhe\/\" ><span class=\"screen-reader-text\">ALBERI FESTIVAL, ACCORDO TRA MODENA E KARLSRUHE<\/span><\/a><div class=\"item-main\"><h3 class=\"post-heading\"><span>ALBERI FESTIVAL, ACCORDO TRA MODENA E KARLSRUHE<\/span><\/h3><div class=\"nectar-post-grid-item__excerpt-wrap item-meta-extra\"><span class=\"meta-excerpt\">Le due citt\u00e0 creative Unesco per le Media Arts insieme per costruire la \u201ccitt\u00e0 degli&hellip;<\/span><\/div><span class=\"nectar-post-grid-item__meta-wrap\"><span class=\"meta-date\">21 March 2025<\/span><\/span><\/div><\/div><\/div><\/div><div class=\"nectar-post-grid-item\" style=\"background-color: #eeeeee;\" data-post-id=\"4256\" data-has-img=\"true\"> <div class=\"inner\"><div class=\"nectar-post-grid-item-bg-wrap\"><div class=\"nectar-post-grid-item-bg-wrap-inner\"><div class=\"nectar-post-grid-item-bg\"><img loading=\"lazy\" decoding=\"async\" class=\"nectar-lazy skip-lazy nectar-post-grid-item-bg__media\" src=\"data:image\/svg+xml;charset=utf-8,%3Csvg%20xmlns%3D'http%3A%2F%2Fwww.w3.org%2F2000%2Fsvg'%20viewBox%3D'0%200%202560%201707'%2F%3E\" alt=\"\" height=\"1707\" width=\"2560\" data-nectar-img-src=\"https:\/\/modenafuturacreativa.it\/wp-content\/uploads\/2025\/02\/lancio-sito-wide-1024x683.jpg\" data-nectar-img-srcset=\"https:\/\/modenafuturacreativa.it\/wp-content\/uploads\/2025\/02\/lancio-sito-wide-1024x683.jpg 1024w, https:\/\/modenafuturacreativa.it\/wp-content\/uploads\/2025\/02\/lancio-sito-wide-300x200.jpg 300w, https:\/\/modenafuturacreativa.it\/wp-content\/uploads\/2025\/02\/lancio-sito-wide-768x512.jpg 768w, https:\/\/modenafuturacreativa.it\/wp-content\/uploads\/2025\/02\/lancio-sito-wide-1536x1024.jpg 1536w, https:\/\/modenafuturacreativa.it\/wp-content\/uploads\/2025\/02\/lancio-sito-wide-2048x1366.jpg 2048w, https:\/\/modenafuturacreativa.it\/wp-content\/uploads\/2025\/02\/lancio-sito-wide-18x12.jpg 18w, https:\/\/modenafuturacreativa.it\/wp-content\/uploads\/2025\/02\/lancio-sito-wide-900x600.jpg 900w\" sizes=\"auto, (max-width: 1024px) 100vw, 1024px\" \/><\/div><\/div><\/div><div class=\"content\"><a class=\"nectar-post-grid-link\" href=\"https:\/\/modenafuturacreativa.it\/de\/modena-patrimonio-mondiale-cambia-sito-web\/\" ><span class=\"screen-reader-text\">MODENA PATRIMONIO MONDIALE CAMBIA SITO (WEB)<\/span><\/a><div class=\"item-main\"><h3 class=\"post-heading\"><span>MODENA PATRIMONIO MONDIALE CAMBIA SITO (WEB)<\/span><\/h3><div class=\"nectar-post-grid-item__excerpt-wrap item-meta-extra\"><span class=\"meta-excerpt\">Il nuovo sito dedicato al Patrimonio mondiale Unesco unisce design, tecnologia e contenuti esclusivi per&hellip;<\/span><\/div><span class=\"nectar-post-grid-item__meta-wrap\"><span class=\"meta-date\">24 February 2025<\/span><\/span><\/div><\/div><\/div><\/div><div class=\"nectar-post-grid-item\" style=\"background-color: #eeeeee;\" data-post-id=\"4238\" data-has-img=\"true\"> <div class=\"inner\"><div class=\"nectar-post-grid-item-bg-wrap\"><div class=\"nectar-post-grid-item-bg-wrap-inner\"><div class=\"nectar-post-grid-item-bg\"><img loading=\"lazy\" decoding=\"async\" class=\"nectar-lazy skip-lazy nectar-post-grid-item-bg__media\" src=\"data:image\/svg+xml;charset=utf-8,%3Csvg%20xmlns%3D'http%3A%2F%2Fwww.w3.org%2F2000%2Fsvg'%20viewBox%3D'0%200%202560%201707'%2F%3E\" alt=\"\" height=\"1707\" width=\"2560\" data-nectar-img-src=\"https:\/\/modenafuturacreativa.it\/wp-content\/uploads\/2025\/02\/3C3A1623-1024x683.jpg\" data-nectar-img-srcset=\"https:\/\/modenafuturacreativa.it\/wp-content\/uploads\/2025\/02\/3C3A1623-1024x683.jpg 1024w, https:\/\/modenafuturacreativa.it\/wp-content\/uploads\/2025\/02\/3C3A1623-300x200.jpg 300w, https:\/\/modenafuturacreativa.it\/wp-content\/uploads\/2025\/02\/3C3A1623-768x512.jpg 768w, https:\/\/modenafuturacreativa.it\/wp-content\/uploads\/2025\/02\/3C3A1623-1536x1024.jpg 1536w, https:\/\/modenafuturacreativa.it\/wp-content\/uploads\/2025\/02\/3C3A1623-2048x1365.jpg 2048w, https:\/\/modenafuturacreativa.it\/wp-content\/uploads\/2025\/02\/3C3A1623-900x600.jpg 900w\" sizes=\"auto, (max-width: 1024px) 100vw, 1024px\" \/><\/div><\/div><\/div><div class=\"content\"><a class=\"nectar-post-grid-link\" href=\"https:\/\/modenafuturacreativa.it\/de\/alberi-festival-presentata-la-prima-edizione\/\" ><span class=\"screen-reader-text\">ALBERI FESTIVAL, PRESENTATA LA PRIMA EDIZIONE<\/span><\/a><div class=\"item-main\"><h3 class=\"post-heading\"><span>ALBERI FESTIVAL, PRESENTATA LA PRIMA EDIZIONE<\/span><\/h3><div class=\"nectar-post-grid-item__excerpt-wrap item-meta-extra\"><span class=\"meta-excerpt\">Per una settimana Modena si trasforma nella citt\u00e0 degli alberi. Ideato da Comune di Modena&hellip;<\/span><\/div><span class=\"nectar-post-grid-item__meta-wrap\"><span class=\"meta-date\">18 February 2025<\/span><\/span><\/div><\/div><\/div><\/div><div class=\"nectar-post-grid-item\" style=\"background-color: #eeeeee;\" data-post-id=\"4174\" data-has-img=\"true\"> <div class=\"inner\"><div class=\"nectar-post-grid-item-bg-wrap\"><div class=\"nectar-post-grid-item-bg-wrap-inner\"><div class=\"nectar-post-grid-item-bg\"><img loading=\"lazy\" decoding=\"async\" class=\"nectar-lazy skip-lazy nectar-post-grid-item-bg__media\" src=\"data:image\/svg+xml;charset=utf-8,%3Csvg%20xmlns%3D'http%3A%2F%2Fwww.w3.org%2F2000%2Fsvg'%20viewBox%3D'0%200%201440%201107'%2F%3E\" alt=\"\" height=\"1107\" width=\"1440\" data-nectar-img-src=\"https:\/\/modenafuturacreativa.it\/wp-content\/uploads\/2025\/01\/Debora-Vrizzi-1024x787.jpg\" data-nectar-img-srcset=\"https:\/\/modenafuturacreativa.it\/wp-content\/uploads\/2025\/01\/Debora-Vrizzi-1024x787.jpg 1024w, https:\/\/modenafuturacreativa.it\/wp-content\/uploads\/2025\/01\/Debora-Vrizzi-300x231.jpg 300w, https:\/\/modenafuturacreativa.it\/wp-content\/uploads\/2025\/01\/Debora-Vrizzi-768x590.jpg 768w, https:\/\/modenafuturacreativa.it\/wp-content\/uploads\/2025\/01\/Debora-Vrizzi.jpg 1440w\" sizes=\"auto, (max-width: 1024px) 100vw, 1024px\" \/><\/div><\/div><\/div><div class=\"content\"><a class=\"nectar-post-grid-link\" href=\"https:\/\/modenafuturacreativa.it\/de\/a-scuola-di-educazione-allimmagine-con-ago-e-fem\/\" ><span class=\"screen-reader-text\">A SCUOLA DI EDUCAZIONE ALL\u2019IMMAGINE CON AGO E FEM<\/span><\/a><div class=\"item-main\"><h3 class=\"post-heading\"><span>A SCUOLA DI EDUCAZIONE ALL\u2019IMMAGINE CON AGO E FEM<\/span><\/h3><div class=\"nectar-post-grid-item__excerpt-wrap item-meta-extra\"><span class=\"meta-excerpt\">Da luned\u00ec 27 gennaio a Palazzo Santa Margherita il winter camp sul videostorytelling Sono 460&hellip;<\/span><\/div><span class=\"nectar-post-grid-item__meta-wrap\"><span class=\"meta-date\">27 January 2025<\/span><\/span><\/div><\/div><\/div><\/div><div class=\"nectar-post-grid-item\" style=\"background-color: #eeeeee;\" data-post-id=\"4149\" data-has-img=\"true\"> <div class=\"inner\"><div class=\"nectar-post-grid-item-bg-wrap\"><div class=\"nectar-post-grid-item-bg-wrap-inner\"><div class=\"nectar-post-grid-item-bg\"><img loading=\"lazy\" decoding=\"async\" class=\"nectar-lazy skip-lazy nectar-post-grid-item-bg__media\" src=\"data:image\/svg+xml;charset=utf-8,%3Csvg%20xmlns%3D'http%3A%2F%2Fwww.w3.org%2F2000%2Fsvg'%20viewBox%3D'0%200%201600%20790'%2F%3E\" alt=\"\" height=\"790\" width=\"1600\" data-nectar-img-src=\"https:\/\/modenafuturacreativa.it\/wp-content\/uploads\/2025\/01\/20200220_182949-1024x506.jpg\" data-nectar-img-srcset=\"https:\/\/modenafuturacreativa.it\/wp-content\/uploads\/2025\/01\/20200220_182949-1024x506.jpg 1024w, https:\/\/modenafuturacreativa.it\/wp-content\/uploads\/2025\/01\/20200220_182949-300x148.jpg 300w, https:\/\/modenafuturacreativa.it\/wp-content\/uploads\/2025\/01\/20200220_182949-768x379.jpg 768w, https:\/\/modenafuturacreativa.it\/wp-content\/uploads\/2025\/01\/20200220_182949-1536x758.jpg 1536w, https:\/\/modenafuturacreativa.it\/wp-content\/uploads\/2025\/01\/20200220_182949.jpg 1600w\" sizes=\"auto, (max-width: 1024px) 100vw, 1024px\" \/><\/div><\/div><\/div><div class=\"content\"><a class=\"nectar-post-grid-link\" href=\"https:\/\/modenafuturacreativa.it\/de\/cultura-dimpresa-protagonista-al-laboratorio-aperto\/\" ><span class=\"screen-reader-text\">CULTURA D\u2019IMPRESA PROTAGONISTA AL LABORATORIO APERTO<\/span><\/a><div class=\"item-main\"><h3 class=\"post-heading\"><span>CULTURA D\u2019IMPRESA PROTAGONISTA AL LABORATORIO APERTO<\/span><\/h3><div class=\"nectar-post-grid-item__excerpt-wrap item-meta-extra\"><span class=\"meta-excerpt\">Mercoled\u00ec 15 gennaio torna il ciclo con Talk Together. Alle 17 incontro dedicato alle competenze&hellip;<\/span><\/div><span class=\"nectar-post-grid-item__meta-wrap\"><span class=\"meta-date\">16 January 2025<\/span><\/span><\/div><\/div><\/div><\/div><div class=\"nectar-post-grid-item\" style=\"background-color: #eeeeee;\" data-post-id=\"4042\" data-has-img=\"true\"> <div class=\"inner\"><div class=\"nectar-post-grid-item-bg-wrap\"><div class=\"nectar-post-grid-item-bg-wrap-inner\"><div class=\"nectar-post-grid-item-bg\"><img loading=\"lazy\" decoding=\"async\" class=\"nectar-lazy skip-lazy nectar-post-grid-item-bg__media\" src=\"data:image\/svg+xml;charset=utf-8,%3Csvg%20xmlns%3D'http%3A%2F%2Fwww.w3.org%2F2000%2Fsvg'%20viewBox%3D'0%200%201200%201600'%2F%3E\" alt=\"\" height=\"1600\" width=\"1200\" data-nectar-img-src=\"https:\/\/modenafuturacreativa.it\/wp-content\/uploads\/2024\/10\/Urban-Video-Riprese-in-Tenda-768x1024.jpg\" data-nectar-img-srcset=\"https:\/\/modenafuturacreativa.it\/wp-content\/uploads\/2024\/10\/Urban-Video-Riprese-in-Tenda-768x1024.jpg 768w, https:\/\/modenafuturacreativa.it\/wp-content\/uploads\/2024\/10\/Urban-Video-Riprese-in-Tenda-225x300.jpg 225w, https:\/\/modenafuturacreativa.it\/wp-content\/uploads\/2024\/10\/Urban-Video-Riprese-in-Tenda-1152x1536.jpg 1152w, https:\/\/modenafuturacreativa.it\/wp-content\/uploads\/2024\/10\/Urban-Video-Riprese-in-Tenda.jpg 1200w\" sizes=\"auto, (max-width: 768px) 100vw, 768px\" \/><\/div><\/div><\/div><div class=\"content\"><a class=\"nectar-post-grid-link\" href=\"https:\/\/modenafuturacreativa.it\/de\/al-centro-musica-il-corso-di-videomaking-urban-video\/\" ><span class=\"screen-reader-text\">AL CENTRO MUSICA IL CORSO DI VIDEOMAKING \u201cURBAN VIDEO\u201d<\/span><\/a><div class=\"item-main\"><h3 class=\"post-heading\"><span>AL CENTRO MUSICA IL CORSO DI VIDEOMAKING \u201cURBAN VIDEO\u201d<\/span><\/h3><div class=\"nectar-post-grid-item__excerpt-wrap item-meta-extra\"><span class=\"meta-excerpt\">Aperto a 8 giovani, tra i 16 e i 29 anni, per imparare le diverse&hellip;<\/span><\/div><span class=\"nectar-post-grid-item__meta-wrap\"><span class=\"meta-date\">18 October 2024<\/span><\/span><\/div><\/div><\/div><\/div><div class=\"nectar-post-grid-item\" style=\"background-color: #eeeeee;\" data-post-id=\"4028\" data-has-img=\"true\"> <div class=\"inner\"><div class=\"nectar-post-grid-item-bg-wrap\"><div class=\"nectar-post-grid-item-bg-wrap-inner\"><div class=\"nectar-post-grid-item-bg\"><img loading=\"lazy\" decoding=\"async\" class=\"nectar-lazy skip-lazy nectar-post-grid-item-bg__media\" src=\"data:image\/svg+xml;charset=utf-8,%3Csvg%20xmlns%3D'http%3A%2F%2Fwww.w3.org%2F2000%2Fsvg'%20viewBox%3D'0%200%201023%20604'%2F%3E\" alt=\"\" height=\"604\" width=\"1023\" data-nectar-img-src=\"https:\/\/modenafuturacreativa.it\/wp-content\/uploads\/2024\/10\/sguardi-civici.jpg\" data-nectar-img-srcset=\"https:\/\/modenafuturacreativa.it\/wp-content\/uploads\/2024\/10\/sguardi-civici.jpg 1023w, https:\/\/modenafuturacreativa.it\/wp-content\/uploads\/2024\/10\/sguardi-civici-300x177.jpg 300w, https:\/\/modenafuturacreativa.it\/wp-content\/uploads\/2024\/10\/sguardi-civici-768x453.jpg 768w\" sizes=\"auto, (max-width: 1023px) 100vw, 1023px\" \/><\/div><\/div><\/div><div class=\"content\"><a class=\"nectar-post-grid-link\" href=\"https:\/\/modenafuturacreativa.it\/de\/il-quartiere-san-faustino-in-mostra-con-sguardi-civici\/\" ><span class=\"screen-reader-text\">IL QUARTIERE SAN FAUSTINO IN MOSTRA CON \u201cSGUARDI CIVICI\u201d<\/span><\/a><div class=\"item-main\"><h3 class=\"post-heading\"><span>IL QUARTIERE SAN FAUSTINO IN MOSTRA CON \u201cSGUARDI CIVICI\u201d<\/span><\/h3><div class=\"nectar-post-grid-item__excerpt-wrap item-meta-extra\"><span class=\"meta-excerpt\">Venerd\u00ec 18 ottobre, alle 17, al Direzionale 70, l\u2019inaugurazione dell\u2019esposizione fotografica che unisce il racconto&hellip;<\/span><\/div><span class=\"nectar-post-grid-item__meta-wrap\"><span class=\"meta-date\">16 October 2024<\/span><\/span><\/div><\/div><\/div><\/div><div class=\"nectar-post-grid-item\" style=\"background-color: #eeeeee;\" data-post-id=\"3961\" data-has-img=\"true\"> <div class=\"inner\"><div class=\"nectar-post-grid-item-bg-wrap\"><div class=\"nectar-post-grid-item-bg-wrap-inner\"><div class=\"nectar-post-grid-item-bg\"><img loading=\"lazy\" decoding=\"async\" class=\"nectar-lazy skip-lazy nectar-post-grid-item-bg__media\" src=\"data:image\/svg+xml;charset=utf-8,%3Csvg%20xmlns%3D'http%3A%2F%2Fwww.w3.org%2F2000%2Fsvg'%20viewBox%3D'0%200%20768%20525'%2F%3E\" alt=\"\" height=\"525\" width=\"768\" data-nectar-img-src=\"https:\/\/modenafuturacreativa.it\/wp-content\/uploads\/2024\/09\/cimitero-monumentale.jpg\" data-nectar-img-srcset=\"https:\/\/modenafuturacreativa.it\/wp-content\/uploads\/2024\/09\/cimitero-monumentale.jpg 768w, https:\/\/modenafuturacreativa.it\/wp-content\/uploads\/2024\/09\/cimitero-monumentale-300x205.jpg 300w\" sizes=\"auto, (max-width: 768px) 100vw, 768px\" \/><\/div><\/div><\/div><div class=\"content\"><a class=\"nectar-post-grid-link\" href=\"https:\/\/modenafuturacreativa.it\/de\/san-cataldo-un-riconoscimento-monumentale\/\" ><span class=\"screen-reader-text\">SAN CATALDO, UN RICONOSCIMENTO \u201cMONUMENTALE\u201d<\/span><\/a><div class=\"item-main\"><h3 class=\"post-heading\"><span>SAN CATALDO, UN RICONOSCIMENTO \u201cMONUMENTALE\u201d<\/span><\/h3><div class=\"nectar-post-grid-item__excerpt-wrap item-meta-extra\"><span class=\"meta-excerpt\">Dalla Regione il marchio che certifica il carattere storico-artistico del cimitero di Modena. In arrivo&hellip;<\/span><\/div><span class=\"nectar-post-grid-item__meta-wrap\"><span class=\"meta-date\">18 September 2024<\/span><\/span><\/div><\/div><\/div><\/div><div class=\"nectar-post-grid-item\" style=\"background-color: #eeeeee;\" data-post-id=\"3952\" data-has-img=\"true\"> <div class=\"inner\"><div class=\"nectar-post-grid-item-bg-wrap\"><div class=\"nectar-post-grid-item-bg-wrap-inner\"><div class=\"nectar-post-grid-item-bg\"><img loading=\"lazy\" decoding=\"async\" class=\"nectar-lazy skip-lazy nectar-post-grid-item-bg__media\" src=\"data:image\/svg+xml;charset=utf-8,%3Csvg%20xmlns%3D'http%3A%2F%2Fwww.w3.org%2F2000%2Fsvg'%20viewBox%3D'0%200%20980%20775'%2F%3E\" alt=\"\" height=\"775\" width=\"980\" data-nectar-img-src=\"https:\/\/modenafuturacreativa.it\/wp-content\/uploads\/2024\/09\/comunale.jpg\" data-nectar-img-srcset=\"https:\/\/modenafuturacreativa.it\/wp-content\/uploads\/2024\/09\/comunale.jpg 980w, https:\/\/modenafuturacreativa.it\/wp-content\/uploads\/2024\/09\/comunale-300x237.jpg 300w, https:\/\/modenafuturacreativa.it\/wp-content\/uploads\/2024\/09\/comunale-768x607.jpg 768w\" sizes=\"auto, (max-width: 980px) 100vw, 980px\" \/><\/div><\/div><\/div><div class=\"content\"><a class=\"nectar-post-grid-link\" href=\"https:\/\/modenafuturacreativa.it\/de\/al-comunale-piu-efficienza-energetica-e-innovazioni-digitali\/\" ><span class=\"screen-reader-text\">AL COMUNALE PI\u00d9 EFFICIENZA ENERGETICA E INNOVAZIONI DIGITALI<\/span><\/a><div class=\"item-main\"><h3 class=\"post-heading\"><span>AL COMUNALE PI\u00d9 EFFICIENZA ENERGETICA E INNOVAZIONI DIGITALI<\/span><\/h3><div class=\"nectar-post-grid-item__excerpt-wrap item-meta-extra\"><span class=\"meta-excerpt\">Variazione di bilancio in giunta per presentare un progetto da 640 mila euro per il&hellip;<\/span><\/div><span class=\"nectar-post-grid-item__meta-wrap\"><span class=\"meta-date\">10 September 2024<\/span><\/span><\/div><\/div><\/div><\/div><div class=\"nectar-post-grid-item\" style=\"background-color: #eeeeee;\" data-post-id=\"3901\" data-has-img=\"true\"> <div class=\"inner\"><div class=\"nectar-post-grid-item-bg-wrap\"><div class=\"nectar-post-grid-item-bg-wrap-inner\"><div class=\"nectar-post-grid-item-bg\"><img loading=\"lazy\" decoding=\"async\" class=\"nectar-lazy skip-lazy nectar-post-grid-item-bg__media\" src=\"data:image\/svg+xml;charset=utf-8,%3Csvg%20xmlns%3D'http%3A%2F%2Fwww.w3.org%2F2000%2Fsvg'%20viewBox%3D'0%200%20640%20427'%2F%3E\" alt=\"\" height=\"427\" width=\"640\" data-nectar-img-src=\"https:\/\/modenafuturacreativa.it\/wp-content\/uploads\/2024\/08\/cittadeglialberi.jpg\" data-nectar-img-srcset=\"https:\/\/modenafuturacreativa.it\/wp-content\/uploads\/2024\/08\/cittadeglialberi.jpg 640w, https:\/\/modenafuturacreativa.it\/wp-content\/uploads\/2024\/08\/cittadeglialberi-300x200.jpg 300w\" sizes=\"auto, (max-width: 640px) 100vw, 640px\" \/><\/div><\/div><\/div><div class=\"content\"><a class=\"nectar-post-grid-link\" href=\"https:\/\/modenafuturacreativa.it\/de\/larchitettura-nel-festival-costruire-la-citta-degli-alberi\/\" ><span class=\"screen-reader-text\">ALBERI FESTIVAL \u201cCOSTRUIRE LA CITT\u00c0 DEGLI ALBERI\u201d<\/span><\/a><div class=\"item-main\"><h3 class=\"post-heading\"><span>ALBERI FESTIVAL \u201cCOSTRUIRE LA CITT\u00c0 DEGLI ALBERI\u201d<\/span><\/h3><div class=\"nectar-post-grid-item__excerpt-wrap item-meta-extra\"><span class=\"meta-excerpt\">Dal ministero della Cultura un finanziamento di oltre 100 mila euro per l\u2019iniziativa del Comune&hellip;<\/span><\/div><span class=\"nectar-post-grid-item__meta-wrap\"><span class=\"meta-date\">12 August 2024<\/span><\/span><\/div><\/div><\/div><\/div><div class=\"nectar-post-grid-item\" style=\"background-color: #eeeeee;\" data-post-id=\"3821\" data-has-img=\"true\"> <div class=\"inner\"><div class=\"nectar-post-grid-item-bg-wrap\"><div class=\"nectar-post-grid-item-bg-wrap-inner\"><div class=\"nectar-post-grid-item-bg\"><img loading=\"lazy\" decoding=\"async\" class=\"nectar-lazy skip-lazy nectar-post-grid-item-bg__media\" src=\"data:image\/svg+xml;charset=utf-8,%3Csvg%20xmlns%3D'http%3A%2F%2Fwww.w3.org%2F2000%2Fsvg'%20viewBox%3D'0%200%20620%20877'%2F%3E\" alt=\"\" height=\"877\" width=\"620\" data-nectar-img-src=\"https:\/\/modenafuturacreativa.it\/wp-content\/uploads\/2024\/07\/la-sconosciuta.jpg\" data-nectar-img-srcset=\"https:\/\/modenafuturacreativa.it\/wp-content\/uploads\/2024\/07\/la-sconosciuta.jpg 620w, https:\/\/modenafuturacreativa.it\/wp-content\/uploads\/2024\/07\/la-sconosciuta-212x300.jpg 212w\" sizes=\"auto, (max-width: 620px) 100vw, 620px\" \/><\/div><\/div><\/div><div class=\"content\"><a class=\"nectar-post-grid-link\" href=\"https:\/\/modenafuturacreativa.it\/de\/il-dondolo-2-i-consigli-di-lettura-per-lestate\/\" ><span class=\"screen-reader-text\">IL DONDOLO \/ 2 \u2013 I CONSIGLI DI LETTURA PER L\u2019ESTATE<\/span><\/a><div class=\"item-main\"><h3 class=\"post-heading\"><span>IL DONDOLO \/ 2 \u2013 I CONSIGLI DI LETTURA PER L\u2019ESTATE<\/span><\/h3><div class=\"nectar-post-grid-item__excerpt-wrap item-meta-extra\"><span class=\"meta-excerpt\">Suggeriti da Beppe Cottafavi, direttore della casa editrice digitale, cinque titoli da leggere in relax&hellip;<\/span><\/div><span class=\"nectar-post-grid-item__meta-wrap\"><span class=\"meta-date\">23 July 2024<\/span><\/span><\/div><\/div><\/div><\/div><div class=\"nectar-post-grid-item\" style=\"background-color: #eeeeee;\" data-post-id=\"3811\" data-has-img=\"true\"> <div class=\"inner\"><div class=\"nectar-post-grid-item-bg-wrap\"><div class=\"nectar-post-grid-item-bg-wrap-inner\"><div class=\"nectar-post-grid-item-bg\"><img loading=\"lazy\" decoding=\"async\" class=\"nectar-lazy skip-lazy nectar-post-grid-item-bg__media\" src=\"data:image\/svg+xml;charset=utf-8,%3Csvg%20xmlns%3D'http%3A%2F%2Fwww.w3.org%2F2000%2Fsvg'%20viewBox%3D'0%200%201300%20868'%2F%3E\" alt=\"\" height=\"868\" width=\"1300\" data-nectar-img-src=\"https:\/\/modenafuturacreativa.it\/wp-content\/uploads\/2024\/07\/Marco-Mancuso-1024x684.png\" data-nectar-img-srcset=\"https:\/\/modenafuturacreativa.it\/wp-content\/uploads\/2024\/07\/Marco-Mancuso-1024x684.png 1024w, https:\/\/modenafuturacreativa.it\/wp-content\/uploads\/2024\/07\/Marco-Mancuso-300x200.png 300w, https:\/\/modenafuturacreativa.it\/wp-content\/uploads\/2024\/07\/Marco-Mancuso-768x513.png 768w, https:\/\/modenafuturacreativa.it\/wp-content\/uploads\/2024\/07\/Marco-Mancuso-900x600.png 900w, https:\/\/modenafuturacreativa.it\/wp-content\/uploads\/2024\/07\/Marco-Mancuso.png 1300w\" sizes=\"auto, (max-width: 1024px) 100vw, 1024px\" \/><\/div><\/div><\/div><div class=\"content\"><a class=\"nectar-post-grid-link\" href=\"https:\/\/modenafuturacreativa.it\/de\/smart-life-festival-2-talk-eventi-e-performance\/\" ><span class=\"screen-reader-text\">SMART LIFE FESTIVAL \/ 2 \u2013 TALK, EVENTI E PERFORMANCE<\/span><\/a><div class=\"item-main\"><h3 class=\"post-heading\"><span>SMART LIFE FESTIVAL \/ 2 \u2013 TALK, EVENTI E PERFORMANCE<\/span><\/h3><div class=\"nectar-post-grid-item__excerpt-wrap item-meta-extra\"><span class=\"meta-excerpt\">Esplorando nuove frontiere contro disinformazione e manipolazione della realt\u00e0. Ospiti Gianni Riotta, Rita Cucchiara e&hellip;<\/span><\/div><span class=\"nectar-post-grid-item__meta-wrap\"><span class=\"meta-date\">23 July 2024<\/span><\/span><\/div><\/div><\/div><\/div><div class=\"nectar-post-grid-item\" style=\"background-color: #eeeeee;\" data-post-id=\"3806\" data-has-img=\"true\"> <div class=\"inner\"><div class=\"nectar-post-grid-item-bg-wrap\"><div class=\"nectar-post-grid-item-bg-wrap-inner\"><div class=\"nectar-post-grid-item-bg\"><img loading=\"lazy\" decoding=\"async\" class=\"nectar-lazy skip-lazy nectar-post-grid-item-bg__media\" src=\"data:image\/svg+xml;charset=utf-8,%3Csvg%20xmlns%3D'http%3A%2F%2Fwww.w3.org%2F2000%2Fsvg'%20viewBox%3D'0%200%201948%201108'%2F%3E\" alt=\"\" height=\"1108\" width=\"1948\" data-nectar-img-src=\"https:\/\/modenafuturacreativa.it\/wp-content\/uploads\/2024\/07\/SLF024-Vero-Falso-X-VO-1-1024x582.jpg\" data-nectar-img-srcset=\"https:\/\/modenafuturacreativa.it\/wp-content\/uploads\/2024\/07\/SLF024-Vero-Falso-X-VO-1-1024x582.jpg 1024w, https:\/\/modenafuturacreativa.it\/wp-content\/uploads\/2024\/07\/SLF024-Vero-Falso-X-VO-1-300x171.jpg 300w, https:\/\/modenafuturacreativa.it\/wp-content\/uploads\/2024\/07\/SLF024-Vero-Falso-X-VO-1-768x437.jpg 768w, https:\/\/modenafuturacreativa.it\/wp-content\/uploads\/2024\/07\/SLF024-Vero-Falso-X-VO-1-1536x874.jpg 1536w, https:\/\/modenafuturacreativa.it\/wp-content\/uploads\/2024\/07\/SLF024-Vero-Falso-X-VO-1.jpg 1948w\" sizes=\"auto, (max-width: 1024px) 100vw, 1024px\" \/><\/div><\/div><\/div><div class=\"content\"><a class=\"nectar-post-grid-link\" href=\"https:\/\/modenafuturacreativa.it\/de\/smart-life-festival-2024-indaga-il-confine-tra-vero-e-falso\/\" ><span class=\"screen-reader-text\">SMART LIFE FESTIVAL 2024 INDAGA IL CONFINE TRA VERO E FALSO<\/span><\/a><div class=\"item-main\"><h3 class=\"post-heading\"><span>SMART LIFE FESTIVAL 2024 INDAGA IL CONFINE TRA VERO E FALSO<\/span><\/h3><div class=\"nectar-post-grid-item__excerpt-wrap item-meta-extra\"><span class=\"meta-excerpt\">Fake news, etica e intelligenza artificiale, immaginazione e realt\u00e0 al centro della nona edizione del&hellip;<\/span><\/div><span class=\"nectar-post-grid-item__meta-wrap\"><span class=\"meta-date\">23 July 2024<\/span><\/span><\/div><\/div><\/div><\/div><div class=\"nectar-post-grid-item\" style=\"background-color: #eeeeee;\" data-post-id=\"3699\" data-has-img=\"true\"> <div class=\"inner\"><div class=\"nectar-post-grid-item-bg-wrap\"><div class=\"nectar-post-grid-item-bg-wrap-inner\"><div class=\"nectar-post-grid-item-bg\"><img loading=\"lazy\" decoding=\"async\" class=\"nectar-lazy skip-lazy nectar-post-grid-item-bg__media\" src=\"data:image\/svg+xml;charset=utf-8,%3Csvg%20xmlns%3D'http%3A%2F%2Fwww.w3.org%2F2000%2Fsvg'%20viewBox%3D'0%200%202560%201920'%2F%3E\" alt=\"\" height=\"1920\" width=\"2560\" data-nectar-img-src=\"https:\/\/modenafuturacreativa.it\/wp-content\/uploads\/2024\/05\/IMG-20240511-WA0010-1024x768.jpg\" data-nectar-img-srcset=\"https:\/\/modenafuturacreativa.it\/wp-content\/uploads\/2024\/05\/IMG-20240511-WA0010-1024x768.jpg 1024w, https:\/\/modenafuturacreativa.it\/wp-content\/uploads\/2024\/05\/IMG-20240511-WA0010-300x225.jpg 300w, https:\/\/modenafuturacreativa.it\/wp-content\/uploads\/2024\/05\/IMG-20240511-WA0010-768x576.jpg 768w, https:\/\/modenafuturacreativa.it\/wp-content\/uploads\/2024\/05\/IMG-20240511-WA0010-1536x1152.jpg 1536w, https:\/\/modenafuturacreativa.it\/wp-content\/uploads\/2024\/05\/IMG-20240511-WA0010-2048x1536.jpg 2048w\" sizes=\"auto, (max-width: 1024px) 100vw, 1024px\" \/><\/div><\/div><\/div><div class=\"content\"><a class=\"nectar-post-grid-link\" href=\"https:\/\/modenafuturacreativa.it\/de\/al-centro-musica-linstallazione-di-media-art-drawdown\/\" ><span class=\"screen-reader-text\">AL CENTRO MUSICA L\u2019INSTALLAZIONE DI MEDIA ART \u201cDRAWDOWN\u201d<\/span><\/a><div class=\"item-main\"><h3 class=\"post-heading\"><span>AL CENTRO MUSICA L\u2019INSTALLAZIONE DI MEDIA ART \u201cDRAWDOWN\u201d<\/span><\/h3><div class=\"nectar-post-grid-item__excerpt-wrap item-meta-extra\"><span class=\"meta-excerpt\">Sabato 11 maggio, per il compleanno del centro, svelata l\u2019opera creata dal compositore Riccardo La&hellip;<\/span><\/div><span class=\"nectar-post-grid-item__meta-wrap\"><span class=\"meta-date\">15 May 2024<\/span><\/span><\/div><\/div><\/div><\/div><div class=\"nectar-post-grid-item\" style=\"background-color: #eeeeee;\" data-post-id=\"3624\" data-has-img=\"true\"> <div class=\"inner\"><div class=\"nectar-post-grid-item-bg-wrap\"><div class=\"nectar-post-grid-item-bg-wrap-inner\"><div class=\"nectar-post-grid-item-bg\"><img loading=\"lazy\" decoding=\"async\" class=\"nectar-lazy skip-lazy nectar-post-grid-item-bg__media\" src=\"data:image\/svg+xml;charset=utf-8,%3Csvg%20xmlns%3D'http%3A%2F%2Fwww.w3.org%2F2000%2Fsvg'%20viewBox%3D'0%200%201600%20841'%2F%3E\" alt=\"\" height=\"841\" width=\"1600\" data-nectar-img-src=\"https:\/\/modenafuturacreativa.it\/wp-content\/uploads\/2024\/04\/Cultura-Futuro-Comune-1024x538.jpg\" data-nectar-img-srcset=\"https:\/\/modenafuturacreativa.it\/wp-content\/uploads\/2024\/04\/Cultura-Futuro-Comune-1024x538.jpg 1024w, https:\/\/modenafuturacreativa.it\/wp-content\/uploads\/2024\/04\/Cultura-Futuro-Comune-300x158.jpg 300w, https:\/\/modenafuturacreativa.it\/wp-content\/uploads\/2024\/04\/Cultura-Futuro-Comune-768x404.jpg 768w, https:\/\/modenafuturacreativa.it\/wp-content\/uploads\/2024\/04\/Cultura-Futuro-Comune-1536x807.jpg 1536w, https:\/\/modenafuturacreativa.it\/wp-content\/uploads\/2024\/04\/Cultura-Futuro-Comune.jpg 1600w\" sizes=\"auto, (max-width: 1024px) 100vw, 1024px\" \/><\/div><\/div><\/div><div class=\"content\"><a class=\"nectar-post-grid-link\" href=\"https:\/\/modenafuturacreativa.it\/de\/cultura-futuro-comune-esperienze-e-prospettive-della-cultura-a-modena\/\" ><span class=\"screen-reader-text\">\u201cCULTURA FUTURO COMUNE. Esperienze e prospettive della cultura a Modena\u201d<\/span><\/a><div class=\"item-main\"><h3 class=\"post-heading\"><span>\u201cCULTURA FUTURO COMUNE. Esperienze e prospettive della cultura a Modena\u201d<\/span><\/h3><div class=\"nectar-post-grid-item__excerpt-wrap item-meta-extra\"><span class=\"meta-excerpt\">10.04.2024 - h.18.30 Cinema Arena \u2013 Viale Tassoni 8, Modena &nbsp; Saluti Gian Carlo Muzzarelli&hellip;<\/span><\/div><span class=\"nectar-post-grid-item__meta-wrap\"><span class=\"meta-date\">8 April 2024<\/span><\/span><\/div><\/div><\/div><\/div><div class=\"nectar-post-grid-item\" style=\"background-color: #eeeeee;\" data-post-id=\"3489\" data-has-img=\"true\"> <div class=\"inner\"><div class=\"nectar-post-grid-item-bg-wrap\"><div class=\"nectar-post-grid-item-bg-wrap-inner\"><div class=\"nectar-post-grid-item-bg\"><img loading=\"lazy\" decoding=\"async\" class=\"nectar-lazy skip-lazy nectar-post-grid-item-bg__media\" src=\"data:image\/svg+xml;charset=utf-8,%3Csvg%20xmlns%3D'http%3A%2F%2Fwww.w3.org%2F2000%2Fsvg'%20viewBox%3D'0%200%201024%20724'%2F%3E\" alt=\"\" height=\"724\" width=\"1024\" data-nectar-img-src=\"https:\/\/modenafuturacreativa.it\/wp-content\/uploads\/2024\/02\/Modena-Unesco-3.jpg\" data-nectar-img-srcset=\"https:\/\/modenafuturacreativa.it\/wp-content\/uploads\/2024\/02\/Modena-Unesco-3.jpg 1024w, https:\/\/modenafuturacreativa.it\/wp-content\/uploads\/2024\/02\/Modena-Unesco-3-300x212.jpg 300w, https:\/\/modenafuturacreativa.it\/wp-content\/uploads\/2024\/02\/Modena-Unesco-3-768x543.jpg 768w\" sizes=\"auto, (max-width: 1024px) 100vw, 1024px\" \/><\/div><\/div><\/div><div class=\"content\"><a class=\"nectar-post-grid-link\" href=\"https:\/\/modenafuturacreativa.it\/de\/modena-unesco-nuova-campagna-di-promozione-della-citta\/\" ><span class=\"screen-reader-text\">\u201cMODENA UNESCO\u201d, NUOVA CAMPAGNA DI PROMOZIONE DELLA CITT\u00c0<\/span><\/a><div class=\"item-main\"><h3 class=\"post-heading\"><span>\u201cMODENA UNESCO\u201d, NUOVA CAMPAGNA DI PROMOZIONE DELLA CITT\u00c0<\/span><\/h3><div class=\"nectar-post-grid-item__excerpt-wrap item-meta-extra\"><span class=\"meta-excerpt\">Cattedrale, Ghirlandina e piazza Grande nel nuovo brand turistico in asset con la Citt\u00e0 creativa&hellip;<\/span><\/div><span class=\"nectar-post-grid-item__meta-wrap\"><span class=\"meta-date\">21 February 2024<\/span><\/span><\/div><\/div><\/div><\/div><div class=\"nectar-post-grid-item\" style=\"background-color: #eeeeee;\" data-post-id=\"3334\" data-has-img=\"true\"> <div class=\"inner\"><div class=\"nectar-post-grid-item-bg-wrap\"><div class=\"nectar-post-grid-item-bg-wrap-inner\"><div class=\"nectar-post-grid-item-bg\"><img loading=\"lazy\" decoding=\"async\" class=\"nectar-lazy skip-lazy nectar-post-grid-item-bg__media\" src=\"data:image\/svg+xml;charset=utf-8,%3Csvg%20xmlns%3D'http%3A%2F%2Fwww.w3.org%2F2000%2Fsvg'%20viewBox%3D'0%200%201680%20560'%2F%3E\" alt=\"\" height=\"560\" width=\"1680\" data-nectar-img-src=\"https:\/\/modenafuturacreativa.it\/wp-content\/uploads\/2023\/10\/ago-modena-progetto-1024x341.jpg\" data-nectar-img-srcset=\"https:\/\/modenafuturacreativa.it\/wp-content\/uploads\/2023\/10\/ago-modena-progetto-1024x341.jpg 1024w, https:\/\/modenafuturacreativa.it\/wp-content\/uploads\/2023\/10\/ago-modena-progetto-300x100.jpg 300w, https:\/\/modenafuturacreativa.it\/wp-content\/uploads\/2023\/10\/ago-modena-progetto-768x256.jpg 768w, https:\/\/modenafuturacreativa.it\/wp-content\/uploads\/2023\/10\/ago-modena-progetto-1536x512.jpg 1536w, https:\/\/modenafuturacreativa.it\/wp-content\/uploads\/2023\/10\/ago-modena-progetto.jpg 1680w\" sizes=\"auto, (max-width: 1024px) 100vw, 1024px\" \/><\/div><\/div><\/div><div class=\"content\"><a class=\"nectar-post-grid-link\" href=\"https:\/\/modenafuturacreativa.it\/de\/capodanno2024-modena\/\" ><span class=\"screen-reader-text\">LASER E NOTE NELLA FESTA DI CAPODANNO IN CENTRO STORICO<\/span><\/a><div class=\"item-main\"><h3 class=\"post-heading\"><span>LASER E NOTE NELLA FESTA DI CAPODANNO IN CENTRO STORICO<\/span><\/h3><div class=\"nectar-post-grid-item__excerpt-wrap item-meta-extra\"><span class=\"meta-excerpt\">Nello spettacolo immersivo e multimediale dell\u2019artista Robert Henke la musica viene \u201cproiettata\u201d sulla facciata dell\u2019ex&hellip;<\/span><\/div><span class=\"nectar-post-grid-item__meta-wrap\"><span class=\"meta-date\">30 November 2023<\/span><\/span><\/div><\/div><\/div><\/div><div class=\"nectar-post-grid-item\" style=\"background-color: #eeeeee;\" data-post-id=\"3278\" data-has-img=\"true\"> <div class=\"inner\"><div class=\"nectar-post-grid-item-bg-wrap\"><div class=\"nectar-post-grid-item-bg-wrap-inner\"><div class=\"nectar-post-grid-item-bg\"><img loading=\"lazy\" decoding=\"async\" class=\"nectar-lazy skip-lazy nectar-post-grid-item-bg__media\" src=\"data:image\/svg+xml;charset=utf-8,%3Csvg%20xmlns%3D'http%3A%2F%2Fwww.w3.org%2F2000%2Fsvg'%20viewBox%3D'0%200%201531%201046'%2F%3E\" alt=\"\" height=\"1046\" width=\"1531\" data-nectar-img-src=\"https:\/\/modenafuturacreativa.it\/wp-content\/uploads\/2023\/10\/KV_ANNUALMEETING_6OCTUBRE.ai_Mesa-de-trabajo-1-1024x700.jpg\" data-nectar-img-srcset=\"https:\/\/modenafuturacreativa.it\/wp-content\/uploads\/2023\/10\/KV_ANNUALMEETING_6OCTUBRE.ai_Mesa-de-trabajo-1-1024x700.jpg 1024w, https:\/\/modenafuturacreativa.it\/wp-content\/uploads\/2023\/10\/KV_ANNUALMEETING_6OCTUBRE.ai_Mesa-de-trabajo-1-300x205.jpg 300w, https:\/\/modenafuturacreativa.it\/wp-content\/uploads\/2023\/10\/KV_ANNUALMEETING_6OCTUBRE.ai_Mesa-de-trabajo-1-768x525.jpg 768w, https:\/\/modenafuturacreativa.it\/wp-content\/uploads\/2023\/10\/KV_ANNUALMEETING_6OCTUBRE.ai_Mesa-de-trabajo-1.jpg 1531w\" sizes=\"auto, (max-width: 1024px) 100vw, 1024px\" \/><\/div><\/div><\/div><div class=\"content\"><a class=\"nectar-post-grid-link\" href=\"https:\/\/modenafuturacreativa.it\/de\/media-arts-unesco-modena-al-meeting-internazionale\/\" ><span class=\"screen-reader-text\">MEDIA ARTS UNESCO, MODENA AL MEETING INTERNAZIONALE<\/span><\/a><div class=\"item-main\"><h3 class=\"post-heading\"><span>MEDIA ARTS UNESCO, MODENA AL MEETING INTERNAZIONALE<\/span><\/h3><div class=\"nectar-post-grid-item__excerpt-wrap item-meta-extra\"><span class=\"meta-excerpt\">MEDIA ARTS UNESCO, MODENA AL MEETING INTERNAZIONALE A Cali, in Colombia, dall\u20191 al 3 novembre,&hellip;<\/span><\/div><span class=\"nectar-post-grid-item__meta-wrap\"><span class=\"meta-date\">31 October 2023<\/span><\/span><\/div><\/div><\/div><\/div><div class=\"nectar-post-grid-item\" style=\"background-color: #eeeeee;\" data-post-id=\"2747\" data-has-img=\"true\"> <div class=\"inner\"><div class=\"nectar-post-grid-item-bg-wrap\"><div class=\"nectar-post-grid-item-bg-wrap-inner\"><div class=\"nectar-post-grid-item-bg\"><img loading=\"lazy\" decoding=\"async\" class=\"nectar-lazy skip-lazy nectar-post-grid-item-bg__media\" src=\"data:image\/svg+xml;charset=utf-8,%3Csvg%20xmlns%3D'http%3A%2F%2Fwww.w3.org%2F2000%2Fsvg'%20viewBox%3D'0%200%201159%20817'%2F%3E\" alt=\"\" height=\"817\" width=\"1159\" data-nectar-img-src=\"https:\/\/modenafuturacreativa.it\/wp-content\/uploads\/2023\/08\/mockup-mappa-creativita-1024x722.jpg\" data-nectar-img-srcset=\"https:\/\/modenafuturacreativa.it\/wp-content\/uploads\/2023\/08\/mockup-mappa-creativita-1024x722.jpg 1024w, https:\/\/modenafuturacreativa.it\/wp-content\/uploads\/2023\/08\/mockup-mappa-creativita-300x211.jpg 300w, https:\/\/modenafuturacreativa.it\/wp-content\/uploads\/2023\/08\/mockup-mappa-creativita-768x541.jpg 768w, https:\/\/modenafuturacreativa.it\/wp-content\/uploads\/2023\/08\/mockup-mappa-creativita.jpg 1159w\" sizes=\"auto, (max-width: 1024px) 100vw, 1024px\" \/><\/div><\/div><\/div><div class=\"content\"><a class=\"nectar-post-grid-link\" href=\"https:\/\/modenafuturacreativa.it\/de\/online-la-mappa-delle-media-arts\/\" ><span class=\"screen-reader-text\">Online la mappa delle Media Arts<\/span><\/a><div class=\"item-main\"><h3 class=\"post-heading\"><span>Online la mappa delle Media Arts<\/span><\/h3><div class=\"nectar-post-grid-item__excerpt-wrap item-meta-extra\"><span class=\"meta-excerpt\">Un viaggio per conoscere tutti i partner tra festival, percorsi espositivi innovativi, formazione avanzata, laboratori,&hellip;<\/span><\/div><span class=\"nectar-post-grid-item__meta-wrap\"><span class=\"meta-date\">3 August 2023<\/span><\/span><\/div><\/div><\/div><\/div><div class=\"nectar-post-grid-item\" style=\"background-color: #eeeeee;\" data-post-id=\"2198\" data-has-img=\"true\"> <div class=\"inner\"><div class=\"nectar-post-grid-item-bg-wrap\"><div class=\"nectar-post-grid-item-bg-wrap-inner\"><div class=\"nectar-post-grid-item-bg\"><img loading=\"lazy\" decoding=\"async\" class=\"nectar-lazy skip-lazy nectar-post-grid-item-bg__media\" src=\"data:image\/svg+xml;charset=utf-8,%3Csvg%20xmlns%3D'http%3A%2F%2Fwww.w3.org%2F2000%2Fsvg'%20viewBox%3D'0%200%202560%201805'%2F%3E\" alt=\"\" height=\"1805\" width=\"2560\" data-nectar-img-src=\"https:\/\/modenafuturacreativa.it\/wp-content\/uploads\/2023\/05\/Laura_1_Pagina_2-1024x722.jpg\" data-nectar-img-srcset=\"https:\/\/modenafuturacreativa.it\/wp-content\/uploads\/2023\/05\/Laura_1_Pagina_2-1024x722.jpg 1024w, https:\/\/modenafuturacreativa.it\/wp-content\/uploads\/2023\/05\/Laura_1_Pagina_2-300x211.jpg 300w, https:\/\/modenafuturacreativa.it\/wp-content\/uploads\/2023\/05\/Laura_1_Pagina_2-768x541.jpg 768w, https:\/\/modenafuturacreativa.it\/wp-content\/uploads\/2023\/05\/Laura_1_Pagina_2-1536x1083.jpg 1536w, https:\/\/modenafuturacreativa.it\/wp-content\/uploads\/2023\/05\/Laura_1_Pagina_2-2048x1444.jpg 2048w\" sizes=\"auto, (max-width: 1024px) 100vw, 1024px\" \/><\/div><\/div><\/div><div class=\"content\"><a class=\"nectar-post-grid-link\" href=\"https:\/\/modenafuturacreativa.it\/de\/la-casa-editrice-il-dondolo-al-salone-del-libro-di-torino\/\" ><span class=\"screen-reader-text\">La casa editrice &#8220;Il Dondolo&#8221; al salone del libro di Torino<\/span><\/a><div class=\"item-main\"><h3 class=\"post-heading\"><span>La casa editrice &#8220;Il Dondolo&#8221; al salone del libro di Torino<\/span><\/h3><div class=\"nectar-post-grid-item__excerpt-wrap item-meta-extra\"><span class=\"meta-excerpt\">Venerd\u00ec 19 maggio, alle 12.30, la presentazione dell\u2019attivit\u00e0 e delle nuove uscite. Campagna di affissioni&hellip;<\/span><\/div><span class=\"nectar-post-grid-item__meta-wrap\"><span class=\"meta-date\">23 May 2023<\/span><\/span><\/div><\/div><\/div><\/div><div class=\"nectar-post-grid-item\" style=\"background-color: #eeeeee;\" data-post-id=\"1749\" data-has-img=\"true\"> <div class=\"inner\"><div class=\"nectar-post-grid-item-bg-wrap\"><div class=\"nectar-post-grid-item-bg-wrap-inner\"><div class=\"nectar-post-grid-item-bg\"><img loading=\"lazy\" decoding=\"async\" class=\"nectar-lazy skip-lazy nectar-post-grid-item-bg__media\" src=\"data:image\/svg+xml;charset=utf-8,%3Csvg%20xmlns%3D'http%3A%2F%2Fwww.w3.org%2F2000%2Fsvg'%20viewBox%3D'0%200%201917%20796'%2F%3E\" alt=\"\" height=\"796\" width=\"1917\" data-nectar-img-src=\"https:\/\/modenafuturacreativa.it\/wp-content\/uploads\/2022\/02\/modena-unesco-1024x425.png\" data-nectar-img-srcset=\"https:\/\/modenafuturacreativa.it\/wp-content\/uploads\/2022\/02\/modena-unesco-1024x425.png 1024w, https:\/\/modenafuturacreativa.it\/wp-content\/uploads\/2022\/02\/modena-unesco-300x125.png 300w, https:\/\/modenafuturacreativa.it\/wp-content\/uploads\/2022\/02\/modena-unesco-768x319.png 768w, https:\/\/modenafuturacreativa.it\/wp-content\/uploads\/2022\/02\/modena-unesco-1536x638.png 1536w, https:\/\/modenafuturacreativa.it\/wp-content\/uploads\/2022\/02\/modena-unesco.png 1917w\" sizes=\"auto, (max-width: 1024px) 100vw, 1024px\" \/><\/div><\/div><\/div><div class=\"content\"><a class=\"nectar-post-grid-link\" href=\"https:\/\/modenafuturacreativa.it\/de\/modena-citta-creativa-al-forum-di-giovani-per-lunesco\/\" ><span class=\"screen-reader-text\">Modena citt\u00e0 creativa al forum di &#8220;giovani per l&#8217;Unesco&#8221;<\/span><\/a><div class=\"item-main\"><h3 class=\"post-heading\"><span>Modena citt\u00e0 creativa al forum di &#8220;giovani per l&#8217;Unesco&#8221;<\/span><\/h3><div class=\"nectar-post-grid-item__excerpt-wrap item-meta-extra\"><span class=\"meta-excerpt\">A Torino, sabato 15 aprile, la presentazione del percorso come citt\u00e0 creativa per le Media&hellip;<\/span><\/div><span class=\"nectar-post-grid-item__meta-wrap\"><span class=\"meta-date\">20 April 2023<\/span><\/span><\/div><\/div><\/div><\/div><div class=\"nectar-post-grid-item\" style=\"background-color: #eeeeee;\" data-post-id=\"1744\" data-has-img=\"true\"> <div class=\"inner\"><div class=\"nectar-post-grid-item-bg-wrap\"><div class=\"nectar-post-grid-item-bg-wrap-inner\"><div class=\"nectar-post-grid-item-bg\"><img loading=\"lazy\" decoding=\"async\" class=\"nectar-lazy skip-lazy nectar-post-grid-item-bg__media\" src=\"data:image\/svg+xml;charset=utf-8,%3Csvg%20xmlns%3D'http%3A%2F%2Fwww.w3.org%2F2000%2Fsvg'%20viewBox%3D'0%200%201917%20796'%2F%3E\" alt=\"\" height=\"796\" width=\"1917\" data-nectar-img-src=\"https:\/\/modenafuturacreativa.it\/wp-content\/uploads\/2023\/03\/industrie-culturali-e-creative-nuovo-bando-smp-1024x425.png\" data-nectar-img-srcset=\"https:\/\/modenafuturacreativa.it\/wp-content\/uploads\/2023\/03\/industrie-culturali-e-creative-nuovo-bando-smp-1024x425.png 1024w, https:\/\/modenafuturacreativa.it\/wp-content\/uploads\/2023\/03\/industrie-culturali-e-creative-nuovo-bando-smp-300x125.png 300w, https:\/\/modenafuturacreativa.it\/wp-content\/uploads\/2023\/03\/industrie-culturali-e-creative-nuovo-bando-smp-768x319.png 768w, https:\/\/modenafuturacreativa.it\/wp-content\/uploads\/2023\/03\/industrie-culturali-e-creative-nuovo-bando-smp-1536x638.png 1536w, https:\/\/modenafuturacreativa.it\/wp-content\/uploads\/2023\/03\/industrie-culturali-e-creative-nuovo-bando-smp.png 1917w\" sizes=\"auto, (max-width: 1024px) 100vw, 1024px\" \/><\/div><\/div><\/div><div class=\"content\"><a class=\"nectar-post-grid-link\" href=\"https:\/\/modenafuturacreativa.it\/de\/nuovo-bando-per-le-industrie-culturali-e-creative\/\" ><span class=\"screen-reader-text\">Nuovo bando per le industrie culturali e creative<\/span><\/a><div class=\"item-main\"><h3 class=\"post-heading\"><span>Nuovo bando per le industrie culturali e creative<\/span><\/h3><div class=\"nectar-post-grid-item__excerpt-wrap item-meta-extra\"><span class=\"meta-excerpt\">E\u2019 stato pubblicato il primo bando\u00a0Euroclusters for Thriving Creative and Cultural Industries\u00a0(CHREATHRIV-EU) della sezione COSME&hellip;<\/span><\/div><span class=\"nectar-post-grid-item__meta-wrap\"><span class=\"meta-date\">28 March 2023<\/span><\/span><\/div><\/div><\/div><\/div><div class=\"nectar-post-grid-item\" style=\"background-color: #eeeeee;\" data-post-id=\"1612\" data-has-img=\"true\"> <div class=\"inner\"><div class=\"nectar-post-grid-item-bg-wrap\"><div class=\"nectar-post-grid-item-bg-wrap-inner\"><div class=\"nectar-post-grid-item-bg\"><img loading=\"lazy\" decoding=\"async\" class=\"nectar-lazy skip-lazy nectar-post-grid-item-bg__media\" src=\"data:image\/svg+xml;charset=utf-8,%3Csvg%20xmlns%3D'http%3A%2F%2Fwww.w3.org%2F2000%2Fsvg'%20viewBox%3D'0%200%201917%20796'%2F%3E\" alt=\"\" height=\"796\" width=\"1917\" data-nectar-img-src=\"https:\/\/modenafuturacreativa.it\/wp-content\/uploads\/2022\/12\/capodanno-1024x425.jpg\" data-nectar-img-srcset=\"https:\/\/modenafuturacreativa.it\/wp-content\/uploads\/2022\/12\/capodanno-1024x425.jpg 1024w, https:\/\/modenafuturacreativa.it\/wp-content\/uploads\/2022\/12\/capodanno-300x125.jpg 300w, https:\/\/modenafuturacreativa.it\/wp-content\/uploads\/2022\/12\/capodanno-768x319.jpg 768w, https:\/\/modenafuturacreativa.it\/wp-content\/uploads\/2022\/12\/capodanno-1536x638.jpg 1536w, https:\/\/modenafuturacreativa.it\/wp-content\/uploads\/2022\/12\/capodanno.jpg 1917w\" sizes=\"auto, (max-width: 1024px) 100vw, 1024px\" \/><\/div><\/div><\/div><div class=\"content\"><a class=\"nectar-post-grid-link\" href=\"https:\/\/modenafuturacreativa.it\/de\/capodanno-a-cielo-aperto-che-unisce-il-mito-larte-e-le-nuove-tecnologie\/\" ><span class=\"screen-reader-text\">Modena: Capodanno a cielo aperto che unisce il mito, l\u2019arte e le nuove tecnologie<\/span><\/a><div class=\"item-main\"><h3 class=\"post-heading\"><span>Modena: Capodanno a cielo aperto che unisce il mito, l\u2019arte e le nuove tecnologie<\/span><\/h3><div class=\"nectar-post-grid-item__excerpt-wrap item-meta-extra\"><span class=\"meta-excerpt\">Modena saluta il 2022 con una festa di Capodanno a cielo aperto che unisce il&hellip;<\/span><\/div><span class=\"nectar-post-grid-item__meta-wrap\"><span class=\"meta-date\">22 December 2022<\/span><\/span><\/div><\/div><\/div><\/div><div class=\"nectar-post-grid-item\" style=\"background-color: #eeeeee;\" data-post-id=\"1468\" data-has-img=\"true\"> <div class=\"inner\"><div class=\"nectar-post-grid-item-bg-wrap\"><div class=\"nectar-post-grid-item-bg-wrap-inner\"><div class=\"nectar-post-grid-item-bg\"><img loading=\"lazy\" decoding=\"async\" class=\"nectar-lazy skip-lazy nectar-post-grid-item-bg__media\" src=\"data:image\/svg+xml;charset=utf-8,%3Csvg%20xmlns%3D'http%3A%2F%2Fwww.w3.org%2F2000%2Fsvg'%20viewBox%3D'0%200%201917%20796'%2F%3E\" alt=\"\" height=\"796\" width=\"1917\" data-nectar-img-src=\"https:\/\/modenafuturacreativa.it\/wp-content\/uploads\/2022\/12\/Teatro-Comunale-di-Modena-1024x425.jpg\" data-nectar-img-srcset=\"https:\/\/modenafuturacreativa.it\/wp-content\/uploads\/2022\/12\/Teatro-Comunale-di-Modena-1024x425.jpg 1024w, https:\/\/modenafuturacreativa.it\/wp-content\/uploads\/2022\/12\/Teatro-Comunale-di-Modena-300x125.jpg 300w, https:\/\/modenafuturacreativa.it\/wp-content\/uploads\/2022\/12\/Teatro-Comunale-di-Modena-768x319.jpg 768w, https:\/\/modenafuturacreativa.it\/wp-content\/uploads\/2022\/12\/Teatro-Comunale-di-Modena-1536x638.jpg 1536w, https:\/\/modenafuturacreativa.it\/wp-content\/uploads\/2022\/12\/Teatro-Comunale-di-Modena.jpg 1917w\" sizes=\"auto, (max-width: 1024px) 100vw, 1024px\" \/><\/div><\/div><\/div><div class=\"content\"><a class=\"nectar-post-grid-link\" href=\"https:\/\/modenafuturacreativa.it\/de\/butterfly-progetto-vincitore-del-bando-creative-europe-2022\/\" ><span class=\"screen-reader-text\">\u201cBUTTERFLY\u201d: PROGETTO VINCITORE DEL BANDO CREATIVE EUROPE 2022<\/span><\/a><div class=\"item-main\"><h3 class=\"post-heading\"><span>\u201cBUTTERFLY\u201d: PROGETTO VINCITORE DEL BANDO CREATIVE EUROPE 2022<\/span><\/h3><div class=\"nectar-post-grid-item__excerpt-wrap item-meta-extra\"><span class=\"meta-excerpt\">Una nuova opera dedicata alla sostenibilit\u00e0 ambientale. Un progetto del Teatro Comunale di Modena con&hellip;<\/span><\/div><span class=\"nectar-post-grid-item__meta-wrap\"><span class=\"meta-date\">15 December 2022<\/span><\/span><\/div><\/div><\/div><\/div><div class=\"nectar-post-grid-item\" style=\"background-color: #eeeeee;\" data-post-id=\"1431\" data-has-img=\"true\"> <div class=\"inner\"><div class=\"nectar-post-grid-item-bg-wrap\"><div class=\"nectar-post-grid-item-bg-wrap-inner\"><div class=\"nectar-post-grid-item-bg\"><img loading=\"lazy\" decoding=\"async\" class=\"nectar-lazy skip-lazy nectar-post-grid-item-bg__media\" src=\"data:image\/svg+xml;charset=utf-8,%3Csvg%20xmlns%3D'http%3A%2F%2Fwww.w3.org%2F2000%2Fsvg'%20viewBox%3D'0%200%201917%20796'%2F%3E\" alt=\"\" height=\"796\" width=\"1917\" data-nectar-img-src=\"https:\/\/modenafuturacreativa.it\/wp-content\/uploads\/2022\/11\/modena-futura-creativa4-1024x425.jpg\" data-nectar-img-srcset=\"https:\/\/modenafuturacreativa.it\/wp-content\/uploads\/2022\/11\/modena-futura-creativa4-1024x425.jpg 1024w, https:\/\/modenafuturacreativa.it\/wp-content\/uploads\/2022\/11\/modena-futura-creativa4-300x125.jpg 300w, https:\/\/modenafuturacreativa.it\/wp-content\/uploads\/2022\/11\/modena-futura-creativa4-768x319.jpg 768w, https:\/\/modenafuturacreativa.it\/wp-content\/uploads\/2022\/11\/modena-futura-creativa4-1536x638.jpg 1536w, https:\/\/modenafuturacreativa.it\/wp-content\/uploads\/2022\/11\/modena-futura-creativa4.jpg 1917w\" sizes=\"auto, (max-width: 1024px) 100vw, 1024px\" \/><\/div><\/div><\/div><div class=\"content\"><a class=\"nectar-post-grid-link\" href=\"https:\/\/modenafuturacreativa.it\/de\/primo-forum-modena-city-of-media-arts\/\" ><span class=\"screen-reader-text\">Primo forum Modena City of Media Arts<\/span><\/a><div class=\"item-main\"><h3 class=\"post-heading\"><span>Primo forum Modena City of Media Arts<\/span><\/h3><div class=\"nectar-post-grid-item__excerpt-wrap item-meta-extra\"><span class=\"meta-excerpt\">11 novembre 2022 10.00-13.00 | 14.30-17.30 Modena \u2013 Laboratorio aperto 1\u00b0 forum Modena City of&hellip;<\/span><\/div><span class=\"nectar-post-grid-item__meta-wrap\"><span class=\"meta-date\">8 November 2022<\/span><\/span><\/div><\/div><\/div><\/div><div class=\"nectar-post-grid-item\" style=\"background-color: #eeeeee;\" data-post-id=\"1341\" data-has-img=\"true\"> <div class=\"inner\"><div class=\"nectar-post-grid-item-bg-wrap\"><div class=\"nectar-post-grid-item-bg-wrap-inner\"><div class=\"nectar-post-grid-item-bg\"><img loading=\"lazy\" decoding=\"async\" class=\"nectar-lazy skip-lazy nectar-post-grid-item-bg__media\" src=\"data:image\/svg+xml;charset=utf-8,%3Csvg%20xmlns%3D'http%3A%2F%2Fwww.w3.org%2F2000%2Fsvg'%20viewBox%3D'0%200%201917%20796'%2F%3E\" alt=\"\" height=\"796\" width=\"1917\" data-nectar-img-src=\"https:\/\/modenafuturacreativa.it\/wp-content\/uploads\/2022\/09\/La-sfida-delle-citta-1024x425.jpg\" data-nectar-img-srcset=\"https:\/\/modenafuturacreativa.it\/wp-content\/uploads\/2022\/09\/La-sfida-delle-citta-1024x425.jpg 1024w, https:\/\/modenafuturacreativa.it\/wp-content\/uploads\/2022\/09\/La-sfida-delle-citta-300x125.jpg 300w, https:\/\/modenafuturacreativa.it\/wp-content\/uploads\/2022\/09\/La-sfida-delle-citta-768x319.jpg 768w, https:\/\/modenafuturacreativa.it\/wp-content\/uploads\/2022\/09\/La-sfida-delle-citta-1536x638.jpg 1536w, https:\/\/modenafuturacreativa.it\/wp-content\/uploads\/2022\/09\/La-sfida-delle-citta.jpg 1917w\" sizes=\"auto, (max-width: 1024px) 100vw, 1024px\" \/><\/div><\/div><\/div><div class=\"content\"><a class=\"nectar-post-grid-link\" href=\"https:\/\/modenafuturacreativa.it\/de\/futura-creativa-la-sfida-delle-citta-innovazione-sostenibilita-e-inclusione\/\" ><span class=\"screen-reader-text\">FUTURA CREATIVA. La sfida delle citt\u00e0: innovazione, sostenibilit\u00e0 e inclusione<\/span><\/a><div class=\"item-main\"><h3 class=\"post-heading\"><span>FUTURA CREATIVA. La sfida delle citt\u00e0: innovazione, sostenibilit\u00e0 e inclusione<\/span><\/h3><div class=\"nectar-post-grid-item__excerpt-wrap item-meta-extra\"><span class=\"meta-excerpt\">Venerd\u00ec 11 novembre 2022, dalle ore 10 alle 17, presso il Laboratorio aperto di Modena,&hellip;<\/span><\/div><span class=\"nectar-post-grid-item__meta-wrap\"><span class=\"meta-date\">7 September 2022<\/span><\/span><\/div><\/div><\/div><\/div><div class=\"nectar-post-grid-item\" style=\"background-color: #eeeeee;\" data-post-id=\"1235\" data-has-img=\"true\"> <div class=\"inner\"><div class=\"nectar-post-grid-item-bg-wrap\"><div class=\"nectar-post-grid-item-bg-wrap-inner\"><div class=\"nectar-post-grid-item-bg\"><img loading=\"lazy\" decoding=\"async\" class=\"nectar-lazy skip-lazy nectar-post-grid-item-bg__media\" src=\"data:image\/svg+xml;charset=utf-8,%3Csvg%20xmlns%3D'http%3A%2F%2Fwww.w3.org%2F2000%2Fsvg'%20viewBox%3D'0%200%201917%20796'%2F%3E\" alt=\"\" height=\"796\" width=\"1917\" data-nectar-img-src=\"https:\/\/modenafuturacreativa.it\/wp-content\/uploads\/2022\/03\/dossier-modena-citta-creativa-1024x425.jpg\" data-nectar-img-srcset=\"https:\/\/modenafuturacreativa.it\/wp-content\/uploads\/2022\/03\/dossier-modena-citta-creativa-1024x425.jpg 1024w, https:\/\/modenafuturacreativa.it\/wp-content\/uploads\/2022\/03\/dossier-modena-citta-creativa-300x125.jpg 300w, https:\/\/modenafuturacreativa.it\/wp-content\/uploads\/2022\/03\/dossier-modena-citta-creativa-768x319.jpg 768w, https:\/\/modenafuturacreativa.it\/wp-content\/uploads\/2022\/03\/dossier-modena-citta-creativa-1536x638.jpg 1536w, https:\/\/modenafuturacreativa.it\/wp-content\/uploads\/2022\/03\/dossier-modena-citta-creativa.jpg 1917w\" sizes=\"auto, (max-width: 1024px) 100vw, 1024px\" \/><\/div><\/div><\/div><div class=\"content\"><a class=\"nectar-post-grid-link\" href=\"https:\/\/modenafuturacreativa.it\/de\/e-disponibile-il-dossier-di-candidatura-di-modena-citta-creativa-unesco\/\" ><span class=\"screen-reader-text\">\u00c9 disponibile il dossier di candidatura di Modena citt\u00e0 creativa UNESCO<\/span><\/a><div class=\"item-main\"><h3 class=\"post-heading\"><span>\u00c9 disponibile il dossier di candidatura di Modena citt\u00e0 creativa UNESCO<\/span><\/h3><div class=\"nectar-post-grid-item__excerpt-wrap item-meta-extra\"><span class=\"meta-excerpt\">Il percorso che ha condotto alla candidatura prima, e alla nomina poi, di Modena Citt\u00e0&hellip;<\/span><\/div><span class=\"nectar-post-grid-item__meta-wrap\"><span class=\"meta-date\">18 March 2022<\/span><\/span><\/div><\/div><\/div><\/div><div class=\"nectar-post-grid-item\" style=\"background-color: #eeeeee;\" data-post-id=\"1206\" data-has-img=\"true\"> <div class=\"inner\"><div class=\"nectar-post-grid-item-bg-wrap\"><div class=\"nectar-post-grid-item-bg-wrap-inner\"><div class=\"nectar-post-grid-item-bg\"><img loading=\"lazy\" decoding=\"async\" class=\"nectar-lazy skip-lazy nectar-post-grid-item-bg__media\" src=\"data:image\/svg+xml;charset=utf-8,%3Csvg%20xmlns%3D'http%3A%2F%2Fwww.w3.org%2F2000%2Fsvg'%20viewBox%3D'0%200%201917%20796'%2F%3E\" alt=\"\" height=\"796\" width=\"1917\" data-nectar-img-src=\"https:\/\/modenafuturacreativa.it\/wp-content\/uploads\/2022\/02\/Modena-citta-creative-unesco-1024x425.png\" data-nectar-img-srcset=\"https:\/\/modenafuturacreativa.it\/wp-content\/uploads\/2022\/02\/Modena-citta-creative-unesco-1024x425.png 1024w, https:\/\/modenafuturacreativa.it\/wp-content\/uploads\/2022\/02\/Modena-citta-creative-unesco-300x125.png 300w, https:\/\/modenafuturacreativa.it\/wp-content\/uploads\/2022\/02\/Modena-citta-creative-unesco-768x319.png 768w, https:\/\/modenafuturacreativa.it\/wp-content\/uploads\/2022\/02\/Modena-citta-creative-unesco-1536x638.png 1536w, https:\/\/modenafuturacreativa.it\/wp-content\/uploads\/2022\/02\/Modena-citta-creative-unesco.png 1917w\" sizes=\"auto, (max-width: 1024px) 100vw, 1024px\" \/><\/div><\/div><\/div><div class=\"content\"><a class=\"nectar-post-grid-link\" href=\"https:\/\/modenafuturacreativa.it\/de\/citta-di-modena-e-ufficialmente-sulla-mappa-delle-citta-creative\/\" ><span class=\"screen-reader-text\">Citt\u00e0 di Modena \u00e8 ufficialmente sulla mappa delle citt\u00e0 Creative!<\/span><\/a><div class=\"item-main\"><h3 class=\"post-heading\"><span>Citt\u00e0 di Modena \u00e8 ufficialmente sulla mappa delle citt\u00e0 Creative!<\/span><\/h3><div class=\"nectar-post-grid-item__excerpt-wrap item-meta-extra\"><span class=\"meta-excerpt\">Citt\u00e0 di Modena \u00e8 ufficialmente sulla mappa delle citt\u00e0 Creative! Sul sito: https:\/\/mediaartscities.com\/ si possono&hellip;<\/span><\/div><span class=\"nectar-post-grid-item__meta-wrap\"><span class=\"meta-date\">7 February 2022<\/span><\/span><\/div><\/div><\/div><\/div><div class=\"nectar-post-grid-item\" style=\"background-color: #eeeeee;\" data-post-id=\"1201\" data-has-img=\"true\"> <div class=\"inner\"><div class=\"nectar-post-grid-item-bg-wrap\"><div class=\"nectar-post-grid-item-bg-wrap-inner\"><div class=\"nectar-post-grid-item-bg\"><img loading=\"lazy\" decoding=\"async\" class=\"nectar-lazy skip-lazy nectar-post-grid-item-bg__media\" src=\"data:image\/svg+xml;charset=utf-8,%3Csvg%20xmlns%3D'http%3A%2F%2Fwww.w3.org%2F2000%2Fsvg'%20viewBox%3D'0%200%201917%20796'%2F%3E\" alt=\"\" height=\"796\" width=\"1917\" data-nectar-img-src=\"https:\/\/modenafuturacreativa.it\/wp-content\/uploads\/2022\/02\/modena-unesco-1024x425.png\" data-nectar-img-srcset=\"https:\/\/modenafuturacreativa.it\/wp-content\/uploads\/2022\/02\/modena-unesco-1024x425.png 1024w, https:\/\/modenafuturacreativa.it\/wp-content\/uploads\/2022\/02\/modena-unesco-300x125.png 300w, https:\/\/modenafuturacreativa.it\/wp-content\/uploads\/2022\/02\/modena-unesco-768x319.png 768w, https:\/\/modenafuturacreativa.it\/wp-content\/uploads\/2022\/02\/modena-unesco-1536x638.png 1536w, https:\/\/modenafuturacreativa.it\/wp-content\/uploads\/2022\/02\/modena-unesco.png 1917w\" sizes=\"auto, (max-width: 1024px) 100vw, 1024px\" \/><\/div><\/div><\/div><div class=\"content\"><a class=\"nectar-post-grid-link\" href=\"https:\/\/modenafuturacreativa.it\/de\/unesco-approva-il-nuovo-logo-modena-city-of-media-arts\/\" ><span class=\"screen-reader-text\">Unesco approva il nuovo logo Modena City of media arts<\/span><\/a><div class=\"item-main\"><h3 class=\"post-heading\"><span>Unesco approva il nuovo logo Modena City of media arts<\/span><\/h3><div class=\"nectar-post-grid-item__excerpt-wrap item-meta-extra\"><span class=\"meta-excerpt\">Unesco approva il nuovo logo Modena City of media arts Approfondisci<\/span><\/div><span class=\"nectar-post-grid-item__meta-wrap\"><span class=\"meta-date\">3 February 2022<\/span><\/span><\/div><\/div><\/div><\/div><div class=\"nectar-post-grid-item\" style=\"background-color: #eeeeee;\" data-post-id=\"994\" data-has-img=\"true\"> <div class=\"inner\"><div class=\"nectar-post-grid-item-bg-wrap\"><div class=\"nectar-post-grid-item-bg-wrap-inner\"><div class=\"nectar-post-grid-item-bg\"><img loading=\"lazy\" decoding=\"async\" class=\"nectar-lazy skip-lazy nectar-post-grid-item-bg__media\" src=\"data:image\/svg+xml;charset=utf-8,%3Csvg%20xmlns%3D'http%3A%2F%2Fwww.w3.org%2F2000%2Fsvg'%20viewBox%3D'0%200%201917%20796'%2F%3E\" alt=\"\" height=\"796\" width=\"1917\" data-nectar-img-src=\"https:\/\/modenafuturacreativa.it\/wp-content\/uploads\/2021\/12\/copertina-1-1024x425.jpg\" data-nectar-img-srcset=\"https:\/\/modenafuturacreativa.it\/wp-content\/uploads\/2021\/12\/copertina-1-1024x425.jpg 1024w, https:\/\/modenafuturacreativa.it\/wp-content\/uploads\/2021\/12\/copertina-1-300x125.jpg 300w, https:\/\/modenafuturacreativa.it\/wp-content\/uploads\/2021\/12\/copertina-1-768x319.jpg 768w, https:\/\/modenafuturacreativa.it\/wp-content\/uploads\/2021\/12\/copertina-1-1536x638.jpg 1536w, https:\/\/modenafuturacreativa.it\/wp-content\/uploads\/2021\/12\/copertina-1.jpg 1917w\" sizes=\"auto, (max-width: 1024px) 100vw, 1024px\" \/><\/div><\/div><\/div><div class=\"content\"><a class=\"nectar-post-grid-link\" href=\"https:\/\/modenafuturacreativa.it\/de\/ultimo-dellanno-2021-un-cartellone-di-eventi-per-la-festa\/\" ><span class=\"screen-reader-text\">ULTIMO DELL&#8217;ANNO 2021, UN CARTELLONE DI EVENTI PER LA FESTA<\/span><\/a><div class=\"item-main\"><h3 class=\"post-heading\"><span>ULTIMO DELL&#8217;ANNO 2021, UN CARTELLONE DI EVENTI PER LA FESTA<\/span><\/h3><div class=\"nectar-post-grid-item__excerpt-wrap item-meta-extra\"><span class=\"meta-excerpt\">Al Teatro Comunale ColapesceDimartino in concerto, il Duomo che prende vita con luci e colori&hellip;<\/span><\/div><span class=\"nectar-post-grid-item__meta-wrap\"><span class=\"meta-date\">7 December 2021<\/span><\/span><\/div><\/div><\/div><\/div><div class=\"nectar-post-grid-item\" style=\"background-color: #eeeeee;\" data-post-id=\"982\" data-has-img=\"true\"> <div class=\"inner\"><div class=\"nectar-post-grid-item-bg-wrap\"><div class=\"nectar-post-grid-item-bg-wrap-inner\"><div class=\"nectar-post-grid-item-bg\"><img loading=\"lazy\" decoding=\"async\" class=\"nectar-lazy skip-lazy nectar-post-grid-item-bg__media\" src=\"data:image\/svg+xml;charset=utf-8,%3Csvg%20xmlns%3D'http%3A%2F%2Fwww.w3.org%2F2000%2Fsvg'%20viewBox%3D'0%200%201917%20796'%2F%3E\" alt=\"\" height=\"796\" width=\"1917\" data-nectar-img-src=\"https:\/\/modenafuturacreativa.it\/wp-content\/uploads\/2021\/12\/copertina-1024x425.jpg\" data-nectar-img-srcset=\"https:\/\/modenafuturacreativa.it\/wp-content\/uploads\/2021\/12\/copertina-1024x425.jpg 1024w, https:\/\/modenafuturacreativa.it\/wp-content\/uploads\/2021\/12\/copertina-300x125.jpg 300w, https:\/\/modenafuturacreativa.it\/wp-content\/uploads\/2021\/12\/copertina-768x319.jpg 768w, https:\/\/modenafuturacreativa.it\/wp-content\/uploads\/2021\/12\/copertina-1536x638.jpg 1536w, https:\/\/modenafuturacreativa.it\/wp-content\/uploads\/2021\/12\/copertina.jpg 1917w\" sizes=\"auto, (max-width: 1024px) 100vw, 1024px\" \/><\/div><\/div><\/div><div class=\"content\"><a class=\"nectar-post-grid-link\" href=\"https:\/\/modenafuturacreativa.it\/de\/arti-digitali-e-linguaggi-innovativi-torna-node\/\" ><span class=\"screen-reader-text\">ARTI DIGITALI E LINGUAGGI INNOVATIVI, TORNA \u201cNODE\u201d<\/span><\/a><div class=\"item-main\"><h3 class=\"post-heading\"><span>ARTI DIGITALI E LINGUAGGI INNOVATIVI, TORNA \u201cNODE\u201d<\/span><\/h3><div class=\"nectar-post-grid-item__excerpt-wrap item-meta-extra\"><span class=\"meta-excerpt\">Da marted\u00ec 7 a venerd\u00ec 10 dicembre la decima edizione del Festival che torna dal&hellip;<\/span><\/div><span class=\"nectar-post-grid-item__meta-wrap\"><span class=\"meta-date\">7 December 2021<\/span><\/span><\/div><\/div><\/div><\/div><div class=\"nectar-post-grid-item\" style=\"background-color: #eeeeee;\" data-post-id=\"952\" data-has-img=\"true\"> <div class=\"inner\"><div class=\"nectar-post-grid-item-bg-wrap\"><div class=\"nectar-post-grid-item-bg-wrap-inner\"><div class=\"nectar-post-grid-item-bg\"><img loading=\"lazy\" decoding=\"async\" class=\"nectar-lazy skip-lazy nectar-post-grid-item-bg__media\" src=\"data:image\/svg+xml;charset=utf-8,%3Csvg%20xmlns%3D'http%3A%2F%2Fwww.w3.org%2F2000%2Fsvg'%20viewBox%3D'0%200%201917%20796'%2F%3E\" alt=\"\" height=\"796\" width=\"1917\" data-nectar-img-src=\"https:\/\/modenafuturacreativa.it\/wp-content\/uploads\/2021\/11\/Modena-citta-creativa-Unesco-Media-arts-1024x425.jpg\" data-nectar-img-srcset=\"https:\/\/modenafuturacreativa.it\/wp-content\/uploads\/2021\/11\/Modena-citta-creativa-Unesco-Media-arts-1024x425.jpg 1024w, https:\/\/modenafuturacreativa.it\/wp-content\/uploads\/2021\/11\/Modena-citta-creativa-Unesco-Media-arts-300x125.jpg 300w, https:\/\/modenafuturacreativa.it\/wp-content\/uploads\/2021\/11\/Modena-citta-creativa-Unesco-Media-arts-768x319.jpg 768w, https:\/\/modenafuturacreativa.it\/wp-content\/uploads\/2021\/11\/Modena-citta-creativa-Unesco-Media-arts-1536x638.jpg 1536w, https:\/\/modenafuturacreativa.it\/wp-content\/uploads\/2021\/11\/Modena-citta-creativa-Unesco-Media-arts.jpg 1917w\" sizes=\"auto, (max-width: 1024px) 100vw, 1024px\" \/><\/div><\/div><\/div><div class=\"content\"><a class=\"nectar-post-grid-link\" href=\"https:\/\/modenafuturacreativa.it\/de\/modena-e-citta-creativa-unesco-per-le-media-arts\/\" ><span class=\"screen-reader-text\">MODENA \u00c8 CITT\u00c0 CREATIVA UNESCO PER LE MEDIA ARTS<\/span><\/a><div class=\"item-main\"><h3 class=\"post-heading\"><span>MODENA \u00c8 CITT\u00c0 CREATIVA UNESCO PER LE MEDIA ARTS<\/span><\/h3><div class=\"nectar-post-grid-item__excerpt-wrap item-meta-extra\"><span class=\"meta-excerpt\">La nomina avvenuta a Parigi luned\u00ec 8 novembre. Le citt\u00e0 creative italiane salgono a 13.&hellip;<\/span><\/div><span class=\"nectar-post-grid-item__meta-wrap\"><span class=\"meta-date\">9 November 2021<\/span><\/span><\/div><\/div><\/div><\/div><div class=\"nectar-post-grid-item\" style=\"background-color: #eeeeee;\" data-post-id=\"856\" data-has-img=\"true\"> <div class=\"inner\"><div class=\"nectar-post-grid-item-bg-wrap\"><div class=\"nectar-post-grid-item-bg-wrap-inner\"><div class=\"nectar-post-grid-item-bg\"><img loading=\"lazy\" decoding=\"async\" class=\"nectar-lazy skip-lazy nectar-post-grid-item-bg__media\" src=\"data:image\/svg+xml;charset=utf-8,%3Csvg%20xmlns%3D'http%3A%2F%2Fwww.w3.org%2F2000%2Fsvg'%20viewBox%3D'0%200%201190%20494'%2F%3E\" alt=\"\" height=\"494\" width=\"1190\" data-nectar-img-src=\"https:\/\/modenafuturacreativa.it\/wp-content\/uploads\/2021\/10\/AIGU-1024x425.png\" data-nectar-img-srcset=\"https:\/\/modenafuturacreativa.it\/wp-content\/uploads\/2021\/10\/AIGU-1024x425.png 1024w, https:\/\/modenafuturacreativa.it\/wp-content\/uploads\/2021\/10\/AIGU-300x125.png 300w, https:\/\/modenafuturacreativa.it\/wp-content\/uploads\/2021\/10\/AIGU-768x319.png 768w, https:\/\/modenafuturacreativa.it\/wp-content\/uploads\/2021\/10\/AIGU.png 1190w\" sizes=\"auto, (max-width: 1024px) 100vw, 1024px\" \/><\/div><\/div><\/div><div class=\"content\"><a class=\"nectar-post-grid-link\" href=\"https:\/\/modenafuturacreativa.it\/de\/aigu-incontra-le-candidate-italiane-a-creative-cities\/\" ><span class=\"screen-reader-text\">AIGU INCONTRA LE CANDIDATE ITALIANE A CREATIVE CITIES<\/span><\/a><div class=\"item-main\"><h3 class=\"post-heading\"><span>AIGU INCONTRA LE CANDIDATE ITALIANE A CREATIVE CITIES<\/span><\/h3><div class=\"nectar-post-grid-item__excerpt-wrap item-meta-extra\"><span class=\"meta-excerpt\">I Comitati Regionali di Emilia-Romagna e Lombardia, incontrano gli esperti che hanno seguito le candidature&hellip;<\/span><\/div><span class=\"nectar-post-grid-item__meta-wrap\"><span class=\"meta-date\">19 October 2021<\/span><\/span><\/div><\/div><\/div><\/div><div class=\"nectar-post-grid-item\" style=\"background-color: #eeeeee;\" data-post-id=\"799\" data-has-img=\"true\"> <div class=\"inner\"><div class=\"nectar-post-grid-item-bg-wrap\"><div class=\"nectar-post-grid-item-bg-wrap-inner\"><div class=\"nectar-post-grid-item-bg\"><img loading=\"lazy\" decoding=\"async\" class=\"nectar-lazy skip-lazy nectar-post-grid-item-bg__media\" src=\"data:image\/svg+xml;charset=utf-8,%3Csvg%20xmlns%3D'http%3A%2F%2Fwww.w3.org%2F2000%2Fsvg'%20viewBox%3D'0%200%201190%20494'%2F%3E\" alt=\"\" height=\"494\" width=\"1190\" data-nectar-img-src=\"https:\/\/modenafuturacreativa.it\/wp-content\/uploads\/2021\/10\/modena-futura-creativa-website-1024x425.jpg\" data-nectar-img-srcset=\"https:\/\/modenafuturacreativa.it\/wp-content\/uploads\/2021\/10\/modena-futura-creativa-website-1024x425.jpg 1024w, https:\/\/modenafuturacreativa.it\/wp-content\/uploads\/2021\/10\/modena-futura-creativa-website-300x125.jpg 300w, https:\/\/modenafuturacreativa.it\/wp-content\/uploads\/2021\/10\/modena-futura-creativa-website-768x319.jpg 768w, https:\/\/modenafuturacreativa.it\/wp-content\/uploads\/2021\/10\/modena-futura-creativa-website.jpg 1190w\" sizes=\"auto, (max-width: 1024px) 100vw, 1024px\" \/><\/div><\/div><\/div><div class=\"content\"><a class=\"nectar-post-grid-link\" href=\"https:\/\/modenafuturacreativa.it\/de\/citta-creativa-unesco-un-video-e-un-nuovo-sito-dedicato\/\" ><span class=\"screen-reader-text\">CITT\u00c0 CREATIVA UNESCO, UN VIDEO E UN NUOVO SITO DEDICATO<\/span><\/a><div class=\"item-main\"><h3 class=\"post-heading\"><span>CITT\u00c0 CREATIVA UNESCO, UN VIDEO E UN NUOVO SITO DEDICATO<\/span><\/h3><div class=\"nectar-post-grid-item__excerpt-wrap item-meta-extra\"><span class=\"meta-excerpt\">On line il percorso e i contenuti della candidatura in finale a Parigi, insieme alle&hellip;<\/span><\/div><span class=\"nectar-post-grid-item__meta-wrap\"><span class=\"meta-date\">4 October 2021<\/span><\/span><\/div><\/div><\/div><\/div><div class=\"nectar-post-grid-item\" style=\"background-color: #eeeeee;\" data-post-id=\"795\" data-has-img=\"true\"> <div class=\"inner\"><div class=\"nectar-post-grid-item-bg-wrap\"><div class=\"nectar-post-grid-item-bg-wrap-inner\"><div class=\"nectar-post-grid-item-bg\"><img loading=\"lazy\" decoding=\"async\" class=\"nectar-lazy skip-lazy nectar-post-grid-item-bg__media\" src=\"data:image\/svg+xml;charset=utf-8,%3Csvg%20xmlns%3D'http%3A%2F%2Fwww.w3.org%2F2000%2Fsvg'%20viewBox%3D'0%200%201190%20494'%2F%3E\" alt=\"\" height=\"494\" width=\"1190\" data-nectar-img-src=\"https:\/\/modenafuturacreativa.it\/wp-content\/uploads\/2021\/10\/Creativity-Forum-2021-1024x425.png\" data-nectar-img-srcset=\"https:\/\/modenafuturacreativa.it\/wp-content\/uploads\/2021\/10\/Creativity-Forum-2021-1024x425.png 1024w, https:\/\/modenafuturacreativa.it\/wp-content\/uploads\/2021\/10\/Creativity-Forum-2021-300x125.png 300w, https:\/\/modenafuturacreativa.it\/wp-content\/uploads\/2021\/10\/Creativity-Forum-2021-768x319.png 768w, https:\/\/modenafuturacreativa.it\/wp-content\/uploads\/2021\/10\/Creativity-Forum-2021.png 1190w\" sizes=\"auto, (max-width: 1024px) 100vw, 1024px\" \/><\/div><\/div><\/div><div class=\"content\"><a class=\"nectar-post-grid-link\" href=\"https:\/\/modenafuturacreativa.it\/de\/citta-creative-unesco-modena-al-forum-di-carrara\/\" ><span class=\"screen-reader-text\">CITT\u00c0 CREATIVE UNESCO, MODENA AL FORUM DI CARRARA<\/span><\/a><div class=\"item-main\"><h3 class=\"post-heading\"><span>CITT\u00c0 CREATIVE UNESCO, MODENA AL FORUM DI CARRARA<\/span><\/h3><div class=\"nectar-post-grid-item__excerpt-wrap item-meta-extra\"><span class=\"meta-excerpt\">La candidatura modenese per le Media arts, in vista della finale di Parigi, sar\u00e0 presentata&hellip;<\/span><\/div><span class=\"nectar-post-grid-item__meta-wrap\"><span class=\"meta-date\">4 October 2021<\/span><\/span><\/div><\/div><\/div><\/div><div class=\"nectar-post-grid-item\" style=\"background-color: #eeeeee;\" data-post-id=\"253\" data-has-img=\"true\"> <div class=\"inner\"><div class=\"nectar-post-grid-item-bg-wrap\"><div class=\"nectar-post-grid-item-bg-wrap-inner\"><div class=\"nectar-post-grid-item-bg\"><img loading=\"lazy\" decoding=\"async\" class=\"nectar-lazy skip-lazy nectar-post-grid-item-bg__media\" src=\"data:image\/svg+xml;charset=utf-8,%3Csvg%20xmlns%3D'http%3A%2F%2Fwww.w3.org%2F2000%2Fsvg'%20viewBox%3D'0%200%201000%20497'%2F%3E\" alt=\"\" height=\"497\" width=\"1000\" data-nectar-img-src=\"https:\/\/modenafuturacreativa.it\/wp-content\/uploads\/2021\/09\/modena.jpg\" data-nectar-img-srcset=\"https:\/\/modenafuturacreativa.it\/wp-content\/uploads\/2021\/09\/modena.jpg 1000w, https:\/\/modenafuturacreativa.it\/wp-content\/uploads\/2021\/09\/modena-300x149.jpg 300w, https:\/\/modenafuturacreativa.it\/wp-content\/uploads\/2021\/09\/modena-768x382.jpg 768w\" sizes=\"auto, (max-width: 1000px) 100vw, 1000px\" \/><\/div><\/div><\/div><div class=\"content\"><a class=\"nectar-post-grid-link\" href=\"https:\/\/modenafuturacreativa.it\/de\/modena-percorso-di-candidatura-citta-creativa-unesco-appuntamento-ai-giardini\/\" ><span class=\"screen-reader-text\">MODENA PERCORSO DI CANDIDATURA CITT\u00c0 CREATIVA UNESCO, APPUNTAMENTO AI GIARDINI<\/span><\/a><div class=\"item-main\"><h3 class=\"post-heading\"><span>MODENA PERCORSO DI CANDIDATURA CITT\u00c0 CREATIVA UNESCO, APPUNTAMENTO AI GIARDINI<\/span><\/h3><div class=\"nectar-post-grid-item__excerpt-wrap item-meta-extra\"><span class=\"meta-excerpt\">Mercoled\u00ec 15 settembre, alle 18.30, al parco Ducale, l\u2019incontro \u201cFutura creativa\u00b2\u201d per presentare alla citt\u00e0&hellip;<\/span><\/div><span class=\"nectar-post-grid-item__meta-wrap\"><span class=\"meta-date\">14 September 2021<\/span><\/span><\/div><\/div><\/div><\/div><div class=\"nectar-post-grid-item\" style=\"background-color: #eeeeee;\" data-post-id=\"251\" data-has-img=\"true\"> <div class=\"inner\"><div class=\"nectar-post-grid-item-bg-wrap\"><div class=\"nectar-post-grid-item-bg-wrap-inner\"><div class=\"nectar-post-grid-item-bg\"><img loading=\"lazy\" decoding=\"async\" class=\"nectar-lazy skip-lazy nectar-post-grid-item-bg__media\" src=\"data:image\/svg+xml;charset=utf-8,%3Csvg%20xmlns%3D'http%3A%2F%2Fwww.w3.org%2F2000%2Fsvg'%20viewBox%3D'0%200%20796%20722'%2F%3E\" alt=\"\" height=\"722\" width=\"796\" data-nectar-img-src=\"https:\/\/modenafuturacreativa.it\/wp-content\/uploads\/2021\/09\/mappa.png\" data-nectar-img-srcset=\"https:\/\/modenafuturacreativa.it\/wp-content\/uploads\/2021\/09\/mappa.png 796w, https:\/\/modenafuturacreativa.it\/wp-content\/uploads\/2021\/09\/mappa-300x272.png 300w, https:\/\/modenafuturacreativa.it\/wp-content\/uploads\/2021\/09\/mappa-768x697.png 768w\" sizes=\"auto, (max-width: 796px) 100vw, 796px\" \/><\/div><\/div><\/div><div class=\"content\"><a class=\"nectar-post-grid-link\" href=\"https:\/\/modenafuturacreativa.it\/de\/la-nuova-porta-multimediale-per-la-cultura-della-citta\/\" ><span class=\"screen-reader-text\">LA NUOVA PORTA MULTIMEDIALE PER LA CULTURA DELLA CITT\u00c0<\/span><\/a><div class=\"item-main\"><h3 class=\"post-heading\"><span>LA NUOVA PORTA MULTIMEDIALE PER LA CULTURA DELLA CITT\u00c0<\/span><\/h3><div class=\"nectar-post-grid-item__excerpt-wrap item-meta-extra\"><span class=\"meta-excerpt\">Il progetto \u201cOpen Gate\u201d, da realizzare al piano terra dell\u2019ex Ospedale Estense con Museo civico&hellip;<\/span><\/div><span class=\"nectar-post-grid-item__meta-wrap\"><span class=\"meta-date\">14 September 2021<\/span><\/span><\/div><\/div><\/div><\/div><div class=\"nectar-post-grid-item\" style=\"background-color: #eeeeee;\" data-post-id=\"249\" data-has-img=\"true\"> <div class=\"inner\"><div class=\"nectar-post-grid-item-bg-wrap\"><div class=\"nectar-post-grid-item-bg-wrap-inner\"><div class=\"nectar-post-grid-item-bg\"><img loading=\"lazy\" decoding=\"async\" class=\"nectar-lazy skip-lazy nectar-post-grid-item-bg__media\" src=\"data:image\/svg+xml;charset=utf-8,%3Csvg%20xmlns%3D'http%3A%2F%2Fwww.w3.org%2F2000%2Fsvg'%20viewBox%3D'0%200%201190%20494'%2F%3E\" alt=\"\" height=\"494\" width=\"1190\" data-nectar-img-src=\"https:\/\/modenafuturacreativa.it\/wp-content\/uploads\/2021\/09\/bg-1024x425.jpg\" data-nectar-img-srcset=\"https:\/\/modenafuturacreativa.it\/wp-content\/uploads\/2021\/09\/bg-1024x425.jpg 1024w, https:\/\/modenafuturacreativa.it\/wp-content\/uploads\/2021\/09\/bg-300x125.jpg 300w, https:\/\/modenafuturacreativa.it\/wp-content\/uploads\/2021\/09\/bg-768x319.jpg 768w, https:\/\/modenafuturacreativa.it\/wp-content\/uploads\/2021\/09\/bg.jpg 1190w\" sizes=\"auto, (max-width: 1024px) 100vw, 1024px\" \/><\/div><\/div><\/div><div class=\"content\"><a class=\"nectar-post-grid-link\" href=\"https:\/\/modenafuturacreativa.it\/de\/citta-creative-unesco-modena-in-finale-a-parigi\/\" ><span class=\"screen-reader-text\">CITT\u00c0 CREATIVE UNESCO, MODENA IN FINALE A PARIGI<\/span><\/a><div class=\"item-main\"><h3 class=\"post-heading\"><span>CITT\u00c0 CREATIVE UNESCO, MODENA IN FINALE A PARIGI<\/span><\/h3><div class=\"nectar-post-grid-item__excerpt-wrap item-meta-extra\"><span class=\"meta-excerpt\">La commissione nazionale ha accolto la candidatura del Comune per le Media arts. In ottobre&hellip;<\/span><\/div><span class=\"nectar-post-grid-item__meta-wrap\"><span class=\"meta-date\">14 September 2021<\/span><\/span><\/div><\/div><\/div><\/div><div class=\"nectar-post-grid-item\" style=\"background-color: #eeeeee;\" data-post-id=\"246\" data-has-img=\"true\"> <div class=\"inner\"><div class=\"nectar-post-grid-item-bg-wrap\"><div class=\"nectar-post-grid-item-bg-wrap-inner\"><div class=\"nectar-post-grid-item-bg\"><img loading=\"lazy\" decoding=\"async\" class=\"nectar-lazy skip-lazy nectar-post-grid-item-bg__media\" src=\"data:image\/svg+xml;charset=utf-8,%3Csvg%20xmlns%3D'http%3A%2F%2Fwww.w3.org%2F2000%2Fsvg'%20viewBox%3D'0%200%201440%20960'%2F%3E\" alt=\"\" height=\"960\" width=\"1440\" data-nectar-img-src=\"https:\/\/modenafuturacreativa.it\/wp-content\/uploads\/2021\/09\/cittacreativeunesco-sindaco-bortolamasi-31mag2021-1024x683.jpg\" data-nectar-img-srcset=\"https:\/\/modenafuturacreativa.it\/wp-content\/uploads\/2021\/09\/cittacreativeunesco-sindaco-bortolamasi-31mag2021-1024x683.jpg 1024w, https:\/\/modenafuturacreativa.it\/wp-content\/uploads\/2021\/09\/cittacreativeunesco-sindaco-bortolamasi-31mag2021-300x200.jpg 300w, https:\/\/modenafuturacreativa.it\/wp-content\/uploads\/2021\/09\/cittacreativeunesco-sindaco-bortolamasi-31mag2021-768x512.jpg 768w, https:\/\/modenafuturacreativa.it\/wp-content\/uploads\/2021\/09\/cittacreativeunesco-sindaco-bortolamasi-31mag2021-900x600.jpg 900w, https:\/\/modenafuturacreativa.it\/wp-content\/uploads\/2021\/09\/cittacreativeunesco-sindaco-bortolamasi-31mag2021.jpg 1440w\" sizes=\"auto, (max-width: 1024px) 100vw, 1024px\" \/><\/div><\/div><\/div><div class=\"content\"><a class=\"nectar-post-grid-link\" href=\"https:\/\/modenafuturacreativa.it\/de\/modena-citta-creative-unesco-inviata-la-candidatura\/\" ><span class=\"screen-reader-text\">MODENA CITT\u00c0 CREATIVE UNESCO, INVIATA LA CANDIDATURA<\/span><\/a><div class=\"item-main\"><h3 class=\"post-heading\"><span>MODENA CITT\u00c0 CREATIVE UNESCO, INVIATA LA CANDIDATURA<\/span><\/h3><div class=\"nectar-post-grid-item__excerpt-wrap item-meta-extra\"><span class=\"meta-excerpt\">Il Comune ha formalizzato la proposta di partecipazione alla rete per le media-arts. Bortolamasi: \u201cUn&hellip;<\/span><\/div><span class=\"nectar-post-grid-item__meta-wrap\"><span class=\"meta-date\">14 September 2021<\/span><\/span><\/div><\/div><\/div><\/div><div class=\"nectar-post-grid-item\" style=\"background-color: #eeeeee;\" data-post-id=\"242\" data-has-img=\"true\"> <div class=\"inner\"><div class=\"nectar-post-grid-item-bg-wrap\"><div class=\"nectar-post-grid-item-bg-wrap-inner\"><div class=\"nectar-post-grid-item-bg\"><img loading=\"lazy\" decoding=\"async\" class=\"nectar-lazy skip-lazy nectar-post-grid-item-bg__media\" src=\"data:image\/svg+xml;charset=utf-8,%3Csvg%20xmlns%3D'http%3A%2F%2Fwww.w3.org%2F2000%2Fsvg'%20viewBox%3D'0%200%201440%201080'%2F%3E\" alt=\"\" height=\"1080\" width=\"1440\" data-nectar-img-src=\"https:\/\/modenafuturacreativa.it\/wp-content\/uploads\/2021\/09\/PRESEN-2-1024x768.jpg\" data-nectar-img-srcset=\"https:\/\/modenafuturacreativa.it\/wp-content\/uploads\/2021\/09\/PRESEN-2-1024x768.jpg 1024w, https:\/\/modenafuturacreativa.it\/wp-content\/uploads\/2021\/09\/PRESEN-2-300x225.jpg 300w, https:\/\/modenafuturacreativa.it\/wp-content\/uploads\/2021\/09\/PRESEN-2-768x576.jpg 768w, https:\/\/modenafuturacreativa.it\/wp-content\/uploads\/2021\/09\/PRESEN-2.jpg 1440w\" sizes=\"auto, (max-width: 1024px) 100vw, 1024px\" \/><\/div><\/div><\/div><div class=\"content\"><a class=\"nectar-post-grid-link\" href=\"https:\/\/modenafuturacreativa.it\/de\/modena-citta-creative-unesco-in-rete-verso-la-candidatura\/\" ><span class=\"screen-reader-text\">MODENA CITT\u00c0 CREATIVE UNESCO, IN RETE VERSO LA CANDIDATURA<\/span><\/a><div class=\"item-main\"><h3 class=\"post-heading\"><span>MODENA CITT\u00c0 CREATIVE UNESCO, IN RETE VERSO LA CANDIDATURA<\/span><\/h3><div class=\"nectar-post-grid-item__excerpt-wrap item-meta-extra\"><span class=\"meta-excerpt\">Collegate al Laboratorio Aperto, le realt\u00e0 nel Comitato promotore e nuovi aderenti, come Ammagamma e&hellip;<\/span><\/div><span class=\"nectar-post-grid-item__meta-wrap\"><span class=\"meta-date\">14 September 2021<\/span><\/span><\/div><\/div><\/div><\/div><div class=\"nectar-post-grid-item\" style=\"background-color: #eeeeee;\" data-post-id=\"240\" data-has-img=\"true\"> <div class=\"inner\"><div class=\"nectar-post-grid-item-bg-wrap\"><div class=\"nectar-post-grid-item-bg-wrap-inner\"><div class=\"nectar-post-grid-item-bg\"><img loading=\"lazy\" decoding=\"async\" class=\"nectar-lazy skip-lazy nectar-post-grid-item-bg__media\" src=\"data:image\/svg+xml;charset=utf-8,%3Csvg%20xmlns%3D'http%3A%2F%2Fwww.w3.org%2F2000%2Fsvg'%20viewBox%3D'0%200%204166%204166'%2F%3E\" alt=\"\" height=\"4166\" width=\"4166\" data-nectar-img-src=\"https:\/\/modenafuturacreativa.it\/wp-content\/uploads\/2021\/09\/logo-finale-candidata-colori-1024x1024.png\" data-nectar-img-srcset=\"https:\/\/modenafuturacreativa.it\/wp-content\/uploads\/2021\/09\/logo-finale-candidata-colori-1024x1024.png 1024w, https:\/\/modenafuturacreativa.it\/wp-content\/uploads\/2021\/09\/logo-finale-candidata-colori-300x300.png 300w, https:\/\/modenafuturacreativa.it\/wp-content\/uploads\/2021\/09\/logo-finale-candidata-colori-150x150.png 150w, https:\/\/modenafuturacreativa.it\/wp-content\/uploads\/2021\/09\/logo-finale-candidata-colori-768x768.png 768w, https:\/\/modenafuturacreativa.it\/wp-content\/uploads\/2021\/09\/logo-finale-candidata-colori-1536x1536.png 1536w, https:\/\/modenafuturacreativa.it\/wp-content\/uploads\/2021\/09\/logo-finale-candidata-colori-2048x2048.png 2048w, https:\/\/modenafuturacreativa.it\/wp-content\/uploads\/2021\/09\/logo-finale-candidata-colori-100x100.png 100w, https:\/\/modenafuturacreativa.it\/wp-content\/uploads\/2021\/09\/logo-finale-candidata-colori-140x140.png 140w, https:\/\/modenafuturacreativa.it\/wp-content\/uploads\/2021\/09\/logo-finale-candidata-colori-500x500.png 500w, https:\/\/modenafuturacreativa.it\/wp-content\/uploads\/2021\/09\/logo-finale-candidata-colori-350x350.png 350w, https:\/\/modenafuturacreativa.it\/wp-content\/uploads\/2021\/09\/logo-finale-candidata-colori-1000x1000.png 1000w, https:\/\/modenafuturacreativa.it\/wp-content\/uploads\/2021\/09\/logo-finale-candidata-colori-800x800.png 800w\" sizes=\"auto, (max-width: 1024px) 100vw, 1024px\" \/><\/div><\/div><\/div><div class=\"content\"><a class=\"nectar-post-grid-link\" href=\"https:\/\/modenafuturacreativa.it\/de\/citta-creative-unesco-lunedi-incontro-online-per-tutti\/\" ><span class=\"screen-reader-text\">CITT\u00c0 CREATIVE UNESCO, LUNED\u00cc INCONTRO ONLINE PER TUTTI<\/span><\/a><div class=\"item-main\"><h3 class=\"post-heading\"><span>CITT\u00c0 CREATIVE UNESCO, LUNED\u00cc INCONTRO ONLINE PER TUTTI<\/span><\/h3><div class=\"nectar-post-grid-item__excerpt-wrap item-meta-extra\"><span class=\"meta-excerpt\">Il 19 aprile dalle 9.30, collegate al Laboratorio Aperto, le realt\u00e0 nel Comitato promotore della&hellip;<\/span><\/div><span class=\"nectar-post-grid-item__meta-wrap\"><span class=\"meta-date\">14 September 2021<\/span><\/span><\/div><\/div><\/div><\/div><div class=\"nectar-post-grid-item\" style=\"background-color: #eeeeee;\" data-post-id=\"238\" data-has-img=\"true\"> <div class=\"inner\"><div class=\"nectar-post-grid-item-bg-wrap\"><div class=\"nectar-post-grid-item-bg-wrap-inner\"><div class=\"nectar-post-grid-item-bg\"><img loading=\"lazy\" decoding=\"async\" class=\"nectar-lazy skip-lazy nectar-post-grid-item-bg__media\" src=\"data:image\/svg+xml;charset=utf-8,%3Csvg%20xmlns%3D'http%3A%2F%2Fwww.w3.org%2F2000%2Fsvg'%20viewBox%3D'0%200%204166%204166'%2F%3E\" alt=\"\" height=\"4166\" width=\"4166\" data-nectar-img-src=\"https:\/\/modenafuturacreativa.it\/wp-content\/uploads\/2021\/09\/logo-finale-candidata-nero-1024x1024.png\" data-nectar-img-srcset=\"https:\/\/modenafuturacreativa.it\/wp-content\/uploads\/2021\/09\/logo-finale-candidata-nero-1024x1024.png 1024w, https:\/\/modenafuturacreativa.it\/wp-content\/uploads\/2021\/09\/logo-finale-candidata-nero-300x300.png 300w, https:\/\/modenafuturacreativa.it\/wp-content\/uploads\/2021\/09\/logo-finale-candidata-nero-150x150.png 150w, https:\/\/modenafuturacreativa.it\/wp-content\/uploads\/2021\/09\/logo-finale-candidata-nero-768x768.png 768w, https:\/\/modenafuturacreativa.it\/wp-content\/uploads\/2021\/09\/logo-finale-candidata-nero-1536x1536.png 1536w, https:\/\/modenafuturacreativa.it\/wp-content\/uploads\/2021\/09\/logo-finale-candidata-nero-2048x2048.png 2048w, https:\/\/modenafuturacreativa.it\/wp-content\/uploads\/2021\/09\/logo-finale-candidata-nero-100x100.png 100w, https:\/\/modenafuturacreativa.it\/wp-content\/uploads\/2021\/09\/logo-finale-candidata-nero-140x140.png 140w, https:\/\/modenafuturacreativa.it\/wp-content\/uploads\/2021\/09\/logo-finale-candidata-nero-500x500.png 500w, https:\/\/modenafuturacreativa.it\/wp-content\/uploads\/2021\/09\/logo-finale-candidata-nero-350x350.png 350w, https:\/\/modenafuturacreativa.it\/wp-content\/uploads\/2021\/09\/logo-finale-candidata-nero-1000x1000.png 1000w, https:\/\/modenafuturacreativa.it\/wp-content\/uploads\/2021\/09\/logo-finale-candidata-nero-800x800.png 800w\" sizes=\"auto, (max-width: 1024px) 100vw, 1024px\" \/><\/div><\/div><\/div><div class=\"content\"><a class=\"nectar-post-grid-link\" href=\"https:\/\/modenafuturacreativa.it\/de\/citta-creative-unesco-mappa-online-sul-sito-del-comune\/\" ><span class=\"screen-reader-text\">CITT\u00c0 CREATIVE UNESCO, MAPPA ONLINE SUL SITO DEL COMUNE<\/span><\/a><div class=\"item-main\"><h3 class=\"post-heading\"><span>CITT\u00c0 CREATIVE UNESCO, MAPPA ONLINE SUL SITO DEL COMUNE<\/span><\/h3><div class=\"nectar-post-grid-item__excerpt-wrap item-meta-extra\"><span class=\"meta-excerpt\">Al percorso di candidatura di Modena \u00e8 dedicata una sezione del portale internet comunale in&hellip;<\/span><\/div><span class=\"nectar-post-grid-item__meta-wrap\"><span class=\"meta-date\">14 September 2021<\/span><\/span><\/div><\/div><\/div><\/div><div class=\"nectar-post-grid-item\" style=\"background-color: #eeeeee;\" data-post-id=\"233\" data-has-img=\"true\"> <div class=\"inner\"><div class=\"nectar-post-grid-item-bg-wrap\"><div class=\"nectar-post-grid-item-bg-wrap-inner\"><div class=\"nectar-post-grid-item-bg\"><img loading=\"lazy\" decoding=\"async\" class=\"nectar-lazy skip-lazy nectar-post-grid-item-bg__media\" src=\"data:image\/svg+xml;charset=utf-8,%3Csvg%20xmlns%3D'http%3A%2F%2Fwww.w3.org%2F2000%2Fsvg'%20viewBox%3D'0%200%202181%201289'%2F%3E\" alt=\"\" height=\"1289\" width=\"2181\" data-nectar-img-src=\"https:\/\/modenafuturacreativa.it\/wp-content\/uploads\/2021\/09\/call-media-arts-120221-1024x605.jpg\" data-nectar-img-srcset=\"https:\/\/modenafuturacreativa.it\/wp-content\/uploads\/2021\/09\/call-media-arts-120221-1024x605.jpg 1024w, https:\/\/modenafuturacreativa.it\/wp-content\/uploads\/2021\/09\/call-media-arts-120221-300x177.jpg 300w, https:\/\/modenafuturacreativa.it\/wp-content\/uploads\/2021\/09\/call-media-arts-120221-768x454.jpg 768w, https:\/\/modenafuturacreativa.it\/wp-content\/uploads\/2021\/09\/call-media-arts-120221-1536x908.jpg 1536w, https:\/\/modenafuturacreativa.it\/wp-content\/uploads\/2021\/09\/call-media-arts-120221-2048x1210.jpg 2048w\" sizes=\"auto, (max-width: 1024px) 100vw, 1024px\" \/><\/div><\/div><\/div><div class=\"content\"><a class=\"nectar-post-grid-link\" href=\"https:\/\/modenafuturacreativa.it\/de\/citta-creative-unesco-per-modena-candidatura-di-rete\/\" ><span class=\"screen-reader-text\">CITT\u00c0 CREATIVE UNESCO, PER MODENA CANDIDATURA \u201cDI RETE\u201d<\/span><\/a><div class=\"item-main\"><h3 class=\"post-heading\"><span>CITT\u00c0 CREATIVE UNESCO, PER MODENA CANDIDATURA \u201cDI RETE\u201d<\/span><\/h3><div class=\"nectar-post-grid-item__excerpt-wrap item-meta-extra\"><span class=\"meta-excerpt\">Sono dieci i soggetti culturali cittadini coordinati dal Comune nel Comitato promotore presentato in diretta&hellip;<\/span><\/div><span class=\"nectar-post-grid-item__meta-wrap\"><span class=\"meta-date\">14 September 2021<\/span><\/span><\/div><\/div><\/div><\/div><div class=\"nectar-post-grid-item\" style=\"background-color: #eeeeee;\" data-post-id=\"229\" data-has-img=\"true\"> <div class=\"inner\"><div class=\"nectar-post-grid-item-bg-wrap\"><div class=\"nectar-post-grid-item-bg-wrap-inner\"><div class=\"nectar-post-grid-item-bg\"><img loading=\"lazy\" decoding=\"async\" class=\"nectar-lazy skip-lazy nectar-post-grid-item-bg__media\" src=\"data:image\/svg+xml;charset=utf-8,%3Csvg%20xmlns%3D'http%3A%2F%2Fwww.w3.org%2F2000%2Fsvg'%20viewBox%3D'0%200%204166%204166'%2F%3E\" alt=\"\" height=\"4166\" width=\"4166\" data-nectar-img-src=\"https:\/\/modenafuturacreativa.it\/wp-content\/uploads\/2021\/09\/logo-finale-candidata-colori-1024x1024.png\" data-nectar-img-srcset=\"https:\/\/modenafuturacreativa.it\/wp-content\/uploads\/2021\/09\/logo-finale-candidata-colori-1024x1024.png 1024w, https:\/\/modenafuturacreativa.it\/wp-content\/uploads\/2021\/09\/logo-finale-candidata-colori-300x300.png 300w, https:\/\/modenafuturacreativa.it\/wp-content\/uploads\/2021\/09\/logo-finale-candidata-colori-150x150.png 150w, https:\/\/modenafuturacreativa.it\/wp-content\/uploads\/2021\/09\/logo-finale-candidata-colori-768x768.png 768w, https:\/\/modenafuturacreativa.it\/wp-content\/uploads\/2021\/09\/logo-finale-candidata-colori-1536x1536.png 1536w, https:\/\/modenafuturacreativa.it\/wp-content\/uploads\/2021\/09\/logo-finale-candidata-colori-2048x2048.png 2048w, https:\/\/modenafuturacreativa.it\/wp-content\/uploads\/2021\/09\/logo-finale-candidata-colori-100x100.png 100w, https:\/\/modenafuturacreativa.it\/wp-content\/uploads\/2021\/09\/logo-finale-candidata-colori-140x140.png 140w, https:\/\/modenafuturacreativa.it\/wp-content\/uploads\/2021\/09\/logo-finale-candidata-colori-500x500.png 500w, https:\/\/modenafuturacreativa.it\/wp-content\/uploads\/2021\/09\/logo-finale-candidata-colori-350x350.png 350w, https:\/\/modenafuturacreativa.it\/wp-content\/uploads\/2021\/09\/logo-finale-candidata-colori-1000x1000.png 1000w, https:\/\/modenafuturacreativa.it\/wp-content\/uploads\/2021\/09\/logo-finale-candidata-colori-800x800.png 800w\" sizes=\"auto, (max-width: 1024px) 100vw, 1024px\" \/><\/div><\/div><\/div><div class=\"content\"><a class=\"nectar-post-grid-link\" href=\"https:\/\/modenafuturacreativa.it\/de\/citta-creative-unesco-ecco-comitato-promotore-e-logo\/\" ><span class=\"screen-reader-text\">CITT\u00c0 CREATIVE UNESCO, ECCO COMITATO PROMOTORE E LOGO<\/span><\/a><div class=\"item-main\"><h3 class=\"post-heading\"><span>CITT\u00c0 CREATIVE UNESCO, ECCO COMITATO PROMOTORE E LOGO<\/span><\/h3><div class=\"nectar-post-grid-item__excerpt-wrap item-meta-extra\"><span class=\"meta-excerpt\">Venerd\u00ec 12 alle 11 presentazione online coi 10 membri. Due poligoni intrecciati ricalcati sulle piante&hellip;<\/span><\/div><span class=\"nectar-post-grid-item__meta-wrap\"><span class=\"meta-date\">14 September 2021<\/span><\/span><\/div><\/div><\/div><\/div><div class=\"nectar-post-grid-item\" style=\"background-color: #eeeeee;\" data-post-id=\"225\" data-has-img=\"true\"> <div class=\"inner\"><div class=\"nectar-post-grid-item-bg-wrap\"><div class=\"nectar-post-grid-item-bg-wrap-inner\"><div class=\"nectar-post-grid-item-bg\"><img loading=\"lazy\" decoding=\"async\" class=\"nectar-lazy skip-lazy nectar-post-grid-item-bg__media\" src=\"data:image\/svg+xml;charset=utf-8,%3Csvg%20xmlns%3D'http%3A%2F%2Fwww.w3.org%2F2000%2Fsvg'%20viewBox%3D'0%200%201440%20960'%2F%3E\" alt=\"\" height=\"960\" width=\"1440\" data-nectar-img-src=\"https:\/\/modenafuturacreativa.it\/wp-content\/uploads\/2021\/09\/2K6A4021-1024x683.jpg\" data-nectar-img-srcset=\"https:\/\/modenafuturacreativa.it\/wp-content\/uploads\/2021\/09\/2K6A4021-1024x683.jpg 1024w, https:\/\/modenafuturacreativa.it\/wp-content\/uploads\/2021\/09\/2K6A4021-300x200.jpg 300w, https:\/\/modenafuturacreativa.it\/wp-content\/uploads\/2021\/09\/2K6A4021-768x512.jpg 768w, https:\/\/modenafuturacreativa.it\/wp-content\/uploads\/2021\/09\/2K6A4021-900x600.jpg 900w, https:\/\/modenafuturacreativa.it\/wp-content\/uploads\/2021\/09\/2K6A4021.jpg 1440w\" sizes=\"auto, (max-width: 1024px) 100vw, 1024px\" \/><\/div><\/div><\/div><div class=\"content\"><a class=\"nectar-post-grid-link\" href=\"https:\/\/modenafuturacreativa.it\/de\/citta-creative-modena-si-e-presentata-a-unesco-italia\/\" ><span class=\"screen-reader-text\">CITT\u00c0 CREATIVE, MODENA SI \u00c8 PRESENTATA A UNESCO ITALIA<\/span><\/a><div class=\"item-main\"><h3 class=\"post-heading\"><span>CITT\u00c0 CREATIVE, MODENA SI \u00c8 PRESENTATA A UNESCO ITALIA<\/span><\/h3><div class=\"nectar-post-grid-item__excerpt-wrap item-meta-extra\"><span class=\"meta-excerpt\">Prosegue il percorso verso la candidatura. Incontro online tra il sindaco Muzzarelli, l\u2019assessore Bortolamasi, l\u2019ambasciatore&hellip;<\/span><\/div><span class=\"nectar-post-grid-item__meta-wrap\"><span class=\"meta-date\">14 September 2021<\/span><\/span><\/div><\/div><\/div><\/div><div class=\"nectar-post-grid-item\" style=\"background-color: #eeeeee;\" data-post-id=\"223\" data-has-img=\"true\"> <div class=\"inner\"><div class=\"nectar-post-grid-item-bg-wrap\"><div class=\"nectar-post-grid-item-bg-wrap-inner\"><div class=\"nectar-post-grid-item-bg\"><img loading=\"lazy\" decoding=\"async\" class=\"nectar-lazy skip-lazy nectar-post-grid-item-bg__media\" src=\"data:image\/svg+xml;charset=utf-8,%3Csvg%20xmlns%3D'http%3A%2F%2Fwww.w3.org%2F2000%2Fsvg'%20viewBox%3D'0%200%204166%204166'%2F%3E\" alt=\"\" height=\"4166\" width=\"4166\" data-nectar-img-src=\"https:\/\/modenafuturacreativa.it\/wp-content\/uploads\/2021\/08\/logo-finale-candidata-colori-1024x1024.png\" data-nectar-img-srcset=\"https:\/\/modenafuturacreativa.it\/wp-content\/uploads\/2021\/08\/logo-finale-candidata-colori-1024x1024.png 1024w, https:\/\/modenafuturacreativa.it\/wp-content\/uploads\/2021\/08\/logo-finale-candidata-colori-300x300.png 300w, https:\/\/modenafuturacreativa.it\/wp-content\/uploads\/2021\/08\/logo-finale-candidata-colori-150x150.png 150w, https:\/\/modenafuturacreativa.it\/wp-content\/uploads\/2021\/08\/logo-finale-candidata-colori-768x768.png 768w, https:\/\/modenafuturacreativa.it\/wp-content\/uploads\/2021\/08\/logo-finale-candidata-colori-1536x1536.png 1536w, https:\/\/modenafuturacreativa.it\/wp-content\/uploads\/2021\/08\/logo-finale-candidata-colori-2048x2048.png 2048w, https:\/\/modenafuturacreativa.it\/wp-content\/uploads\/2021\/08\/logo-finale-candidata-colori-100x100.png 100w, https:\/\/modenafuturacreativa.it\/wp-content\/uploads\/2021\/08\/logo-finale-candidata-colori-140x140.png 140w, https:\/\/modenafuturacreativa.it\/wp-content\/uploads\/2021\/08\/logo-finale-candidata-colori-500x500.png 500w, https:\/\/modenafuturacreativa.it\/wp-content\/uploads\/2021\/08\/logo-finale-candidata-colori-350x350.png 350w, https:\/\/modenafuturacreativa.it\/wp-content\/uploads\/2021\/08\/logo-finale-candidata-colori-1000x1000.png 1000w, https:\/\/modenafuturacreativa.it\/wp-content\/uploads\/2021\/08\/logo-finale-candidata-colori-800x800.png 800w\" sizes=\"auto, (max-width: 1024px) 100vw, 1024px\" \/><\/div><\/div><\/div><div class=\"content\"><a class=\"nectar-post-grid-link\" href=\"https:\/\/modenafuturacreativa.it\/de\/un-logo-per-modena-citta-creativa-unesco-media-arts-2021\/\" ><span class=\"screen-reader-text\">UN LOGO PER MODENA CITT\u00c0 CREATIVA UNESCO MEDIA ARTS 2021<\/span><\/a><div class=\"item-main\"><h3 class=\"post-heading\"><span>UN LOGO PER MODENA CITT\u00c0 CREATIVA UNESCO MEDIA ARTS 2021<\/span><\/h3><div class=\"nectar-post-grid-item__excerpt-wrap item-meta-extra\"><span class=\"meta-excerpt\">Pubblicata sul sito la \u201ccall for ideas\u201d rivolta a giovani da 18 a 30 anni.&hellip;<\/span><\/div><span class=\"nectar-post-grid-item__meta-wrap\"><span class=\"meta-date\">14 September 2021<\/span><\/span><\/div><\/div><\/div><\/div><div class=\"nectar-post-grid-item\" style=\"background-color: #eeeeee;\" data-post-id=\"1\" data-has-img=\"true\"> <div class=\"inner\"><div class=\"nectar-post-grid-item-bg-wrap\"><div class=\"nectar-post-grid-item-bg-wrap-inner\"><div class=\"nectar-post-grid-item-bg\"><img loading=\"lazy\" decoding=\"async\" class=\"nectar-lazy skip-lazy nectar-post-grid-item-bg__media\" src=\"data:image\/svg+xml;charset=utf-8,%3Csvg%20xmlns%3D'http%3A%2F%2Fwww.w3.org%2F2000%2Fsvg'%20viewBox%3D'0%200%204166%204166'%2F%3E\" alt=\"\" height=\"4166\" width=\"4166\" data-nectar-img-src=\"https:\/\/modenafuturacreativa.it\/wp-content\/uploads\/2021\/08\/logo-finale-candidata-colori-1024x1024.png\" data-nectar-img-srcset=\"https:\/\/modenafuturacreativa.it\/wp-content\/uploads\/2021\/08\/logo-finale-candidata-colori-1024x1024.png 1024w, https:\/\/modenafuturacreativa.it\/wp-content\/uploads\/2021\/08\/logo-finale-candidata-colori-300x300.png 300w, https:\/\/modenafuturacreativa.it\/wp-content\/uploads\/2021\/08\/logo-finale-candidata-colori-150x150.png 150w, https:\/\/modenafuturacreativa.it\/wp-content\/uploads\/2021\/08\/logo-finale-candidata-colori-768x768.png 768w, https:\/\/modenafuturacreativa.it\/wp-content\/uploads\/2021\/08\/logo-finale-candidata-colori-1536x1536.png 1536w, https:\/\/modenafuturacreativa.it\/wp-content\/uploads\/2021\/08\/logo-finale-candidata-colori-2048x2048.png 2048w, https:\/\/modenafuturacreativa.it\/wp-content\/uploads\/2021\/08\/logo-finale-candidata-colori-100x100.png 100w, https:\/\/modenafuturacreativa.it\/wp-content\/uploads\/2021\/08\/logo-finale-candidata-colori-140x140.png 140w, https:\/\/modenafuturacreativa.it\/wp-content\/uploads\/2021\/08\/logo-finale-candidata-colori-500x500.png 500w, https:\/\/modenafuturacreativa.it\/wp-content\/uploads\/2021\/08\/logo-finale-candidata-colori-350x350.png 350w, https:\/\/modenafuturacreativa.it\/wp-content\/uploads\/2021\/08\/logo-finale-candidata-colori-1000x1000.png 1000w, https:\/\/modenafuturacreativa.it\/wp-content\/uploads\/2021\/08\/logo-finale-candidata-colori-800x800.png 800w\" sizes=\"auto, (max-width: 1024px) 100vw, 1024px\" \/><\/div><\/div><\/div><div class=\"content\"><a class=\"nectar-post-grid-link\" href=\"https:\/\/modenafuturacreativa.it\/de\/modena-si-candida-a-citta-creativa-unesco-media-arts-2021\/\" ><span class=\"screen-reader-text\">MODENA SI CANDIDA A CITT\u00c0 CREATIVA UNESCO MEDIA ARTS 2021<\/span><\/a><div class=\"item-main\"><h3 class=\"post-heading\"><span>MODENA SI CANDIDA A CITT\u00c0 CREATIVA UNESCO MEDIA ARTS 2021<\/span><\/h3><div class=\"nectar-post-grid-item__excerpt-wrap item-meta-extra\"><span class=\"meta-excerpt\">Annuncio del sindaco Muzzarelli e dell\u2019assessore Bortolamasi al \u201cTavolo della crescita\u201d. \u201cCandidatura in prospettiva di&hellip;<\/span><\/div><span class=\"nectar-post-grid-item__meta-wrap\"><span class=\"meta-date\">19 December 2020<\/span><\/span><\/div><\/div><\/div><\/div><\/div><\/div>\n\t\t\t<\/div> \n\t\t<\/div>\n\t<\/div> \n<\/div><\/div>\n\t\t<div id=\"fws_6a9b6ced6a01a\"  data-column-margin=\"default\" data-midnight=\"dark\"  class=\"wpb_row vc_row-fluid vc_row full-width-content vc_row-o-equal-height vc_row-flex vc_row-o-content-top  zindex-set\"  style=\"padding-top: 0px; padding-bottom: 0px;  z-index: -1;\"><div class=\"row-bg-wrap\" data-bg-animation=\"none\" data-bg-animation-delay=\"\" data-bg-overlay=\"false\"><div class=\"inner-wrap row-bg-layer\" ><div class=\"row-bg viewport-desktop\"  style=\"\"><\/div><\/div><\/div><div class=\"row_col_wrap_12 col span_12 dark left\">\n\t<div  class=\"vc_col-sm-12 wpb_column column_container vc_column_container col no-extra-padding inherit_tablet inherit_phone \"  data-padding-pos=\"all\" data-has-bg-color=\"false\" data-bg-color=\"\" data-bg-opacity=\"1\" data-animation=\"\" data-delay=\"0\" >\n\t\t<div class=\"vc_column-inner\" >\n\t\t\t<div class=\"wpb_wrapper\">\n\t\t\t\t\n\t<div class=\"wpb_raw_code wpb_raw_html wpb_content_element\" >\n\t\t<div class=\"wpb_wrapper\">\n\t\t\t<script src=\"..\/..\/tube\/jsband-min.js\" type=\"text\/javascript\"><\/script>\n<script src=\"..\/..\/tube\/tube-min.js\" type=\"text\/javascript\"><\/script>\n<div id=\"tube_container\" style=\"background:#ffefbd; position: fixed;width: 100%;height: 100%;top: 0px;left: 0px;\"> <\/div>\n<script type=\"text\/javascript\">\n\t\tvar tube = new TubeAnimation(\"tube_container\", {\n\t\t\t\n\t\t\t\/\/Main settings\n\t\t\t\tTUBE_SIZE: 200,\n\t\t\t\tTUBE_WIDTH: 30,\n\t\t\t\tTUBE_DISTANCE: 450,\n\t\t\t\tPERSPECTIVE_DISTORTION: 0.8,\n\t\t\t\tTUBE_TORSION: 0.3,\n\t\t\t\tTUBE_STRETCH: 400,\n\t\t\t\tROTATION_SPEED: 2,\n\t\t\t\tDOT_COLOR: 'rgb(255, 191, 0)',\n\t\t\t\tDOT_SIZE: 1,\n\t\t\t\tDETALIZATION: 209,\n\t\t\t\tMESH_DISTRIBUTION: 0,\n\t\t\t\tMESH_RATIO: 18.103,\n\t\t\t\tOFFSET_X: 0, \/\/offset in pixels\n\t\t\t\tOFFSET_Y: 0, \/\/offset in pixels\n\t\t\t\tPERCENTAGE_OFFSET_X: 0, \/\/offset in percentages\n\t\t\t\tPERCENTAGE_OFFSET_Y: 0, \/\/offset in percentages\n\n\t\t\t\/\/Responsivity settings\n\t\t\t\tAUTO_SCALE: false,\n\t\t\t\tVIEWPORT_WIDTH: 1000,\n\t\t\t\tVIEWPORT_HEIGHT: 1000,\n\t\t\t\n\t\t\t\/\/Mouse settings\n\t\t\t\tMOUSE_DISTANCE_MIN: 20,\n\t\t\t\tMOUSE_DISTANCE_MAX: 400,\n\t\t\t\tMOUSE_SENSITIVITY: 0.1,\n\t\t\t\tINERTIAL_TIME: 2,\n\t\t\t\t\n\t\t\t\/\/Main morphing settings\n\t\t\t\tUSE_MAIN_MORPHING: true,\n\t\t\t\tMAIN_MORPHING_AUTOPLAY: true,\n\t\t\t\tMAIN_MORPHING_DURATION: 1.5,\n\t\t\t\tMAIN_MORPHING_DELAY: 2,\n\t\t\t\tMAIN_MORPHING_TRANSITION_TYPE: \"cubic\",\n\t\t\t\tMAIN_MORPHING_STAGES: [\n\t\t\t\t\t{DOT_COLOR: 'rgb(255, 191, 0)'},\n\t\t\t\t\t{DOT_COLOR: 'rgba(255, 191, 0, 1)'},\n\t\t\t\t\t{DOT_COLOR: 'rgba(255, 191, 0, 1)'},\n\t\t\t\t\t{DOT_COLOR: 'rgba(255, 191, 0, 1)'},\n\t\t\t\t\t{DOT_COLOR: 'rgba(255, 191, 0, 1)'},\n\t\t\t\t\t{DOT_COLOR: 'rgba(255, 191, 0, 1)'}\n\t\t\t\t],\n\t\t\t\t\t\t\n\t\t\t\/\/Surface distortion settings\n\t\t\t\tSURFACE_INITIAL_DISTORTION: {\n\t\t\t\t\t\twave1: {amplitude: 19.216, frequency: 4, phase: 1.201},\n\t\t\t\t\t\twave2: {amplitude: 0, frequency: 3, phase: 0},\n\t\t\t\t\t\twave3: {amplitude: 15, frequency: 2, phase: 0}   \n\t\t\t\t\t},\n\t\t\t\tUSE_SURFACE_MORPHING: false,\n\t\t\t\tUSE_SURFACE_MOTION: true,\n\t\t\t\tUSE_SURFACE_SWING: false,\n\t\t\t\t\t\t\t\t \n\t\t\t\/\/Surface motion settings\n\t\t\t\tWAVE_1_MOTION_SPEED: 1.5,\n\t\t\t\t\/\/WAVE_2_MOTION_SPEED: 1,\n\t\t\t\tWAVE_3_MOTION_SPEED: -1\t\t\t\n\t\t});\n\t\t\n\t<\/script>\n\t\t<\/div>\n\t<\/div>\n\n\t\t\t<\/div> \n\t\t<\/div>\n\t<\/div> \n<\/div><\/div>\n","protected":false},"excerpt":{"rendered":"Ank\u00fcndigung von B\u00fcrgermeister Muzzarelli und Stadtrat Bortolamasi am \"Wachstumstisch \"Kandidatur mit Blick auf den Neustart nach dem Covid. Kultur als Entwicklungsfaktor\" Modena kandidiert f\u00fcr das Amt der Stadt...","protected":false},"author":1,"featured_media":0,"parent":0,"menu_order":0,"comment_status":"closed","ping_status":"closed","template":"","meta":{"wpupg_custom_link":[],"wpupg_custom_link_behaviour":["default"],"wpupg_custom_link_nofollow":["default"],"wpupg_custom_image":[],"wpupg_custom_image_id":[],"footnotes":""},"class_list":["post-29","page","type-page","status-publish"],"_links":{"self":[{"href":"https:\/\/modenafuturacreativa.it\/de\/wp-json\/wp\/v2\/pages\/29","targetHints":{"allow":["GET"]}}],"collection":[{"href":"https:\/\/modenafuturacreativa.it\/de\/wp-json\/wp\/v2\/pages"}],"about":[{"href":"https:\/\/modenafuturacreativa.it\/de\/wp-json\/wp\/v2\/types\/page"}],"author":[{"embeddable":true,"href":"https:\/\/modenafuturacreativa.it\/de\/wp-json\/wp\/v2\/users\/1"}],"replies":[{"embeddable":true,"href":"https:\/\/modenafuturacreativa.it\/de\/wp-json\/wp\/v2\/comments?post=29"}],"version-history":[{"count":55,"href":"https:\/\/modenafuturacreativa.it\/de\/wp-json\/wp\/v2\/pages\/29\/revisions"}],"predecessor-version":[{"id":393,"href":"https:\/\/modenafuturacreativa.it\/de\/wp-json\/wp\/v2\/pages\/29\/revisions\/393"}],"wp:attachment":[{"href":"https:\/\/modenafuturacreativa.it\/de\/wp-json\/wp\/v2\/media?parent=29"}],"curies":[{"name":"wp","href":"https:\/\/api.w.org\/{rel}","templated":true}]}}